{"id":56080,"date":"2023-01-17T12:19:15","date_gmt":"2023-01-17T10:19:15","guid":{"rendered":"https:\/\/www.mes-allocs.fr\/guides\/?page_id=56080"},"modified":"2026-01-22T10:43:20","modified_gmt":"2026-01-22T09:43:20","slug":"assurance-maladie","status":"publish","type":"page","link":"https:\/\/www.mes-allocs.fr\/guides\/assurance-maladie\/","title":{"rendered":"Tout savoir sur l&rsquo;Assurance Maladie !"},"content":{"rendered":"<p><img loading=\"lazy\" decoding=\"async\" class=\"aligncenter wp-image-53584 size-full\" title=\"assurance maladie\" src=\"https:\/\/www.mes-allocs.fr\/guides\/wp-content\/uploads\/2022\/07\/online-marketing-hIgeoQjS_iE-unsplash-e1673950738781.jpg\" alt=\"assurance maladie\" width=\"1920\" height=\"240\" srcset=\"https:\/\/www.mes-allocs.fr\/guides\/wp-content\/uploads\/2022\/07\/online-marketing-hIgeoQjS_iE-unsplash-e1673950738781.jpg 1920w, https:\/\/www.mes-allocs.fr\/guides\/wp-content\/uploads\/2022\/07\/online-marketing-hIgeoQjS_iE-unsplash-e1673950738781-300x38.jpg 300w, https:\/\/www.mes-allocs.fr\/guides\/wp-content\/uploads\/2022\/07\/online-marketing-hIgeoQjS_iE-unsplash-e1673950738781-1024x128.jpg 1024w, https:\/\/www.mes-allocs.fr\/guides\/wp-content\/uploads\/2022\/07\/online-marketing-hIgeoQjS_iE-unsplash-e1673950738781-768x96.jpg 768w, https:\/\/www.mes-allocs.fr\/guides\/wp-content\/uploads\/2022\/07\/online-marketing-hIgeoQjS_iE-unsplash-e1673950738781-1536x192.jpg 1536w, https:\/\/www.mes-allocs.fr\/guides\/wp-content\/uploads\/2022\/07\/online-marketing-hIgeoQjS_iE-unsplash-e1673950738781-600x75.jpg 600w\" sizes=\"auto, (max-width: 1920px) 100vw, 1920px\" \/><\/p>\n<p style=\"text-align: justify;\"><strong>L\u2019Assurance Maladie est le mod\u00e8le d&rsquo;organisation du syst\u00e8me de sant\u00e9 en France.\u00a0Elle permet d&rsquo;englober l\u2019ensemble des dispositifs qui vont assurer un individu face \u00e0 des risques li\u00e9s \u00e0 la maladie. En plus de ces risques li\u00e9s \u00e0 la maladie, les individus sont prot\u00e9g\u00e9s face aux accidents du travail, \u00e0 l&rsquo;invalidit\u00e9, \u00e0 la maternit\u00e9 et au d\u00e9c\u00e8s.\u00a0<\/strong><strong>Mes Allocs vous explique ici le fonctionnement de l&rsquo;Assurance Maladie.\u00a0<\/strong><\/p>\n<hr \/>\n<h1 style=\"text-align: justify;\">Qu&rsquo;est-ce que l&rsquo;Assurance Maladie ?<\/h1>\n<p style=\"text-align: justify;\">L\u2019Assurance Maladie est financ\u00e9e par des cotisations sur les salaires. Elle\u00a0se divise en deux parties.<\/p>\n<p style=\"text-align: justify;\">Il y a tout d&rsquo;abord l\u2019Assurance Maladie Obligatoire (AMO).<b> C&rsquo;est la branche de la S\u00e9curit\u00e9 sociale qui couvre tout ou partie des risques li\u00e9s \u00e0 :<\/b><\/p>\n<ul style=\"text-align: justify;\">\n<li>La maladie,<\/li>\n<li>La maternit\u00e9,<\/li>\n<li>Les accidents de la vie priv\u00e9e et professionnelle,<\/li>\n<li>Les maladies professionnelles,<\/li>\n<li>Les invalidit\u00e9s.<\/li>\n<\/ul>\n<p style=\"text-align: justify;\">Cette Assurance Maladie Obligatoire est compos\u00e9 d\u2019un r\u00e9gime g\u00e9n\u00e9ral et de nombreux r\u00e9gimes sp\u00e9ciaux.<\/p>\n<p style=\"text-align: justify;\">Ensuite, il y a l\u2019Assurance Maladie Compl\u00e9mentaire (AMC). <b>Celle-ci va correspondre \u00e0 l\u2019ensemble des garanties propos\u00e9es par des organismes priv\u00e9s.\u00a0<\/b>Ces garanties peuvent \u00eatre \u00e0 titre individuel ou collectif. Elles peuvent s&rsquo;adresser \u00e0 une personne, mais \u00e9galement \u00e0 sa famille. Cette AMC est en compl\u00e9ment ou en suppl\u00e9ment des prestations de l\u2019Assurance Maladie Obligatoire.<\/p>\n<h1 style=\"text-align: justify;\">L&rsquo;Assurance Maladie Obligatoire<\/h1>\n<p style=\"text-align: justify;\"><b>L\u2019AMO d\u00e9signe les trois r\u00e9gimes de protection sociale que sont : le r\u00e9gime g\u00e9n\u00e9ral, le r\u00e9gime agricole et les r\u00e9gimes sp\u00e9ciaux. <\/b>Selon le statut professionnel, un individu va appartenir \u00e0 l\u2019un de ces r\u00e9gimes obligatoires.<\/p>\n<h2 style=\"text-align: justify;\">Le r\u00e9gime g\u00e9n\u00e9ral<\/h2>\n<p style=\"text-align: justify;\">Le\u00a0r\u00e9gime g\u00e9n\u00e9ral\u00a0est le premier r\u00e9gime de la\u00a0S\u00e9curit\u00e9 sociale.\u00a0C&rsquo;est celui qui concerne l\u2019ensemble des salari\u00e9s et assimil\u00e9s. Il concerne \u00e9galement les travailleurs ind\u00e9pendants non-soumis \u00e0 un r\u00e9gime particulier.<\/p>\n<p style=\"text-align: justify;\">Au niveau national, le r\u00e9gime g\u00e9n\u00e9ral se compose de plusieurs \u00e9tablissements publics nationaux \u00e0 caract\u00e8re administratif.\u00a0Mais au niveau r\u00e9gional, ce r\u00e9gime g\u00e9n\u00e9ral se caract\u00e9rise par des organismes de droit priv\u00e9 charg\u00e9s d\u2019une mission de service public.<\/p>\n<p style=\"text-align: justify;\"><b>Le\u00a0r\u00e9gime g\u00e9n\u00e9ral\u00a0se divise en plusieurs branches distinctes\u00a0:<\/b><\/p>\n<ul style=\"text-align: justify;\">\n<li>La branche maladie ;<\/li>\n<li>La branche accidents du travail et maladies professionnelles ;<\/li>\n<li>La branche vieillesse ;<\/li>\n<li>La branche famille ;<\/li>\n<li>La branche recouvrement.<\/li>\n<\/ul>\n<p style=\"text-align: justify;\"><b>Afin de g\u00e9rer ces diff\u00e9rentes branches, il existe 4 organismes diff\u00e9rents :<\/b><\/p>\n<ul style=\"text-align: justify;\">\n<li>La Caisse Nationale d\u2019Assurance Maladie des Travailleurs Salari\u00e9s (CNAMTS)<\/li>\n<li>La Caisse Nationale d\u2019Assurance Vieillesse des Travailleurs Salari\u00e9s (CNAVTS)<\/li>\n<li><a href=\"https:\/\/www.urssaf.fr\/portail\/home\/particulier-espace.html\" target=\"_blank\" rel=\"noopener\">L\u2019URSSAF<\/a><\/li>\n<li>La Caisse Nationale des Allocations Familiales (CNAF)<\/li>\n<\/ul>\n<p><span style=\"font-weight: 400;\"><div class='cta-block'><div class='text'>Simulez toutes vos aides en 2 min.<\/div><a href='' class='app-button fit'>Simulation gratuite<\/a><\/div><\/span><\/p>\n<h2 style=\"text-align: justify;\">Le r\u00e9gime agricole<\/h2>\n<p style=\"text-align: justify;\">Le r\u00e9gime agricole est g\u00e9r\u00e9 par la Mutualit\u00e9 Sociale Agricole (MSA).\u00a0C&rsquo;est l\u2019organisme mutualiste qui va g\u00e9rer le r\u00e9gime obligatoire de protection sociale du monde agricole et rural.<\/p>\n<p style=\"text-align: justify;\"><b>Les personnes affili\u00e9s \u00e0 la MSA vont \u00eatre les :<\/b><\/p>\n<div class=\"content_container\" style=\"text-align: justify;\">\n<div class=\"ce_text block\">\n<ul>\n<li>Salari\u00e9s agricoles ;<\/li>\n<li>Agriculteurs ;<\/li>\n<li>Personnes exer\u00e7ant des professions agricoles annexes ;<\/li>\n<li>Professionnels agricoles non-salari\u00e9s ;<\/li>\n<li>Retrait\u00e9s du secteur agricoles ;<\/li>\n<li>Ayants droit ;<\/li>\n<\/ul>\n<p><b>Les ayants droit sont les personnes, autres que l\u2019assur\u00e9, qui vont pouvoir b\u00e9n\u00e9ficier des prestations vers\u00e9es par les diff\u00e9rents organismes de S\u00e9curit\u00e9 sociale ou d\u2019assurance.<\/b>\u00a0La majeure partie du temps, les ayants droit\u00a0sont par exemple le conjoint et les enfants.<\/p>\n<h2>Les r\u00e9gimes sp\u00e9ciaux<\/h2>\n<p><b>Les\u00a0r\u00e9gimes sp\u00e9ciaux\u00a0sont des r\u00e9gimes de\u00a0S\u00e9curit\u00e9 sociale qui ne suivent pas les m\u00eames r\u00e8gles que le r\u00e9gime g\u00e9n\u00e9ral.<\/b> Il existe une vingtaine de r\u00e9gimes sp\u00e9ciaux.\u00a0Environ 5 millions de personnes sont aujourd&rsquo;hui couvertes par ces r\u00e9gimes sp\u00e9ciaux.<\/p>\n<p><b>Selon le corps de m\u00e9tier auquel vous appartenez, le fonctionnement des r\u00e9gimes sp\u00e9ciaux va varier.\u00a0<\/b>Certains r\u00e9gimes sp\u00e9ciaux vont prendre en charge une couverture globale de protection sociale. Mais, les autres r\u00e9gimes sp\u00e9ciaux vont se contenter d\u2019une assurance partielle.\u00a0<b>La grande majorit\u00e9 d\u2019entre-eux prennent en charge le\u00a0risque vieillesse.<\/b><\/p>\n<h3>L&rsquo;Assurance Vieillesse<\/h3>\n<p><b>L\u2019Assurance Vieillesse est la\u00a0branche de la S\u00e9curit\u00e9 sociale\u00a0qui g\u00e8re le risque vieillesse.<\/b>\u00a0Son r\u00f4le va \u00eatre d&rsquo;assurer, gr\u00e2ce \u00e0 un syst\u00e8me par r\u00e9partition, une retraite aux personnes qui vont \u00eatre en \u00e2ge de partir \u00e0 la retraite et qui auront assez cotis\u00e9.<\/p>\n<p><b>Au sein de l\u2019Assurance Vieillesse, on retrouve diff\u00e9rents r\u00e9gimes qui permettent de regrouper les assur\u00e9s sociaux selon leur activit\u00e9 professionnelle.<\/b>\u00a0Il y a tout d&rsquo;abord le r\u00e9gime g\u00e9n\u00e9ral qui est g\u00e9r\u00e9 par l\u2019Assurance Retraite pour les salari\u00e9s de l&rsquo;industrie, du commerce et des services. Ce r\u00e9gime g\u00e9n\u00e9ral s&rsquo;applique \u00e9galement pour les travailleurs ind\u00e9pendants.\u00a0Ensuite, il y a les r\u00e9gimes sp\u00e9ciaux des fonctionnaires et ses salari\u00e9s du secteur public. Ceux-ci vont \u00eatre g\u00e9r\u00e9s par\u00a0 diff\u00e9rentes caisse de retraite.\u00a0Enfin, il y a le r\u00e9gime des non-salari\u00e9s agricoles. Celui-ci est g\u00e9r\u00e9 par la Mutualit\u00e9 sociale agricole (MSA).<\/p>\n<h1>L&rsquo;Assurance Maladie Compl\u00e9mentaire<\/h1>\n<div class=\"content_container\">\n<div class=\"ce_text block\">\n<p><b>L\u2019Assurance Maladie Compl\u00e9mentaire (AMC) va correspondre \u00e0 l\u2019ensemble des garanties propos\u00e9es par des organismes priv\u00e9s.<\/b> Ces garanties peuvent \u00eatre \u00e0 titre individuel ou collectif.\u00a0Elles peuvent s&rsquo;adresser \u00e0 une personne, mais \u00e9galement \u00e0 sa famille. Cette AMC est en compl\u00e9ment ou en suppl\u00e9ment des prestations de l\u2019Assurance Maladie Obligatoire.<\/p>\n<\/div>\n<\/div>\n<h1>Les Caisses Primaires d&rsquo;Assurance Maladie (CPAM)<\/h1>\n<h1><img loading=\"lazy\" decoding=\"async\" class=\" wp-image-53586 alignright\" title=\"assurance maladie\" src=\"https:\/\/www.mes-allocs.fr\/guides\/wp-content\/uploads\/2022\/07\/beatriz-perez-moya-XN4T2PVUUgk-unsplash-e1657181337792-300x163.jpg\" alt=\"assurance maladie\" width=\"430\" height=\"234\" srcset=\"https:\/\/www.mes-allocs.fr\/guides\/wp-content\/uploads\/2022\/07\/beatriz-perez-moya-XN4T2PVUUgk-unsplash-e1657181337792-300x163.jpg 300w, https:\/\/www.mes-allocs.fr\/guides\/wp-content\/uploads\/2022\/07\/beatriz-perez-moya-XN4T2PVUUgk-unsplash-e1657181337792-1024x556.jpg 1024w, https:\/\/www.mes-allocs.fr\/guides\/wp-content\/uploads\/2022\/07\/beatriz-perez-moya-XN4T2PVUUgk-unsplash-e1657181337792-768x417.jpg 768w, https:\/\/www.mes-allocs.fr\/guides\/wp-content\/uploads\/2022\/07\/beatriz-perez-moya-XN4T2PVUUgk-unsplash-e1657181337792-1536x834.jpg 1536w, https:\/\/www.mes-allocs.fr\/guides\/wp-content\/uploads\/2022\/07\/beatriz-perez-moya-XN4T2PVUUgk-unsplash-e1657181337792-600x326.jpg 600w, https:\/\/www.mes-allocs.fr\/guides\/wp-content\/uploads\/2022\/07\/beatriz-perez-moya-XN4T2PVUUgk-unsplash-e1657181337792.jpg 1920w\" sizes=\"auto, (max-width: 430px) 100vw, 430px\" \/><\/h1>\n<p><b>Les Caisses Primaires d&rsquo;Assurance Maladie (CPAM) vont g\u00e9rer le service d\u2019une partie des prestations qui sont confi\u00e9es \u00e0 la Caisse nationale de l&rsquo;assurance maladie (CNAM).<\/b><\/p>\n<p><b>Les CPAM g\u00e8rent ce service dans leur circonscription, qui sont en g\u00e9n\u00e9ral le d\u00e9partement.\u00a0<\/b>Les caisses vont tout d&rsquo;abord assurer\u00a0 le financement des assurances maladie, maternit\u00e9, invalidit\u00e9, d\u00e9c\u00e8s.\u00a0Ensuite, ils vont assurer d&rsquo;une autre part, les accidents du travail et maladies professionnelles.<\/p>\n<p><b>Les CPAM ont pour objectif de maintenir l&rsquo;\u00e9quilibre financier de chacune de ces deux missions.\u00a0<\/b>Elles vont immatriculer et affilier les assujettis sociaux. Pour cela, ils exercent un contr\u00f4le sur les malades. De plus, ils vont mener des actions sanitaires et sociales.\u00a0En France M\u00e9tropolitaine, il y a aujourd&rsquo;hui plus d\u2019une centaine de Caisses Primaires d&rsquo;Assurance Maladie. Elles se situent dans les d\u00e9partements et r\u00e9gions d&rsquo;outre-mer.<\/p>\n<h1>La base de remboursement<\/h1>\n<p><b>La\u00a0base de remboursement de la S\u00e9curit\u00e9 Sociale va \u00eatre la somme retenue par l&rsquo;Assurance Maladie Obligatoire en tant que base de remboursement pour chaque acte m\u00e9dical.\u00a0<\/b>L&rsquo;AMO va prendre en charge un pourcentage de cette base de remboursement.\u00a0Dans le cas o\u00f9 le patient a une mutuelle sant\u00e9, celle-ci va intervenir en compl\u00e9ment sur la partie restante de ce tarif.\u00a0 Cette intervention se fait en fonction du pourcentage fix\u00e9 au contrat.<\/p>\n<h1>Le reste \u00e0 charge<\/h1>\n<p><b>Le reste \u00e0 charge\u00a0est la part de d\u00e9pense qui reste \u00e0 la charge de l&rsquo;assur\u00e9 une fois que tous les remboursements de l&rsquo;AMO et\u00a0des\u00a0compl\u00e9mentaires sant\u00e9 qu\u2019il poss\u00e8de ont \u00e9t\u00e9 effectu\u00e9s.<\/b><\/p>\n<h1>Le tiers-payant<\/h1>\n<p><b>Le\u00a0tiers-payant est un dispositif qui va permettre \u00e0 l\u2019assur\u00e9 d\u2019\u00eatre dispens\u00e9 de tout ou partie des frais m\u00e9dicaux qui sont pris en charge par l&rsquo;Assurance Maladie ou alors par la compl\u00e9mentaire sant\u00e9.<\/b><\/p>\n<h1>Les frais de s\u00e9jour<\/h1>\n<p><b>Les\u00a0frais de s\u00e9jour\u00a0ou\u00a0frais d&rsquo;hospitalisation\u00a0sont les frais factur\u00e9s par l&rsquo;\u00e9tablissement de sant\u00e9 pour couvrir les co\u00fbts d&rsquo;un s\u00e9jour hospitalier.\u00a0<\/b>Les\u00a0frais de s\u00e9jour vont \u00eatre rembours\u00e9s \u00e0 80 % par l&rsquo;AMO dans le cas d&rsquo;un s\u00e9jour \u00e0 l&rsquo;h\u00f4pital public ou une clinique priv\u00e9e conventionn\u00e9e.\u00a0Le reste pourra \u00eatre pris en charge par certaines compl\u00e9mentaires sant\u00e9 si le patient en poss\u00e8de une.<\/p>\n<h1>La Carte Vitale<\/h1>\n<\/div>\n<\/div>\n<p style=\"text-align: justify;\">La Carte Vitale est d\u00e9livr\u00e9e d\u00e8s l\u2019\u00e2ge de 16 ans par la Caisse d\u2019Assurance maladie dont vous d\u00e9pendez en tant qu&rsquo;assur\u00e9.\u00a0Cette carte va permettre un processus de remboursement d\u00e9mat\u00e9rialis\u00e9. Cela signifie qu&rsquo;il n&rsquo;y a plus besoin de feuilles de soins, \u00e0 partir du moment o\u00f9 elle est pr\u00e9sent\u00e9e \u00e0 un professionnel de sant\u00e9. Ce dernier doit \u00e9galement \u00eatre reli\u00e9 au r\u00e9seau Sesam-Vitale.<\/p>\n<p style=\"text-align: justify;\"><b>Le r\u00e9seau Sesam-Vitale est un programme qui permet aux m\u00e9decins de consulter les droits de leurs assur\u00e9s. Il permet \u00e9galement de t\u00e9l\u00e9transmettre les feuilles de soins aux caisses de S\u00e9curit\u00e9 sociale.<\/b>\u00a0Une feuille de soins est un document papier ou num\u00e9rique qui va \u00eatre donn\u00e9 au patient par un professionnel de sant\u00e9 suite \u00e0 un acte m\u00e9dical. <b>Ce document va servir tout d&rsquo;abord de facture, mais \u00e9galement de preuve de l\u2019acte m\u00e9dical effectu\u00e9 par le professionnel.<\/b><\/p>\n<p style=\"text-align: justify;\"><b>La\u00a0carte vitale ne comporte aucune informations m\u00e9dicales sur son d\u00e9tenteur. <\/b>Elle permet seulement d&rsquo;effectuer des \u00e9l\u00e9ments d\u2019ordre administratif qui vont \u00eatre n\u00e9cessaires aux remboursements des soins.\u00a0Elle ne fonctionne que sur le territoire national.<\/p>\n<p><span style=\"font-weight: 400;\"><div class='cta-block'><div class='text'>Simulez toutes vos Aides en 2 min.<\/div><a href='' class='app-button fit'>Simulation gratuite<\/a><\/div><\/span><\/p>\n<h1>Que faire en cas d&rsquo;oubli de la Carte Vitale ?<\/h1>\n<p style=\"text-align: justify;\">Si vous n&rsquo;avez pas votre carte vitale en votre possession, il existe le principe de l&rsquo;attestation vitale.\u00a0<b>L\u2019attestation vitale, \u00e9galement appel\u00e9e attestation de carte Vitale ou attestation des droits, est un document papier qui va reproduire toutes les informations que l&rsquo;on peut retrouver sur la puce \u00e9lectronique de la carte Vitale.\u00a0<\/b>Cette attestation peut \u00eatre pr\u00e9sent\u00e9e aux professionnels de sant\u00e9 en cas d\u2019oubli de la carte Vitale.<\/p>\n<h1 style=\"text-align: justify;\">La Carte Europ\u00e9enne d&rsquo;Assurance Maladie<\/h1>\n<p style=\"text-align: justify;\"><b>La Carte Europ\u00e9enne d&rsquo;Assurance Maladie (CEAM) permet d&rsquo;attester des droits de l\u2019assur\u00e9 \u00e0 l&rsquo;Assurance Maladie fran\u00e7aise. <\/b>Elle\u00a0peut \u00eatre demand\u00e9e enti\u00e8rement gratuitement\u00a0pour une dur\u00e9e de validit\u00e9 de 2 ans.<\/p>\n<p style=\"text-align: justify;\">Elle permet la totale prise en charge des\u202fsoins m\u00e9dicaux qui sont impr\u00e9vus et n\u00e9cessaires au patient lors d\u2019un voyage ou d\u2019un court s\u00e9jour en Europe.\u00a0Cette CEAM va permettre \u00e0 l\u2019assur\u00e9\u202fd&rsquo;obtenir des soins m\u00e9dicaux aux m\u00eames tarifs que les assur\u00e9s du pays dans lequel l&rsquo;assur\u00e9 se trouve.\u00a0La prise en charge des soins par la CEAM est valable pour les soins impr\u00e9vus et m\u00e9dicalement n\u00e9cessaires.<\/p>\n<h1 style=\"text-align: justify;\">L\u2019Objectif National de D\u00e9penses d\u2019Assurance Maladie (ONDAM)<\/h1>\n<p style=\"text-align: justify;\"><b>L\u2019Objectif National de D\u00e9penses d\u2019Assurance Maladie (ONDAM) repr\u00e9sente un objectif de d\u00e9penses \u00e0 ne pas d\u00e9passer concernant les domaines des soins de ville et de l\u2019hospitalisation.\u00a0<\/b>Cet objectif se fait dans le domaine priv\u00e9 ou public. Cet objectif se r\u00e9alise \u00e9galement dans les centres m\u00e9dico-sociaux. Il s&rsquo;agit d&rsquo;un indicateur de ma\u00eetrise des d\u00e9penses de sant\u00e9.\u00a0Cet indicateur est fix\u00e9 chaque ann\u00e9e par la loi de financement de la S\u00e9curit\u00e9 sociale. Cette loi est vot\u00e9e par le Parlement.<\/p>\n<h1 style=\"text-align: justify;\">Les consultations m\u00e9dicales<\/h1>\n<p style=\"text-align: justify;\"><b>Le prix d&rsquo;une\u00a0consultation chez un m\u00e9decin g\u00e9n\u00e9raliste, mais \u00e9galement\u00a0le remboursement par l&rsquo;Assurance Maladie vont \u00eatre diff\u00e9rents selon plusieurs crit\u00e8res.<\/b><\/p>\n<p style=\"text-align: justify;\">Le premier crit\u00e8re est celui de savoir si le m\u00e9decin est le m\u00e9decin traitant du patient ou non.\u00a0Ensuite, il faut savoir si le m\u00e9decin est conventionn\u00e9 de secteur 1 ou de secteur 2.\u00a0Enfin, il faut savoir si le m\u00e9decin est non-conventionn\u00e9.<\/p>\n<p style=\"text-align: justify;\">Dans le cadre du\u00a0parcours de soins, un patient sera mieux rembours\u00e9 par la\u00a0S\u00e9curit\u00e9 sociale dans le cas o\u00f9 il passe par son m\u00e9decin traitant plut\u00f4t que de consulter un m\u00e9decin sp\u00e9cialiste.\u00a0<b>Le\u00a0m\u00e9decin traitant va \u00eatre le m\u00e9decin r\u00e9f\u00e9rent d\u2019un assur\u00e9 social. C&rsquo;est le m\u00e9decin qui est en charge de son suivi m\u00e9dical.\u00a0<\/b>C&rsquo;est le premier professionnel de sant\u00e9 vers lequel va se tourner un patient si il a des questions concernant sa sant\u00e9. Ce m\u00e9decin traitant va assurer les soins habituels et de pr\u00e9vention de ses patients.<\/p>\n<h1 style=\"text-align: justify;\">La compl\u00e9mentaire sant\u00e9 <img loading=\"lazy\" decoding=\"async\" class=\" wp-image-53587 alignright\" title=\"assurance maladie\" src=\"https:\/\/www.mes-allocs.fr\/guides\/wp-content\/uploads\/2022\/07\/national-cancer-institute-NFvdKIhxYlU-unsplash-e1657181471781-300x200.jpg\" alt=\"assurance maladie\" width=\"455\" height=\"303\" \/><\/h1>\n<p style=\"text-align: justify;\"><b>Les contrats d\u2019assurance sant\u00e9 compl\u00e9mentaire ont pour objectif d&rsquo;intervenir en compl\u00e9ment de l\u2019assurance maladie obligatoire.\u00a0<\/b>Ils vont par exemple prendre en charge le ticket mod\u00e9rateur.\u00a0Ils peuvent \u00e9galement prendre en charge des d\u00e9penses qui ne sont pas couvertes par les r\u00e9gimes de base.<\/p>\n<p style=\"text-align: justify;\">Ces\u00a0compl\u00e9mentaires sant\u00e9 vont pouvoir \u00eatre souscrites aupr\u00e8s d\u2019une :<\/p>\n<ul style=\"text-align: justify;\">\n<li>Soci\u00e9t\u00e9 d\u2019assurance<\/li>\n<li>Institution de pr\u00e9voyance<\/li>\n<li>Mutuelle<\/li>\n<\/ul>\n<p style=\"text-align: justify;\">Les contrats d&rsquo;assurance sant\u00e9 compl\u00e9mentaire peuvent \u00eatre individuels\u00a0ou\u00a0collectifs.\u00a0<b>Tous les employeurs ont l&rsquo;obligation de souscrire une compl\u00e9mentaire sant\u00e9 en entreprise pour leurs salari\u00e9s qui va proposer un panier de soins minimum fix\u00e9 par un d\u00e9cret. <\/b>Ce dispositif est obligatoire depuis le 1<sup>er<\/sup> janvier 2016.<\/p>\n<p style=\"text-align: justify;\">Les contrats collectifs d\u2019entreprise sont souvent mis en place par les partenaires sociaux. Cela se fait dans le cadre d\u2019accords professionnels de branche.<\/p>\n<h1 style=\"text-align: justify;\">Le ticket mod\u00e9rateur<\/h1>\n<p style=\"text-align: justify;\"><b>Le\u00a0ticket mod\u00e9rateur repr\u00e9sente la part restant \u00e0 la charge du patient suite au remboursement de l\u2019Assurance maladie.\u00a0<\/b>Ce ticket va rester \u00e0 la charge de l\u2019assur\u00e9 qui ne b\u00e9n\u00e9ficie pas d&rsquo;une compl\u00e9mentaire sant\u00e9.\u00a0Les tickets mod\u00e9rateur vont \u00eatre pris en charge totalement ou en partie selon les conditions du contrat souscrit \u00e0 la compl\u00e9mentaire sant\u00e9.<\/p>\n<h1>Les frais de vaccination<\/h1>\n<p>P<b>our les campagnes de pr\u00e9vention, certains frais de vaccination vont \u00eatre pris en charge par l&rsquo;Assurance Maladie Obligatoire.\u00a0<\/b>Une liste de vaccins obligatoires pour l&rsquo;ensemble de la population sont donc enti\u00e8rement rembours\u00e9s :<\/p>\n<ul>\n<li>Vaccin rougeole-oreillons-rub\u00e9ole (ROR)<\/li>\n<li>Vaccin contre la coqueluche<\/li>\n<li>Vaccin anti-dipht\u00e9rique<\/li>\n<li>Vaccin contre l&rsquo;h\u00e9patite B<\/li>\n<li>Vaccin contre la m\u00e9ningite<\/li>\n<li>Vaccin anti-t\u00e9tanique<\/li>\n<li>Vaccin anti-poliomy\u00e9litique<\/li>\n<li>Vaccin contre les infections \u00e0 pneumocoque<\/li>\n<\/ul>\n<p>Pour certains vaccins, la prise en charge des frais par l&rsquo;AMO est de 65 %. Cette prise en charge se fait sur prescription m\u00e9dicale.<\/p>\n<p>Ces vaccins sont :<\/p>\n<ul>\n<li>le vaccin contre l&rsquo;h\u00e9patite A<\/li>\n<li>le vaccin contre la tuberculose<\/li>\n<li>le vaccin contre la grippe saisonni\u00e8re<\/li>\n<li>le vaccin contre <em>papillomavirus<\/em>\u00a0humains (HPV)<\/li>\n<li>le vaccin contre la varicelle<\/li>\n<\/ul>\n<p>Cependant, ces\u00a0frais de vaccination vont pouvoir \u00eatre pris en charge \u00e0 100 % pour les populations \u00e0 risque.<\/p>\n","protected":false},"excerpt":{"rendered":"<p>L\u2019Assurance Maladie est le mod\u00e8le d&rsquo;organisation du syst\u00e8me de sant\u00e9 en France.\u00a0Elle permet d&rsquo;englober l\u2019ensemble des dispositifs qui vont assurer un individu face \u00e0 des risques li\u00e9s \u00e0 la maladie. En plus de ces risques li\u00e9s \u00e0 la maladie, les individus sont prot\u00e9g\u00e9s face aux accidents du travail, \u00e0 l&rsquo;invalidit\u00e9, \u00e0 la maternit\u00e9 et au [&hellip;]<\/p>\n","protected":false},"author":29,"featured_media":53587,"parent":0,"menu_order":0,"comment_status":"closed","ping_status":"closed","template":"","meta":{"amp_status":"","footnotes":""},"class_list":["post-56080","page","type-page","status-publish","has-post-thumbnail","hentry"],"yoast_head":"<!-- This site is optimized with the Yoast SEO plugin v14.9 - https:\/\/yoast.com\/wordpress\/plugins\/seo\/ -->\n<title>Tout savoir sur l&#039;Assurance Maladie ! | Mes-Allocs.fr<\/title>\n<meta name=\"description\" content=\"L&#039;Assurance Maladie permet d&#039;englober l\u2019ensemble des dispositifs qui vont assurer un individu face \u00e0 des risques li\u00e9s \u00e0 la maladie.\" \/>\n<meta name=\"robots\" content=\"index, follow, max-snippet:-1, max-image-preview:large, max-video-preview:-1\" \/>\n<link rel=\"canonical\" href=\"https:\/\/www.mes-allocs.fr\/guides\/assurance-maladie\/\" \/>\n<meta property=\"og:locale\" content=\"fr_FR\" \/>\n<meta property=\"og:type\" content=\"article\" \/>\n<meta property=\"og:title\" content=\"Tout savoir sur l&#039;Assurance Maladie ! | Mes-Allocs.fr\" \/>\n<meta property=\"og:description\" content=\"L&#039;Assurance Maladie permet d&#039;englober l\u2019ensemble des dispositifs qui vont assurer un individu face \u00e0 des risques li\u00e9s \u00e0 la maladie.\" \/>\n<meta property=\"og:url\" content=\"https:\/\/www.mes-allocs.fr\/guides\/assurance-maladie\/\" \/>\n<meta property=\"og:site_name\" content=\"Mes-Allocs.fr\" \/>\n<meta property=\"article:modified_time\" content=\"2026-01-22T09:43:20+00:00\" \/>\n<meta property=\"og:image\" content=\"https:\/\/www.mes-allocs.fr\/guides\/wp-content\/uploads\/2022\/07\/national-cancer-institute-NFvdKIhxYlU-unsplash-e1720613002834.jpg?wsr\" \/>\n\t<meta property=\"og:image:width\" content=\"1920\" \/>\n\t<meta property=\"og:image:height\" content=\"532\" \/>\n<meta name=\"twitter:card\" content=\"summary_large_image\" \/>\n<script type=\"application\/ld+json\" class=\"yoast-schema-graph\">{\"@context\":\"https:\/\/schema.org\",\"@graph\":[{\"@type\":\"WebSite\",\"@id\":\"https:\/\/www.mes-allocs.fr\/guides\/#website\",\"url\":\"https:\/\/www.mes-allocs.fr\/guides\/\",\"name\":\"Mes-Allocs.fr\",\"description\":\"\",\"potentialAction\":[{\"@type\":\"SearchAction\",\"target\":\"https:\/\/www.mes-allocs.fr\/guides\/?s={search_term_string}\",\"query-input\":\"required name=search_term_string\"}],\"inLanguage\":\"fr-FR\"},{\"@type\":\"ImageObject\",\"@id\":\"https:\/\/www.mes-allocs.fr\/guides\/assurance-maladie\/#primaryimage\",\"inLanguage\":\"fr-FR\",\"url\":\"https:\/\/www.mes-allocs.fr\/guides\/wp-content\/uploads\/2022\/07\/national-cancer-institute-NFvdKIhxYlU-unsplash-e1720613002834.jpg?wsr\",\"width\":1920,\"height\":532,\"caption\":\"pension invalidit\\u00e9 apr\\u00e8s un cancer\"},{\"@type\":\"WebPage\",\"@id\":\"https:\/\/www.mes-allocs.fr\/guides\/assurance-maladie\/#webpage\",\"url\":\"https:\/\/www.mes-allocs.fr\/guides\/assurance-maladie\/\",\"name\":\"Tout savoir sur l'Assurance Maladie ! | Mes-Allocs.fr\",\"isPartOf\":{\"@id\":\"https:\/\/www.mes-allocs.fr\/guides\/#website\"},\"primaryImageOfPage\":{\"@id\":\"https:\/\/www.mes-allocs.fr\/guides\/assurance-maladie\/#primaryimage\"},\"datePublished\":\"2023-01-17T10:19:15+00:00\",\"dateModified\":\"2026-01-22T09:43:20+00:00\",\"description\":\"L'Assurance Maladie permet d'englober l\\u2019ensemble des dispositifs qui vont assurer un individu face \\u00e0 des risques li\\u00e9s \\u00e0 la maladie.\",\"inLanguage\":\"fr-FR\"}]}<\/script>\n<!-- \/ Yoast SEO plugin. -->","amp_validity":null,"acf":{"faq":{"1":{"question":"Comment est financ\u00e9e l'Assurance Maladie ?","answer":"L\u2019Assurance Maladie est financ\u00e9e par des cotisations sur les salaires.\r\n<br> <a href=\"https:\/\/www.mes-allocs.fr\/guides\/assurance-maladie\/\">Lire la suite<\/a>"},"2":{"question":"Qu'est-ce que l'AMO ? ","answer":"L\u2019AMO d\u00e9signe les trois r\u00e9gimes de protection sociale que sont : le r\u00e9gime g\u00e9n\u00e9ral, le r\u00e9gime agricole et les r\u00e9gimes sp\u00e9ciaux.\r\n<br> <a href=\"https:\/\/www.mes-allocs.fr\/guides\/assurance-maladie\/\">Lire la suite<\/a>"},"3":{"question":"Qu'est-ce que l'AMC ?","answer":"L\u2019Assurance Maladie Compl\u00e9mentaire (AMC) va correspondre \u00e0 l\u2019ensemble des garanties propos\u00e9es par des organismes priv\u00e9s. Ces garanties peuvent \u00eatre \u00e0 titre individuel ou collectif.\r\n<br> <a href=\"https:\/\/www.mes-allocs.fr\/guides\/assurance-maladie\/\">Lire la suite<\/a>"},"4":{"question":"Que sont les CPAM ?","answer":"Les Caisses Primaires d'Assurance Maladie (CPAM) vont g\u00e9rer le service d\u2019une partie des prestations qui sont confi\u00e9es \u00e0 la Caisse nationale de l'assurance maladie (CNAM).\r\n<br> <a href=\"https:\/\/www.mes-allocs.fr\/guides\/assurance-maladie\/\">Lire la suite<\/a>"},"5":{"question":"A quoi sert la Carte Vitale ?","answer":"Cette carte va permettre un processus de remboursement d\u00e9mat\u00e9rialis\u00e9. Cela signifie qu'il n'y a plus besoin de feuilles de soins, \u00e0 partir du moment o\u00f9 elle est pr\u00e9sent\u00e9e \u00e0 un professionnel de sant\u00e9.\r\n<br> <a href=\"https:\/\/www.mes-allocs.fr\/guides\/assurance-maladie\/\">Lire la suite<\/a>"},"6":{"question":"A quoi sert la Carte Europ\u00e9enne d'Assurance Maladie ?","answer":"Elle permet la totale prise en charge des\u202fsoins m\u00e9dicaux qui sont impr\u00e9vus et n\u00e9cessaires au patient lors d\u2019un voyage ou d\u2019un court s\u00e9jour en Europe.\r\n<br> <a href=\"https:\/\/www.mes-allocs.fr\/guides\/assurance-maladie\/\">Lire la suite<\/a>"},"7":{"question":"","answer":""},"8":{"question":"","answer":""},"9":{"question":"","answer":""},"10":{"question":"","answer":""},"11":{"question":"","answer":""},"12":{"question":"","answer":""},"13":{"question":"","answer":""},"14":{"question":"","answer":""},"15":{"question":"","answer":""},"16":{"question":"","answer":""}}},"_links":{"self":[{"href":"https:\/\/www.mes-allocs.fr\/guides\/wp-json\/wp\/v2\/pages\/56080","targetHints":{"allow":["GET"]}}],"collection":[{"href":"https:\/\/www.mes-allocs.fr\/guides\/wp-json\/wp\/v2\/pages"}],"about":[{"href":"https:\/\/www.mes-allocs.fr\/guides\/wp-json\/wp\/v2\/types\/page"}],"author":[{"embeddable":true,"href":"https:\/\/www.mes-allocs.fr\/guides\/wp-json\/wp\/v2\/users\/29"}],"replies":[{"embeddable":true,"href":"https:\/\/www.mes-allocs.fr\/guides\/wp-json\/wp\/v2\/comments?post=56080"}],"version-history":[{"count":5,"href":"https:\/\/www.mes-allocs.fr\/guides\/wp-json\/wp\/v2\/pages\/56080\/revisions"}],"predecessor-version":[{"id":60816,"href":"https:\/\/www.mes-allocs.fr\/guides\/wp-json\/wp\/v2\/pages\/56080\/revisions\/60816"}],"wp:featuredmedia":[{"embeddable":true,"href":"https:\/\/www.mes-allocs.fr\/guides\/wp-json\/wp\/v2\/media\/53587"}],"wp:attachment":[{"href":"https:\/\/www.mes-allocs.fr\/guides\/wp-json\/wp\/v2\/media?parent=56080"}],"curies":[{"name":"wp","href":"https:\/\/api.w.org\/{rel}","templated":true}]}}