{"id":5151,"date":"2020-04-12T22:57:16","date_gmt":"2020-04-12T22:57:16","guid":{"rendered":"https:\/\/www.mes-allocs.fr\/guides\/?page_id=5151"},"modified":"2026-01-29T17:49:24","modified_gmt":"2026-01-29T16:49:24","slug":"aides-sociales","status":"publish","type":"page","link":"https:\/\/www.mes-allocs.fr\/guides\/aides-sociales\/","title":{"rendered":"Aides sociales en France 2026 : guide &#038; simulation"},"content":{"rendered":"<p style=\"text-align: justify;\"><a href=\"https:\/\/www.mes-allocs.fr\/guides\/wp-content\/uploads\/2020\/05\/La-liste-comple\u0300te-daides-sociales-en-2020-scaled-e1588714065722.jpg\"><img loading=\"lazy\" decoding=\"async\" class=\"aligncenter wp-image-6123 size-full\" src=\"https:\/\/www.mes-allocs.fr\/guides\/wp-content\/uploads\/2020\/05\/La-liste-comple\u0300te-daides-sociales-en-2020-scaled-e1588714096102.jpg\" alt=\"La liste compl\u00e8te d\u2019aides sociales en 2023\" width=\"1200\" height=\"246\" srcset=\"https:\/\/www.mes-allocs.fr\/guides\/wp-content\/uploads\/2020\/05\/La-liste-comple\u0300te-daides-sociales-en-2020-scaled-e1588714096102.jpg 1200w, https:\/\/www.mes-allocs.fr\/guides\/wp-content\/uploads\/2020\/05\/La-liste-comple\u0300te-daides-sociales-en-2020-scaled-e1588714096102-300x62.jpg 300w, https:\/\/www.mes-allocs.fr\/guides\/wp-content\/uploads\/2020\/05\/La-liste-comple\u0300te-daides-sociales-en-2020-scaled-e1588714096102-1024x210.jpg 1024w, https:\/\/www.mes-allocs.fr\/guides\/wp-content\/uploads\/2020\/05\/La-liste-comple\u0300te-daides-sociales-en-2020-scaled-e1588714096102-768x157.jpg 768w, https:\/\/www.mes-allocs.fr\/guides\/wp-content\/uploads\/2020\/05\/La-liste-comple\u0300te-daides-sociales-en-2020-scaled-e1588714096102-600x123.jpg 600w\" sizes=\"auto, (max-width: 1200px) 100vw, 1200px\" \/><\/a>[Mis \u00e0 jour le 29\/01\/2026] Les <strong>aides sociales<\/strong> en France sont nombreuses : allocations familiales, aides au logement, aides au ch\u00f4mage et \u00e0 la reprise d\u2019activit\u00e9, et bien d&rsquo;autres encore. Elles sont en partie mises en \u0153uvre par les d\u00e9partements, mais pas que. Vous pouvez avoir acc\u00e8s \u00e0 un large panel de prestations sociales, mais encore faut-il y \u00eatre \u00e9ligible. Alors, quelles sont les aides sociales accessibles en 2026 et comment en b\u00e9n\u00e9ficier ? Mes Allocs fait le point.<\/p>\n<div class='cta-block'><div class='text'>Simulez toutes vos aides en 2 min.<\/div><a href='https:\/\/www.mes-allocs.fr\/ab-app?origin=guides\/wp-json\/wp\/v2\/pages\/5151' class='app-button fit'>Simulation gratuite<\/a><\/div>\n<h1>Qu&rsquo;est-ce qu&rsquo;une aide sociale ?<\/h1>\n<p>Une <strong>aide sociale<\/strong> est une prestation destin\u00e9e aux personnes dans le besoin financi\u00e8rement. Elle ne n\u00e9cessite donc pas cotisations pr\u00e9alables de la part du b\u00e9n\u00e9ficiaire. Elle est g\u00e9n\u00e9ralement vers\u00e9e par l&rsquo;Etat, le d\u00e9partement ou encore la commune, sous r\u00e9serve que le demandeur remplisse les conditions d&rsquo;\u00e9ligibilit\u00e9. Le champ d&rsquo;action d&rsquo;une aide sociale varie : logement, transport, alimentation, sant\u00e9, et plus encore.<\/p>\n<p>Vous devez savoir que l&rsquo;aide sociale n&rsquo;est pas que p\u00e9cuniaire. En effet, elle peut \u00e9galement prendre la forme d&rsquo;un <strong>accompagnement<\/strong> et\/ou d&rsquo;un <strong>soutien pour faciliter votre r\u00e9insertion sociale<\/strong>.<\/p>\n<p>Les aides ou prestations sociales sont nombreuses en France, pour s&rsquo;adapter \u00e0 chaque type de public et offrir une solution durable \u00e0 chacun. C&rsquo;est pourquoi Mes Allocs met en place un <a href=\"https:\/\/www.mes-allocs.fr\/guides\/aides-sociales\/simulation-aide-sociale\/\">simulateur d&rsquo;aides sociales<\/a>. L&rsquo;objectif : vous indiquer en quelques minutes l&rsquo;ensemble des aides sociales auxquelles vous \u00eates \u00e9ligible !<\/p>\n<h1><span id=\"Les_aides_financieres_pour_les_familles\" class=\"ez-toc-section\">Les aides sociales financi\u00e8res pour les familles<\/span><\/h1>\n<h2><span id=\"Allocations_familiales_de_la_CAF_et_de_la_MSA\" class=\"ez-toc-section\">Allocations familiales (AF)<\/span><\/h2>\n<p>Les <a href=\"https:\/\/www.mes-allocs.fr\/guides\/allocations-familiales\/\"><strong>Allocations familiales<\/strong><\/a> sont vers\u00e9es par la CAF (Caisse d\u2019Allocations Familiales) et les caisses de mutualit\u00e9 sociale agricole (MSA). Elle s\u2019adressent aux familles allocataires qui ont <strong>au moins deux enfants \u00e0 charge<\/strong>.<\/p>\n<p>Si les parents sont d\u00e9j\u00e0 b\u00e9n\u00e9ficiaires des allocations de la CAF, les aides seront vers\u00e9es directement \u00e0 la naissance du second enfant. Il faut dans ce cas, informer la CAF de ce changement de situation (en ligne ou par courrier). En revanche, si vous n\u2019\u00eates pas b\u00e9n\u00e9ficiaire, vous devez remplir un dossier de demande.<\/p>\n<p>Le <strong>montant des allocations familiales<\/strong> est calcul\u00e9 en fonction de la composition et des revenus du m\u00e9nage. Il varie aussi selon la tranche de revenus \u00e0 laquelle le m\u00e9nage appartient. Les allocations sont vers\u00e9es chaque mois et leur montant varie en fonction de la <strong>tranche de revenus<\/strong> \u00e0 laquelle vous appartenez :<\/p>\n\n<div class=\"wpdt-c row wpDataTableContainerSimpleTable wpDataTables wpDataTablesWrapper\n wdtscroll\"\n    >\n    <table id=\"wpdtSimpleTable-206\"\n           class=\"wpdtSimpleTable wpDataTable\"\n           data-column=\"4\"\n           data-rows=\"5\"\n           data-wpID=\"206\"\n           data-responsive=\"0\"\n           data-has-header=\"1\">\n\n                    <thead>        <tr class=\"wpdt-cell-row \" >\n                            <th class=\"wpdt-cell wpdt-bc-F3F9FE wpdt-bold\"\n                                    data-cell-id=\"A1\"\n                data-col-index=\"0\"\n                data-row-index=\"0\"\n                style=\" width:288px;                padding:10px;\"\n                >\n                                Enfants \u00e0 charge                <\/th>\n                                            <th class=\"wpdt-cell wpdt-bc-F3F9FE wpdt-bold\"\n                                    data-cell-id=\"B1\"\n                data-col-index=\"1\"\n                data-row-index=\"0\"\n                style=\" width:151px;                padding:10px;\"\n                >\n                                Tranche 1                <\/th>\n                                            <th class=\"wpdt-cell wpdt-bc-F3F9FE wpdt-bold\"\n                                    data-cell-id=\"C1\"\n                data-col-index=\"2\"\n                data-row-index=\"0\"\n                style=\" width:156px;                padding:10px;\"\n                >\n                                Tranche 2                <\/th>\n                                            <th class=\"wpdt-cell wpdt-bc-F3F9FE wpdt-bold\"\n                                    data-cell-id=\"D1\"\n                data-col-index=\"3\"\n                data-row-index=\"0\"\n                style=\" width:164px;                padding:10px;\"\n                >\n                                Tranche 3                <\/th>\n                                        <\/tr>\n                    <tbody>        <tr class=\"wpdt-cell-row \" >\n                            <td class=\"wpdt-cell wpdt-bc-FFFFFF\"\n                                    data-cell-id=\"A2\"\n                data-col-index=\"0\"\n                data-row-index=\"1\"\n                style=\"                padding:10px;\"\n                >\n                                2                <\/td>\n                                            <td class=\"wpdt-cell wpdt-bc-FFFFFF\"\n                                    data-cell-id=\"B2\"\n                data-col-index=\"1\"\n                data-row-index=\"1\"\n                style=\"                padding:10px;\"\n                >\n                                151,05 \u20ac\u00a0                <\/td>\n                                            <td class=\"wpdt-cell wpdt-bc-FFFFFF\"\n                                    data-cell-id=\"C2\"\n                data-col-index=\"2\"\n                data-row-index=\"1\"\n                style=\"                padding:10px;\"\n                >\n                                75,53 \u20ac\u00a0                <\/td>\n                                            <td class=\"wpdt-cell wpdt-bc-FFFFFF\"\n                                    data-cell-id=\"D2\"\n                data-col-index=\"3\"\n                data-row-index=\"1\"\n                style=\"                padding:10px;\"\n                >\n                                37,77 \u20ac                <\/td>\n                                        <\/tr>\n                            <tr class=\"wpdt-cell-row \" >\n                            <td class=\"wpdt-cell wpdt-bc-FFFFFF\"\n                                    data-cell-id=\"A3\"\n                data-col-index=\"0\"\n                data-row-index=\"2\"\n                style=\"                padding:10px;\"\n                >\n                                3                <\/td>\n                                            <td class=\"wpdt-cell wpdt-bc-FFFFFF\"\n                                    data-cell-id=\"B3\"\n                data-col-index=\"1\"\n                data-row-index=\"2\"\n                style=\"                padding:10px;\"\n                >\n                                344,56 \u20ac\u00a0                <\/td>\n                                            <td class=\"wpdt-cell wpdt-bc-FFFFFF\"\n                                    data-cell-id=\"C3\"\n                data-col-index=\"2\"\n                data-row-index=\"2\"\n                style=\"                padding:10px;\"\n                >\n                                172,29 \u20ac                <\/td>\n                                            <td class=\"wpdt-cell wpdt-bc-FFFFFF\"\n                                    data-cell-id=\"D3\"\n                data-col-index=\"3\"\n                data-row-index=\"2\"\n                style=\"                padding:10px;\"\n                >\n                                86,14 \u20ac\u00a0                <\/td>\n                                        <\/tr>\n                            <tr class=\"wpdt-cell-row \" >\n                            <td class=\"wpdt-cell wpdt-bc-FFFFFF\"\n                                    data-cell-id=\"A4\"\n                data-col-index=\"0\"\n                data-row-index=\"3\"\n                style=\"                padding:10px;\"\n                >\n                                Par enfant suppl\u00e9mentaire                <\/td>\n                                            <td class=\"wpdt-cell wpdt-bc-FFFFFF\"\n                                    data-cell-id=\"B4\"\n                data-col-index=\"1\"\n                data-row-index=\"3\"\n                style=\"                padding:10px;\"\n                >\n                                193,52 \u20ac                <\/td>\n                                            <td class=\"wpdt-cell wpdt-bc-FFFFFF\"\n                                    data-cell-id=\"C4\"\n                data-col-index=\"2\"\n                data-row-index=\"3\"\n                style=\"                padding:10px;\"\n                >\n                                96,77 \u20ac                <\/td>\n                                            <td class=\"wpdt-cell wpdt-bc-FFFFFF\"\n                                    data-cell-id=\"D4\"\n                data-col-index=\"3\"\n                data-row-index=\"3\"\n                style=\"                padding:10px;\"\n                >\n                                48,38 \u20ac                <\/td>\n                                        <\/tr>\n                            <tr class=\"wpdt-cell-row \" >\n                            <td class=\"wpdt-cell \"\n                                    data-cell-id=\"A5\"\n                data-col-index=\"0\"\n                data-row-index=\"4\"\n                style=\"                padding:10px;\"\n                >\n                                Majoration pour les enfants de 14 ans et plus                <\/td>\n                                            <td class=\"wpdt-cell \"\n                                    data-cell-id=\"B5\"\n                data-col-index=\"1\"\n                data-row-index=\"4\"\n                style=\"                padding:10px;\"\n                >\n                                75,53 \u20ac                <\/td>\n                                            <td class=\"wpdt-cell \"\n                                    data-cell-id=\"C5\"\n                data-col-index=\"2\"\n                data-row-index=\"4\"\n                style=\"                padding:10px;\"\n                >\n                                37,77\u00a0\u20ac                <\/td>\n                                            <td class=\"wpdt-cell \"\n                                    data-cell-id=\"D5\"\n                data-col-index=\"3\"\n                data-row-index=\"4\"\n                style=\"                padding:10px;\"\n                >\n                                18,88\u00a0\u20ac                <\/td>\n                                        <\/tr>\n                    <\/table>\n<\/div><style id='wpdt-custom-style-206'>\n.wpdt-bc-F3F9FE { background-color: #F3F9FE !important;}\n.wpdt-bc-FFFFFF { background-color: #FFFFFF !important;}\n<\/style>\n\n<p>\u00c0 noter que le versement des allocations es interrompu au moment o\u00f9 le m\u00e9nage n\u2019a qu\u2019\u00e0 plus qu\u2019un seul enfant de moins de 20 ans \u00e0 charge. L\u2019interruption du versement est effective \u00e0 la fin du mois qui pr\u00e9c\u00e8de le changement de situation.<\/p>\n<h2>Allocation de soutien familial (ASF)<\/h2>\n<p>Destin\u00e9e au parent \u00e9levant seul un enfant (p\u00e8re ou m\u00e8re), l&rsquo;<strong>Allocation de soutien familial<\/strong> permet au parent de subvenir aux besoins de son enfant dans le cas ce dernier est priv\u00e9 de l&rsquo;aide de l&rsquo;un de ses parents.<\/p>\n<p>La demande de cette aide sociale s&rsquo;effectue aupr\u00e8s de la Caisse d\u2019allocations familiales (CAF) ou de la Mutualit\u00e9 sociale agricole (MSA). Son attribution d\u00e9pend des situations (enfant orphelin ou non reconnu, absence de pension alimentaire, paiement irr\u00e9gulier de cette aide alimentaire\u2026).<\/p>\n<p>Par ailleurs, le <strong>montant de l&rsquo;ASF<\/strong> est de <strong>199,19<span class=\"prix\">\u00a0\u20ac<\/span><\/strong> par mois et par enfant. Quant au montant de l&rsquo;<strong>ASF diff\u00e9rentielle<\/strong>, attribu\u00e9e dans le cas de la perception d&rsquo;une pension alimentaire, il correspond \u00e0 la diff\u00e9rence entre le montant de la pension re\u00e7ue et <strong>199,19<\/strong> \u20ac. L&rsquo;allocation est due \u00e0 compter du mois suivant la s\u00e9paration des parents.<\/p>\n<h2><span id=\"Prestation_daccueil_du_jeune_enfant_Paje\" class=\"ez-toc-section\">Prestation d\u2019accueil du jeune enfant (Paje)<\/span><\/h2>\n<p>La <strong>Paje<\/strong> (Prestation d\u2019accueil du jeune enfant) fait partie des allocations de la CAF. Elle sert \u00e0 financer les <strong>d\u00e9penses des parents li\u00e9es \u00e0 l\u2019\u00e9ducation d\u2019un jeune enfant<\/strong>, dans ses premi\u00e8res ann\u00e9es.<\/p>\n<p>La Paje recouvre en r\u00e9alit\u00e9 de multiples financements (dont certains sont octroy\u00e9s sous conditions de ressources ou d\u2019autres, modul\u00e9s en fonction du m\u00e9nage b\u00e9n\u00e9ficiaire), comme :<\/p>\n<ul>\n<li>La <strong>prime de naissance<\/strong> : pour faire face aux d\u00e9penses li\u00e9es \u00e0 l&rsquo;arriv\u00e9e d&rsquo;un b\u00e9b\u00e9 ;<\/li>\n<li>La <strong>prime d&rsquo;adoption <\/strong>: pour faire face aux d\u00e9penses li\u00e9es \u00e0 l&rsquo;arriv\u00e9e d&rsquo;un enfant adopt\u00e9 ;<\/li>\n<li>L&rsquo;<strong>allocation de base<\/strong> : pour soutenir financi\u00e8rement les parents dans les d\u00e9penses en lien avec l\u2019entretien et l\u2019\u00e9ducation d&rsquo;un enfant ;<\/li>\n<li>Le <strong>compl\u00e9ment de libre de choix du mode de garde<\/strong> (CMG) : pour \u00e9pauler financi\u00e8rement les parents ayant recours \u00e0 un mode de garde pour leur enfant de moins de 6 ans.<\/li>\n<li>La <strong>prestation partag\u00e9e d\u2019\u00e9ducation de l\u2019enfant<\/strong> (PreParE) : dans le cas d&rsquo;un parent cessant ou r\u00e9duisant partiellement son activit\u00e9 professionnelle dans le but d&rsquo;\u00e9lever son enfant.<\/li>\n<\/ul>\n<p>Il est tout \u00e0 fait possible de cumuler la Paje avec des allocations familiales. Cette aide sociale est vers\u00e9e chaque mois, \u00e0 partir du mois suivant la naissance du b\u00e9b\u00e9, jusqu\u2019au mois pr\u00e9c\u00e9dant ses 3 ans. Cette aide peut \u00e9galement \u00eatre sollicit\u00e9e par les couples d\u2019adoptants, peu importe l\u2019\u00e2ge de l\u2019enfant (la limite est tout de m\u00eame fix\u00e9e \u00e0 20 ans).<\/p>\n<h2><span id=\"Allocation_de_rentree_scolaire_ARS\" class=\"ez-toc-section\">Allocation de rentr\u00e9e scolaire (ARS)<\/span><\/h2>\n<p>Pour <strong>les<\/strong> <strong>familles disposant de faibles revenus<\/strong>, l\u2019<strong>Allocation de rentr\u00e9e scolaire<\/strong> est une aide financi\u00e8re possible. Elle vise particuli\u00e8rement les familles qui ont des enfants scolaris\u00e9s, \u00e2g\u00e9s entre 6 et 18 ans. Elle prend en charge une partie du co\u00fbt des d\u00e9penses li\u00e9es \u00e0 la rentr\u00e9e scolaire.<\/p>\n<p>Elle a \u00e9t\u00e9 vers\u00e9e le mardi 19 ao\u00fbt 2025 aux familles qui respectent les conditions (ressources et nombre d\u2019enfants) fix\u00e9es par la CAF et la MSA.<\/p>\n<p>Le <strong>montant de l&rsquo;ARS pour la rentr\u00e9e scolaire 2025-2026<\/strong>\u00a0est d\u00e9termin\u00e9 selon l&rsquo;\u00e2ge de l&rsquo;enfant au 31 d\u00e9cembre 2025 :<\/p>\n\n<div class=\"wpdt-c row wpDataTableContainerSimpleTable wpDataTables wpDataTablesWrapper\n\"\n    >\n    <table id=\"wpdtSimpleTable-16\"\n           class=\"wpdtSimpleTable wpDataTable\"\n           data-column=\"2\"\n           data-rows=\"4\"\n           data-wpID=\"16\"\n           data-responsive=\"0\"\n           data-has-header=\"1\">\n\n                    <thead>        <tr class=\"wpdt-cell-row \" >\n                            <th class=\"wpdt-cell wpdt-bc-F3F9FE wpdt-bold\"\n                                    data-cell-id=\"A1\"\n                data-col-index=\"0\"\n                data-row-index=\"0\"\n                style=\" width:48.571428571429%;                padding:10px;\"\n                >\n                                \u00c2ge de l'enfant                <\/th>\n                                            <th class=\"wpdt-cell wpdt-bc-F3F9FE wpdt-bold\"\n                                    data-cell-id=\"B1\"\n                data-col-index=\"1\"\n                data-row-index=\"0\"\n                style=\" width:51.428571428571%;                padding:10px;\"\n                >\n                                Montant de l'ARS                <\/th>\n                                        <\/tr>\n                    <tbody>        <tr class=\"wpdt-cell-row \" >\n                            <td class=\"wpdt-cell \"\n                                    data-cell-id=\"A2\"\n                data-col-index=\"0\"\n                data-row-index=\"1\"\n                style=\"                padding:10px;\"\n                >\n                                6 \u00e0 10 ans                <\/td>\n                                            <td class=\"wpdt-cell \"\n                                    data-cell-id=\"B2\"\n                data-col-index=\"1\"\n                data-row-index=\"1\"\n                style=\"                padding:10px;\"\n                >\n                                423,05 \u20ac                <\/td>\n                                        <\/tr>\n                            <tr class=\"wpdt-cell-row \" >\n                            <td class=\"wpdt-cell \"\n                                    data-cell-id=\"A3\"\n                data-col-index=\"0\"\n                data-row-index=\"2\"\n                style=\"                padding:10px;\"\n                >\n                                11 \u00e0 14 ans                <\/td>\n                                            <td class=\"wpdt-cell \"\n                                    data-cell-id=\"B3\"\n                data-col-index=\"1\"\n                data-row-index=\"2\"\n                style=\"                padding:10px;\"\n                >\n                                446,15 \u20ac                <\/td>\n                                        <\/tr>\n                            <tr class=\"wpdt-cell-row \" >\n                            <td class=\"wpdt-cell \"\n                                    data-cell-id=\"A4\"\n                data-col-index=\"0\"\n                data-row-index=\"3\"\n                style=\"                padding:10px;\"\n                >\n                                15 \u00e0 18 ans                <\/td>\n                                            <td class=\"wpdt-cell \"\n                                    data-cell-id=\"B4\"\n                data-col-index=\"1\"\n                data-row-index=\"3\"\n                style=\"                padding:10px;\"\n                >\n                                462,03 \u20ac                <\/td>\n                                        <\/tr>\n                    <\/table>\n<\/div><style id='wpdt-custom-style-16'>\ntable#wpdtSimpleTable-16{ table-layout: fixed !important; }\n.wpdt-bc-F3F9FE { background-color: #F3F9FE !important;}\n<\/style>\n\n<p>Pour la rentr\u00e9e de l&rsquo;ann\u00e9e scolaire 2025-2026, les <strong>plafonds de ressources<\/strong>\u00a0s&rsquo;\u00e9levaient \u00e0 :<\/p>\n\n<div class=\"wpdt-c row wpDataTableContainerSimpleTable wpDataTables wpDataTablesWrapper\n\"\n    >\n    <table id=\"wpdtSimpleTable-71\"\n           class=\"wpdtSimpleTable wpDataTable\"\n           data-column=\"2\"\n           data-rows=\"6\"\n           data-wpID=\"71\"\n           data-responsive=\"0\"\n           data-has-header=\"1\">\n\n                    <thead>        <tr class=\"wpdt-cell-row \" >\n                            <th class=\"wpdt-cell wpdt-bc-F3F9FE wpdt-bold\"\n                                    data-cell-id=\"A1\"\n                data-col-index=\"0\"\n                data-row-index=\"0\"\n                style=\" width:49.100257069409%;                padding:10px;\"\n                >\n                                Nombre d'enfants \u00e0 charge\n                <\/th>\n                                            <th class=\"wpdt-cell wpdt-bc-F3F9FE wpdt-bold\"\n                                    data-cell-id=\"B1\"\n                data-col-index=\"1\"\n                data-row-index=\"0\"\n                style=\" width:50.899742930591%;                padding:10px;\"\n                >\n                                Salaire d'activit\u00e9                <\/th>\n                                        <\/tr>\n                    <tbody>        <tr class=\"wpdt-cell-row \" >\n                            <td class=\"wpdt-cell \"\n                                    data-cell-id=\"A2\"\n                data-col-index=\"0\"\n                data-row-index=\"1\"\n                style=\"                padding:10px;\"\n                >\n                                1\n                <\/td>\n                                            <td class=\"wpdt-cell \"\n                                    data-cell-id=\"B2\"\n                data-col-index=\"1\"\n                data-row-index=\"1\"\n                style=\"                padding:10px;\"\n                >\n                                28 956 \u20ac                <\/td>\n                                        <\/tr>\n                            <tr class=\"wpdt-cell-row \" >\n                            <td class=\"wpdt-cell \"\n                                    data-cell-id=\"A3\"\n                data-col-index=\"0\"\n                data-row-index=\"2\"\n                style=\"                padding:10px;\"\n                >\n                                2                <\/td>\n                                            <td class=\"wpdt-cell \"\n                                    data-cell-id=\"B3\"\n                data-col-index=\"1\"\n                data-row-index=\"2\"\n                style=\"                padding:10px;\"\n                >\n                                35 638 \u20ac                <\/td>\n                                        <\/tr>\n                            <tr class=\"wpdt-cell-row \" >\n                            <td class=\"wpdt-cell \"\n                                    data-cell-id=\"A4\"\n                data-col-index=\"0\"\n                data-row-index=\"3\"\n                style=\"                padding:10px;\"\n                >\n                                3                <\/td>\n                                            <td class=\"wpdt-cell \"\n                                    data-cell-id=\"B4\"\n                data-col-index=\"1\"\n                data-row-index=\"3\"\n                style=\"                padding:10px;\"\n                >\n                                42 320 \u20ac                <\/td>\n                                        <\/tr>\n                            <tr class=\"wpdt-cell-row \" >\n                            <td class=\"wpdt-cell \"\n                                    data-cell-id=\"A5\"\n                data-col-index=\"0\"\n                data-row-index=\"4\"\n                style=\"                padding:10px;\"\n                >\n                                4                <\/td>\n                                            <td class=\"wpdt-cell \"\n                                    data-cell-id=\"B5\"\n                data-col-index=\"1\"\n                data-row-index=\"4\"\n                style=\"                padding:10px;\"\n                >\n                                49 002 \u20ac                <\/td>\n                                        <\/tr>\n                            <tr class=\"wpdt-cell-row \" >\n                            <td class=\"wpdt-cell \"\n                                    data-cell-id=\"A6\"\n                data-col-index=\"0\"\n                data-row-index=\"5\"\n                style=\"                padding:10px;\"\n                >\n                                Par enfant suppl\u00e9mentaire                <\/td>\n                                            <td class=\"wpdt-cell \"\n                                    data-cell-id=\"B6\"\n                data-col-index=\"1\"\n                data-row-index=\"5\"\n                style=\"                padding:10px;\"\n                >\n                                + 6 682 \u20ac                <\/td>\n                                        <\/tr>\n                    <\/table>\n<\/div><style id='wpdt-custom-style-71'>\ntable#wpdtSimpleTable-71{ table-layout: fixed !important; }\n.wpdt-bc-F3F9FE { background-color: #F3F9FE !important;}\n<\/style>\n\n<div class='cta-block'><div class='text'>Simulez toutes vos aides en 2 min.<\/div><a href='https:\/\/www.mes-allocs.fr\/ab-app?origin=guides\/wp-json\/wp\/v2\/pages\/5151' class='app-button fit'>Simulation gratuite<\/a><\/div>\n<p><iframe loading=\"lazy\" src=\"\/\/www.youtube.com\/embed\/MfDoGweq-e0\" width=\"560\" height=\"314\" allowfullscreen=\"allowfullscreen\"><\/iframe><\/p>\n<h1><span id=\"Les_aides_pour_le_logement_etudiant\" class=\"ez-toc-section\">Les aides sociales pour le logement<\/span><\/h1>\n<p>En France, il existe plusieurs <a href=\"https:\/\/www.mes-allocs.fr\/guides\/aide-logement\/\">aides au logement<\/a>, chacune vers\u00e9e par des organismes diff\u00e9rents. Que vous soyez \u00e9tudiant ou adulte, les conditions d&rsquo;acc\u00e8s sont g\u00e9n\u00e9ralement les m\u00eames. On vous explique.<\/p>\n<h2>L\u2019aide personnalis\u00e9e au logement (APL)<\/h2>\n<p>Cette aide sociale est r\u00e9serv\u00e9e aux logements faisant l\u2019objet d\u2019une convention avec l\u2019\u00c9tat. Le <strong>montant de l&rsquo;APL en 2026<\/strong> d\u00e9pend du montant du loyer, des revenus dont vous disposez (pas ceux de vos parents), du type de logement et de sa localisation. Les conditions varient \u00e9galement en fonction de la r\u00e9gion o\u00f9 vous faites la demande.<\/p>\n<p>D&rsquo;ailleurs, vous devez la faire au moment o\u00f9 vous emm\u00e9nagez, sur le site de la CAF (Caisse d&rsquo;allocations familiales). Veuillez \u00e0 vous munir du bail de location afin de bien remplir le dossier. Le d\u00e9lai d&rsquo;attente avant le premier versement est d&rsquo;environ deux mois.<\/p>\n<p>\u00c0 noter qu&rsquo;une nouvelle r\u00e9forme du mode calcul des allocations est en vigueur depuis le 1er avril 2020 : d\u00e9sormais, ce sont les <strong>revenus des<\/strong> <strong>12 derniers mois<\/strong> qui sont pris en compte pour d\u00e9terminer votre \u00e9ligibilit\u00e9 et le montant vers\u00e9.<\/p>\n<h2>L&rsquo;avance LocaPass<\/h2>\n<p>L\u2019<strong>avance LocaPass<\/strong> est une aide qui vous permet de financer le d\u00e9p\u00f4t de garantie \u00e0 moindre co\u00fbt. Elle prend la forme d&rsquo;un pr\u00eat \u00e0 taux z\u00e9ro propos\u00e9 par <strong>Action Logement<\/strong>. Le montant de l&rsquo;aide varie selon plusieurs crit\u00e8res, et ne peut exc\u00e9der <strong>1 200\u20ac<\/strong>.<\/p>\n<h2>Garantie Visale<\/h2>\n<p>La <strong>garantie Vitale<\/strong> est une caution locative pour jeunes locataires voulant couvrir leurs impay\u00e9s de loyers. Ainsi, Action Logement verse les sommes dues directement au bailleur. C&rsquo;est ensuite le locataire qui doit remboursement les sommes avanc\u00e9es, directement \u00e0 Action Logement.<\/p>\n<h1>La prime d\u2019activit\u00e9 : une aide sociale pour soutenir les travailleurs<\/h1>\n<p>En vigueur depuis le 1er janvier 2016, la <a href=\"https:\/\/www.mes-allocs.fr\/guides\/prime-d-activite\/\"><strong>prime d&rsquo;activit\u00e9<\/strong><\/a> est un <strong>compl\u00e9ment de revenus<\/strong>. Elle est accord\u00e9e, sous conditions de ressources, aux personnes majeures salari\u00e9es et ind\u00e9pendantes. Mais aussi aux \u00e9tudiants salari\u00e9s et apprentis. Environ 5 millions de Fran\u00e7ais b\u00e9n\u00e9ficient de cette aide aujourd&rsquo;hui, vers\u00e9e par la Caisse d&rsquo;allocations familiales (CAF) ou la Mutualit\u00e9 sociale agricole (MSA), sur demande.<\/p>\n<p>Le <strong>montant forfaitaire de la prime d&rsquo;activit\u00e9 en 2026<\/strong>\u00a0est \u00e9gal \u00e0 <strong>633,21 \u20ac<\/strong>, mais ce montant peut \u00eatre diff\u00e9rent selon la composition de votre foyer et votre situation maritale :<\/p>\n\n<div class=\"wpdt-c row wpDataTableContainerSimpleTable wpDataTables wpDataTablesWrapper\n\"\n    >\n    <table id=\"wpdtSimpleTable-272\"\n           class=\"wpdtSimpleTable wpDataTable\"\n           data-column=\"2\"\n           data-rows=\"8\"\n           data-wpID=\"272\"\n           data-responsive=\"0\"\n           data-has-header=\"0\">\n\n                    <tbody>        <tr class=\"wpdt-cell-row \" style=\"height:73px;\">\n                            <td class=\"wpdt-cell wpdt-fs-000016 wpdt-bc-F3F9FE wpdt-tc-000000\"\n                                    data-cell-id=\"A1\"\n                data-col-index=\"0\"\n                data-row-index=\"0\"\n                style=\" width:46.644295302013%;                padding:10px;\"\n                >\n                                Composition du foyer                <\/td>\n                                            <td class=\"wpdt-cell wpdt-fs-000016 wpdt-bc-F3F9FE wpdt-tc-000000\"\n                                    data-cell-id=\"B1\"\n                data-col-index=\"1\"\n                data-row-index=\"0\"\n                style=\" width:53.355704697987%;                padding:10px;\"\n                >\n                                Montant mensuel forfaitaire de la prime d'activit\u00e9                <\/td>\n                                        <\/tr>\n                            <tr class=\"wpdt-cell-row \" >\n                            <td class=\"wpdt-cell \"\n                                    data-cell-id=\"A2\"\n                data-col-index=\"0\"\n                data-row-index=\"1\"\n                style=\"                padding:10px;\"\n                >\n                                Personne seule                <\/td>\n                                            <td class=\"wpdt-cell \"\n                                    data-cell-id=\"B2\"\n                data-col-index=\"1\"\n                data-row-index=\"1\"\n                style=\"                padding:10px;\"\n                >\n                                633,21 \u20ac                <\/td>\n                                        <\/tr>\n                            <tr class=\"wpdt-cell-row \" >\n                            <td class=\"wpdt-cell \"\n                                    data-cell-id=\"A3\"\n                data-col-index=\"0\"\n                data-row-index=\"2\"\n                style=\"                padding:10px;\"\n                >\n                                Personne seule avec 1 enfant                <\/td>\n                                            <td class=\"wpdt-cell \"\n                                    data-cell-id=\"B3\"\n                data-col-index=\"1\"\n                data-row-index=\"2\"\n                style=\"                padding:10px;\"\n                >\n                                949,82 \u20ac                <\/td>\n                                        <\/tr>\n                            <tr class=\"wpdt-cell-row \" >\n                            <td class=\"wpdt-cell \"\n                                    data-cell-id=\"A4\"\n                data-col-index=\"0\"\n                data-row-index=\"3\"\n                style=\"                padding:10px;\"\n                >\n                                Personne seule avec 2 enfants                <\/td>\n                                            <td class=\"wpdt-cell \"\n                                    data-cell-id=\"B4\"\n                data-col-index=\"1\"\n                data-row-index=\"3\"\n                style=\"                padding:10px;\"\n                >\n                                1 139,78 \u20ac                <\/td>\n                                        <\/tr>\n                            <tr class=\"wpdt-cell-row \" >\n                            <td class=\"wpdt-cell \"\n                                    data-cell-id=\"A5\"\n                data-col-index=\"0\"\n                data-row-index=\"4\"\n                style=\"                padding:10px;\"\n                >\n                                Couple sans enfant                <\/td>\n                                            <td class=\"wpdt-cell \"\n                                    data-cell-id=\"B5\"\n                data-col-index=\"1\"\n                data-row-index=\"4\"\n                style=\"                padding:10px;\"\n                >\n                                949,82 \u20ac                <\/td>\n                                        <\/tr>\n                            <tr class=\"wpdt-cell-row \" >\n                            <td class=\"wpdt-cell \"\n                                    data-cell-id=\"A6\"\n                data-col-index=\"0\"\n                data-row-index=\"5\"\n                style=\"                padding:10px;\"\n                >\n                                Couple avec 1 enfant                <\/td>\n                                            <td class=\"wpdt-cell \"\n                                    data-cell-id=\"B6\"\n                data-col-index=\"1\"\n                data-row-index=\"5\"\n                style=\"                padding:10px;\"\n                >\n                                1 139,78 \u20ac                <\/td>\n                                        <\/tr>\n                            <tr class=\"wpdt-cell-row \" >\n                            <td class=\"wpdt-cell \"\n                                    data-cell-id=\"A7\"\n                data-col-index=\"0\"\n                data-row-index=\"6\"\n                style=\"                padding:10px;\"\n                >\n                                Couple avec 2 enfant                <\/td>\n                                            <td class=\"wpdt-cell \"\n                                    data-cell-id=\"B7\"\n                data-col-index=\"1\"\n                data-row-index=\"6\"\n                style=\"                padding:10px;\"\n                >\n                                1 329,74 \u20ac                <\/td>\n                                        <\/tr>\n                            <tr class=\"wpdt-cell-row \" >\n                            <td class=\"wpdt-cell \"\n                                    data-cell-id=\"A8\"\n                data-col-index=\"0\"\n                data-row-index=\"7\"\n                style=\"                padding:10px;\"\n                >\n                                Par enfant ou personne \u00e0 charge suppl\u00e9mentaire                <\/td>\n                                            <td class=\"wpdt-cell \"\n                                    data-cell-id=\"B8\"\n                data-col-index=\"1\"\n                data-row-index=\"7\"\n                style=\"                padding:10px;\"\n                >\n                                253,28 \u20ac                <\/td>\n                                        <\/tr>\n                    <\/table>\n<\/div><style id='wpdt-custom-style-272'>\n.wpdt-fs-000016 { font-size: 16px !important;}\n.wpdt-bc-F3F9FE { background-color: #F3F9FE !important;}\n.wpdt-tc-000000 { color: #000000 !important;}\n<\/style>\n\n<h1><span id=\"Les_aides_pour_les_jeunes_en_alternance_ou_apprentis\" class=\"ez-toc-section\">Les aides sociales pour les jeunes en alternance ou apprentis<\/span><\/h1>\n<h2>L\u2019aide Mobili-jeune<\/h2>\n<p>L&rsquo;<strong>aide Mobili-jeune<\/strong> est adress\u00e9e aux alternants de moins de 30 ans en contrat d\u2019apprentissage (ou de professionnalisation) qui travaillent dans une entreprise du secteur priv\u00e9. Elle est octroy\u00e9e par Action Logement et a pour but de prendre en charge une partie du loyer acquitt\u00e9 par le jeune.<\/p>\n<p>Elle est vers\u00e9e pendant toute la formation en alternance et pour une dur\u00e9e maximale de 2 ans. Son montant fluctue <strong>entre 10 et 100\u20ac par mois<\/strong>. Il est estim\u00e9 en fonction du salaire touch\u00e9 par l&rsquo;alternant.<\/p>\n<h2>Les aides r\u00e9gionales pour les jeunes<\/h2>\n<p>Les r\u00e9gions offrent \u00e9galement des aides sociales aux apprentis. Parmi elles, l&rsquo;aide au transport, \u00e0 l\u2019h\u00e9bergement, \u00e0 la restauration et aussi l&rsquo;aide au premier \u00e9quipement.<\/p>\n<p>\u00c0 cela s&rsquo;ajoute un fond social d\u2019aide aux apprentis, mis en place par les r\u00e9gions, \u00e0 travers le CFA. Il sert \u00e0 soutenir ponctuellement l&rsquo;apprenti en situation de difficult\u00e9s financi\u00e8res.<\/p>\n<div class='cta-block'><div class='text'>Simulez toutes vos aides en 2 min.<\/div><a href='https:\/\/www.mes-allocs.fr\/ab-app?origin=guides\/wp-json\/wp\/v2\/pages\/5151' class='app-button fit'>Simulation gratuite<\/a><\/div>\n<h1><span id=\"Les_aides_pour_les_jeunes_demandeurs_demploi_et_leur_insertion\" class=\"ez-toc-section\">Les aides sociales pour les demandeurs d\u2019emploi<\/span><\/h1>\n<h2>L&rsquo;aide \u00e0 la mobilit\u00e9<\/h2>\n<p>L\u2019<strong>aide \u00e0 la mobilit\u00e9 de France Travail<\/strong> permet aux demandeurs d&#8217;emploi souhaitant retrouver une activit\u00e9 professionnelle d&rsquo;\u00eatre soutenus financi\u00e8rement pour les d\u00e9penses li\u00e9es \u00e0 leur reprise d&rsquo;activit\u00e9. Cette aide sociale prend en charge :<\/p>\n<ul>\n<li>Les <strong>frais de d\u00e9placements<\/strong> : 0,23 \u20ac par kilom\u00e8tre parcouru.<\/li>\n<li>Les <strong>frais de restauration <\/strong>: 6,25 \u20ac par jour.<\/li>\n<li>Les<strong> frais d\u2019h\u00e9bergement<\/strong> : 31,20 \u20ac la nuit\u00e9e.<\/li>\n<\/ul>\n<p>Ces aides peuvent \u00eatre cumul\u00e9es, dans la limite de <strong>5 200 euros par an au total<\/strong>.<\/p>\n<h2>L\u2019aide individuelle \u00e0 la formation (AIF)<\/h2>\n<p>Dans le cas o\u00f9 vous d\u00e9butez une formation et qu&rsquo;aucune solution de financement ne vous est accord\u00e9e, l&rsquo;AIF peut vous aider. L&rsquo;aide consiste en la <strong>prise en charge de la formation par France Travail<\/strong> (anciennement P\u00f4le Emploi). Elle est accord\u00e9e apr\u00e8s \u00e9tude de votre dossier, que vous soyez un demandeur d&#8217;emploi indemnis\u00e9 ou non.<\/p>\n<h2>L&rsquo;Allocation de Retour \u00e0 l\u2019Emploi Formation (AREF) ou la R\u00e9mun\u00e9ration de Formation de France Travail (RFFT)<\/h2>\n<p>Si vous suivez une formation professionnelle, vous pouvez b\u00e9n\u00e9ficier de l&rsquo;<strong>AREF<\/strong>. Cette aide vous permet de conserver votre allocation ch\u00f4mage, m\u00eame pendant la dur\u00e9e de votre formation. Vous n&rsquo;avez donc pas \u00e0 vous soucier de l&rsquo;impact de votre entr\u00e9e en formation sur les revenus que vous percevez.<\/p>\n<p>Pour celles et ceux qui ne per\u00e7oivent pas indemnit\u00e9s ch\u00f4mage, la <strong>RFFT<\/strong> peut vous venir en aide. Elle permet d&rsquo;obtenir une r\u00e9mun\u00e9ration mensuelle pendant la dur\u00e9e de votre formation. Le montant de cette aide sociale varie entre <strong>220,92 \u20ac et 756,63 \u20ac<\/strong>.<\/p>\n<h2>Aide \u00e0 la Reprise ou \u00e0 la Cr\u00e9ation d\u2019Entreprise (ARCE)<\/h2>\n<p>Si vous \u00eates indemnis\u00e9 par France Travail et que vous envisagez la reprise ou la cr\u00e9ation d&rsquo;une entreprise, vous pouvez demander \u00e0 percevoir une partie de vos droits au ch\u00f4mage sous forme de capital : c&rsquo;est ce qu&rsquo;on appelle l&rsquo;<strong>ARCE<\/strong>. Le montant de l&rsquo;aide correspond \u00e0 60 % du capital restant des droits \u00e0 l\u2019ARE. Le versement est effectu\u00e9 en deux fois : au moment du lancement de l&rsquo;activit\u00e9, puis 6 mois apr\u00e8s le premier paiement.<\/p>\n<h2>Le Contrat d&rsquo;engagement jeunes<\/h2>\n<p>Le <a href=\"https:\/\/www.mes-allocs.fr\/guides\/contrat-engagement-jeune\/\"><strong>Contrat d&rsquo;engagement jeune<\/strong><\/a> remplace la Garantie Jeune. Il constitue un accompagnement aupr\u00e8s du jeune qui ne parvient pas \u00e0 s&rsquo;ins\u00e9rer ou se r\u00e9ins\u00e9rer professionnellement. Cet accompagnement personnalis\u00e9 comprend aussi le versement d&rsquo;une allocation, mensuelle, qui peut atteindre <strong>561,68\u00a0\u20ac<\/strong> selon la situation du jeune.<\/p>\n<h1>Les aides sociales pour les personnes \u00e2g\u00e9es<\/h1>\n<header id=\"headerPage\">\n<h2 data-test=\"titre-page\">L&rsquo;aide sociale \u00e0 l&rsquo;h\u00e9bergement (ASH)<\/h2>\n<p class=\"date\" data-test=\"date-maj\">L&rsquo;<strong>aide sociale \u00e0 l&rsquo;h\u00e9bergement<\/strong> (ASH) correspond \u00e0 la prise en charge d&rsquo;une partie des frais (ou de leur totalit\u00e9) d&rsquo;h\u00e9bergement d&rsquo;une personne \u00e2g\u00e9e. Elle peut \u00eatre plac\u00e9e en \u00e9tablissement ou chez un accueillant familial. Elle est vers\u00e9e par le d\u00e9partement. L&rsquo;ASH est octroy\u00e9e si l&rsquo;Ehpad destin\u00e9 \u00e0 h\u00e9berger la personne \u00e2g\u00e9e dispose de places pour b\u00e9n\u00e9ficiaires d&rsquo;aides sociales.<\/p>\n<\/header>\n<div class=\"content-fiche\">\n<div class=\"tab-content\">\n<div id=\"situation1\" class=\"tab-pane active\">\n<div class=\"fiche-bloc bloc-principal\" data-toggle-scope=\"\">\n<div class=\"fiche-item\">\n<div id=\"fiche-item-2situation1\" class=\"fiche-item-content collapse in\" aria-hidden=\"false\">\n<p>Les conditions d&rsquo;attribution de l&rsquo;ASH sont les suivantes :<\/p>\n<div class=\"fiche-bloc bloc-principal\" data-toggle-scope=\"\">\n<div class=\"fiche-item\">\n<div id=\"fiche-item-1situation1\" class=\"fiche-item-content collapse in\" aria-hidden=\"false\">\n<ul>\n<li>\u00catre \u00e2g\u00e9 de plus de 65 ans (ou plus de 60 ans, si vous \u00eates reconnu inapte au travail)<\/li>\n<li>R\u00e9sider en France de fa\u00e7on stable et r\u00e9guli\u00e8re : de mani\u00e8re ininterrompue depuis plus de 3 mois (si la personne \u00e2g\u00e9e est \u00e9trang\u00e8re, elle doit avoir un titre de s\u00e9jour en cours de validit\u00e9),<\/li>\n<li>Avoir des ressources inf\u00e9rieures au montant des frais d&rsquo;h\u00e9bergement.<\/li>\n<\/ul>\n<\/div>\n<\/div>\n<\/div>\n<\/div>\n<\/div>\n<div class=\"fiche-item\">\n<div class=\"fiche-item\">\n<div class=\"fiche-item\">\n<div id=\"fiche-item-5situation1\" class=\"fiche-item-content collapse in\" aria-hidden=\"false\">\n<div id=\"ou-s-adresser-bloc-776644290669270370\" class=\"perso-geo\" data-ou-s-adresser=\"\">\n<p>En outre, l&rsquo;ASH fonctionne comme un versement compl\u00e9mentaire \u00e0 la partie des revenus du b\u00e9n\u00e9ficiaire qui servent \u00e0 payer l&rsquo;\u00e9tablissement (90% de ces revenus). Ce sont ces deux \u00e9l\u00e9ments qui forment le prix total de l&rsquo;h\u00e9bergement.<\/p>\n<p><strong>90% des revenus du b\u00e9n\u00e9ficiaire + 10% d&rsquo;aide sociale \u00e0 l&rsquo;h\u00e9bergement = prix total de l&rsquo;h\u00e9bergement<br \/>\n<\/strong><\/p>\n<\/div>\n<\/div>\n<div class=\"fiche-item\">\n<div id=\"fiche-item-6situation1\" class=\"fiche-item-content collapse in\" aria-hidden=\"false\">\n<div class=\"fiche-item\">\n<h2>L&rsquo;Allocation Personnalis\u00e9e d&rsquo;Autonomie (APA)<\/h2>\n<p>L&rsquo;<strong>allocation personnalis\u00e9e d&rsquo;autonomie<\/strong> (APA) est d\u00e9livr\u00e9e par le d\u00e9partement. Elle sert \u00e0 payer (en totalit\u00e9 ou en partie) les frais vous permettant de rester \u00e0 domicile ou bien \u00e0 \u00eatre h\u00e9berg\u00e9 en \u00e9tablissement m\u00e9dico-social (Ehpad, par exemple). L\u2019APA est vers\u00e9e par le Conseil d\u00e9partemental. Si vous \u00eates en situation de handicap, vous pouvez toucher l&rsquo;Allocation Adultes Handicap\u00e9s (AAH).<\/p>\n<p>L\u2019APA est une allocation d&rsquo;<strong>aide aux personnes \u00e2g\u00e9es de 60 ans et plus<\/strong> :<\/p>\n<ul>\n<li>qui ont besoin d&rsquo;une tierce personne au quotidien: se lever, se laver, s\u2019habiller\u2026 ;<\/li>\n<li>ou\u00a0dont l\u2019\u00e9tat n\u00e9cessite une surveillance r\u00e9guli\u00e8re.<\/li>\n<\/ul>\n<p>Cette <strong>perte d&rsquo;autonomie<\/strong> est \u00e9valu\u00e9e \u00e0 travers la grille Aggir. Elle fixe plusieurs degr\u00e9s d&rsquo;autonomie, compris entre le Gir 1 et le Gir 6 (perte d&rsquo;autonomie allant de la plus forte \u00e0 la plus faible). Les b\u00e9n\u00e9ficiaires de l&rsquo;APA sont ceux dont l&rsquo;\u00e9tat se situe au Gir 1, Gir 2, Gir 3 ou Gir 4.<\/p>\n<\/div>\n<p>Par ailleurs, vous devez aussi r\u00e9sider en France de mani\u00e8re stable et r\u00e9guli\u00e8re :<\/p>\n<ul>\n<li>\u00e0 votre domicile<\/li>\n<li>au domicile d&rsquo;un proche qui vous h\u00e9berge<\/li>\n<li>chez un accueillant familial<\/li>\n<li>dans une r\u00e9sidence autonomie (auparavant appel\u00e9e <span class=\"expression\">foyer-logement<\/span>)<\/li>\n<\/ul>\n<div class=\"fiche-item\">\n<p>Il y existe deux APA diff\u00e9rentes :<\/p>\n<ul>\n<li>L\u2019<strong>APA \u00e0 domicile<\/strong>\u00a0aide \u00e0 payer les d\u00e9penses n\u00e9cessaires pour rester vivre \u00e0 domicile malgr\u00e9 la perte d\u2019autonomie\u00a0;<\/li>\n<li>L\u2019<strong>APA en \u00e9tablissement<\/strong> aide \u00e0 payer une partie du tarif d\u00e9pendance en EHPAD. Elle consiste alors en une aide sociale \u00e0 l&rsquo;h\u00e9bergement.<\/li>\n<\/ul>\n<p>Le <strong>montant de l&rsquo;APA en 2026<\/strong> est d\u00e9termin\u00e9 selon la grille Aggir :<\/p>\n\n<div class=\"wpdt-c row wpDataTableContainerSimpleTable wpDataTables wpDataTablesWrapper\n\"\n    >\n    <table id=\"wpdtSimpleTable-281\"\n           class=\"wpdtSimpleTable wpDataTable\"\n           data-column=\"2\"\n           data-rows=\"5\"\n           data-wpID=\"281\"\n           data-responsive=\"0\"\n           data-has-header=\"0\">\n\n                    <tbody>        <tr class=\"wpdt-cell-row \" style=\"height:72px;\">\n                            <td class=\"wpdt-cell wpdt-bold wpdt-bc-F3F9FE\"\n                                    data-cell-id=\"A1\"\n                data-col-index=\"0\"\n                data-row-index=\"0\"\n                style=\" width:50%;                padding:10px;\"\n                >\n                                Gir                <\/td>\n                                            <td class=\"wpdt-cell wpdt-bold wpdt-bc-F3F9FE\"\n                                    data-cell-id=\"B1\"\n                data-col-index=\"1\"\n                data-row-index=\"0\"\n                style=\" width:50%;                padding:10px;\"\n                >\n                                Montant mensuel maximum                <\/td>\n                                        <\/tr>\n                            <tr class=\"wpdt-cell-row \" >\n                            <td class=\"wpdt-cell \"\n                                    data-cell-id=\"A2\"\n                data-col-index=\"0\"\n                data-row-index=\"1\"\n                style=\"                padding:10px;\"\n                >\n                                Gir 1                <\/td>\n                                            <td class=\"wpdt-cell \"\n                                    data-cell-id=\"B2\"\n                data-col-index=\"1\"\n                data-row-index=\"1\"\n                style=\"                padding:10px;\"\n                >\n                                2 080,33 \u20ac                <\/td>\n                                        <\/tr>\n                            <tr class=\"wpdt-cell-row \" >\n                            <td class=\"wpdt-cell \"\n                                    data-cell-id=\"A3\"\n                data-col-index=\"0\"\n                data-row-index=\"2\"\n                style=\"                padding:10px;\"\n                >\n                                Gir 2                <\/td>\n                                            <td class=\"wpdt-cell \"\n                                    data-cell-id=\"B3\"\n                data-col-index=\"1\"\n                data-row-index=\"2\"\n                style=\"                padding:10px;\"\n                >\n                                1 682,30 \u20ac                <\/td>\n                                        <\/tr>\n                            <tr class=\"wpdt-cell-row \" >\n                            <td class=\"wpdt-cell \"\n                                    data-cell-id=\"A4\"\n                data-col-index=\"0\"\n                data-row-index=\"3\"\n                style=\"                padding:10px;\"\n                >\n                                Gir 3                <\/td>\n                                            <td class=\"wpdt-cell \"\n                                    data-cell-id=\"B4\"\n                data-col-index=\"1\"\n                data-row-index=\"3\"\n                style=\"                padding:10px;\"\n                >\n                                1 215,99 \u20ac                <\/td>\n                                        <\/tr>\n                            <tr class=\"wpdt-cell-row \" >\n                            <td class=\"wpdt-cell \"\n                                    data-cell-id=\"A5\"\n                data-col-index=\"0\"\n                data-row-index=\"4\"\n                style=\"                padding:10px;\"\n                >\n                                Gir 4                <\/td>\n                                            <td class=\"wpdt-cell \"\n                                    data-cell-id=\"B5\"\n                data-col-index=\"1\"\n                data-row-index=\"4\"\n                style=\"                padding:10px;\"\n                >\n                                811,52 \u20ac                <\/td>\n                                        <\/tr>\n                    <\/table>\n<\/div><style id='wpdt-custom-style-281'>\n.wpdt-bc-F3F9FE { background-color: #F3F9FE !important;}\n<\/style>\n\n<\/div>\n<div class=\"fiche-item\">\n<h2 id=\"anchor2\">L&rsquo;aide personnalis\u00e9e au logement (APL) et l&rsquo;allocation de logement sociale (ALS) pour h\u00e9bergement en EHPAD<\/h2>\n<p>Parmi les aides au logement \u00ab\u00a0classiques\u00a0\u00bb accessibles en EHPAD, on trouve l&rsquo;APL et l&rsquo;ALS. <strong>\u00c0 noter que ces deux aides ne sont pas cumulables.<\/strong><\/p>\n<ul>\n<li>L\u2019APL est vers\u00e9e uniquement si l&rsquo;\u00e9tablissement est conventionn\u00e9,<\/li>\n<li>L\u2019ALS est vers\u00e9e dans les autres cas.<\/li>\n<\/ul>\n<p id=\"anchor3\">Elles sont g\u00e9n\u00e9ralement attribu\u00e9es sous les conditions suivantes :<\/p>\n<ul>\n<li><strong>\u00catre en situation r\u00e9guli\u00e8re sur le territoire fran\u00e7ais<\/strong>,<\/li>\n<li><strong>Il n&rsquo;y a pas de limite d&rsquo;\u00e2ge.<\/strong><\/li>\n<\/ul>\n<p>L&rsquo;aide au logement est vers\u00e9e tous les mois. Parfois, directement \u00e0 l\u2019\u00e9tablissement. Dans ce cas, le montant factur\u00e9 sera diminu\u00e9 du montant de cette aide.<\/p>\n<p>Les demandes d&rsquo;aides au logement se font aupr\u00e8s de la CAF (caisse d\u2019allocations familiales). Pour les retrait\u00e9s qui rel\u00e8vent de la MSA (mutualit\u00e9 sociale agricole), c&rsquo;est aupr\u00e8s de ce r\u00e9gime de protection sociale que la demande s&rsquo;effectue.<\/p>\n<div class='cta-block'><div class='text'>Simulez toutes vos aides en 2 min.<\/div><a href='https:\/\/www.mes-allocs.fr\/ab-app?origin=guides\/wp-json\/wp\/v2\/pages\/5151' class='app-button fit'>Simulation gratuite<\/a><\/div>\n<div id=\"toc_container\" class=\"toc_white no_bullets contracted\">\n<h1><span id=\"Aides_liees_aux_transports-2\" class=\"ez-toc-section\">Les aides li\u00e9es aux transports<\/span><\/h1>\n<h2>Aide SNCF<\/h2>\n<p>La SNCF offre des <strong>tarifs r\u00e9duits aux \u00e9tudiants et apprentis<\/strong>. Pour les TER notamment, il est possible de b\u00e9n\u00e9ficier d&rsquo;un abonnement pr\u00e9f\u00e9rentiel pour voyager entre le domicile et le lieu d\u2019\u00e9tudes.<\/p>\n<p>En outre, la <strong>carte Avantage Jeune<\/strong> (qui co\u00fbte 49 \u20ac), faite pour les 12-27 ans, ouvre la voie aux r\u00e9ductions sur les trains (TGV, TER, Intercit\u00e9s). \u00c0 cela s&rsquo;ajoutent des r\u00e9ductions sur des destinations europ\u00e9ennes.<\/p>\n<p>Cr\u00e9\u00e9 en 2017, le forfait \u00e9tudiant, permet aux usagers concern\u00e9s de profiter simultan\u00e9ment des dispositifs de r\u00e9duction r\u00e9gionaux et nationaux.<\/p>\n<h2>Aides sp\u00e9cifiques \u00e0 l\u2019\u00cele-de-France<\/h2>\n<p>Si vous avez moins de 26 ans, sachez que vous pouvez b\u00e9n\u00e9ficier d&rsquo;un abonnement au forfait annuel Forfait Navigo Imagine R \u00c9tudiant. <strong>Son co\u00fbt est de 374,40\u20ac.<\/strong><\/p>\n<p><strong>Si vous \u00eates en insertion professionnelle, vous avez acc\u00e8s (sous certaines conditions) aux ch\u00e8ques de mobilit\u00e9<\/strong>. Ces ch\u00e8ques sont aussi adress\u00e9s aux demandeurs d\u2019emploi, \u00e2g\u00e9s de 16 \u00e0 26 ans et habitant en \u00cele-de-France. Il s\u2019obtient avec prescription de la part d\u2019une Mission locale. Leur co\u00fbt est estim\u00e9 \u00e0 4 ou 8\u20ac et sont destin\u00e9s \u00e0 l&rsquo;achat de billets plein tarif r\u00e9duits. <strong>Si vous \u00eates en formation, la gratuit\u00e9 de votre titre de transport (pendant la dur\u00e9e de votre formation) est aussi une option possible.<\/strong><\/p>\n<p>Enfin, les ch\u00f4meurs franciliens, titulaires de l\u2019Allocation de solidarit\u00e9 sp\u00e9cifique peuvent pr\u00e9tendre au forfait \u00ab\u00a0Solidarit\u00e9 transports\u00a0\u00bb. La gratuit\u00e9 des transports est \u00e9galement une aide offerte par certains d\u00e9partements ou r\u00e9gions. Elle est attribu\u00e9e, sous conditions, aux demandeurs d&#8217;emploi. En cas de contr\u00f4le, il est recommand\u00e9 d&rsquo;avoir toujours sur soi un justificatif de situation.<\/p>\n<h2>Aide au permis de conduire<\/h2>\n<p>Dans le cadre des <a href=\"https:\/\/www.mes-allocs.fr\/guides\/aide-mobilite\">aides \u00e0 la mobilit\u00e9<\/a>, l&rsquo;aide au permis de conduire est un v\u00e9ritable coup de pouce financier.<\/p>\n<ul>\n<li>Depuis le 1er janvier 2019, tout <strong>apprenti<\/strong> d&rsquo;au moins 18 ans peut b\u00e9n\u00e9ficier d&rsquo;une <strong>aide de 500\u20ac<\/strong> afin de passer son permis de conduire. Elle est octroy\u00e9e par les centres de formation des apprentis (CFA).<\/li>\n<li>Les jeunes \u00e2g\u00e9s de 16 \u00e0 25 ans peuvent toucher une aide. Il s&rsquo;agit d&rsquo;un financement plus connu sous le nom de \u00ab\u00a0<strong>permis \u00e0 un euro par jour<\/strong>\u00ab\u00a0, car ses mensualit\u00e9s sont limit\u00e9es \u00e0 30\u20ac par jour.<\/li>\n<li>Pour les plus pr\u00e9caires, il est possible d&rsquo;obtenir une<strong> bourse au permis de conduire<\/strong>, vers\u00e9e par les collectivit\u00e9s locales.<\/li>\n<li>France Travail offre aux demandeurs d&#8217;emploi la possibilit\u00e9 de passer le permis de conduire B. Seule condition : il faut que l&rsquo;absence de permis constitue un obstacle \u00e0 l&#8217;embauche. Ce financement de 1.200\u20ac est vers\u00e9e directement \u00e0 l&rsquo;auto-\u00e9cole du demandeur, en trois fois, via virement. Les justificatifs doivent \u00eatre fournis au plus tard 12 moins suivant l&rsquo;attribution de l&rsquo;aide.<\/li>\n<\/ul>\n<h1>Les aides d&rsquo;urgence<\/h1>\n<h2>L&rsquo;aide alimentaire<\/h2>\n<p style=\"text-align: justify;\">L&rsquo;<a href=\"https:\/\/www.mes-allocs.fr\/guides\/aide-alimentaire\/\">aide alimentaire<\/a> vous aide \u00e0 <strong>obtenir de la nourriture gratuitement<\/strong>. Et ce, \u00e0 travers des banques alimentaires et des \u00e9piceries solidaires. De plus, l&rsquo;aide alimentaire peut \u00eatre octroy\u00e9e en liquidit\u00e9 ou sous la forme d&rsquo;une aide \u00e0 la cantine pour les enfants.<\/p>\n<h2>Les ch\u00e8ques d&rsquo;accompagnement personnalis\u00e9 (CAP)<\/h2>\n<p>\u00c0 l&rsquo;instar de l&rsquo;aide alimentaire, les <strong>ch\u00e8ques d&rsquo;accompagnement personnalis\u00e9<\/strong> (CAP) sont destin\u00e9s aux personnes en d\u00e9tresse \u00e9conomique. L&rsquo;octroi des CAP se fait au cas par cas et sur instruction d\u2019un travailleur social.<\/p>\n<p>Les CAP sont des tickets dont la valeur est comprise entre 10 et 30\u20ac. Ils peuvent \u00eatre utilis\u00e9s dans les commerces en vue d&rsquo;acheter des denr\u00e9es alimentaires, des produits d&rsquo;hygi\u00e8ne, des m\u00e9dicaments et des \u00e9quipements pour enfants (v\u00eatements, fournitures, loisirs).<\/p>\n<h2>Les demandes de domiciliation<\/h2>\n<p style=\"text-align: justify;\">\u00c9tant donn\u00e9 que les d\u00e9marches administratives (dont les demandes d&rsquo;aides) vous obligent \u00e0 \u00eatre domicili\u00e9, il est impossible pour les personnes sans domicile d&rsquo;effectuer librement leurs d\u00e9marches. Le CCAS met ainsi \u00e0 disposition de ces derni\u00e8res une aide leur permettant d&rsquo;obtenir une adresse officielle. Certaines associations comme la Croix-Rouge ou le Secours populaire, offrent le m\u00eame dispositif.<\/p>\n<div id=\"toc_container\" class=\"toc_white no_bullets contracted\">\n<h2><span id=\"Le_pret_social_drsquourgence_pourquoi_Pour_qui\">Le micro-cr\u00e9dit\u00a0<\/span><\/h2>\n<p style=\"text-align: justify;\">Le <strong>micro-cr\u00e9dit<\/strong> est un financement destin\u00e9 \u00e0 l&rsquo;achat de biens essentiels, utiles au b\u00e9n\u00e9ficiaire pour retrouver un emploi (achat d&rsquo;une voiture par exemple) ou suivre une formation. Contrairement \u00e0 l&rsquo;aide d&rsquo;urgence abord\u00e9e plus haut, cette aide est un pr\u00eat, pour des dur\u00e9es plus longues.<\/p>\n<p style=\"text-align: justify;\">Le micro-cr\u00e9dit est fait pour les personnes dans l&rsquo;incapacit\u00e9 de sourire un pr\u00eat bancaire classique, en raison de revenus limit\u00e9s.<\/p>\n<p style=\"text-align: justify;\">La somme accord\u00e9e d\u00e9pend du projet vis\u00e9 et de la situation du demandeur. Elle est comprise <strong>entre 300 et 8 000\u20ac<\/strong>, pour une dur\u00e9e de remboursement allant de 6 \u00e0 36 mois. Dans certains cas, la dur\u00e9e peut s&rsquo;\u00e9lever \u00e0 5 ans.<\/p>\n<\/div>\n<\/div>\n<\/div>\n<\/div>\n<\/div>\n<\/div>\n<\/div>\n<\/div>\n<\/div>\n<\/div>\n<\/div>\n<\/div>\n<div class='cta-block'><div class='text'>Simulez toutes vos aides en 2 min.<\/div><a href='https:\/\/www.mes-allocs.fr\/ab-app?origin=guides\/wp-json\/wp\/v2\/pages\/5151' class='app-button fit'>Simulation gratuite<\/a><\/div>\n","protected":false},"excerpt":{"rendered":"<p>[Mis \u00e0 jour le 29\/01\/2026] Les aides sociales en France sont nombreuses : allocations familiales, aides au logement, aides au ch\u00f4mage et \u00e0 la reprise d\u2019activit\u00e9, et bien d&rsquo;autres encore. Elles sont en partie mises en \u0153uvre par les d\u00e9partements, mais pas que. Vous pouvez avoir acc\u00e8s \u00e0 un large panel de prestations sociales, mais [&hellip;]<\/p>\n","protected":false},"author":29,"featured_media":6123,"parent":0,"menu_order":0,"comment_status":"closed","ping_status":"closed","template":"","meta":{"amp_status":"","footnotes":""},"class_list":["post-5151","page","type-page","status-publish","has-post-thumbnail","hentry"],"yoast_head":"<!-- This site is optimized with the Yoast SEO plugin v14.9 - https:\/\/yoast.com\/wordpress\/plugins\/seo\/ -->\n<title>Aides sociales en France 2026 : guide &amp; simulation | Mes-Allocs.fr<\/title>\n<meta name=\"description\" content=\"Allocations familiales, aides au logement, aides au ch\u00f4mage et \u00e0 la reprise d&#039;activit\u00e9... Quelles sont les aides accessibles en 2026 ?\" \/>\n<meta name=\"robots\" content=\"index, follow, max-snippet:-1, max-image-preview:large, max-video-preview:-1\" \/>\n<link rel=\"canonical\" href=\"https:\/\/www.mes-allocs.fr\/guides\/aides-sociales\/\" \/>\n<meta property=\"og:locale\" content=\"fr_FR\" \/>\n<meta property=\"og:type\" content=\"article\" \/>\n<meta property=\"og:title\" content=\"Aides sociales en France 2026 : guide &amp; simulation | Mes-Allocs.fr\" \/>\n<meta property=\"og:description\" content=\"Allocations familiales, aides au logement, aides au ch\u00f4mage et \u00e0 la reprise d&#039;activit\u00e9... Quelles sont les aides accessibles en 2026 ?\" \/>\n<meta property=\"og:url\" content=\"https:\/\/www.mes-allocs.fr\/guides\/aides-sociales\/\" \/>\n<meta property=\"og:site_name\" content=\"Mes-Allocs.fr\" \/>\n<meta property=\"article:modified_time\" content=\"2026-01-29T16:49:24+00:00\" \/>\n<meta property=\"og:image\" content=\"https:\/\/www.mes-allocs.fr\/guides\/wp-content\/uploads\/2020\/05\/La-liste-comple\u0300te-daides-sociales-en-2020-scaled-e1588714096102.jpg?wsr\" \/>\n\t<meta property=\"og:image:width\" content=\"1200\" \/>\n\t<meta property=\"og:image:height\" content=\"246\" \/>\n<meta name=\"twitter:card\" content=\"summary_large_image\" \/>\n<script type=\"application\/ld+json\" class=\"yoast-schema-graph\">{\"@context\":\"https:\/\/schema.org\",\"@graph\":[{\"@type\":\"WebSite\",\"@id\":\"https:\/\/www.mes-allocs.fr\/guides\/#website\",\"url\":\"https:\/\/www.mes-allocs.fr\/guides\/\",\"name\":\"Mes-Allocs.fr\",\"description\":\"\",\"potentialAction\":[{\"@type\":\"SearchAction\",\"target\":\"https:\/\/www.mes-allocs.fr\/guides\/?s={search_term_string}\",\"query-input\":\"required name=search_term_string\"}],\"inLanguage\":\"fr-FR\"},{\"@type\":\"ImageObject\",\"@id\":\"https:\/\/www.mes-allocs.fr\/guides\/aides-sociales\/#primaryimage\",\"inLanguage\":\"fr-FR\",\"url\":\"https:\/\/www.mes-allocs.fr\/guides\/wp-content\/uploads\/2020\/05\/La-liste-comple\\u0300te-daides-sociales-en-2020-scaled-e1588714096102.jpg?wsr\",\"width\":1200,\"height\":246,\"caption\":\"La liste comple\\u0300te daides sociales en 2020 scaled e1588714096102\"},{\"@type\":\"WebPage\",\"@id\":\"https:\/\/www.mes-allocs.fr\/guides\/aides-sociales\/#webpage\",\"url\":\"https:\/\/www.mes-allocs.fr\/guides\/aides-sociales\/\",\"name\":\"Aides sociales en France 2026 : guide & simulation | Mes-Allocs.fr\",\"isPartOf\":{\"@id\":\"https:\/\/www.mes-allocs.fr\/guides\/#website\"},\"primaryImageOfPage\":{\"@id\":\"https:\/\/www.mes-allocs.fr\/guides\/aides-sociales\/#primaryimage\"},\"datePublished\":\"2020-04-12T22:57:16+00:00\",\"dateModified\":\"2026-01-29T16:49:24+00:00\",\"description\":\"Allocations familiales, aides au logement, aides au ch\\u00f4mage et \\u00e0 la reprise d'activit\\u00e9... Quelles sont les aides accessibles en 2026 ?\",\"inLanguage\":\"fr-FR\"}]}<\/script>\n<!-- \/ Yoast SEO plugin. -->","amp_validity":null,"acf":{"faq":{"1":{"question":"Quelles sont les aides sociales ?","answer":"En France, les prestations sociales sont accessibles selon des conditions g\u00e9n\u00e9rales d'attribution diverses.\r\n\r\nBien souvent, votre demande d'aide sociale se fait directement aupr\u00e8s de l'\u00e9tat, notamment aupr\u00e8s des conseils d\u00e9partementaux (dirig\u00e9 par le pr\u00e9sident du conseil g\u00e9n\u00e9ral) ou de la caisse d'allocations familial (CAF).\r\n\r\nVous pouvez solliciter : \r\n\r\n- les allocations logement (APL, ALS, la garantie Visale pour les jeunes locataires etc)\r\n- les allocations familiales (PAJE, prime de naissance, ARS etc)\r\n- les aides au transport (carte navigo, carte avantage jeune etc)\r\n- les aides \u00e0 l'emploi ou \u00e0 la reprise d'emploi (RSA, prime d'activit\u00e9, ARPE etc)."},"2":{"question":"Quel droit apr\u00e8s le ch\u00f4mage ?","answer":"Lorsque vous vous approchez de votre p\u00e9riode de fin de droit au ch\u00f4mage, sachez que vous pouvez tout de m\u00eame pr\u00e9tendre \u00e0 quelques aides sociales, en fonction de votre situation.\r\n\r\n - l\u2019allocation de Solidarit\u00e9 Sp\u00e9cifique (ASS) \r\n- la prime de fin de droit Pole Emploi\r\n- le revenu de Solidarit\u00e9 Active (RSA)\r\n\r\n\u00c0 cela s'ajoute des formations, la plupart du temps propos\u00e9es par le P\u00f4le Emploi :\r\n\r\n- l'aide Individuelle \u00e0 la Formation (AIF) :\r\n- l\u2019action de Formation Conventionn\u00e9e (AFC)\r\n- l'action de Formation Pr\u00e9alable au Recrutement (AFPR)\r\n- la Pr\u00e9paration Optionnelle \u00e0 l\u2019Emploi (POE)"},"3":{"question":"Quelles sont les aides sociales en France ?","answer":"En France, les prestations sociales sont accessibles selon des conditions g\u00e9n\u00e9rales d'attribution diverses.\r\n\r\nBien souvent, votre demande d'aide sociale se fait directement aupr\u00e8s de l'\u00e9tat, notamment aupr\u00e8s des conseils d\u00e9partementaux (dirig\u00e9 par le pr\u00e9sident du conseil g\u00e9n\u00e9ral) ou de la caisse d'allocations familial (CAF).\r\n\r\nVous pouvez solliciter : \r\n\r\n- les allocations logement (APL, ALS, la garantie Visale pour les jeunes locataires etc)\r\n- les allocations familiales (PAJE, prime de naissance, ARS etc)\r\n- les aides au transport (carte navigo, carte avantage jeune etc)\r\n- les aides \u00e0 l'emploi ou \u00e0 la reprise d'emploi (RSA, prime d'activit\u00e9, ARPE etc)."},"4":{"question":"Quelles aides pour m\u00e8re c\u00e9libataire ?","answer":"Bon nombre d'aides sont destin\u00e9es au parent isol\u00e9 et en particulier \u00e0 la m\u00e8re c\u00e9libataire, sous certaines conditions (absence de versement d'une pension alimentaire, par exemple). Parmi ces aides, on trouve :\r\n\r\n- le RSA\r\n- l'allocation de soutien familial (ASF)\r\n- l\u2019AGEPI (aide \u00e0 la garde d\u2019enfants pour parents isol\u00e9s)\r\n- la PAJE (prestation d\u2019accueil du jeune enfant)\r\n- la prime de naissance"},"5":{"question":"Quelles sont les aides financi\u00e8res pour les retraites ?","answer":"Si vous \u00eates retrait\u00e9, vous \u00eates \u00e9ligible aux aides aux personnes \u00e2g\u00e9es, notamment cens\u00e9es pr\u00e9venir la perte d'autonomie. Des aides au logement vous sont \u00e9galement propos\u00e9es :\r\n\r\n- l'APA (L\u2019Allocation Personnalis\u00e9e d\u2019Autonomie)\r\n\r\n- les aides au Logement (APL, l'aide personnalis\u00e9e au logement; L'ALS, l'allocation de Logement Sociale et et l'ASH, r\u00e9visable en cas de baisse des revenus ou des oblig\u00e9s alimentaires)\r\n\r\n- l\u2019ASPA (allocation de Solidarit\u00e9 aux Personnes \u00c2g\u00e9es) et l\u2019Aide \u00e0 l\u2019Am\u00e9lioration de l\u2019Habitat\r\n\r\n- la CMU-C (la couverture Maladie Universelle Compl\u00e9mentaire) et l\u2019ACS (l'aide au paiement d\u2019une Compl\u00e9mentaire Sant\u00e9)\r\n"},"6":{"question":"Quelles sont les aides pour les ch\u00f4meurs ?","answer":"Les ch\u00f4meurs peuvent b\u00e9n\u00e9ficier des aides sociales ci-dessous :\r\n\r\n- l'aide de retour \u00e0 l'emploi (ARE)\r\n- l'allocation sociale sp\u00e9cifique (ASS),\r\n- le revenu de solidarit\u00e9 active (RSA),\r\n- l'allocation de retour \u00e0 l\u2019emploi (ARE)"},"7":{"question":"Quelles aides puis-je cumuler avec le RSA ?","answer":"Vers\u00e9 par la Caisse d\u2019Allocations Familiales (CAF) ou la Mutuelle Sociale Agricole (MSA) dans certains cas, le RSA s'adresse aux personnes disposant de faibles ressources.\r\n\r\n- l'allocation de solidarit\u00e9 sp\u00e9cifique (ASS)\r\n- l'allocation de solidarit\u00e9 aux personnes \u00e2g\u00e9es (Aspa)\r\nDe plus, si vous \u00eates intermittents du spectacle, il vous est \u00e9galement possible de solliciter le RSA. "},"8":{"question":"Qui a le droit \u00e0 l'aide sociale ?","answer":"L\u2019aide sociale l\u00e9gale (ou obligatoire) est une aide vers\u00e9e en nature ou en esp\u00e8ces. La demande d'aide sociale s'applique aux domaines suivants :\r\n\r\n- l\u2019aide sociale \u00e0 l\u2019enfance (ASE) \r\n- l\u2019insertion sociale (\u00e0 travers le RSA, par exemple).\r\n- l\u2019aide sociale aux personnes en situation de handicap (la prestation de compensation du handicap, PCH)\r\n- l\u2019aide sociale aux personnes \u00e2g\u00e9es (dont l'ASH et l'APA, par exemple)"},"9":{"question":"Quelles aides pour les jeunes de moins de 25 ans ?","answer":"Vous pouvez b\u00e9n\u00e9ficier de nombreuses aides, si vous \u00eates \u00e2g\u00e9e de moins de 25 ans, parmi elles :\r\n\r\n- l'aide au permis de conduire (permis \u00e0 \"un euro par jour\"),\r\n- L'aide \u00e0 la recherche d'un premier emploi (ARPE),\r\n- RSA \u00abjeunes actifs\u00bb, revenu minimum pour les jeunes de moins de 25 ans en recherche d'emploi et sans ressources,\r\n- l'ARE (Allocation d'aide au retour \u00e0 l'emploi), elle est cumulable avec le RSA jeunes actifs, si le montant de votre ARE est inf\u00e9rieur au RSA (550,93 \u20ac par mois),\r\n- Les allocations logement (dont l'APL) si vous \u00eates \u00e9tudiant et ne vivez plus chez vos parents,\r\n- La bourse du CROUS, accessible sur conditions de ressources\r\n- Les bourses de mobilit\u00e9 \u00e9tudiante (Erasmus, aide \u00e0 la mobilit\u00e9 internationale etc)"},"10":{"question":"Quelles aides pour les Etrangers en France ?","answer":"Les aides sociales accessibles aux \u00e9trangers en France sont attribu\u00e9es selon des conditions sp\u00e9cifiques :\r\n- l'allocation pour demandeur d'asile (Ada) \r\n- les prestations familiales (allocations familiales, prestation d'accueil du jeune enfant, etc.), accessibles sont certaines conditions\r\n- le RSA\r\n- L\u2019aide m\u00e9dicale de l\u2019\u00c9tat (AME)\r\n- Les aides locales, dont l\u2019aide sociale \u00e0 l\u2019enfance (ASE)\r\n\r\nPour certaines de ces aides, il faut r\u00e9sider en France pendant une p\u00e9riode d\u00e9finie, d\u00e9tenir un titre de s\u00e9jour etc."},"11":{"question":"Quelles sont les aides sociales remboursables ?","answer":"Les aides remboursables sont g\u00e9n\u00e9ralement des aides sociales attribu\u00e9es aux personnes \u00e2g\u00e9es. Celles-ci, bien souvent, n\u2019ont pas les moyens de payer les services dont elles ont besoin.\r\n\r\nMalgr\u00e9 de faibles revenus, un b\u00e9n\u00e9ficiaire peut disposer d'un patrimoine cons\u00e9quent. Ainsi, au moment du d\u00e9c\u00e8s, si ce patrimoine exc\u00e8de un un certain seuil, les organismes sociaux sont en droit de demander \u00e0 la succession de rembourser la totalit\u00e9 ou une partie des allocations per\u00e7ues. Cela vaut pour les aides suivantes :\r\n\r\n- l'ASH (l'aide sociale \u00e0 l'h\u00e9bergement), dont le dossier de demande doit \u00eatre retir\u00e9 aupr\u00e8s du centre communal d'action sociale (CCAS)\r\n- l'allocation de solidarit\u00e9 aux personnes \u00e2g\u00e9es (ASPA)\r\n- l'allocation suppl\u00e9mentaire d\u2019invalidit\u00e9 (ASI)\r\n- le recours \u00e0 une aide-m\u00e9nag\u00e8re \u00e0 domicile\r\n- la prestation sp\u00e9cifique d\u00e9pendance (PSD)"},"12":{"question":"Quelles sont les aides \u00e0 la cr\u00e9ation d'entreprise ?","answer":"Il existe de multiples aides financi\u00e8res pour la cr\u00e9ation ou la reprise d'une entreprise. Elles peuvent inclure des financements, voire des dispositifs d'accompagnement cens\u00e9s assurer le d\u00e9veloppement de votre entreprise.\r\n\u00a0\r\n- L'aide \u00e0 la cr\u00e9ation ou \u00e0 la reprise d'entreprise (ACRE)\r\n- L'aide \u00e0 la reprise et \u00e0 la cr\u00e9ation d\u2019entreprise (ARCE)\r\n- L'allocation d\u2019aide au retour \u00e0 l\u2019emploi (ARE)\r\n- Le nouvel accompagnement pour la cr\u00e9ation ou la reprise d'entreprise (NACRE)\r\n- Activ\u2019Crea : la formation \u00e0 la cr\u00e9ation d\u2019entreprise de P\u00f4le Emploi"},"13":{"question":"","answer":""},"14":{"question":"","answer":""},"15":{"question":"","answer":""},"16":{"question":"","answer":""}}},"_links":{"self":[{"href":"https:\/\/www.mes-allocs.fr\/guides\/wp-json\/wp\/v2\/pages\/5151","targetHints":{"allow":["GET"]}}],"collection":[{"href":"https:\/\/www.mes-allocs.fr\/guides\/wp-json\/wp\/v2\/pages"}],"about":[{"href":"https:\/\/www.mes-allocs.fr\/guides\/wp-json\/wp\/v2\/types\/page"}],"author":[{"embeddable":true,"href":"https:\/\/www.mes-allocs.fr\/guides\/wp-json\/wp\/v2\/users\/29"}],"replies":[{"embeddable":true,"href":"https:\/\/www.mes-allocs.fr\/guides\/wp-json\/wp\/v2\/comments?post=5151"}],"version-history":[{"count":51,"href":"https:\/\/www.mes-allocs.fr\/guides\/wp-json\/wp\/v2\/pages\/5151\/revisions"}],"predecessor-version":[{"id":108702,"href":"https:\/\/www.mes-allocs.fr\/guides\/wp-json\/wp\/v2\/pages\/5151\/revisions\/108702"}],"wp:featuredmedia":[{"embeddable":true,"href":"https:\/\/www.mes-allocs.fr\/guides\/wp-json\/wp\/v2\/media\/6123"}],"wp:attachment":[{"href":"https:\/\/www.mes-allocs.fr\/guides\/wp-json\/wp\/v2\/media?parent=5151"}],"curies":[{"name":"wp","href":"https:\/\/api.w.org\/{rel}","templated":true}]}}