{"id":46699,"date":"2022-03-11T19:23:01","date_gmt":"2022-03-11T17:23:01","guid":{"rendered":"https:\/\/www.mes-allocs.fr\/guides\/?page_id=46699"},"modified":"2026-01-22T10:51:03","modified_gmt":"2026-01-22T09:51:03","slug":"contrat-engagement-jeune","status":"publish","type":"page","link":"https:\/\/www.mes-allocs.fr\/guides\/contrat-engagement-jeune\/","title":{"rendered":"Le Contrat d&rsquo;Engagement Jeune en 2025 : d\u00e9finition, montants, d\u00e9marches"},"content":{"rendered":"<p><strong><img loading=\"lazy\" decoding=\"async\" class=\"alignnone wp-image-46706 size-full\" title=\"contrat engagement jeune\" src=\"https:\/\/www.mes-allocs.fr\/guides\/wp-content\/uploads\/2022\/03\/contrat-dengagement-jeune-scaled.jpg\" alt=\"contrat d'engagement jeune\" width=\"2560\" height=\"869\" srcset=\"https:\/\/www.mes-allocs.fr\/guides\/wp-content\/uploads\/2022\/03\/contrat-dengagement-jeune-scaled.jpg 2560w, https:\/\/www.mes-allocs.fr\/guides\/wp-content\/uploads\/2022\/03\/contrat-dengagement-jeune-300x102.jpg 300w, https:\/\/www.mes-allocs.fr\/guides\/wp-content\/uploads\/2022\/03\/contrat-dengagement-jeune-1024x348.jpg 1024w, https:\/\/www.mes-allocs.fr\/guides\/wp-content\/uploads\/2022\/03\/contrat-dengagement-jeune-768x261.jpg 768w, https:\/\/www.mes-allocs.fr\/guides\/wp-content\/uploads\/2022\/03\/contrat-dengagement-jeune-1536x522.jpg 1536w, https:\/\/www.mes-allocs.fr\/guides\/wp-content\/uploads\/2022\/03\/contrat-dengagement-jeune-2048x696.jpg 2048w, https:\/\/www.mes-allocs.fr\/guides\/wp-content\/uploads\/2022\/03\/contrat-dengagement-jeune-600x204.jpg 600w\" sizes=\"auto, (max-width: 2560px) 100vw, 2560px\" \/>Le Contrat d&rsquo;Engagement Jeune est un dispositif mis en place dans le cadre du plan \u00ab\u00a01 jeune 1 solution\u00a0\u00bb. Il est destin\u00e9 aux jeunes de 16 \u00e0 25 ans et remplace la Garantie Jeunes. On vous explique en quoi il consiste, quels sont les montants et les d\u00e9marches qu&rsquo;il faut effectuer pour b\u00e9n\u00e9ficier de l\u2019allocation CEJ.<\/strong><\/p>\n<hr \/>\n<div class='cta-block'><div class='text'>Simulez votre \u00e9ligibilit\u00e9 au CEJ en 2 min. Gratuit.<\/div><a href='https:\/\/www.mes-allocs.fr\/ab-app?origin=guides\/wp-json\/wp\/v2\/pages\/46699' class='app-button fit'>Simulation gratuite<\/a><\/div>\n<h1 class=\"spip\">Le Contrat d\u2019Engagement Jeune, c&rsquo;est quoi ?<\/h1>\n<p>Le Contrat d&rsquo;Engagement Jeune, qui remplace la <a href=\"https:\/\/www.mes-allocs.fr\/guides\/contrat-engagement-jeune\/contrat-engagement-jeune-et-garantie-jeune\/\">Garantie Jeunes<\/a>, est destin\u00e9 aux jeunes de 16 \u00e0 25 ans ou jusqu&rsquo;\u00e0 29 ans r\u00e9volus lorsqu\u2019ils disposent d\u2019une reconnaissance de la qualit\u00e9 de travailleur handicap\u00e9. Il s&rsquo;agit de jeunes qui ne sont pas \u00e9tudiants, ne suivent pas de formations qualifiantes et pr\u00e9sentent des difficult\u00e9s d\u2019acc\u00e8s \u00e0 l\u2019emploi durable. Il peut s&rsquo;agir de jeunes qui per\u00e7oivent l&rsquo;allocation ch\u00f4mage.<\/p>\n<p>Il est entr\u00e9e en vigueur le 1er mars 2022, et a pour but de proposer \u00ab\u00a0un accompagnement individuel et intensif profond\u00e9ment renouvel\u00e9, dans un cadre exigeant, avec un objectif d\u2019entr\u00e9e plus rapide et durable dans l\u2019emploi\u00a0\u00bb. 2 solutions sont possibles : le <strong>contrat engagement jeune P\u00f4le Emploi<\/strong> (d\u00e9sormais France Travail) ou le <strong>contrat engagement jeune Mission Locale<\/strong>. Ce sont les deux organismes qui peuvent vous accompagner dans le cadre de ce contrat.<\/p>\n<p><iframe loading=\"lazy\" title=\"Le Contrat d&#039;Engagement Jeune (CEJ)\" width=\"500\" height=\"375\" src=\"https:\/\/www.youtube.com\/embed\/f_Hf5LBMHeQ?feature=oembed\" frameborder=\"0\" allow=\"accelerometer; autoplay; clipboard-write; encrypted-media; gyroscope; picture-in-picture; web-share\" referrerpolicy=\"strict-origin-when-cross-origin\" allowfullscreen><\/iframe><\/p>\n<h2>A quoi ressemble le Contrat d&rsquo;Engagement Jeune ?<\/h2>\n<p>Pour commencer, un diagnostic approfondi est r\u00e9alis\u00e9 afin de comprendre la situation du jeune concern\u00e9 ainsi que ses comp\u00e9tences, ses motivations, ses souhaits et pourquoi il rencontre des difficult\u00e9s \u00e0 obtenir un emploi durable.<\/p>\n<p>Ensuite, un <strong>parcours personnalis\u00e9<\/strong> pouvant durer jusqu&rsquo;\u00e0 12 mois est propos\u00e9. Il comprend un programme intensif de 15 \u00e0 20 heures d\u2019activit\u00e9s par semaine d&rsquo;actions individuelles, collectives et en autonomie encadr\u00e9e. De plus, le jeune pourra b\u00e9n\u00e9ficier de l&rsquo;ensemble des services de France Travail (P\u00f4le Emploi) et des Missions locales. Il sera accompagn\u00e9 tout au long de ce parcours par un conseiller r\u00e9f\u00e9rent d\u00e9di\u00e9, avec des rendez-vous r\u00e9guliers. Une application mobile permet de faciliter les \u00e9changes entre le jeune et son conseiller.<\/p>\n<p>En compl\u00e9ment, une allocation peut \u00eatre vers\u00e9e. Elle peut aller jusqu&rsquo;\u00e0 552 euros par mois en fonction de l&rsquo;\u00e2ge et des ressources du b\u00e9n\u00e9ficiaire.<\/p>\n<h2>A qui est destin\u00e9 le Contrat d&rsquo;Engagement Jeune ?<\/h2>\n<p>Le Contrat d&rsquo;Engagement Jeune s&rsquo;adresse aux jeunes de 16 \u00e0 25 ans ou jusqu&rsquo;\u00e0 29 ans r\u00e9volus lorsqu\u2019ils disposent d\u2019une reconnaissance de la qualit\u00e9 de travailleur handicap\u00e9, qui ne sont pas \u00e9tudiants, ne suivent pas une formation et pr\u00e9sentent des difficult\u00e9s d\u2019acc\u00e8s \u00e0 l\u2019emploi durable.<\/p>\n<p>Il est propos\u00e9 suite \u00e0 un diagnostic \u00e9tabli par le conseiller d\u00e9di\u00e9 de la Mission Locale ou de France Travail (P\u00f4le emploi) aux jeunes qui souhaitent s\u2019engager activement dans un accompagnement intensif vers l\u2019emploi.<\/p>\n<div class=\"flex-shrink-0 flex flex-col relative items-end\">\n<div>\n<div class=\"pt-0\">\n<div class=\"gizmo-bot-avatar flex h-8 w-8 items-center justify-center overflow-hidden rounded-full\">\n<div class=\"relative p-1 rounded-sm flex items-center justify-center bg-token-main-surface-primary text-token-text-primary h-8 w-8\">\u00c0 compter du 1\u1d49\u02b3 janvier 2025, tout jeune souhaitant acc\u00e9der \u00e0 un accompagnement dans le cadre d\u2019un CEJ (contrat d\u2019engagement jeune) ou d\u2019un PACEA (parcours contractualis\u00e9 d\u2019accompagnement vers l\u2019emploi et l\u2019autonomie) devra obligatoirement s\u2019inscrire en tant que demandeur d\u2019emploi.<\/div>\n<\/div>\n<\/div>\n<\/div>\n<\/div>\n<h2>Quelles sont les solutions propos\u00e9es ?<\/h2>\n<p>Le Contrat inclut au minimum 15 \u00e0 20 heures d\u2019activit\u00e9s par semaine d&rsquo;actions individuelles, collectives et en autonomie encadr\u00e9e. Voici les diff\u00e9rentes activit\u00e9s qui peuvent \u00eatre propos\u00e9es :<\/p>\n<ul>\n<li><strong>Construction du projet professionnel<\/strong>\u00a0: immersions professionnelles en entreprise, stage\u2026<\/li>\n<li><strong>D\u00e9veloppement des comp\u00e9tences<\/strong>\u00a0: construction d\u2019un parcours de formation, remise \u00e0 niveau, travail sur les savoir-\u00eatre ou exp\u00e9riences professionnelles<\/li>\n<li><strong>Pr\u00e9paration d\u2019une candidature<\/strong>\u00a0: notamment pr\u00e9paration de CV et lettre de motivation,<\/li>\n<li><strong>Recherche de solutions d\u2019emploi<\/strong>\u00a0: par exemple pr\u00e9paration d\u2019une r\u00e9ponse \u00e0 une offre d\u2019emploi ou \u00e0 un entretien d\u2019embauche<\/li>\n<li><strong>Cr\u00e9ation d\u2019entreprise<\/strong>\u00a0: sensibilisation \u00e0 la cr\u00e9ation d\u2019entreprise, pr\u00e9paration d\u2019un projet, accompagnement dans les d\u00e9marches administratives<\/li>\n<li><strong>Prise de confiance et remobilisation<\/strong>\u00a0: par exemple image de soi, engagement, mentorat<\/li>\n<li><strong>Lev\u00e9e des freins p\u00e9riph\u00e9riques<\/strong>\u00a0: activit\u00e9s visant par exemple \u00e0 r\u00e9pondre \u00e0 un besoin en mati\u00e8re de sant\u00e9, mobilit\u00e9, logement, gestion du budget<\/li>\n<\/ul>\n<p>En parall\u00e8le, en fonction des besoins du b\u00e9n\u00e9ficiaire, des activit\u00e9s structurantes peuvent \u00eatre propos\u00e9es :<\/p>\n<ul>\n<li><strong>Une formation ou un dispositif pr\u00e9paratoire<\/strong>\u00a0(formation pr\u00e9-qualifiante ou qualifiante, certifiante, dipl\u00f4mante, pr\u00e9pa apprentissage, etc.)<\/li>\n<li><strong>Un accompagnement intensif sp\u00e9cifique externe\u00a0<\/strong>(par exemple au sein de l\u2019EPIDE, d\u2019une \u00c9cole de la 2<sup>e<\/sup>\u00a0Chance, en int\u00e9grant le service militaire adapt\u00e9 ou encore le service militaire volontaire)<\/li>\n<li><strong>Une mission d\u2019utilit\u00e9 sociale<\/strong>\u00a0: par exemple le service civique ou la phase d\u2019engagement du service national universel<\/li>\n<li><strong>Une p\u00e9riode d\u2019emploi aid\u00e9\u00a0<\/strong>\u00a0: insertion par l\u2019activit\u00e9 \u00e9conomique, contrats aid\u00e9s (PEC ou CIE), CDD tremplin<\/li>\n<\/ul>\n<div class='cta-block'><div class='text'>Simulez votre \u00e9ligibilit\u00e9 au CEJ en 2 min. Gratuit.<\/div><a href='https:\/\/www.mes-allocs.fr\/ab-app?origin=guides\/wp-json\/wp\/v2\/pages\/46699' class='app-button fit'>Simulation gratuite<\/a><\/div>\n<h1>L&rsquo;allocation financi\u00e8re du Contrat d&rsquo;Engagement Jeune<\/h1>\n<h2>Comment b\u00e9n\u00e9ficier de l&rsquo;allocation financi\u00e8re du Contrat d&rsquo;Engagement Jeune ?<\/h2>\n<p>L\u2019<a href=\"https:\/\/www.mes-allocs.fr\/guides\/contrat-engagement-jeune\/allocation-cej\/\">allocation CEJ<\/a> est vers\u00e9e aux jeunes avec des ressources faibles, qui ne sont pas en mesure de suivre un accompagnement exigeant tout en subvenant \u00e0 leurs besoins.<\/p>\n<p>Elle peut s\u2019\u00e9lever \u00e0 500 \u20ac par mois, et est conditionn\u00e9e \u00e0 l\u2019assiduit\u00e9 et \u00e0 l\u2019engagement du jeune dans son parcours.<\/p>\n<h2>Le montant de l&rsquo;allocation financi\u00e8re du Contrat d&rsquo;Engagement Jeune<\/h2>\n<p>Le <a href=\"https:\/\/www.mes-allocs.fr\/guides\/contrat-engagement-jeune\/montant-cej\/\">montant de l&rsquo;allocation<\/a> est <strong>calcul\u00e9 en fonction de l\u2019\u00e2ge du jeune, de la tranche du bar\u00e8me de ses ressources ou de celles de son foyer<\/strong>\u00a0:<\/p>\n\n<div class=\"wpdt-c row wpDataTableContainerSimpleTable wpDataTables wpDataTablesWrapper\n\"\n    >\n    <table id=\"wpdtSimpleTable-498\"\n           class=\"wpdtSimpleTable wpDataTable\"\n           data-column=\"4\"\n           data-rows=\"4\"\n           data-wpID=\"498\"\n           data-responsive=\"0\"\n           data-has-header=\"1\">\n\n                    <thead>        <tr class=\"wpdt-cell-row \" >\n                            <th class=\"wpdt-cell wpdt-bc-E8E8E8\"\n                                    data-cell-id=\"A1\"\n                data-col-index=\"0\"\n                data-row-index=\"0\"\n                style=\" width:24.056603773585%;                padding:10px;\"\n                >\n                                \u00c2ge                <\/th>\n                                            <th class=\"wpdt-cell wpdt-bc-E8E8E8\"\n                                    data-cell-id=\"B1\"\n                data-col-index=\"1\"\n                data-row-index=\"0\"\n                style=\" width:44.496855345912%;                padding:10px;\"\n                >\n                                Situation fiscale                <\/th>\n                                            <th class=\"wpdt-cell wpdt-bc-E8E8E8\"\n                                    data-cell-id=\"C1\"\n                data-col-index=\"2\"\n                data-row-index=\"0\"\n                style=\" width:15.723270440252%;                padding:10px;\"\n                >\n                                Montant mensuel                <\/th>\n                                            <th class=\"wpdt-cell wpdt-bc-E8E8E8\"\n                                    data-cell-id=\"D1\"\n                data-col-index=\"3\"\n                data-row-index=\"0\"\n                style=\" width:15.723270440252%;                padding:10px;\"\n                >\n                                Mayotte                <\/th>\n                                        <\/tr>\n                    <tbody>        <tr class=\"wpdt-cell-row \" >\n                            <td class=\"wpdt-cell wpdt-wrap-text\"\n                                    data-cell-id=\"A2\"\n                data-col-index=\"0\"\n                data-row-index=\"1\"\n                style=\"                padding:10px;\"\n                >\n                                Entre 16 et 18 ans                <\/td>\n                                            <td class=\"wpdt-cell wpdt-wrap-text\"\n                                    data-cell-id=\"B2\"\n                data-col-index=\"1\"\n                data-row-index=\"1\"\n                style=\"                padding:10px;\"\n                >\n                                Vous ou votre foyer fiscal \u00eates non-imposable, ou imposable au titre de la tranche 1 d\u2019imposition                <\/td>\n                                            <td class=\"wpdt-cell \"\n                                    data-cell-id=\"C2\"\n                data-col-index=\"2\"\n                data-row-index=\"1\"\n                style=\"                padding:10px;\"\n                >\n                                220,92\u202f\u20ac                <\/td>\n                                            <td class=\"wpdt-cell wpdt-bc-E8E8E8\"\n                                    data-cell-id=\"D2\"\n                data-col-index=\"3\"\n                data-row-index=\"1\"\n                style=\"                padding:10px;\"\n                >\n                                125,92                <\/td>\n                                        <\/tr>\n                            <tr class=\"wpdt-cell-row \" >\n                            <td class=\"wpdt-cell wpdt-wrap-text\"\n                                    data-cell-id=\"A3\"\n                data-col-index=\"0\"\n                data-row-index=\"2\"\n                style=\"                padding:10px;\"\n                >\n                                Entre 18 et 25 ans r\u00e9volus (29 ans r\u00e9volus en situation de handicap)                <\/td>\n                                            <td class=\"wpdt-cell wpdt-wrap-text\"\n                                    data-cell-id=\"B3\"\n                data-col-index=\"1\"\n                data-row-index=\"2\"\n                style=\"                padding:10px;\"\n                >\n                                Vous ou votre foyer fiscal \u00eates non-imposable                <\/td>\n                                            <td class=\"wpdt-cell \"\n                                    data-cell-id=\"C3\"\n                data-col-index=\"2\"\n                data-row-index=\"2\"\n                style=\"                padding:10px;\"\n                >\n                                552,29\u202f\u20ac                <\/td>\n                                            <td class=\"wpdt-cell wpdt-bc-E8E8E8\"\n                                    data-cell-id=\"D3\"\n                data-col-index=\"3\"\n                data-row-index=\"2\"\n                style=\"                padding:10px;\"\n                >\n                                314,80\u202f\u20ac                <\/td>\n                                        <\/tr>\n                            <tr class=\"wpdt-cell-row \" >\n                            <td class=\"wpdt-cell wpdt-bc-E8E8E8\"\n                                    data-cell-id=\"A4\"\n                data-col-index=\"0\"\n                data-row-index=\"3\"\n                style=\"                padding:10px;\"\n                >\n                                Entre 18 et 25 ans r\u00e9volus (29 ans r\u00e9volus en situation de handicap)                <\/td>\n                                            <td class=\"wpdt-cell wpdt-bc-E8E8E8\"\n                                    data-cell-id=\"B4\"\n                data-col-index=\"1\"\n                data-row-index=\"3\"\n                style=\"                padding:10px;\"\n                >\n                                Vous ou votre foyer fiscal \u00eates imposable au titre de la tranche 1 d'imposition                <\/td>\n                                            <td class=\"wpdt-cell wpdt-bc-E8E8E8\"\n                                    data-cell-id=\"C4\"\n                data-col-index=\"2\"\n                data-row-index=\"3\"\n                style=\"                padding:10px;\"\n                >\n                                331,17\u202f\u20ac                <\/td>\n                                            <td class=\"wpdt-cell wpdt-bc-E8E8E8\"\n                                    data-cell-id=\"D4\"\n                data-col-index=\"3\"\n                data-row-index=\"3\"\n                style=\"                padding:10px;\"\n                >\n                                188,89\u202f\u20ac                <\/td>\n                                        <\/tr>\n                    <\/table>\n<\/div><style id='wpdt-custom-style-498'>\ntable#wpdtSimpleTable-498{ table-layout: fixed !important; }\n.wpdt-bc-E8E8E8 { background-color: #E8E8E8 !important;}\n<\/style>\n\n<h2>L&rsquo;allocation est-elle cumulable ?<\/h2>\n<p>L&rsquo;allocation CEJ est cumulable avec les ressources d\u2019activit\u00e9 du jeune tant que celles-ci ne d\u00e9passent pas un montant mensuel net de 300 \u20ac. Au-del\u00e0, le montant de l\u2019allocation est d\u00e9gressif.<\/p>\n<p>Le montant maximal de l\u2019allocation est harmonis\u00e9 avec les ressources vers\u00e9es dans le cadre d\u2019autres solutions du plan \u00ab\u00a01 jeune, 1 solution\u00a0\u00bb\u00a0: que le jeune re\u00e7oive des revenus tir\u00e9s des stages de formation professionnelle ou de parcours dispens\u00e9s par des \u00c9coles de la 2<sup>e<\/sup> Chance, ou par des centres EPIDE, il peut ainsi toucher jusqu\u2019\u00e0 552 \u20ac par mois tout au long de son parcours. Ces revenus ne peuvent n\u00e9anmoins se cumuler avec l\u2019allocation du Contrat d\u2019Engagement Jeune et d\u00e9passer 552 \u20ac par mois.<\/p>\n<p>L\u2019allocation n\u2019est\u00a0pas cumulable avec le RSA et la prime d\u2019activit\u00e9, sauf exceptions.<\/p>\n<p>S\u2019il ne respecte pas ses engagements, le jeune s\u2019expose \u00e0 une r\u00e9duction du montant de son allocation voire \u00e0 sa suppression. La d\u00e9cision est prise par le repr\u00e9sentant l\u00e9gal de la Mission Locale ou de France Travail, sur proposition du conseiller, apr\u00e8s avoir permis au jeune de pr\u00e9senter ses observations.<\/p>\n<h1>Comment faire une demande de Contrat d&rsquo;Engagement Jeune ?<\/h1>\n<p>Pour faire la <a href=\"https:\/\/www.mes-allocs.fr\/guides\/contrat-engagement-jeune\/demarches-cej\/\">demande de Contrat d&rsquo;Engagement Jeune<\/a>, vous pouvez :<\/p>\n<ul class=\"spip\">\n<li>Vous rendre dans l\u2019agence France Travail\u00a0ou l\u2019antenne de la\u00a0Mission Locale\u00a0la plus proche de chez vous<\/li>\n<li>Effectuer un test sur le site 1jeune1solution pour \u00eatre recontact\u00e9 par un conseiller de France Travail ou de la Mission Locale proche de chez vous.<\/li>\n<\/ul>\n<h2>Comment est attribu\u00e9 le Contrat d&rsquo;Engagement Jeune ?<\/h2>\n<p>L&rsquo;admission d\u2019un jeune se fait lors de la signature du Contrat d\u2019Engagement Jeune qui est une d\u00e9cision administrative prise au nom de l\u2019\u00c9tat, de m\u00eame pour le refus d\u2019admission.<\/p>\n<p>Ensuite, un plan d\u2019actions est mis en place <strong>selon les besoins du jeune.\u00a0<\/strong>Ce plan d&rsquo;action pr\u00e9cisera les objectifs et la dur\u00e9e de l&rsquo;accompagnement.<\/p>\n<p>Il repr\u00e9sente la feuille de route du jeune et de l&rsquo;accompagnateur qui effectuera le suivi du contrat. Le plan d&rsquo;action est \u00e9volutif, et peut \u00eatre modifi\u00e9 au cours de la dur\u00e9e de l\u2019accompagnement d\u00e8s que le conseiller l\u2019estime pertinent en accord avec le jeune concern\u00e9. Pour rappel, ce plan d\u2019actions doit pr\u00e9voir entre quinze \u00e0 vingt heures d\u2019activit\u00e9s minimum par semaine.<\/p>\n<p><em><strong class=\"caractencadre2-spip spip\">Bon \u00e0 savoir :<\/strong> le contrat peut, \u00e0 titre exceptionnel et en fonction des besoins du jeune, \u00eatre prolong\u00e9, \u00e0 plusieurs reprises si n\u00e9cessaire, jusqu\u2019\u00e0 une dur\u00e9e maximale de dix-huit mois au total. Le b\u00e9n\u00e9fice de l\u2019allocation financi\u00e8re est \u00e9galement reconduit, selon les m\u00eames <a href=\"https:\/\/www.mes-allocs.fr\/guides\/contrat-engagement-jeune\/conditions-cej\/\">conditions d\u2019attribution<\/a>. Toutefois la raison de ces prolongations doit appara\u00eetre dans le bilan r\u00e9alis\u00e9 par le conseiller apr\u00e8s la premi\u00e8re p\u00e9riode d\u2019accompagnement.<\/em><\/p>\n<p>En plus de cela, le jeune aura des points r\u00e9guliers avec son conseiller, ainsi que des entretiens hebdomadaires et des points d\u2019\u00e9tapes mensuels.<\/p>\n<h2>Un Contrat d&rsquo;Engagement Jeune peut-il \u00eatre rompu ?<\/h2>\n<p>Si le jeune montre des absences r\u00e9p\u00e9t\u00e9es \u00e0 une action programm\u00e9e ou s&rsquo;il n\u2019a pas accompli les actions qu\u2019il devait effectuer dans le cadre des temps en autonomie, il peut en effet \u00eatre sanctionn\u00e9.<\/p>\n<p>&nbsp;<\/p>\n<div class=\"main-article\">\n<div class=\"main-article__texte texte--editorial crayon article-texte-379420 \">\n<p>Selon l\u2019article R. 5131-18, au troisi\u00e8me manquement constat\u00e9 sans motif l\u00e9gitime, le Contrat d\u2019Engagement Jeune est rompu. De la m\u00eame fa\u00e7on, s&rsquo;il y a une fausse d\u00e9claration dans le but de percevoir l\u2019allocation, cela entra\u00eene automatiquement la rupture du contrat. Ces d\u00e9cisions sont effectives le premier jour du mois suivant leur notification.<\/p>\n<\/div>\n<\/div>\n<div class='cta-block'><div class='text'>Simulez votre \u00e9ligibilit\u00e9 au CEJ en 2 min. Gratuit.<\/div><a href='https:\/\/www.mes-allocs.fr\/ab-app?origin=guides\/wp-json\/wp\/v2\/pages\/46699' class='app-button fit'>Simulation gratuite<\/a><\/div>\n","protected":false},"excerpt":{"rendered":"<p>Le Contrat d&rsquo;Engagement Jeune est un dispositif mis en place dans le cadre du plan \u00ab\u00a01 jeune 1 solution\u00a0\u00bb. Il est destin\u00e9 aux jeunes de 16 \u00e0 25 ans et remplace la Garantie Jeunes. On vous explique en quoi il consiste, quels sont les montants et les d\u00e9marches qu&rsquo;il faut effectuer pour b\u00e9n\u00e9ficier de l\u2019allocation [&hellip;]<\/p>\n","protected":false},"author":29,"featured_media":46707,"parent":0,"menu_order":0,"comment_status":"closed","ping_status":"closed","template":"","meta":{"amp_status":"","footnotes":""},"class_list":["post-46699","page","type-page","status-publish","has-post-thumbnail","hentry"],"yoast_head":"<!-- This site is optimized with the Yoast SEO plugin v14.9 - https:\/\/yoast.com\/wordpress\/plugins\/seo\/ -->\n<title>Contrat Engagement Jeune en 2025 : conditions, montants, d\u00e9marches<\/title>\n<meta name=\"description\" content=\"Le Contrat Engagement Jeune est un dispositif mis en place dans le cadre du plan &quot;1 jeune 1 solution&quot;. Mes-Allocs vous en dit plus.\" \/>\n<meta name=\"robots\" content=\"index, follow, max-snippet:-1, max-image-preview:large, max-video-preview:-1\" \/>\n<link rel=\"canonical\" href=\"https:\/\/www.mes-allocs.fr\/guides\/contrat-engagement-jeune\/\" \/>\n<meta property=\"og:locale\" content=\"fr_FR\" \/>\n<meta property=\"og:type\" content=\"article\" \/>\n<meta property=\"og:title\" content=\"Contrat Engagement Jeune en 2025 : conditions, montants, d\u00e9marches\" \/>\n<meta property=\"og:description\" content=\"Le Contrat Engagement Jeune est un dispositif mis en place dans le cadre du plan &quot;1 jeune 1 solution&quot;. Mes-Allocs vous en dit plus.\" \/>\n<meta property=\"og:url\" content=\"https:\/\/www.mes-allocs.fr\/guides\/contrat-engagement-jeune\/\" \/>\n<meta property=\"og:site_name\" content=\"Mes-Allocs.fr\" \/>\n<meta property=\"article:modified_time\" content=\"2026-01-22T09:51:03+00:00\" \/>\n<meta property=\"og:image\" content=\"https:\/\/www.mes-allocs.fr\/guides\/wp-content\/uploads\/2022\/03\/helena-lopes-UZe35tk5UoA-unsplash-1-scaled.jpg?wsr\" \/>\n\t<meta property=\"og:image:width\" content=\"2560\" \/>\n\t<meta property=\"og:image:height\" content=\"1707\" \/>\n<meta name=\"twitter:card\" content=\"summary_large_image\" \/>\n<script type=\"application\/ld+json\" class=\"yoast-schema-graph\">{\"@context\":\"https:\/\/schema.org\",\"@graph\":[{\"@type\":\"WebSite\",\"@id\":\"https:\/\/www.mes-allocs.fr\/guides\/#website\",\"url\":\"https:\/\/www.mes-allocs.fr\/guides\/\",\"name\":\"Mes-Allocs.fr\",\"description\":\"\",\"potentialAction\":[{\"@type\":\"SearchAction\",\"target\":\"https:\/\/www.mes-allocs.fr\/guides\/?s={search_term_string}\",\"query-input\":\"required name=search_term_string\"}],\"inLanguage\":\"fr-FR\"},{\"@type\":\"ImageObject\",\"@id\":\"https:\/\/www.mes-allocs.fr\/guides\/contrat-engagement-jeune\/#primaryimage\",\"inLanguage\":\"fr-FR\",\"url\":\"https:\/\/www.mes-allocs.fr\/guides\/wp-content\/uploads\/2022\/03\/helena-lopes-UZe35tk5UoA-unsplash-1-scaled.jpg?wsr\",\"width\":2560,\"height\":1707,\"caption\":\"contrat engagement jeune conditions\"},{\"@type\":\"WebPage\",\"@id\":\"https:\/\/www.mes-allocs.fr\/guides\/contrat-engagement-jeune\/#webpage\",\"url\":\"https:\/\/www.mes-allocs.fr\/guides\/contrat-engagement-jeune\/\",\"name\":\"Contrat Engagement Jeune en 2025 : conditions, montants, d\\u00e9marches\",\"isPartOf\":{\"@id\":\"https:\/\/www.mes-allocs.fr\/guides\/#website\"},\"primaryImageOfPage\":{\"@id\":\"https:\/\/www.mes-allocs.fr\/guides\/contrat-engagement-jeune\/#primaryimage\"},\"datePublished\":\"2022-03-11T17:23:01+00:00\",\"dateModified\":\"2026-01-22T09:51:03+00:00\",\"description\":\"Le Contrat Engagement Jeune est un dispositif mis en place dans le cadre du plan \\\"1 jeune 1 solution\\\". Mes-Allocs vous en dit plus.\",\"inLanguage\":\"fr-FR\"}]}<\/script>\n<!-- \/ Yoast SEO plugin. -->","amp_validity":null,"acf":{"faq":{"1":{"question":"Qu'est-ce que le contrat d'engagement ?","answer":"Le Contrat d'Engagement Jeune, qui remplace la Garantie Jeunes, est destin\u00e9 aux jeunes de 16 \u00e0 25 ans. Il s'agit de jeunes qui ne sont pas \u00e9tudiants, ne suivent pas de formations qualifiantes et pr\u00e9sentent des difficult\u00e9s d\u2019acc\u00e8s \u00e0 l\u2019emploi durable. Il peut s'agir de jeunes qui per\u00e7oivent l'allocation ch\u00f4mage.\u00a0"},"2":{"question":"Est-ce que la mission locale donne de l'argent ?","answer":"En compl\u00e9ment du Contrat d'Engagement Jeune, une allocation peut \u00eatre vers\u00e9e. Elle peut aller jusqu'\u00e0 552 euros par mois en fonction de l'\u00e2ge et des ressources du b\u00e9n\u00e9ficiaire.\u00a0"},"3":{"question":"Comment toucher de l'argent par la mission locale ?","answer":"Dans le cadre du Contrat Engagement Jeune, une allocation est vers\u00e9e aux jeunes avec des ressources faibles et qui \u00e9prouvent des difficult\u00e9s \u00e0 trouver un emploi durable. L\u2019aide financi\u00e8re peut s\u2019\u00e9lever \u00e0 552 \u20ac par mois, et est conditionn\u00e9e \u00e0 l\u2019assiduit\u00e9 et \u00e0 l\u2019engagement du jeune dans son parcours."},"4":{"question":"Comment obtenir les 500 \u20ac pour les jeunes ?","answer":"Le contrat d\u2019engagement jeune donne droit \u00e0 une allocation de 552\u20ac, en \u00e9change d\u2019un accompagnement intensif pour trouver un emploi durable."},"5":{"question":"Quelle aide pour les 18-25 ans ?","answer":"Le Contrat d'Engagement Jeune, qui remplace la Garantie Jeunes, est destin\u00e9 aux jeunes de 16 \u00e0 25 ans ou jusqu'\u00e0 29 ans r\u00e9volus lorsqu\u2019ils disposent d\u2019une reconnaissance de la qualit\u00e9 de travailleur handicap\u00e9. Il s'agit de jeunes qui ne sont pas \u00e9tudiants, ne suivent pas de formations qualifiantes et pr\u00e9sentent des difficult\u00e9s d\u2019acc\u00e8s \u00e0 l\u2019emploi durable. Il peut s'agir de jeunes qui per\u00e7oivent l'allocation ch\u00f4mage.\u00a0"},"6":{"question":"","answer":""},"7":{"question":"","answer":""},"8":{"question":"","answer":""},"9":{"question":"","answer":""},"10":{"question":"","answer":""},"11":{"question":"","answer":""},"12":{"question":"","answer":""},"13":{"question":"","answer":""},"14":{"question":"","answer":""},"15":{"question":"","answer":""},"16":{"question":"","answer":""}}},"_links":{"self":[{"href":"https:\/\/www.mes-allocs.fr\/guides\/wp-json\/wp\/v2\/pages\/46699","targetHints":{"allow":["GET"]}}],"collection":[{"href":"https:\/\/www.mes-allocs.fr\/guides\/wp-json\/wp\/v2\/pages"}],"about":[{"href":"https:\/\/www.mes-allocs.fr\/guides\/wp-json\/wp\/v2\/types\/page"}],"author":[{"embeddable":true,"href":"https:\/\/www.mes-allocs.fr\/guides\/wp-json\/wp\/v2\/users\/29"}],"replies":[{"embeddable":true,"href":"https:\/\/www.mes-allocs.fr\/guides\/wp-json\/wp\/v2\/comments?post=46699"}],"version-history":[{"count":13,"href":"https:\/\/www.mes-allocs.fr\/guides\/wp-json\/wp\/v2\/pages\/46699\/revisions"}],"predecessor-version":[{"id":88203,"href":"https:\/\/www.mes-allocs.fr\/guides\/wp-json\/wp\/v2\/pages\/46699\/revisions\/88203"}],"wp:featuredmedia":[{"embeddable":true,"href":"https:\/\/www.mes-allocs.fr\/guides\/wp-json\/wp\/v2\/media\/46707"}],"wp:attachment":[{"href":"https:\/\/www.mes-allocs.fr\/guides\/wp-json\/wp\/v2\/media?parent=46699"}],"curies":[{"name":"wp","href":"https:\/\/api.w.org\/{rel}","templated":true}]}}