{"id":40614,"date":"2021-11-15T20:52:31","date_gmt":"2021-11-15T18:52:31","guid":{"rendered":"https:\/\/www.mes-allocs.fr\/guides\/?page_id=40614"},"modified":"2026-01-22T10:43:45","modified_gmt":"2026-01-22T09:43:45","slug":"aide-aux-familles","status":"publish","type":"page","link":"https:\/\/www.mes-allocs.fr\/guides\/aide-aux-familles\/","title":{"rendered":"Tout savoir sur l&rsquo;aide aux familles"},"content":{"rendered":"<p><img loading=\"lazy\" decoding=\"async\" class=\"aligncenter wp-image-40644 size-full\" title=\"aide aux familles\" src=\"https:\/\/www.mes-allocs.fr\/guides\/wp-content\/uploads\/2021\/11\/Famille-1-1-e1636988497213.jpg\" alt=\"aide aux familles\" width=\"2400\" height=\"780\" srcset=\"https:\/\/www.mes-allocs.fr\/guides\/wp-content\/uploads\/2021\/11\/Famille-1-1-e1636988497213.jpg 2400w, https:\/\/www.mes-allocs.fr\/guides\/wp-content\/uploads\/2021\/11\/Famille-1-1-e1636988497213-300x98.jpg 300w, https:\/\/www.mes-allocs.fr\/guides\/wp-content\/uploads\/2021\/11\/Famille-1-1-e1636988497213-1024x333.jpg 1024w, https:\/\/www.mes-allocs.fr\/guides\/wp-content\/uploads\/2021\/11\/Famille-1-1-e1636988497213-768x250.jpg 768w, https:\/\/www.mes-allocs.fr\/guides\/wp-content\/uploads\/2021\/11\/Famille-1-1-e1636988497213-1536x499.jpg 1536w, https:\/\/www.mes-allocs.fr\/guides\/wp-content\/uploads\/2021\/11\/Famille-1-1-e1636988497213-2048x666.jpg 2048w, https:\/\/www.mes-allocs.fr\/guides\/wp-content\/uploads\/2021\/11\/Famille-1-1-e1636988497213-600x195.jpg 600w\" sizes=\"auto, (max-width: 2400px) 100vw, 2400px\" \/><\/p>\n<p style=\"text-align: justify;\"><strong>Afin de faire face aux divers \u00e9v\u00e9nements de la vie de famille, il existe des aides financi\u00e8res qui permettent de prendre en charge ces d\u00e9penses. Ces aides d\u00e9pendent de la situation familiale. Il existe en effet des aides pour les parents seuls, ou en couple avec un ou plusieurs enfants.\u00a0\u00a0<\/strong><\/p>\n<hr \/>\n<h1 style=\"text-align: justify;\">Les aides pour la naissance d&rsquo;un enfant<\/h1>\n<p style=\"text-align: justify;\">L&rsquo;arriv\u00e9e d&rsquo;un premier enfant a tendance \u00e0 modifier le budget d&rsquo;une famille. Il est donc possible d&rsquo;obtenir des aides financi\u00e8res lors de l&rsquo;arriv\u00e9e d&rsquo;un b\u00e9b\u00e9. Ces aides sont disponibles de la grossesse jusqu&rsquo;au moment de la naissance.<\/p>\n<h2 style=\"text-align: justify;\">La prime \u00e0 la naissance<\/h2>\n<p><img loading=\"lazy\" decoding=\"async\" class=\"alignleft wp-image-40686\" style=\"text-align: justify;\" title=\"aide aux familles\" src=\"https:\/\/www.mes-allocs.fr\/guides\/wp-content\/uploads\/2021\/11\/naissance-300x199.jpg\" alt=\"aide aux familles\" width=\"276\" height=\"183\" srcset=\"https:\/\/www.mes-allocs.fr\/guides\/wp-content\/uploads\/2021\/11\/naissance-300x199.jpg 300w, https:\/\/www.mes-allocs.fr\/guides\/wp-content\/uploads\/2021\/11\/naissance-1024x678.jpg 1024w, https:\/\/www.mes-allocs.fr\/guides\/wp-content\/uploads\/2021\/11\/naissance-768x509.jpg 768w, https:\/\/www.mes-allocs.fr\/guides\/wp-content\/uploads\/2021\/11\/naissance-1536x1017.jpg 1536w, https:\/\/www.mes-allocs.fr\/guides\/wp-content\/uploads\/2021\/11\/naissance-2048x1356.jpg 2048w, https:\/\/www.mes-allocs.fr\/guides\/wp-content\/uploads\/2021\/11\/naissance-600x397.jpg 600w\" sizes=\"auto, (max-width: 276px) 100vw, 276px\" \/><\/p>\n<p style=\"text-align: justify;\">La prime \u00e0 la naissance de la Prestation d&rsquo;Accueil du Jeune Enfant (PAJE) est une prime qui permet de pr\u00e9parer l&rsquo;arriv\u00e9e d&rsquo;un enfant. L&rsquo;attribution de la prime de naissance d\u00e9pend de vos ressources. Pour cela, ce sont les revenus de l&rsquo;ann\u00e9e N-2 qui sont comptabilis\u00e9s afin de d\u00e9terminer votre \u00e9ligibilit\u00e9.<\/p>\n<p style=\"text-align: justify;\">Si vous attendez des jumeaux ou des tripl\u00e9s, cette prime vous sera vers\u00e9e pour chaque enfant \u00e0 na\u00eetre.<\/p>\n<p style=\"text-align: justify;\">Afin d&rsquo;obtenir cette prime, il vous faudra fournir votre d\u00e9claration de grossesse \u00e0 la Caisse d&rsquo; Allocation Familiale<strong> lors des 6 premiers mois de votre grossesse<\/strong>.<\/p>\n\n<div class=\"wpdt-c row wpDataTableContainerSimpleTable wpDataTables wpDataTablesWrapper\n\"\n    >\n    <table id=\"wpdtSimpleTable-28\"\n           class=\"wpdtSimpleTable wpDataTable\"\n           data-column=\"3\"\n           data-rows=\"5\"\n           data-wpID=\"28\"\n           data-responsive=\"0\"\n           data-has-header=\"1\">\n\n                    <thead>        <tr class=\"wpdt-cell-row \" >\n                            <th class=\"wpdt-cell wpdt-bc-F3F9FE wpdt-bold\"\n                                    data-cell-id=\"A1\"\n                data-col-index=\"0\"\n                data-row-index=\"0\"\n                style=\" width:33.862433862434%;                padding:10px;\"\n                >\n                                Enfants au foyer (n\u00e9s ou \u00e0 na\u00eetre)                <\/th>\n                                            <th class=\"wpdt-cell wpdt-bc-F3F9FE wpdt-bold\"\n                                    data-cell-id=\"B1\"\n                data-col-index=\"1\"\n                data-row-index=\"0\"\n                style=\" width:32.275132275132%;                padding:10px;\"\n                >\n                                Couple avec un seul revenu d\u2019activit\u00e9                <\/th>\n                                            <th class=\"wpdt-cell wpdt-bc-F3F9FE wpdt-bold\"\n                                    data-cell-id=\"C1\"\n                data-col-index=\"2\"\n                data-row-index=\"0\"\n                style=\" width:33.862433862434%;                padding:10px;\"\n                >\n                                Parent isol\u00e9 ou couple avec deux revenus d'activit\u00e9                <\/th>\n                                        <\/tr>\n                    <tbody>        <tr class=\"wpdt-cell-row \" >\n                            <td class=\"wpdt-cell wpdt-bold\"\n                                    data-cell-id=\"A2\"\n                data-col-index=\"0\"\n                data-row-index=\"1\"\n                style=\"                padding:10px;\"\n                >\n                                1                <\/td>\n                                            <td class=\"wpdt-cell \"\n                                    data-cell-id=\"B2\"\n                data-col-index=\"1\"\n                data-row-index=\"1\"\n                style=\"                padding:10px;\"\n                >\n                                37 118 \u20ac                <\/td>\n                                            <td class=\"wpdt-cell \"\n                                    data-cell-id=\"C2\"\n                data-col-index=\"2\"\n                data-row-index=\"1\"\n                style=\"                padding:10px;\"\n                >\n                                49 054 \u20ac                <\/td>\n                                        <\/tr>\n                            <tr class=\"wpdt-cell-row \" >\n                            <td class=\"wpdt-cell wpdt-bold\"\n                                    data-cell-id=\"A3\"\n                data-col-index=\"0\"\n                data-row-index=\"2\"\n                style=\"                padding:10px;\"\n                >\n                                2                <\/td>\n                                            <td class=\"wpdt-cell \"\n                                    data-cell-id=\"B3\"\n                data-col-index=\"1\"\n                data-row-index=\"2\"\n                style=\"                padding:10px;\"\n                >\n                                44 542 \u20ac                <\/td>\n                                            <td class=\"wpdt-cell \"\n                                    data-cell-id=\"C3\"\n                data-col-index=\"2\"\n                data-row-index=\"2\"\n                style=\"                padding:10px;\"\n                >\n                                56 478 \u20ac                <\/td>\n                                        <\/tr>\n                            <tr class=\"wpdt-cell-row \" style=\"height:46px;\">\n                            <td class=\"wpdt-cell wpdt-bold\"\n                                    data-cell-id=\"A4\"\n                data-col-index=\"0\"\n                data-row-index=\"3\"\n                style=\"                padding:10px;\"\n                >\n                                3                <\/td>\n                                            <td class=\"wpdt-cell \"\n                                    data-cell-id=\"B4\"\n                data-col-index=\"1\"\n                data-row-index=\"3\"\n                style=\"                padding:10px;\"\n                >\n                                53 450 \u20ac                <\/td>\n                                            <td class=\"wpdt-cell \"\n                                    data-cell-id=\"C4\"\n                data-col-index=\"2\"\n                data-row-index=\"3\"\n                style=\"                padding:10px;\"\n                >\n                                65 386 \u20ac                <\/td>\n                                        <\/tr>\n                            <tr class=\"wpdt-cell-row \" >\n                            <td class=\"wpdt-cell wpdt-bold\"\n                                    data-cell-id=\"A5\"\n                data-col-index=\"0\"\n                data-row-index=\"4\"\n                style=\"                padding:10px;\"\n                >\n                                Par enfant en plus                <\/td>\n                                            <td class=\"wpdt-cell  wpdt-merged-cell \"\n                 colspan=\"2\"  rowspan=\"1\"                 data-cell-id=\"B5\"\n                data-col-index=\"1\"\n                data-row-index=\"4\"\n                style=\"                padding:10px;\"\n                >\n                                + 8 908 \u20ac                <\/td>\n                                                    <\/tr>\n                    <\/table>\n<\/div><style id='wpdt-custom-style-28'>\ntable#wpdtSimpleTable-28{ table-layout: fixed !important; }\ntable#wpdtSimpleTable-28 td, table.wpdtSimpleTable28 th { white-space: normal !important; }\n.wpdt-bc-F3F9FE { background-color: #F3F9FE !important;}\n<\/style>\n\n<h2 style=\"text-align: justify;\">Les cong\u00e9s maternit\u00e9 et paternit\u00e9<\/h2>\n<h3 style=\"text-align: justify;\">Le cong\u00e9 maternit\u00e9<\/h3>\n<p style=\"text-align: justify;\">A la suite de la naissance d&rsquo;un enfant, des semaines de repos sont accord\u00e9es \u00e0 toutes les femmes salari\u00e9es avant et apr\u00e8s l&rsquo;accouchement.\u00a0 La dur\u00e9e de ce cong\u00e9 va d\u00e9pendre du nombre d&rsquo;enfants qui vivent dans le foyer familial, et du nombre de naissances attendues. La femme salari\u00e9e peut alors suspendre son contrat de travail pendant une dur\u00e9e fix\u00e9e.<\/p>\n<p><span data-sheets-value=\"{&quot;1&quot;:2,&quot;2&quot;:&quot;\n&lt;div class=&quot;wpdt-c row wpDataTableContainerSimpleTable wpDataTables wpDataTablesWrapper\n&quot;\n    &gt;\n    &lt;table id=&quot;wpdtSimpleTable-21&quot;\n           class=&quot;wpdtSimpleTable wpDataTable&quot;\n           data-column=&quot;2&quot;\n           data-rows=&quot;5&quot;\n           data-wpID=&quot;21&quot;\n           data-responsive=&quot;0&quot;\n           data-has-header=&quot;0&quot;&gt;\n\n                    &lt;tbody&gt;        &lt;tr class=&quot;wpdt-cell-row &quot; &gt;\n                            &lt;td class=&quot;wpdt-cell wpdt-bc-F3F9FE&quot;\n                                    data-cell-id=&quot;A1&quot;\n                data-col-index=&quot;0&quot;\n                data-row-index=&quot;0&quot;\n                style=&quot; width:48.571428571429%;                padding:10px;&quot;\n                &gt;\n                                Situation de l&#039;enfant \u00e0 votre charge                &lt;\/td&gt;\n                                            &lt;td class=&quot;wpdt-cell wpdt-bc-F3F9FE&quot;\n                                    data-cell-id=&quot;B1&quot;\n                data-col-index=&quot;1&quot;\n                data-row-index=&quot;0&quot;\n                style=&quot; width:51.428571428571%;                padding:10px;&quot;\n                &gt;\n                                Montant ASF                &lt;\/td&gt;\n                                        &lt;\/tr&gt;\n                            &lt;tr class=&quot;wpdt-cell-row &quot; &gt;\n                            &lt;td class=&quot;wpdt-cell &quot;\n                                    data-cell-id=&quot;A2&quot;\n                data-col-index=&quot;0&quot;\n                data-row-index=&quot;1&quot;\n                style=&quot;                padding:10px;&quot;\n                &gt;\n                                Enfant aux parents s\u00e9par\u00e9s                &lt;\/td&gt;\n                                            &lt;td class=&quot;wpdt-cell &quot;\n                                    data-cell-id=&quot;B2&quot;\n                data-col-index=&quot;1&quot;\n                data-row-index=&quot;1&quot;\n                style=&quot;                padding:10px;&quot;\n                &gt;\n                                195,85 \u20ac                &lt;\/td&gt;\n                                        &lt;\/tr&gt;\n                            &lt;tr class=&quot;wpdt-cell-row &quot; &gt;\n                            &lt;td class=&quot;wpdt-cell &quot;\n                                    data-cell-id=&quot;A3&quot;\n                data-col-index=&quot;0&quot;\n                data-row-index=&quot;2&quot;\n                style=&quot;                padding:10px;&quot;\n                &gt;\n                                Enfant orphelin d&#039;un de ses parents                &lt;\/td&gt;\n                                            &lt;td class=&quot;wpdt-cell &quot;\n                                    data-cell-id=&quot;B3&quot;\n                data-col-index=&quot;1&quot;\n                data-row-index=&quot;2&quot;\n                style=&quot;                padding:10px;&quot;\n                &gt;\n                                195,85 \u20ac                &lt;\/td&gt;\n                                        &lt;\/tr&gt;\n                            &lt;tr class=&quot;wpdt-cell-row &quot; &gt;\n                            &lt;td class=&quot;wpdt-cell &quot;\n                                    data-cell-id=&quot;A4&quot;\n                data-col-index=&quot;0&quot;\n                data-row-index=&quot;3&quot;\n                style=&quot;                padding:10px;&quot;\n                &gt;\n                                Enfant non reconnu par un de ses parents                &lt;\/td&gt;\n                                            &lt;td class=&quot;wpdt-cell &quot;\n                                    data-cell-id=&quot;B4&quot;\n                data-col-index=&quot;1&quot;\n                data-row-index=&quot;3&quot;\n                style=&quot;                padding:10px;&quot;\n                &gt;\n                                195,85 \u20ac                &lt;\/td&gt;\n                                        &lt;\/tr&gt;\n                            &lt;tr class=&quot;wpdt-cell-row &quot; &gt;\n                            &lt;td class=&quot;wpdt-cell &quot;\n                                    data-cell-id=&quot;A5&quot;\n                data-col-index=&quot;0&quot;\n                data-row-index=&quot;4&quot;\n                style=&quot;                padding:10px;&quot;\n                &gt;\n                                Enfant recueilli, orphelin de ses deux parent                &lt;\/td&gt;\n                                            &lt;td class=&quot;wpdt-cell &quot;\n                                    data-cell-id=&quot;B5&quot;\n                data-col-index=&quot;1&quot;\n                data-row-index=&quot;4&quot;\n                style=&quot;                padding:10px;&quot;\n                &gt;\n                                261,07 \u20ac                &lt;\/td&gt;\n                                        &lt;\/tr&gt;\n                    &lt;\/table&gt;\n&lt;\/div&gt;&lt;style id=&#039;wpdt-custom-style-21&#039;&gt;\ntable#wpdtSimpleTable-21{ table-layout: fixed !important; }\n.wpdt-bc-F3F9FE { background-color: #F3F9FE !important;}\n&lt;\/style&gt;\n&quot;}\" data-sheets-userformat=\"{&quot;2&quot;:513,&quot;3&quot;:{&quot;1&quot;:0},&quot;12&quot;:0}\">\n<div class=\"wpdt-c row wpDataTableContainerSimpleTable wpDataTables wpDataTablesWrapper\n\"\n    >\n    <table id=\"wpdtSimpleTable-30\"\n           class=\"wpdtSimpleTable wpDataTable\"\n           data-column=\"4\"\n           data-rows=\"5\"\n           data-wpID=\"30\"\n           data-responsive=\"0\"\n           data-has-header=\"1\">\n\n                    <thead>        <tr class=\"wpdt-cell-row \" >\n                            <th class=\"wpdt-cell wpdt-bc-F3F9FE wpdt-bold wpdt-empty-cell \"\n                                    data-cell-id=\"A1\"\n                data-col-index=\"0\"\n                data-row-index=\"0\"\n                style=\" width:26.917293233083%;                padding:10px;\"\n                >\n                                                <\/th>\n                                            <th class=\"wpdt-cell wpdt-bc-F3F9FE wpdt-bold\"\n                                    data-cell-id=\"B1\"\n                data-col-index=\"1\"\n                data-row-index=\"0\"\n                style=\" width:22.706766917293%;                padding:10px;\"\n                >\n                                Avant l\u2019accouchement\n(cong\u00e9 pr\u00e9natal)                <\/th>\n                                            <th class=\"wpdt-cell wpdt-bc-F3F9FE wpdt-bold\"\n                                    data-cell-id=\"C1\"\n                data-col-index=\"2\"\n                data-row-index=\"0\"\n                style=\" width:28.421052631579%;                padding:10px;\"\n                >\n                                Apr\u00e8s l\u2019accouchement\n(cong\u00e9 postnatal)                <\/th>\n                                            <th class=\"wpdt-cell wpdt-bc-F3F9FE wpdt-bold\"\n                                    data-cell-id=\"D1\"\n                data-col-index=\"3\"\n                data-row-index=\"0\"\n                style=\" width:21.954887218045%;                padding:10px;\"\n                >\n                                Total                <\/th>\n                                        <\/tr>\n                    <tbody>        <tr class=\"wpdt-cell-row \" >\n                            <td class=\"wpdt-cell wpdt-bold\"\n                                    data-cell-id=\"A2\"\n                data-col-index=\"0\"\n                data-row-index=\"1\"\n                style=\"                padding:10px;\"\n                >\n                                1\u00e8re ou 2\u00e8me naissance                <\/td>\n                                            <td class=\"wpdt-cell \"\n                                    data-cell-id=\"B2\"\n                data-col-index=\"1\"\n                data-row-index=\"1\"\n                style=\"                padding:10px;\"\n                >\n                                6 semaines                <\/td>\n                                            <td class=\"wpdt-cell \"\n                                    data-cell-id=\"C2\"\n                data-col-index=\"2\"\n                data-row-index=\"1\"\n                style=\"                padding:10px;\"\n                >\n                                10 semaines                <\/td>\n                                            <td class=\"wpdt-cell \"\n                                    data-cell-id=\"D2\"\n                data-col-index=\"3\"\n                data-row-index=\"1\"\n                style=\"                padding:10px;\"\n                >\n                                16 semaines                <\/td>\n                                        <\/tr>\n                            <tr class=\"wpdt-cell-row \" >\n                            <td class=\"wpdt-cell wpdt-bold\"\n                                    data-cell-id=\"A3\"\n                data-col-index=\"0\"\n                data-row-index=\"2\"\n                style=\"                padding:10px;\"\n                >\n                                3 \u00e8me naissance                <\/td>\n                                            <td class=\"wpdt-cell \"\n                                    data-cell-id=\"B3\"\n                data-col-index=\"1\"\n                data-row-index=\"2\"\n                style=\"                padding:10px;\"\n                >\n                                8 semaines                <\/td>\n                                            <td class=\"wpdt-cell \"\n                                    data-cell-id=\"C3\"\n                data-col-index=\"2\"\n                data-row-index=\"2\"\n                style=\"                padding:10px;\"\n                >\n                                18 semaines                <\/td>\n                                            <td class=\"wpdt-cell \"\n                                    data-cell-id=\"D3\"\n                data-col-index=\"3\"\n                data-row-index=\"2\"\n                style=\"                padding:10px;\"\n                >\n                                26 semaines                <\/td>\n                                        <\/tr>\n                            <tr class=\"wpdt-cell-row \" >\n                            <td class=\"wpdt-cell wpdt-bold\"\n                                    data-cell-id=\"A4\"\n                data-col-index=\"0\"\n                data-row-index=\"3\"\n                style=\"                padding:10px;\"\n                >\n                                Naissance de jumeaux                <\/td>\n                                            <td class=\"wpdt-cell \"\n                                    data-cell-id=\"B4\"\n                data-col-index=\"1\"\n                data-row-index=\"3\"\n                style=\"                padding:10px;\"\n                >\n                                12 semaines                <\/td>\n                                            <td class=\"wpdt-cell \"\n                                    data-cell-id=\"C4\"\n                data-col-index=\"2\"\n                data-row-index=\"3\"\n                style=\"                padding:10px;\"\n                >\n                                22 semaines                <\/td>\n                                            <td class=\"wpdt-cell \"\n                                    data-cell-id=\"D4\"\n                data-col-index=\"3\"\n                data-row-index=\"3\"\n                style=\"                padding:10px;\"\n                >\n                                34 semaines                <\/td>\n                                        <\/tr>\n                            <tr class=\"wpdt-cell-row \" >\n                            <td class=\"wpdt-cell wpdt-bold\"\n                                    data-cell-id=\"A5\"\n                data-col-index=\"0\"\n                data-row-index=\"4\"\n                style=\"                padding:10px;\"\n                >\n                                Naissance simultan\u00e9e de plus de deux enfants                <\/td>\n                                            <td class=\"wpdt-cell \"\n                                    data-cell-id=\"B5\"\n                data-col-index=\"1\"\n                data-row-index=\"4\"\n                style=\"                padding:10px;\"\n                >\n                                24 semaines                <\/td>\n                                            <td class=\"wpdt-cell \"\n                                    data-cell-id=\"C5\"\n                data-col-index=\"2\"\n                data-row-index=\"4\"\n                style=\"                padding:10px;\"\n                >\n                                22 semaines                <\/td>\n                                            <td class=\"wpdt-cell \"\n                                    data-cell-id=\"D5\"\n                data-col-index=\"3\"\n                data-row-index=\"4\"\n                style=\"                padding:10px;\"\n                >\n                                46 semaines                <\/td>\n                                        <\/tr>\n                    <\/table>\n<\/div><style id='wpdt-custom-style-30'>\ntable#wpdtSimpleTable-30{ table-layout: fixed !important; }\ntable#wpdtSimpleTable-30 td, table.wpdtSimpleTable30 th { white-space: normal !important; }\n.wpdt-bc-F3F9FE { background-color: #F3F9FE !important;}\n<\/style>\n<\/span><\/p>\n<h3 style=\"text-align: justify;\">Le cong\u00e9 paternit\u00e9<\/h3>\n<p style=\"text-align: justify;\">Lors de l&rsquo;arriv\u00e9e d&rsquo;un enfant dans le foyer, il est possible pour le p\u00e8re de prendre un cong\u00e9 dans les 6 mois suivants la naissance de l&rsquo;enfant. Ce cong\u00e9 paternit\u00e9 est de 25 jours. Ce cong\u00e9 paternit\u00e9 n&rsquo;est pas r\u00e9serv\u00e9 au p\u00e8re biologique de l&rsquo;enfant.<\/p>\n<p>En plus, s&rsquo;ajoutent 3 jours (cong\u00e9 de naissance)<\/p>\n<h2 style=\"text-align: justify;\">Les allocations familiales<\/h2>\n<p style=\"text-align: justify;\">Les allocations familiales sont vers\u00e9es aux personnes qui ont au moins 2 enfants de moins de 20 ans \u00e0 charge. Le montant des prestations varie selon les ressources, le nombre d&rsquo;enfants \u00e0 charge dans la famille et de leur \u00e2ge. Les allocations sont vers\u00e9es tous les mois.<\/p>\n<h2 style=\"text-align: justify;\">Le compl\u00e9ment familial<\/h2>\n<p style=\"text-align: justify;\">Ce compl\u00e9ment peut vous \u00eatre vers\u00e9 si vous assumez la charge d&rsquo;au moins 3 enfants, \u00e2g\u00e9s de plus de 3 ans et de moins de 21 ans. Il n&rsquo;y a pas de d\u00e9marche \u00e0 faire pour l&rsquo;obtenir. Le montant de ce compl\u00e9ment varie selon les revenus, mais il ne varie pas que vous ayez 3 enfants ou plus.<\/p>\n<h2>Le Compl\u00e9ment du Libre Choix de Mode de Garde (CMG)<\/h2>\n<p style=\"text-align: justify;\">Ce compl\u00e9ment CMG de la CAF ou de la MSA permet aux parents d&rsquo;obtenir une aide financi\u00e8re \u00e0 la garde pour les enfants de moins de 6 ans. Cette aide permet aux parents de reprendre une activit\u00e9 professionnelle. Ce compl\u00e9ment fait partie de l\u2019ensemble d\u2019aides PAJE con\u00e7u comme <strong>soutien \u00e0 la parentalit\u00e9<\/strong> lors de l\u2019accueil du nouveau-n\u00e9.<\/p>\n<p style=\"text-align: justify;\">Le CMG permet la prise en charge partielle des frais de garde lors de l\u2019embauche d\u2019une assistante maternelle agr\u00e9\u00e9e, d\u2019une garde \u00e0 domicile ou d\u2019une cr\u00e8che.<\/p>\n<p>Le montant de ce compl\u00e9ment d\u00e9pend des ressources du foyer, du nombre d&rsquo;enfants \u00e0 charge pour la famille, et de l&rsquo;\u00e2ge de ces enfants.<\/p>\n<div class='cta-block'><div class='text'>Simulez toutes vos Aides en 2 min.<\/div><a href='https:\/\/www.mes-allocs.fr\/ab-app?origin=guides\/wp-json\/wp\/v2\/pages\/40614' class='app-button fit'>Simulation gratuite<\/a><\/div>\n<h1 style=\"text-align: justify;\">Les aides financi\u00e8res pour la scolarit\u00e9<\/h1>\n<p><img loading=\"lazy\" decoding=\"async\" class=\"alignright wp-image-40683\" style=\"font-size: 16px;\" title=\"aide aux familles\" src=\"https:\/\/www.mes-allocs.fr\/guides\/wp-content\/uploads\/2021\/11\/ecole-300x269.jpg\" alt=\"aide aux familles\" width=\"364\" height=\"326\" \/><\/p>\n<h2 style=\"text-align: left;\">L&rsquo;allocation de rentr\u00e9e scolaire<\/h2>\n<p style=\"text-align: justify;\">L\u2019<a href=\"https:\/\/www.mes-allocs.fr\/guides\/allocations-familiales\/allocation-rentree-scolaire\/\">allocation de rentr\u00e9e scolaire<\/a> (ARS) permet d\u2019aider les familles \u00e0 financer les d\u00e9penses li\u00e9es au co\u00fbt de la rentr\u00e9e scolaire. Elle est vers\u00e9e sous conditions de ressources et son montant d\u00e9pend de l\u2019\u00e2ge du ou des enfants.<\/p>\n<p><em>Si vous avez 4 enfants ayant 5\u00a0 ans, 9 ans, 17 ans et 18 ans, et que le revenu annuel de votre m\u00e9nage est de 43 000 \u20ac, vous b\u00e9n\u00e9ficierez d&rsquo;une allocation de rentr\u00e9e scolaire seulement pour vos 3 enfants car le plafond \u00e0 ne pas d\u00e9passer est 48 136\u20ac mais que seuls les enfants \u00e2g\u00e9s de 6 ans ou plus sont \u00e9ligibles. Le montant total de l&rsquo;ARS sera de 1348,18\u20ac.\u00a0<\/em><\/p>\n<h2>Les aides \u00e0 la cantine<\/h2>\n<p>Les parents ayant des enfants scolaris\u00e9s de la primaire jusqu&rsquo;au lyc\u00e9e peuvent b\u00e9n\u00e9ficier d\u2019une aide financi\u00e8re de la commune, du d\u00e9partement ou de la r\u00e9gion afin de payer les factures de cantine. Ces aides ont pour but d&rsquo;aider les familles poss\u00e9dant des revenus modestes \u00e0 assumer les d\u00e9penses occasionn\u00e9es par la scolarit\u00e9 d&rsquo;un enfant.<\/p>\n<p>Ces aides se dirigent principalement vers les parents des \u00e9l\u00e8ves scolaris\u00e9s dans le secteur public. Certains \u00e9tablissements du secteur priv\u00e9 peuvent eux aussi b\u00e9n\u00e9ficier de subventions municipales.<\/p>\n<h2 style=\"text-align: justify;\">La bourse pour le coll\u00e8ge<\/h2>\n<p style=\"text-align: justify;\">La bourse des coll\u00e8ges est une aide financi\u00e8re accord\u00e9e d\u00e8s lors que votre ou vos enfants rentrent en 6\u00e8me. Afin d&rsquo;en b\u00e9n\u00e9ficier, des plafonds de ressources doivent \u00eatre respect\u00e9s sur l&rsquo;ann\u00e9e N-2.\u00a0 Son montant trimestriel peut varier de 38 \u20ac, 105 \u20ac ou 165 \u20ac. La demande doit \u00eatre renouvel\u00e9e chaque ann\u00e9e.<\/p>\n<p><iframe loading=\"lazy\" title=\"Tout Savoir sur les Allocations Familiales !\" width=\"500\" height=\"281\" src=\"https:\/\/www.youtube.com\/embed\/XEX_FdLLYMo?feature=oembed\" frameborder=\"0\" allow=\"accelerometer; autoplay; clipboard-write; encrypted-media; gyroscope; picture-in-picture; web-share\" referrerpolicy=\"strict-origin-when-cross-origin\" allowfullscreen><\/iframe><\/p>\n<h2 style=\"text-align: justify;\">La bourse lyc\u00e9enne<\/h2>\n<p style=\"text-align: justify;\">Sur le m\u00eame principe que la bourse pour le coll\u00e8ge, vous pouvez pr\u00e9tendre \u00e0 une bourse si l&rsquo;un de vos enfants entre en Seconde. Son versement se fait par trimestre et son montant varie selon le niveau de ressources et la composition du foyer familial. La demande de bourse doit se faire en ligne ou \u00e0 l&rsquo;aide d&rsquo;un formulaire selon le type d&rsquo;\u00e9tablissement.<\/p>\n<h2>La bourse \u00e9tudiante sur crit\u00e8res sociaux<\/h2>\n<p class=\"amp-wp-7d27179\" data-amp-original-style=\"text-align: justify;\">Cette bourse est une aide financi\u00e8re vers\u00e9e \u00e0 l\u2019\u00e9tudiant ayant pour objectif d\u2019am\u00e9liorer ses conditions de vie dans le cadre de ses \u00e9tudes. Cette bourse est attribu\u00e9e en fonction des ressources de la famille du demandeur, mais aussi sur des crit\u00e8res d&rsquo;\u00e2ge, des conditions li\u00e9es aux \u00e9tudes et les dipl\u00f4mes.<\/p>\n<p class=\"amp-wp-7d27179\" data-amp-original-style=\"text-align: justify;\">La demande de bourse doit se faire par le biais du Dossier Social \u00c9tudiant sur internet. C&rsquo;est le seul moyen de faire sa demande, et il doit \u00eatre rempli de nouveau chaque ann\u00e9e. Le montant de la bourse est calcul\u00e9 selon les ressources de la famille du demandeur, ou du demandeur lui-m\u00eame, de la composition du foyer, et de la distance entre son lieu de domicile et son lieu d&rsquo;\u00e9tudes.<\/p>\n<h2 style=\"text-align: justify;\">Les bourses au m\u00e9rite<\/h2>\n<p><img loading=\"lazy\" decoding=\"async\" class=\"alignright wp-image-40680\" title=\"bourses au m\u00e9rite\" src=\"https:\/\/www.mes-allocs.fr\/guides\/wp-content\/uploads\/2021\/11\/Bourse-au-merite-1024x683.jpg\" alt=\"bourses au m\u00e9rite\" width=\"416\" height=\"277\" srcset=\"https:\/\/www.mes-allocs.fr\/guides\/wp-content\/uploads\/2021\/11\/Bourse-au-merite-1024x683.jpg 1024w, https:\/\/www.mes-allocs.fr\/guides\/wp-content\/uploads\/2021\/11\/Bourse-au-merite-300x200.jpg 300w, https:\/\/www.mes-allocs.fr\/guides\/wp-content\/uploads\/2021\/11\/Bourse-au-merite-768x512.jpg 768w, https:\/\/www.mes-allocs.fr\/guides\/wp-content\/uploads\/2021\/11\/Bourse-au-merite-1536x1024.jpg 1536w, https:\/\/www.mes-allocs.fr\/guides\/wp-content\/uploads\/2021\/11\/Bourse-au-merite-2048x1366.jpg 2048w, https:\/\/www.mes-allocs.fr\/guides\/wp-content\/uploads\/2021\/11\/Bourse-au-merite-600x400.jpg 600w\" sizes=\"auto, (max-width: 416px) 100vw, 416px\" \/><\/p>\n<p style=\"text-align: justify;\">Cette bourse au m\u00e9rite est une aide vers\u00e9e en accompagnement de la bourse des lyc\u00e9es ou de la bourse \u00e9tudiante. Cette bourse est accessible aux \u00e9tudiants qui ont obtenu des mentions \u00e0 leurs examens (brevet ou baccalaur\u00e9at).<\/p>\n<p style=\"text-align: justify;\"><span style=\"text-align: justify;\">Pour la bourse du m\u00e9rite suite au brevet, l&rsquo;\u00e9l\u00e8ve devra avoir obtenu une mention <\/span><em style=\"text-align: justify;\">bien<\/em><span style=\"text-align: justify;\"> ou <\/span><em style=\"text-align: justify;\">tr\u00e8s bien<\/em><span style=\"text-align: justify;\"> au Brevet des Coll\u00e8ges. Il devra \u00e9galement \u00eatre \u00e9ligible \u00e0 la bourse des lyc\u00e9es.<\/span><\/p>\n<p style=\"text-align: justify;\">Concernant la prime au m\u00e9rite pour les \u00e9tudiants, elle est vers\u00e9e aux \u00e9l\u00e8ves qui ont obtenu une mention\u00a0<em>tr\u00e8s bien<\/em> au Baccalaur\u00e9at. De plus, ils devront \u00eatre inscrits dans un \u00e9tablissement de formation sup\u00e9rieure et \u00eatre b\u00e9n\u00e9ficiaires de la Bourse du Crous. Le montant de cette aide est de 900 euros pour tous les \u00e9l\u00e8ves qui r\u00e9unissent les conditions \u00e9voqu\u00e9es pr\u00e9c\u00e9demment.<\/p>\n<p style=\"text-align: justify;\">Les \u00e9l\u00e8ves b\u00e9n\u00e9ficiaires de cette bourse s\u2019engagent \u00e9galement \u00e0 la poursuite assidue de leurs \u00e9tudes. Ils s&rsquo;engagent \u00e9galement \u00e0 obtenir de bons r\u00e9sultats scolaires. Un non-respect d&rsquo;une de ces conditions entra\u00eene une suspension du versement de l\u2019aide, voire un remboursement de l\u2019int\u00e9gralit\u00e9 des sommes vers\u00e9es.<\/p>\n<div class='cta-block'><div class='text'>Simulez toutes vos Aides en 2 min.<\/div><a href='https:\/\/www.mes-allocs.fr\/ab-app?origin=guides\/wp-json\/wp\/v2\/pages\/40614' class='app-button fit'>Simulation gratuite<\/a><\/div>\n<h1 style=\"text-align: justify;\">Les aides pour les parents d&rsquo;enfants malades ou handicap\u00e9s<\/h1>\n<p>Les frais concernant les enfants peuvent aussi \u00eatre en rapport avec la sant\u00e9 et des aides existent alors dans le cadre de la pr\u00e9vention.<\/p>\n<p>D&rsquo;autres aides ont aussi \u00e9t\u00e9 mises en place pour les familles dont l&rsquo;enfant souffre de handicap, d&rsquo;une maladie grave, ou a \u00e9t\u00e9 victime d&rsquo;un accident. L&rsquo;objectif est de permettre au parent de rester aupr\u00e8s de l&rsquo;enfant durant cette p\u00e9riode tout en recevant une aide financi\u00e8re.<\/p>\n<h2>Le Bilan de Sant\u00e9 M&rsquo;T Dents<\/h2>\n<p>Depuis le 1er avril 2025, le dispositif <strong>M&rsquo;T dents<\/strong> a \u00e9t\u00e9 revu pour offrir un suivi bucco-dentaire plus r\u00e9gulier aux jeunes.<\/p>\n<p class=\"\" data-start=\"176\" data-end=\"560\">Au lieu d\u2019un rendez-vous tous les trois ans, les <strong data-start=\"373\" data-end=\"416\">enfants et jeunes adultes de 3 \u00e0 24 ans<\/strong> peuvent d\u00e9sormais b\u00e9n\u00e9ficier <strong data-start=\"446\" data-end=\"462\">chaque ann\u00e9e<\/strong> d\u2019un <strong data-start=\"468\" data-end=\"505\">contr\u00f4le gratuit chez le dentiste<\/strong>, enti\u00e8rement pris en charge, <strong data-start=\"535\" data-end=\"559\">sans avance de frais<\/strong>.<\/p>\n<p class=\"\" data-start=\"562\" data-end=\"945\">L\u2019invitation au rendez-vous est envoy\u00e9e par <strong data-start=\"606\" data-end=\"642\">mail au moment de l\u2019anniversaire<\/strong>, avec un <strong data-start=\"652\" data-end=\"686\">courrier postal compl\u00e9mentaire<\/strong> \u00e0 certains \u00e2ges cl\u00e9s (3, 6, 12 et 18 ans). Contrairement \u00e0 l\u2019ancien dispositif, il n\u2019est plus n\u00e9cessaire de pr\u00e9senter un bon de prise en charge : il suffit d\u2019apporter sa <strong data-start=\"857\" data-end=\"873\">carte Vitale<\/strong>, son <strong data-start=\"879\" data-end=\"898\">carnet de sant\u00e9<\/strong> et sa <strong data-start=\"905\" data-end=\"929\">compl\u00e9mentaire sant\u00e9<\/strong> si on en a une.<\/p>\n<p class=\"\" data-start=\"947\" data-end=\"1225\">La consultation comprend un <strong data-start=\"975\" data-end=\"992\">bilan complet<\/strong>, des conseils d\u2019<strong data-start=\"1009\" data-end=\"1029\">hygi\u00e8ne dentaire<\/strong>, la d\u00e9tection de certains <strong data-start=\"1056\" data-end=\"1078\">facteurs de risque<\/strong> (comme le sucre ou le tabac), et si besoin, un <strong data-start=\"1126\" data-end=\"1148\">programme de soins<\/strong> \u00e0 r\u00e9aliser dans les <strong data-start=\"1169\" data-end=\"1179\">6 mois<\/strong>. Ces soins sont \u00e9galement rembours\u00e9s \u00e0 100 %.<\/p>\n<h2>L&rsquo;allocation Journali\u00e8re de Proche aidant (AJPA)<\/h2>\n<p class=\"amp-wp-7d27179\" data-amp-original-style=\"text-align: justify;\">L\u2019AJPA vous permet de conserver un revenu si vous devez prendre un cong\u00e9 afin de vous occuper d\u2019un proche en perte d\u2019autonomie ou en situation de handicap.<\/p>\n<p data-amp-original-style=\"text-align: justify;\">Pour b\u00e9n\u00e9ficier de cette allocation, il faut cependant remplir plusieurs conditions.<\/p>\n<p data-amp-original-style=\"text-align: justify;\">Si vous \u00eates le proche aidant, il faut :<\/p>\n<ul>\n<li class=\"amp-wp-7d27179\" data-amp-original-style=\"text-align: justify;\">\u00eatre un parent proche (ascendant, descendant ou tout autre), \u00eatre en couple avec le proche concern\u00e9, ou r\u00e9sider avec une personne \u00e2g\u00e9e ou handicap\u00e9e que vous aidez r\u00e9guli\u00e8rement<\/li>\n<li class=\"amp-wp-7d27179\" data-amp-original-style=\"text-align: justify;\"><span class=\"amp-wp-cc68ddc\" data-amp-original-style=\"color: #ff0000;\">R\u00e9sider sur le territoire fran\u00e7ais\u00a0<\/span>de mani\u00e8re stable et r\u00e9guli\u00e8re<\/li>\n<li data-amp-original-style=\"text-align: justify;\">\u00eatre salari\u00e9(e) dans le public ou le priv\u00e9\u00a0ayant demand\u00e9\u00a0un cong\u00e9 proche aidant, travailleur\u00a0ind\u00e9pendant,\u00a0stagiaire\u00a0de la formation professionnelle r\u00e9mun\u00e9r\u00e9e,\u00a0demandeur d\u2019emploi\u00a0indemnis\u00e9,\u00a0VRP, ou\u00a0salari\u00e9 d\u2019un particulier employeur<\/li>\n<li class=\"amp-wp-7d27179\" data-amp-original-style=\"text-align: justify;\"><span class=\"amp-wp-cc68ddc\" data-amp-original-style=\"color: #ff0000;\">Avoir r\u00e9duit ou cess\u00e9 votre activit\u00e9\u00a0<\/span>pour vous consacrer \u00e0 aider la personne proche concern\u00e9e<\/li>\n<li>Ne pas avoir per\u00e7u la totalit\u00e9 des 66 allocations journali\u00e8res lors de votre carri\u00e8re professionnelle<\/li>\n<li class=\"amp-wp-7d27179\" data-amp-original-style=\"text-align: justify;\"><span class=\"amp-wp-cc68ddc\" data-amp-original-style=\"color: #ff0000;\">Ne pas percevoir de r\u00e9mun\u00e9ration<\/span>\u00a0de la part de la personne proche concern\u00e9e au titre de\u00a0l\u2019APA\u00a0ou de\u00a0la PCH (Prestation de Compensation du Handicap)<\/li>\n<li><span class=\"amp-wp-cc68ddc\" data-amp-original-style=\"color: #ff0000;\">Ne pas \u00eatre b\u00e9n\u00e9ficiaire d\u2019une des aides suivantes :<\/span>\n<ul class=\"list-1\">\n<li>Indemnit\u00e9s journali\u00e8res de cong\u00e9 maternit\u00e9, paternit\u00e9, ou adoption<\/li>\n<li>Indemnisation d\u2019interruption d\u2019activit\u00e9<\/li>\n<li>Allocation de remplacement pour maternit\u00e9 ou paternit\u00e9<\/li>\n<li>Prestation Partag\u00e9e d\u2019\u00c9ducation<\/li>\n<li>Allocation aux adultes handicap\u00e9s<\/li>\n<li>Compl\u00e9ment et majoration de l\u2019allocation d\u2019\u00e9ducation de l\u2019enfant handicap\u00e9e vers\u00e9e pour l\u2019enfant aid\u00e9<\/li>\n<li>Allocation journali\u00e8re de pr\u00e9sence parentale<\/li>\n<li>Allocation journali\u00e8re d\u2019accompagnement d\u2019une personne en fin de vie<\/li>\n<\/ul>\n<\/li>\n<\/ul>\n<h2>L&rsquo;allocation Journali\u00e8re de Pr\u00e9sence Parentale (AJPP)<\/h2>\n<p>Cette allocation est une aide de la CAF et de la MSA accord\u00e9e aux parents qui doivent cesser partiellement ou totalement leur activit\u00e9 professionnelle avec un cong\u00e9 de pr\u00e9sence parentale afin de s\u2019occuper d\u2019un enfant de moins de 20 ans malade, handicap\u00e9 ou victime d\u2019un accident grave.<\/p>\n<p class=\"amp-wp-7d27179\" data-amp-original-style=\"text-align: justify;\">Le montant de l\u2019AJPP est de <b>65,80 euros par jour<\/b>\u00a0au 1<sup>er<\/sup> janvier 2025. Celle-ci est attribu\u00e9e sans condition de ressources, mais l\u2019\u00e9tat de sant\u00e9 de l\u2019enfant doit justifier la n\u00e9cessit\u00e9 de la pr\u00e9sence d\u2019un parent \u00e0 ses c\u00f4t\u00e9s.<\/p>\n<h2>Le cong\u00e9 de solidarit\u00e9 familial<\/h2>\n<p>Ce cong\u00e9 permet \u00e0 un salari\u00e9 de cesser ou r\u00e9duire son activit\u00e9 afin d\u2019accompagner un proche en fin de vie dont le pronostic vital est engag\u00e9.\u00a0<span class=\"amp-wp-8172fae\" data-amp-original-style=\"line-height: 1.5;\">Le cong\u00e9 est de 3 mois au maximum, mais\u00a0peut \u00eatre renouvel\u00e9 jusqu&rsquo;\u00e0 un an.\u00a0 La personne malade devra \u00eatre accompagn\u00e9e \u00e0 son domicile, ou \u00e0 celui de la personne accompagnante.\u00a0<\/span><\/p>\n<p>La personne qui peut b\u00e9n\u00e9ficier d&rsquo;un cong\u00e9 solidarit\u00e9 familiale doit \u00eatre :<\/p>\n<ul>\n<li>un ascendant<\/li>\n<li>un descendant<\/li>\n<li>une s\u0153ur ou un fr\u00e8re<\/li>\n<li>une personne de confiance d\u00e9sign\u00e9e par le malade dans le cas o\u00f9 elle ne serait plus en mesure d\u2019exprimer sa volont\u00e9<\/li>\n<\/ul>\n<p style=\"text-align: justify;\">La personne accompagnante peut alors b\u00e9n\u00e9ficier d\u2019une aide financi\u00e8re pour une p\u00e9riode limit\u00e9e. Cette aide est l&rsquo;allocation d\u2019accompagnement d\u2019une personne en fin de vie. Son montant journalier est de 64,42 euros \u00e0 temps complet pour une p\u00e9riode de 21 jours au total. Il est de 32,21 euros pour un cong\u00e9 \u00e0 temps partiel pour une p\u00e9riode de 42 jours au maximum.<\/p>\n<h1>Les aides aux loisirs en famille<\/h1>\n<h2>La carte famille nombreuse<\/h2>\n<p style=\"text-align: justify;\">La carte famille nombreuse permet d\u2019avoir des r\u00e9ductions sur les voyages en train en fonction de la composition du foyer. Elle permet \u00e9galement d&rsquo;obtenir des remises avec de nombreux partenaires. Cette carte s&rsquo;adresse aux familles ayant au moins 3 enfants \u00e0 charge. Les d\u00e9ductions vont de 30% \u00e0 75%.<\/p>\n<h2>L&rsquo;Aide Vacances Familiales (AVF)<\/h2>\n<p>L\u2019AVF est une aide qui permet aux familles modestes de partir en vacances \u00e0 moindre co\u00fbt dans des campings ou des g\u00eetes\u00a0labellis\u00e9s\u00a0par la CAF. De nombreuses CAF sont partenaires du dispositif VACAF dans toute la France.<\/p>\n<p>Les conditions de l&rsquo;AVF sont propres \u00e0 chaque d\u00e9partement, m\u00eame si en r\u00e8gle g\u00e9n\u00e9rale, les crit\u00e8res pris en compte sont le nombre d&rsquo;enfants, leur \u00e2ge et le quotient familial.<\/p>\n<h2>Apprendre \u00e0 nager<\/h2>\n<h3>Le dispositif \u00ab\u00a0Aisance Aquatique\u00a0\u00bb<img loading=\"lazy\" decoding=\"async\" class=\"alignright wp-image-40687\" style=\"font-size: 16px;\" title=\"aide-aux-familles\" src=\"https:\/\/www.mes-allocs.fr\/guides\/wp-content\/uploads\/2021\/11\/nage-300x225.jpg\" alt=\"dispositif Aisance Aquatique\" width=\"442\" height=\"331\" srcset=\"https:\/\/www.mes-allocs.fr\/guides\/wp-content\/uploads\/2021\/11\/nage-300x225.jpg 300w, https:\/\/www.mes-allocs.fr\/guides\/wp-content\/uploads\/2021\/11\/nage-1024x768.jpg 1024w, https:\/\/www.mes-allocs.fr\/guides\/wp-content\/uploads\/2021\/11\/nage-768x576.jpg 768w, https:\/\/www.mes-allocs.fr\/guides\/wp-content\/uploads\/2021\/11\/nage-1536x1152.jpg 1536w, https:\/\/www.mes-allocs.fr\/guides\/wp-content\/uploads\/2021\/11\/nage-2048x1536.jpg 2048w, https:\/\/www.mes-allocs.fr\/guides\/wp-content\/uploads\/2021\/11\/nage-600x450.jpg 600w\" sizes=\"auto, (max-width: 442px) 100vw, 442px\" \/><\/h3>\n<p class=\"amp-wp-7d27179\" data-amp-original-style=\"text-align: justify;\">Afin de pr\u00e9venir les noyades,\u00a0 un programme de d\u00e9veloppement d\u2019aisance aquatique a \u00e9t\u00e9 mis en place pour les jeunes enfants. Ces cours sont b\u00e2tis autour de 3 paliers de progression. Ces cours permettront \u00e0 votre enfant d&rsquo;\u00eatre \u00e0 l\u2019aise dans l\u2019eau et d\u2019acqu\u00e9rir une autonomie relative sur quelques m\u00e8tres, l\u00e0 o\u00f9 ils n&rsquo;ont pas pied.<\/p>\n<p data-amp-original-style=\"text-align: justify;\">Pendant les s\u00e9ances, les apprentissages sont les suivants :<\/p>\n<ul>\n<li data-amp-original-style=\"text-align: justify;\">Entrer et sortir de l&rsquo;eau<\/li>\n<li data-amp-original-style=\"text-align: justify;\">D\u00e9couvrir la flottaison<\/li>\n<li data-amp-original-style=\"text-align: justify;\">S&rsquo;immerger dans l&rsquo;eau<\/li>\n<li data-amp-original-style=\"text-align: justify;\">S&rsquo;orienter dans l&rsquo;eau<\/li>\n<li data-amp-original-style=\"text-align: justify;\">Se d\u00e9placer sur 10 m\u00e8tres et r\u00e9ussir \u00e0 rejoindre le bord du bassin.<\/li>\n<\/ul>\n<h3>Le dispositif \u00ab\u00a0J&rsquo;apprends \u00e0 nager\u00a0\u00bb<\/h3>\n<p>Afin de s\u00e9curiser la pratique de la baignade et de permettre \u00e0 plus de personnes de d\u00e9couvrir les activit\u00e9s aquatiques, des cours sont propos\u00e9s gratuitement par des ma\u00eetres nageurs et permettent d\u2019apprendre \u00e0 nager.<\/p>\n<p>Ce dispositif est disponible pour les enfants de 6 \u00e0 12 ans avec des cours qui se d\u00e9roulent hors du temps scolaire. Il y a 10 heures de cours minimum avec des groupes de 8 \u00e0 15 enfants.<\/p>\n","protected":false},"excerpt":{"rendered":"<p>Afin de faire face aux divers \u00e9v\u00e9nements de la vie de famille, il existe des aides financi\u00e8res qui permettent de prendre en charge ces d\u00e9penses. Ces aides d\u00e9pendent de la situation familiale. Il existe en effet des aides pour les parents seuls, ou en couple avec un ou plusieurs enfants.\u00a0\u00a0 Les aides pour la naissance [&hellip;]<\/p>\n","protected":false},"author":29,"featured_media":40644,"parent":0,"menu_order":0,"comment_status":"closed","ping_status":"closed","template":"","meta":{"amp_status":"enabled","footnotes":""},"class_list":["post-40614","page","type-page","status-publish","has-post-thumbnail","hentry"],"yoast_head":"<!-- This site is optimized with the Yoast SEO plugin v14.9 - https:\/\/yoast.com\/wordpress\/plugins\/seo\/ -->\n<title>Tout savoir sur l&#039;aide aux familles | Mes-Allocs.fr<\/title>\n<meta name=\"description\" content=\"En fonction des revenus des membres de la famille, cette derni\u00e8re peut disposer de nombreuses aides afin de faire face \u00e0 des \u00e9v\u00e9nements.\" \/>\n<meta name=\"robots\" content=\"index, follow, max-snippet:-1, max-image-preview:large, max-video-preview:-1\" \/>\n<link rel=\"canonical\" href=\"https:\/\/www.mes-allocs.fr\/guides\/aide-aux-familles\/\" \/>\n<meta property=\"og:locale\" content=\"fr_FR\" \/>\n<meta property=\"og:type\" content=\"article\" \/>\n<meta property=\"og:title\" content=\"Tout savoir sur l&#039;aide aux familles | Mes-Allocs.fr\" \/>\n<meta property=\"og:description\" content=\"En fonction des revenus des membres de la famille, cette derni\u00e8re peut disposer de nombreuses aides afin de faire face \u00e0 des \u00e9v\u00e9nements.\" \/>\n<meta property=\"og:url\" content=\"https:\/\/www.mes-allocs.fr\/guides\/aide-aux-familles\/\" \/>\n<meta property=\"og:site_name\" content=\"Mes-Allocs.fr\" \/>\n<meta property=\"article:modified_time\" content=\"2026-01-22T09:43:45+00:00\" \/>\n<meta property=\"og:image\" content=\"https:\/\/www.mes-allocs.fr\/guides\/wp-content\/uploads\/2021\/11\/Famille-1-1-e1636988497213.jpg?wsr\" \/>\n\t<meta property=\"og:image:width\" content=\"2400\" \/>\n\t<meta property=\"og:image:height\" content=\"780\" \/>\n<meta name=\"twitter:card\" content=\"summary_large_image\" \/>\n<script type=\"application\/ld+json\" class=\"yoast-schema-graph\">{\"@context\":\"https:\/\/schema.org\",\"@graph\":[{\"@type\":\"WebSite\",\"@id\":\"https:\/\/www.mes-allocs.fr\/guides\/#website\",\"url\":\"https:\/\/www.mes-allocs.fr\/guides\/\",\"name\":\"Mes-Allocs.fr\",\"description\":\"\",\"potentialAction\":[{\"@type\":\"SearchAction\",\"target\":\"https:\/\/www.mes-allocs.fr\/guides\/?s={search_term_string}\",\"query-input\":\"required name=search_term_string\"}],\"inLanguage\":\"fr-FR\"},{\"@type\":\"ImageObject\",\"@id\":\"https:\/\/www.mes-allocs.fr\/guides\/aide-aux-familles\/#primaryimage\",\"inLanguage\":\"fr-FR\",\"url\":\"https:\/\/www.mes-allocs.fr\/guides\/wp-content\/uploads\/2021\/11\/Famille-1-1-e1636988497213.jpg?wsr\",\"width\":2400,\"height\":780,\"caption\":\"aide aux familles\"},{\"@type\":\"WebPage\",\"@id\":\"https:\/\/www.mes-allocs.fr\/guides\/aide-aux-familles\/#webpage\",\"url\":\"https:\/\/www.mes-allocs.fr\/guides\/aide-aux-familles\/\",\"name\":\"Tout savoir sur l'aide aux familles | Mes-Allocs.fr\",\"isPartOf\":{\"@id\":\"https:\/\/www.mes-allocs.fr\/guides\/#website\"},\"primaryImageOfPage\":{\"@id\":\"https:\/\/www.mes-allocs.fr\/guides\/aide-aux-familles\/#primaryimage\"},\"datePublished\":\"2021-11-15T18:52:31+00:00\",\"dateModified\":\"2026-01-22T09:43:45+00:00\",\"description\":\"En fonction des revenus des membres de la famille, cette derni\\u00e8re peut disposer de nombreuses aides afin de faire face \\u00e0 des \\u00e9v\\u00e9nements.\",\"inLanguage\":\"fr-FR\"}]}<\/script>\n<!-- \/ Yoast SEO plugin. -->","amp_validity":null,"acf":{"faq":{"1":{"question":"Quelle aide lorsque l'on divorce ? ","answer":"Si vous disposez de revenus modestes, que vous payez un loyer ou vous remboursez un pr\u00eat, vous avez acc\u00e8s \u00e0 ces trois aides : l'aide personnalis\u00e9e au logement (APL), l'allocation de logement familiale (ALF), l'allocation de logement sociale (ALS).\r\n<br> <a href=\"https:\/\/www.mes-allocs.fr\/guides\/aide-aux-familles\">Lire la suite<\/a>"},"2":{"question":"Quelles sont les aides pour les familles nombreuses ?","answer":"La carte familles nombreuses est une allocation familiale qui permet d\u2019obtenir des r\u00e9ductions sur les voyages en train et certains avantages tarifaires aupr\u00e8s de partenaires. Elle est destin\u00e9e aux foyers de minimum trois enfants et attribu\u00e9e sans conditions de ressources.\r\n<br> <a href=\"https:\/\/www.mes-allocs.fr\/guides\/aide-aux-familles\">Lire la suite<\/a>"},"3":{"question":"Quelles aides pour une femme seule ? ","answer":"RSA : avec une prime\r\nASF: l\u2019Allocation de Soutien Familial\r\nAllocation de veuvage si vous avez perdu votre mari\r\nCompl\u00e9ment familial\r\nPAJE\r\nAGEPI pour faire garder ses enfants\r\nFonds de solidarit\u00e9 pour le logement si vous habitez \u00e0 Paris\r\n<br> <a href=\"https:\/\/www.mes-allocs.fr\/guides\/aide-aux-familles\">Lire la suite<\/a>"},"4":{"question":"Qu'est-ce qu'un quotient familial \u00e9lev\u00e9 ? ","answer":"Avoir un quotient familial \u00e9lev\u00e9 signifie simplement que vous avez le droit \u00e0 un montant d'aide plus \u00e9lev\u00e9\r\n<br> <a href=\"https:\/\/www.mes-allocs.fr\/guides\/aide-aux-familles\">Lire la suite<\/a>"},"5":{"question":"Quand s'arr\u00eate le versement de la PAJE ? ","answer":"L'allocation de base de la PAJE est vers\u00e9e jusqu'au mois pr\u00e9c\u00e9dant le troisi\u00e8me anniversaire de l'enfant au maximum."},"6":{"question":"","answer":""},"7":{"question":"","answer":""},"8":{"question":"","answer":""},"9":{"question":"","answer":""},"10":{"question":"","answer":""},"11":{"question":"","answer":""},"12":{"question":"","answer":""},"13":{"question":"","answer":""},"14":{"question":"","answer":""},"15":{"question":"","answer":""},"16":{"question":"","answer":""}}},"_links":{"self":[{"href":"https:\/\/www.mes-allocs.fr\/guides\/wp-json\/wp\/v2\/pages\/40614","targetHints":{"allow":["GET"]}}],"collection":[{"href":"https:\/\/www.mes-allocs.fr\/guides\/wp-json\/wp\/v2\/pages"}],"about":[{"href":"https:\/\/www.mes-allocs.fr\/guides\/wp-json\/wp\/v2\/types\/page"}],"author":[{"embeddable":true,"href":"https:\/\/www.mes-allocs.fr\/guides\/wp-json\/wp\/v2\/users\/29"}],"replies":[{"embeddable":true,"href":"https:\/\/www.mes-allocs.fr\/guides\/wp-json\/wp\/v2\/comments?post=40614"}],"version-history":[{"count":38,"href":"https:\/\/www.mes-allocs.fr\/guides\/wp-json\/wp\/v2\/pages\/40614\/revisions"}],"predecessor-version":[{"id":102527,"href":"https:\/\/www.mes-allocs.fr\/guides\/wp-json\/wp\/v2\/pages\/40614\/revisions\/102527"}],"wp:featuredmedia":[{"embeddable":true,"href":"https:\/\/www.mes-allocs.fr\/guides\/wp-json\/wp\/v2\/media\/40644"}],"wp:attachment":[{"href":"https:\/\/www.mes-allocs.fr\/guides\/wp-json\/wp\/v2\/media?parent=40614"}],"curies":[{"name":"wp","href":"https:\/\/api.w.org\/{rel}","templated":true}]}}