{"id":33216,"date":"2021-10-07T16:18:46","date_gmt":"2021-10-07T14:18:46","guid":{"rendered":"https:\/\/www.mes-allocs.fr\/guides\/?page_id=33216"},"modified":"2026-01-22T10:49:57","modified_gmt":"2026-01-22T09:49:57","slug":"conge-sabbatique","status":"publish","type":"page","link":"https:\/\/www.mes-allocs.fr\/guides\/conge-sabbatique\/","title":{"rendered":"Cong\u00e9 sabbatique : d\u00e9finition, dur\u00e9e, conditions"},"content":{"rendered":"<p><img loading=\"lazy\" decoding=\"async\" class=\"alignnone wp-image-37545 size-large\" title=\"Conge sabbatique definition duree conditions\" src=\"https:\/\/www.mes-allocs.fr\/guides\/wp-content\/uploads\/2021\/09\/Conge-sabbatique-definition-duree-conditions-1-e1631844927203-1024x338.jpg\" alt=\"Conge sabbatique definition duree conditions\" width=\"1024\" height=\"338\" srcset=\"https:\/\/www.mes-allocs.fr\/guides\/wp-content\/uploads\/2021\/09\/Conge-sabbatique-definition-duree-conditions-1-e1631844927203-1024x338.jpg 1024w, https:\/\/www.mes-allocs.fr\/guides\/wp-content\/uploads\/2021\/09\/Conge-sabbatique-definition-duree-conditions-1-e1631844927203-300x99.jpg 300w, https:\/\/www.mes-allocs.fr\/guides\/wp-content\/uploads\/2021\/09\/Conge-sabbatique-definition-duree-conditions-1-e1631844927203-768x253.jpg 768w, https:\/\/www.mes-allocs.fr\/guides\/wp-content\/uploads\/2021\/09\/Conge-sabbatique-definition-duree-conditions-1-e1631844927203-600x198.jpg 600w, https:\/\/www.mes-allocs.fr\/guides\/wp-content\/uploads\/2021\/09\/Conge-sabbatique-definition-duree-conditions-1-e1631844927203.jpg 1280w\" sizes=\"auto, (max-width: 1024px) 100vw, 1024px\" \/><\/p>\n<p>Le cong\u00e9 sabbatique est une p\u00e9riode pendant laquelle un salari\u00e9 peut prendre des cong\u00e9s. Conditions pour en b\u00e9n\u00e9ficier, dur\u00e9e, on vous dit tout sur ce cong\u00e9.<\/p>\n<div class='cta-block'><div class='text'>Simulez votre toutes vos aides en 2 min.<\/div><a href='https:\/\/www.mes-allocs.fr\/ab-app?origin=guides\/wp-json\/wp\/v2\/pages\/33216' class='app-button fit'>Simulation gratuite<\/a><\/div>\n<hr \/>\n<h1>Qu&rsquo;est-ce qu&rsquo;un cong\u00e9 sabbatique ? <img loading=\"lazy\" decoding=\"async\" class=\"size-medium wp-image-37546 alignright\" title=\"Quest ce quun conge sabbatique\" src=\"https:\/\/www.mes-allocs.fr\/guides\/wp-content\/uploads\/2021\/09\/Quest-ce-quun-conge-sabbatique--300x200.jpg\" alt=\"Quest ce quun conge sabbatique\" width=\"300\" height=\"200\" srcset=\"https:\/\/www.mes-allocs.fr\/guides\/wp-content\/uploads\/2021\/09\/Quest-ce-quun-conge-sabbatique--300x200.jpg 300w, https:\/\/www.mes-allocs.fr\/guides\/wp-content\/uploads\/2021\/09\/Quest-ce-quun-conge-sabbatique--1024x682.jpg 1024w, https:\/\/www.mes-allocs.fr\/guides\/wp-content\/uploads\/2021\/09\/Quest-ce-quun-conge-sabbatique--768x512.jpg 768w, https:\/\/www.mes-allocs.fr\/guides\/wp-content\/uploads\/2021\/09\/Quest-ce-quun-conge-sabbatique--600x400.jpg 600w, https:\/\/www.mes-allocs.fr\/guides\/wp-content\/uploads\/2021\/09\/Quest-ce-quun-conge-sabbatique-.jpg 1280w\" sizes=\"auto, (max-width: 300px) 100vw, 300px\" \/><\/h1>\n<p>Le cong\u00e9 sabbatique permet \u00e0 un salari\u00e9 qui remplit certaines conditions, de suspendre son contrat de travail pour des raisons personnelles telles que la r\u00e9alisation d\u2019un projet par exemple. Il se diff\u00e9rencie du cong\u00e9 sans solde.<\/p>\n<h2>B\u00e9n\u00e9ficiaires du cong\u00e9 sabbatique<\/h2>\n<p>Le droit \u00e0 ce cong\u00e9 est ouvert au salari\u00e9 qui, \u00e0 la date de d\u00e9part en cong\u00e9, justifie\u00a0:<\/p>\n<ul class=\"spip\">\n<li>d\u2019une anciennet\u00e9 minimale dans l\u2019entreprise, cumul\u00e9e, le cas \u00e9ch\u00e9ant, sur plusieurs p\u00e9riodes non cons\u00e9cutives, ainsi que de six ann\u00e9es d\u2019activit\u00e9 professionnelle. Le cas \u00e9ch\u00e9ant, pour appr\u00e9cier la condition d\u2019anciennet\u00e9 minimale dans l\u2019entreprise, il est tenu compte de l\u2019anciennet\u00e9 du salari\u00e9 acquise dans toute autre entreprise du m\u00eame groupe au sens de l\u2019article L. 2331-1 du code du travail,<\/li>\n<li>et n\u2019ayant pas b\u00e9n\u00e9fici\u00e9 depuis une dur\u00e9e minimale, dans la m\u00eame entreprise, d\u2019un cong\u00e9 sabbatique, d\u2019un cong\u00e9 pour cr\u00e9ation d\u2019entreprise ou d\u2019un CPF de transition professionnelle d\u2019une dur\u00e9e d\u2019au moins six mois (le CPF de transition professionnelle remplace l\u2019ancien cong\u00e9 individuel de formation &#8211; CIF &#8211; depuis le 1<sup>er<\/sup> janvier 2019).<\/li>\n<\/ul>\n<h2><span class=\"extra-span\">Conditions requises pour b\u00e9n\u00e9ficier du cong\u00e9<\/span><\/h2>\n<p class=\"rteindent1\">Pour pouvoir y pr\u00e9tendre, le salari\u00e9 doit remplir 3 conditions :<\/p>\n<ul>\n<li class=\"rteindent1\">\n<div>Avoir un\u00a0minimum\u00a0d&rsquo;anciennet\u00e9 dans l&rsquo;entreprise au moment du d\u00e9part. (Fix\u00e9 par convention ou accords collectifs, \u00e0 d\u00e9faut, 36 mois)<\/div>\n<\/li>\n<li class=\"rteindent1\">\n<div>Avoir \u00e0 son actif\u00a06 ann\u00e9es d&rsquo;activit\u00e9 professionnelle (pas forc\u00e9ment cons\u00e9cutives).<\/div>\n<\/li>\n<li class=\"rteindent1\">\n<div>Ne pas avoir b\u00e9n\u00e9fici\u00e9, au cours des\u00a06 ann\u00e9es pr\u00e9c\u00e9dentes (ou autre dur\u00e9e si fix\u00e9e par convention collective), d&rsquo;un cong\u00e9 sabbatique, d&rsquo;un\u00a0cong\u00e9 pour cr\u00e9ation d&rsquo;entreprise\u00a0ni cong\u00e9 de formation d&rsquo;au moins 6 mois.<\/div>\n<\/li>\n<\/ul>\n<div class=\"rteindent1\">Si vous r\u00e9unissez ces conditions, alors vous \u00eates en droit de demander \u00e0 votre employeur un cong\u00e9 sabbatique.<\/div>\n<div>\n<h2><span class=\"extra-span\">Dur\u00e9e du cong\u00e9 sabbatique\u00a0<\/span><\/h2>\n<p class=\"rteindent1\">Le cong\u00e9 sabbatique est pr\u00e9vu pour une dur\u00e9e comprise\u00a0entre 6 et 11 mois, et fait l&rsquo;objet d&rsquo;une suspension de votre contrat de travail. Pendant cette p\u00e9riode,\u00a0vous \u00eates autoris\u00e9s \u00e0 travailler dans une autre entreprise, du moment que vous n&rsquo;entrez pas en concurrence d\u00e9loyale avec votre employeur principal.<\/p>\n<h2 class=\"rteindent1\"><span class=\"extra-span\">Pouvez-vous toucher un salaire pendant cette p\u00e9riode ?<\/span><\/h2>\n<p class=\"rteindent1\">Sauf convention collective plus favorable, propre au secteur d&rsquo;activit\u00e9,\u00a0le salaire du salari\u00e9 en cong\u00e9 sabbatique est suspendu\u00a0pendant la dur\u00e9e du cong\u00e9.<\/p>\n<p><iframe loading=\"lazy\" title=\"Le cong\u00e9 sabbatique\" width=\"500\" height=\"281\" src=\"https:\/\/www.youtube.com\/embed\/LVb9xmVd30o?feature=oembed\" frameborder=\"0\" allow=\"accelerometer; autoplay; clipboard-write; encrypted-media; gyroscope; picture-in-picture; web-share\" referrerpolicy=\"strict-origin-when-cross-origin\" allowfullscreen><\/iframe><\/p>\n<h1>Comment faire la demande du cong\u00e9 sabbatique ? Quelle r\u00e9ponse peut donner votre employeur ? <img loading=\"lazy\" decoding=\"async\" class=\"size-medium wp-image-37547 alignright\" title=\"Comment faire la demande du conge sabbatique Quelle reponse peut donner votre employeur\" src=\"https:\/\/www.mes-allocs.fr\/guides\/wp-content\/uploads\/2021\/09\/Comment-faire-la-demande-du-conge-sabbatique-Quelle-reponse-peut-donner-votre-employeur--300x200.jpg\" alt=\"Comment faire la demande du conge sabbatique Quelle reponse peut donner votre employeur\" width=\"300\" height=\"200\" srcset=\"https:\/\/www.mes-allocs.fr\/guides\/wp-content\/uploads\/2021\/09\/Comment-faire-la-demande-du-conge-sabbatique-Quelle-reponse-peut-donner-votre-employeur--300x200.jpg 300w, https:\/\/www.mes-allocs.fr\/guides\/wp-content\/uploads\/2021\/09\/Comment-faire-la-demande-du-conge-sabbatique-Quelle-reponse-peut-donner-votre-employeur--1024x682.jpg 1024w, https:\/\/www.mes-allocs.fr\/guides\/wp-content\/uploads\/2021\/09\/Comment-faire-la-demande-du-conge-sabbatique-Quelle-reponse-peut-donner-votre-employeur--768x512.jpg 768w, https:\/\/www.mes-allocs.fr\/guides\/wp-content\/uploads\/2021\/09\/Comment-faire-la-demande-du-conge-sabbatique-Quelle-reponse-peut-donner-votre-employeur--600x400.jpg 600w, https:\/\/www.mes-allocs.fr\/guides\/wp-content\/uploads\/2021\/09\/Comment-faire-la-demande-du-conge-sabbatique-Quelle-reponse-peut-donner-votre-employeur-.jpg 1280w\" sizes=\"auto, (max-width: 300px) 100vw, 300px\" \/><\/h1>\n<div class=\"fiche-item\">\n<div id=\"fiche-item-2\" class=\"fiche-item-content collapse in\" aria-hidden=\"false\">\n<p>Le salari\u00e9 doit informer l&#8217;employeur de son souhait de prendre un cong\u00e9 sabbatique au moins <strong>3 mois\u00a0<\/strong>avant la date de d\u00e9part envisag\u00e9e.<\/p>\n<p>La demande doit \u00eatre adress\u00e9e par tout moyen permettant de justifier de la date de demande de cong\u00e9 (courrier \u00e9lectronique ou lettre recommand\u00e9e, par exemple).<\/p>\n<\/div>\n<\/div>\n<p>L&#8217;employeur informe le salari\u00e9\u00a0:<\/p>\n<ul>\n<li>soit de son accord sur la date de d\u00e9part choisie par le salari\u00e9,<\/li>\n<li>soit du report de cette date,<\/li>\n<li>soit du refus de lui accorder le cong\u00e9.<\/li>\n<\/ul>\n<div class=\"choice-tree-item\">\n<div class=\"choice-tree-previous-choice\">\n<h2 id=\"choice-tree-item-0-0\" class=\"choice-tree-title\"><span class=\"choice-tree-previous-choice-title printArea\">Entreprise de moins de 300 salari\u00e9s<\/span><\/h2>\n<\/div>\n<\/div>\n<div class=\"choice-tree-item no-print\">\n<div class=\"choice-tree-item-demarche printArea\" data-test=\"choiceTreeResult\">\n<div class=\"choice-tree-list-answer\">\n<p><strong>Accord de l&#8217;employeur<\/strong><\/p>\n<p>L&#8217;employeur informe le salari\u00e9 de son accord sur la date de d\u00e9part choisie, par tout moyen permettant de justifier de la date de sa r\u00e9ponse (accus\u00e9 de r\u00e9ception, par exemple).<\/p>\n<p><strong>Report du d\u00e9part en cong\u00e9<\/strong><\/p>\n<p>L&#8217;employeur peut reporter le d\u00e9part en cong\u00e9\u00a0:<\/p>\n<ul>\n<li>soit, pendant <strong>9 mois<\/strong> au maximum, \u00e0 compter de la date de la demande du salari\u00e9, pour limiter le nombre de salari\u00e9s absents pour cause de cong\u00e9 sabbatique,<\/li>\n<li>soit pour limiter le nombre de salari\u00e9s absents simultan\u00e9ment pour cause de cong\u00e9 sabbatique et cong\u00e9 pour cr\u00e9ation ou reprise d&rsquo;entreprise.<\/li>\n<\/ul>\n<p>L&#8217;employeur informe le salari\u00e9 du report de la date de d\u00e9part choisie, par tout moyen permettant de justifier de la date de sa r\u00e9ponse.<\/p>\n<p><strong>Refus d&rsquo;accorder le cong\u00e9<\/strong><\/p>\n<p>L&#8217;employeur peut refuser d&rsquo;accorder le cong\u00e9 pour l&rsquo;une des 2 raisons suivantes\u00a0:<\/p>\n<ul>\n<li>si le salari\u00e9 ne remplit pas les conditions ouvrant droit au cong\u00e9 (anciennet\u00e9 insuffisante, demande de d\u00e9part en cong\u00e9 dans un d\u00e9lai trop court),<\/li>\n<li>si l&#8217;employeur estime, apr\u00e8s avis du comit\u00e9 social et \u00e9conomique (CSE), que le d\u00e9part en cong\u00e9 aura des cons\u00e9quences pr\u00e9judiciables \u00e0 la bonne marche de l&rsquo;entreprise.<\/li>\n<\/ul>\n<p>Le refus de l&#8217;employeur d&rsquo;accorder un cong\u00e9 sabbatique est notifi\u00e9 au salari\u00e9 par tout moyen permettant de justifier de la date de sa r\u00e9ponse.<\/p>\n<p>Le salari\u00e9 peut contester le refus de l&#8217;employeur dans les <strong>15 jours<\/strong> \u00e0 compter de la notification, par la saisine du conseil de prud&rsquo;hommes.<\/p>\n<\/div>\n<\/div>\n<h2>Entreprise de 300 salari\u00e9s ou plus<\/h2>\n<div class=\"choice-tree-item\">\n<div class=\"choice-tree-previous-choice\">\n<h4 id=\"choice-tree-item-0-1\" class=\"choice-tree-title\"><span class=\"choice-tree-previous-choice-title printArea\">Accord de l&#8217;employeur<\/span><\/h4>\n<\/div>\n<\/div>\n<div class=\"choice-tree-item no-print\">\n<div class=\"choice-tree-item-demarche printArea\" data-test=\"choiceTreeResult\">\n<div class=\"choice-tree-list-answer\">\n<p>L&#8217;employeur informe le salari\u00e9 de son accord sur la date de d\u00e9part choisie, par tout moyen permettant de justifier de la date de sa r\u00e9ponse.<\/p>\n<div class=\"choice-tree-item\">\n<div class=\"choice-tree-previous-choice\">\n<p id=\"choice-tree-item-0-1\" class=\"choice-tree-title\"><strong><span class=\"choice-tree-previous-choice-title printArea\">Report du d\u00e9part en cong\u00e9<\/span><\/strong><\/p>\n<\/div>\n<\/div>\n<div class=\"choice-tree-item no-print\">\n<div class=\"choice-tree-item-demarche printArea\" data-test=\"choiceTreeResult\">\n<div class=\"choice-tree-list-answer\">\n<p>L&#8217;employeur peut reporter le d\u00e9part en cong\u00e9\u00a0:<\/p>\n<ul>\n<li>soit, pendant 6 mois au maximum, \u00e0 compter de la date de la demande du salari\u00e9, pour limiter le nombre de salari\u00e9s absents pour cause de cong\u00e9 sabbatique,<\/li>\n<li>soit pour limiter le nombre de salari\u00e9s absents simultan\u00e9ment pour cause de cong\u00e9 sabbatique et cong\u00e9 pour cr\u00e9ation ou reprise d&rsquo;entreprise.<\/li>\n<\/ul>\n<p>L&#8217;employeur informe le salari\u00e9 du report de la date de d\u00e9part choisie, par tout moyen permettant de justifier de la date de sa r\u00e9ponse.<\/p>\n<div class=\"choice-tree-item\">\n<div class=\"choice-tree-previous-choice\">\n<p id=\"choice-tree-item-0-1\" class=\"choice-tree-title\"><strong><span class=\"choice-tree-previous-choice-title printArea\">Refus d&rsquo;accorder le cong\u00e9<\/span><\/strong><\/p>\n<div class=\"choice-tree-helpmodify\" data-id=\"choice-tree-helpmodify\">L&#8217;employeur peut refuser d&rsquo;accorder le cong\u00e9 si le salari\u00e9 ne remplit pas les conditions y ouvrant droit (anciennet\u00e9 insuffisante, demande de d\u00e9part en cong\u00e9 dans un d\u00e9lai trop court).<\/div>\n<\/div>\n<\/div>\n<div class=\"choice-tree-item no-print\">\n<div class=\"choice-tree-item-demarche printArea\" data-test=\"choiceTreeResult\">\n<div class=\"choice-tree-list-answer\">\n<p>Le refus de l&#8217;employeur d&rsquo;accorder un cong\u00e9 sabbatique est notifi\u00e9 au salari\u00e9 par tout moyen permettant de justifier de la date de sa r\u00e9ponse.<\/p>\n<p>Le salari\u00e9 peut contester le refus de l&#8217;employeur dans les <strong>15 jours<\/strong> \u00e0 compter de la notification, par la saisine du conseil de prud&rsquo;hommes.<\/p>\n<h1>Quelle est la situation du salari\u00e9 pendant le cong\u00e9 sabbatique ? <img loading=\"lazy\" decoding=\"async\" class=\"size-medium wp-image-37548 alignright\" title=\"Quelle est la situation du salarie pendant le conge sabbatique\" src=\"https:\/\/www.mes-allocs.fr\/guides\/wp-content\/uploads\/2021\/09\/Quelle-est-la-situation-du-salarie-pendant-le-conge-sabbatique--300x200.jpg\" alt=\"Quelle est la situation du salarie pendant le conge sabbatique\" width=\"300\" height=\"200\" srcset=\"https:\/\/www.mes-allocs.fr\/guides\/wp-content\/uploads\/2021\/09\/Quelle-est-la-situation-du-salarie-pendant-le-conge-sabbatique--300x200.jpg 300w, https:\/\/www.mes-allocs.fr\/guides\/wp-content\/uploads\/2021\/09\/Quelle-est-la-situation-du-salarie-pendant-le-conge-sabbatique--1024x682.jpg 1024w, https:\/\/www.mes-allocs.fr\/guides\/wp-content\/uploads\/2021\/09\/Quelle-est-la-situation-du-salarie-pendant-le-conge-sabbatique--768x512.jpg 768w, https:\/\/www.mes-allocs.fr\/guides\/wp-content\/uploads\/2021\/09\/Quelle-est-la-situation-du-salarie-pendant-le-conge-sabbatique--600x400.jpg 600w, https:\/\/www.mes-allocs.fr\/guides\/wp-content\/uploads\/2021\/09\/Quelle-est-la-situation-du-salarie-pendant-le-conge-sabbatique-.jpg 1280w\" sizes=\"auto, (max-width: 300px) 100vw, 300px\" \/><\/h1>\n<div class=\"fiche-item\">\n<div id=\"fiche-item-5\" class=\"fiche-item-content collapse in\" aria-hidden=\"false\">\n<div>\n<p>Pendant la dur\u00e9e du cong\u00e9 sabbatique, votre contrat de travail est suspendu. Ainsi donc, le cong\u00e9 sabbatique n&rsquo;est pas r\u00e9mun\u00e9r\u00e9 (sauf <dfn>dispositions conventionnelles<\/dfn> ou <dfn>usage<\/dfn> contraire).<\/p>\n<\/div>\n<div>\n<h2 class=\"fiche-title-1\">Report des cong\u00e9s pay\u00e9s<\/h2>\n<p>Si son cong\u00e9 sabbatique n&rsquo;est pas r\u00e9mun\u00e9r\u00e9, le salari\u00e9 peut le financer par une partie de ses cong\u00e9s pay\u00e9s.<\/p>\n<p>Les cong\u00e9s seront alors pris et pay\u00e9s lors du d\u00e9part en cong\u00e9 sabbatique.<\/p>\n<p>Les conditions de ce report sont fix\u00e9es par convention ou accord collectif d&rsquo;entreprise.<\/p>\n<p>En l&rsquo;absence de convention ou d&rsquo;accord applicable, le salari\u00e9 peut reporter chaque ann\u00e9e les cong\u00e9s acquis \u00e0 partir de la 5<sup>e<\/sup> semaine de cong\u00e9s pay\u00e9s jusqu&rsquo;au d\u00e9part en cong\u00e9 sabbatique. Ces cong\u00e9s pay\u00e9s peuvent \u00eatre cumul\u00e9s pendant <strong>6 ans au maximum<\/strong>.<\/p>\n<p>Si, par exemple, un salari\u00e9, ayant droit \u00e0 5 semaines de cong\u00e9s pay\u00e9s par an, d\u00e9cide de reporter pendant 6 ans sa 5<sup>e<\/sup> semaine de cong\u00e9s\u00a0:<\/p>\n<ul>\n<li>Il cumule alors 36 <dfn>jours ouvrables<\/dfn> de cong\u00e9s \u00e0 l&rsquo;issue de ces 6 ans d&rsquo;activit\u00e9 professionnelle.<\/li>\n<li>Son indemnit\u00e9 compensatrice de cong\u00e9s pay\u00e9s de 36 jours ouvrables non prise est alors vers\u00e9e lors de son d\u00e9part en cong\u00e9 sabbatique.<\/li>\n<\/ul>\n<\/div>\n<div>\n<h2 class=\"fiche-title-1\">Activit\u00e9 professionnelle pendant le cong\u00e9<\/h2>\n<p>Pendant le cong\u00e9 sabbatique, le salari\u00e9 peut exercer une autre activit\u00e9 professionnelle, salari\u00e9e ou non.<\/p>\n<p>Cependant, il doit respecter les obligations de loyaut\u00e9 et de non-concurrence vis-\u00e0-vis de son employeur.<\/p>\n<\/div>\n<div>\n<h2 class=\"fiche-title-1\">Reprise anticip\u00e9e<\/h2>\n<p>Le salari\u00e9 ne peut invoquer aucun droit \u00e0 \u00eatre r\u00e9employ\u00e9 avant la fin de son cong\u00e9 sabbatique.\u00a0Un retour anticip\u00e9 dans l&rsquo;entreprise reste toutefois possible avec l&rsquo;accord de l&#8217;employeur.<\/p>\n<\/div>\n<\/div>\n<\/div>\n<div class=\"fiche-item\">\n<div class=\"fiche-item-title\">\n<p>\u00c0 noter : si\u00a0l&#8217;emploi pr\u00e9c\u00e9demment occup\u00e9 par un salari\u00e9 n&rsquo;est plus disponible \u00e0 l&rsquo;issue de votre cong\u00e9 sabbatique, l&#8217;employeur a l&rsquo;obligation de vous proposer un poste ou un emploi similaire.<\/p>\n<div class='cta-block'><div class='text'>Simulez votre toutes vos aides en 2 min.<\/div><a href='https:\/\/www.mes-allocs.fr\/ab-app?origin=guides\/wp-json\/wp\/v2\/pages\/33216' class='app-button fit'>Simulation gratuite<\/a><\/div>\n<\/div>\n<\/div>\n<\/div>\n<\/div>\n<\/div>\n<\/div>\n<\/div>\n<\/div>\n<\/div>\n<\/div>\n<\/div>\n<\/div>\n<\/div>\n","protected":false},"excerpt":{"rendered":"<p>Le cong\u00e9 sabbatique est une p\u00e9riode pendant laquelle un salari\u00e9 peut prendre des cong\u00e9s. Conditions pour en b\u00e9n\u00e9ficier, dur\u00e9e, on vous dit tout sur ce cong\u00e9. Qu&rsquo;est-ce qu&rsquo;un cong\u00e9 sabbatique ? Le cong\u00e9 sabbatique permet \u00e0 un salari\u00e9 qui remplit certaines conditions, de suspendre son contrat de travail pour des raisons personnelles telles que la [&hellip;]<\/p>\n","protected":false},"author":29,"featured_media":37544,"parent":0,"menu_order":0,"comment_status":"closed","ping_status":"closed","template":"","meta":{"amp_status":"","footnotes":""},"class_list":["post-33216","page","type-page","status-publish","has-post-thumbnail","hentry"],"yoast_head":"<!-- This site is optimized with the Yoast SEO plugin v14.9 - https:\/\/yoast.com\/wordpress\/plugins\/seo\/ -->\n<title>Cong\u00e9 sabbatique : d\u00e9finition, dur\u00e9e, conditions | Mes-Allocs.fr<\/title>\n<meta name=\"description\" content=\"Le cong\u00e9 sabbatique est accord\u00e9 au salari\u00e9 d&#039;une entreprise, sous conditions. L&#039;\u00e9quipe de Mes-Allocs.fr vous explique tout en d\u00e9tail.\" \/>\n<meta name=\"robots\" content=\"index, follow, max-snippet:-1, max-image-preview:large, max-video-preview:-1\" \/>\n<link rel=\"canonical\" href=\"https:\/\/www.mes-allocs.fr\/guides\/conge-sabbatique\/\" \/>\n<meta property=\"og:locale\" content=\"fr_FR\" \/>\n<meta property=\"og:type\" content=\"article\" \/>\n<meta property=\"og:title\" content=\"Cong\u00e9 sabbatique : d\u00e9finition, dur\u00e9e, conditions | Mes-Allocs.fr\" \/>\n<meta property=\"og:description\" content=\"Le cong\u00e9 sabbatique est accord\u00e9 au salari\u00e9 d&#039;une entreprise, sous conditions. L&#039;\u00e9quipe de Mes-Allocs.fr vous explique tout en d\u00e9tail.\" \/>\n<meta property=\"og:url\" content=\"https:\/\/www.mes-allocs.fr\/guides\/conge-sabbatique\/\" \/>\n<meta property=\"og:site_name\" content=\"Mes-Allocs.fr\" \/>\n<meta property=\"article:modified_time\" content=\"2026-01-22T09:49:57+00:00\" \/>\n<meta property=\"og:image\" content=\"https:\/\/www.mes-allocs.fr\/guides\/wp-content\/uploads\/2021\/09\/Conge-sabbatique-definition-duree-conditions.jpg?wsr\" \/>\n\t<meta property=\"og:image:width\" content=\"1280\" \/>\n\t<meta property=\"og:image:height\" content=\"712\" \/>\n<meta name=\"twitter:card\" content=\"summary_large_image\" \/>\n<script type=\"application\/ld+json\" class=\"yoast-schema-graph\">{\"@context\":\"https:\/\/schema.org\",\"@graph\":[{\"@type\":\"WebSite\",\"@id\":\"https:\/\/www.mes-allocs.fr\/guides\/#website\",\"url\":\"https:\/\/www.mes-allocs.fr\/guides\/\",\"name\":\"Mes-Allocs.fr\",\"description\":\"\",\"potentialAction\":[{\"@type\":\"SearchAction\",\"target\":\"https:\/\/www.mes-allocs.fr\/guides\/?s={search_term_string}\",\"query-input\":\"required name=search_term_string\"}],\"inLanguage\":\"fr-FR\"},{\"@type\":\"ImageObject\",\"@id\":\"https:\/\/www.mes-allocs.fr\/guides\/conge-sabbatique\/#primaryimage\",\"inLanguage\":\"fr-FR\",\"url\":\"https:\/\/www.mes-allocs.fr\/guides\/wp-content\/uploads\/2021\/09\/Conge-sabbatique-definition-duree-conditions.jpg?wsr\",\"width\":1280,\"height\":712,\"caption\":\"Conge sabbatique definition duree conditions\"},{\"@type\":\"WebPage\",\"@id\":\"https:\/\/www.mes-allocs.fr\/guides\/conge-sabbatique\/#webpage\",\"url\":\"https:\/\/www.mes-allocs.fr\/guides\/conge-sabbatique\/\",\"name\":\"Cong\\u00e9 sabbatique : d\\u00e9finition, dur\\u00e9e, conditions | Mes-Allocs.fr\",\"isPartOf\":{\"@id\":\"https:\/\/www.mes-allocs.fr\/guides\/#website\"},\"primaryImageOfPage\":{\"@id\":\"https:\/\/www.mes-allocs.fr\/guides\/conge-sabbatique\/#primaryimage\"},\"datePublished\":\"2021-10-07T14:18:46+00:00\",\"dateModified\":\"2026-01-22T09:49:57+00:00\",\"description\":\"Le cong\\u00e9 sabbatique est accord\\u00e9 au salari\\u00e9 d'une entreprise, sous conditions. L'\\u00e9quipe de Mes-Allocs.fr vous explique tout en d\\u00e9tail.\",\"inLanguage\":\"fr-FR\"}]}<\/script>\n<!-- \/ Yoast SEO plugin. -->","amp_validity":null,"acf":{"faq":{"1":{"question":"\ud83e\udd14 Qu'est-ce que le cong\u00e9 sabbatique ?","answer":"Le cong\u00e9 sabbatique est une p\u00e9riode pendant laquelle un salari\u00e9 suspend son contrat de travail afin de r\u00e9aliser ses projets personnels."},"2":{"question":"\ud83e\udd37 Comment prendre une ann\u00e9e sabbatique ?","answer":"Pour prendre un cong\u00e9 sabbatique, vous devez informer votre employer 3 mois avant la date de votre d\u00e9part. "},"3":{"question":"\ud83e\udd1d Peut-on toucher un salaire pendant le cong\u00e9 sabbatique ?","answer":"Sauf convention collective plus favorable, propre au secteur d'activit\u00e9,\u00a0le salaire du salari\u00e9 en cong\u00e9 sabbatique est suspendu\u00a0pendant la dur\u00e9e du cong\u00e9."},"4":{"question":"\ud83e\udd14 Quelle est la dur\u00e9e du cong\u00e9 sabbatique ?","answer":"La dur\u00e9e du cong\u00e9 varie de 6 mois minimum \u00e0 11 mois maximum. Toutefois, une convention ou un accord collectif d'entreprise peut pr\u00e9voir des dur\u00e9es diff\u00e9rentes."},"5":{"question":"\ud83e\udd37 Quelle diff\u00e9rence entre cong\u00e9 sans solde et cong\u00e9 sabbatique ?","answer":"Contrairement au cong\u00e9 sabbatique, le cong\u00e9 sans solde n'est pas pr\u00e9vu par la loi."},"6":{"question":"","answer":""},"7":{"question":"","answer":""},"8":{"question":"","answer":""},"9":{"question":"","answer":""},"10":{"question":"","answer":""},"11":{"question":"","answer":""},"12":{"question":"","answer":""},"13":{"question":"","answer":""},"14":{"question":"","answer":""},"15":{"question":"","answer":""},"16":{"question":"","answer":""}}},"_links":{"self":[{"href":"https:\/\/www.mes-allocs.fr\/guides\/wp-json\/wp\/v2\/pages\/33216","targetHints":{"allow":["GET"]}}],"collection":[{"href":"https:\/\/www.mes-allocs.fr\/guides\/wp-json\/wp\/v2\/pages"}],"about":[{"href":"https:\/\/www.mes-allocs.fr\/guides\/wp-json\/wp\/v2\/types\/page"}],"author":[{"embeddable":true,"href":"https:\/\/www.mes-allocs.fr\/guides\/wp-json\/wp\/v2\/users\/29"}],"replies":[{"embeddable":true,"href":"https:\/\/www.mes-allocs.fr\/guides\/wp-json\/wp\/v2\/comments?post=33216"}],"version-history":[{"count":10,"href":"https:\/\/www.mes-allocs.fr\/guides\/wp-json\/wp\/v2\/pages\/33216\/revisions"}],"predecessor-version":[{"id":105284,"href":"https:\/\/www.mes-allocs.fr\/guides\/wp-json\/wp\/v2\/pages\/33216\/revisions\/105284"}],"wp:featuredmedia":[{"embeddable":true,"href":"https:\/\/www.mes-allocs.fr\/guides\/wp-json\/wp\/v2\/media\/37544"}],"wp:attachment":[{"href":"https:\/\/www.mes-allocs.fr\/guides\/wp-json\/wp\/v2\/media?parent=33216"}],"curies":[{"name":"wp","href":"https:\/\/api.w.org\/{rel}","templated":true}]}}