{"id":27380,"date":"2021-05-21T13:42:50","date_gmt":"2021-05-21T13:42:50","guid":{"rendered":"https:\/\/www.mes-allocs.fr\/guides\/?p=27380"},"modified":"2026-01-22T10:48:55","modified_gmt":"2026-01-22T09:48:55","slug":"aide-velo-electrique","status":"publish","type":"page","link":"https:\/\/www.mes-allocs.fr\/guides\/aide-velo-electrique\/","title":{"rendered":"Quelles sont les aides pour l\u2019achat d\u2019un v\u00e9lo \u00e9lectrique en 2025 ?"},"content":{"rendered":"<p><img loading=\"lazy\" decoding=\"async\" class=\"aligncenter wp-image-27408 \" src=\"https:\/\/www.mes-allocs.fr\/guides\/wp-content\/uploads\/2021\/05\/bike-1778118_1280-e1621499067749.jpg\" alt=\"Quelles sont les aides pour v\u00e9los \u00e9lectriques ?\" width=\"1378\" height=\"465\" \/><\/p>\n<p>Les <strong>aides v\u00e9lo \u00e9lectrique<\/strong> sont de plus en plus pr\u00e9sentes et diversifi\u00e9es : les m\u00e9tropoles, d\u00e9partements, r\u00e9gions ont mis en place des dispositifs d\u2019aides pour valoriser les d\u00e9placements \u00e0 v\u00e9lo. C\u2019est pourquoi vous pouvez b\u00e9n\u00e9ficier, sous conditions, d&rsquo;aides financi\u00e8res pour l\u2019acquisition de votre V\u00e9lo \u00e0 Assistance \u00c9lectrique (VAE). L\u2019\u00e9quipe de Mes Allocs, premier expert en aides financi\u00e8res 100% en ligne, vous explique tout.<\/p>\n<p>&nbsp;<\/p>\n<div class='cta-block'><div class='text'>Simulez toutes vos aides en 2 min. Gratuit.<\/div><a href='https:\/\/www.mes-allocs.fr\/ab-app?origin=guides\/wp-json\/wp\/v2\/pages\/27380' class='app-button fit'>Simulation gratuite<\/a><\/div>\n<h1>Qu&rsquo;est-ce qu&rsquo;une aide v\u00e9lo \u00e9lectrique ?<\/h1>\n<p>Une aide aux v\u00e9los \u00e9lectriques est une incitation financi\u00e8re pour<b>\u00a0encourager l\u2019achat de v\u00e9los \u00e9lectriques<\/b>. Cette initiative s\u2019inscrit g\u00e9n\u00e9ralement dans le cadre des politiques de mobilit\u00e9 durable et de promotion des modes de transport \u00e9cologiques.<\/p>\n<p>L\u2019objectif principal est d\u2019augmenter le nombre de personnes qui utilisent des moyens de <b>transport propres<\/b> et de <b>r\u00e9duire les \u00e9missions de gaz \u00e0 effet de serre<\/b> li\u00e9es aux d\u00e9placements. Cette aide prend g\u00e9n\u00e9ralement la forme d\u2019une <b>somme d\u2019argent<\/b> aux citoyens ou aux entreprises lors de l\u2019achat d\u2019un nouveau v\u00e9lo \u00e9lectrique et peut <b>couvrir une partie importante du co\u00fbt<\/b> d\u2019acquisitions, ce qui rend les v\u00e9los \u00e9lectriques plus accessibles \u00e0 un plus grand nombre de personnes.<\/p>\n<h1>Quelles sont les aides disponibles en 2025 pour un v\u00e9lo \u00e9lectrique ?<\/h1>\n<h2>Quelles aides pour l&rsquo;achat d&rsquo;un v\u00e9lo \u00e9lectrique ont pris fin en f\u00e9vrier 2025 ?<\/h2>\n<p><strong>Le bonus \u00e9cologique et la prime \u00e0 la conversion pour les v\u00e9los \u00e9lectriques ont pris fin le 15 f\u00e9vrier 2025<\/strong>. Ces aides pouvaient \u00eatre demand\u00e9es jusqu\u2019au 14 f\u00e9vrier 2025 inclus, \u00e0 condition que la facturation ou le premier versement de loyer ait eu lieu au plus tard \u00e0 cette date.<\/p>\n<h2>Existe-t-il des aides locales pour l\u2019achat d\u2019un v\u00e9lo \u00e9lectrique ?<\/h2>\n<p>Il existe de nombreuses aides locales pour l\u2019achat d\u2019un v\u00e9lo \u00e9lectrique, propos\u00e9es par les r\u00e9gions, les d\u00e9partements et les communes. Ces aides sont compl\u00e9mentaires aux dispositifs nationaux et varient selon les territoires. Les conditions d\u2019attribution et les montants sont sp\u00e9cifiques \u00e0 chaque collectivit\u00e9.<\/p>\n<h1 class=\"p1\"><b>L<\/b><strong>es aides r\u00e9gionales pour l\u2019achat d\u2019un v\u00e9lo \u00e9lectrique<\/strong><\/h1>\n<h2>Quelles sont les r\u00e9gions qui proposent une aide r\u00e9gionale pour l&rsquo;achat d&rsquo;un v\u00e9lo \u00e9lectrique ?<\/h2>\n<h3>Les aides d&rsquo;\u00cele-de-France pour l&rsquo;achat d&rsquo;un v\u00e9lo \u00e9lectrique<\/h3>\n<p>La r\u00e9gion \u00cele-de-France, via \u00cele-de-France Mobilit\u00e9s, offre une <strong>aide \u00e0 l&rsquo;achat pouvant atteindre 400 \u20ac<\/strong> pour un v\u00e9lo \u00e0 assistance \u00e9lectrique (VAE), 600 \u20ac pour un v\u00e9lo cargo et jusqu&rsquo;\u00e0 1 200 \u20ac pour un v\u00e9lo adapt\u00e9<span class=\"whitespace-nowrap\">.<\/span>\u00a0Cette aide est accessible \u00e0 tous les Franciliens, sans condition de ressources.<\/p>\n<h3>Les aides des Pays de la Loire pour l&rsquo;achat d&rsquo;un v\u00e9lo \u00e9lectrique<\/h3>\n<p>La r\u00e9gion des Pays de la Loire propose une aide r\u00e9serv\u00e9e aux abonn\u00e9s du service de transport r\u00e9gional Al\u00e9op. La subvention s&rsquo;\u00e9l\u00e8ve \u00e0 <strong>50% du prix d&rsquo;achat TTC du v\u00e9lo \u00e9lectrique ou pliant<\/strong>, avec un plafond fix\u00e9 \u00e0 200 \u20ac<span class=\"whitespace-nowrap\">.<\/span>\u00a0Cette aide est cumulable avec d&rsquo;autres dispositifs mis en place par l&rsquo;\u00c9tat et les collectivit\u00e9s locales.<\/p>\n<h3>Les aides du Grand Est pour l&rsquo;achat d&rsquo;un v\u00e9lo \u00e9lectrique<\/h3>\n<p>Depuis avril 2022, la r\u00e9gion Grand Est offre une<strong> aide de 200 \u20ac<\/strong> aux r\u00e9sidents de 18 ans et plus pour l&rsquo;achat d&rsquo;un v\u00e9lo ou v\u00e9lo cargo \u00e0 assistance \u00e9lectrique, ou pour l&rsquo;\u00e9lectrification d&rsquo;un v\u00e9lo classique.L&rsquo;achat ou la transformation doit \u00eatre effectu\u00e9 aupr\u00e8s d&rsquo;un professionnel implant\u00e9 dans la r\u00e9gion.<\/p>\n<h3>Les aides du Centre-Val de Loire pour l&rsquo;achat d&rsquo;un v\u00e9lo \u00e9lectrique<\/h3>\n<p>La r\u00e9gion Centre-Val de Loire attribue une <strong>aide de 150 \u20ac minimum<\/strong> pour l&rsquo;achat d&rsquo;un v\u00e9lo \u00e0 assistance \u00e9lectrique d&rsquo;un prix sup\u00e9rieur \u00e0 600 \u20ac.<\/p>\n<h2>Quelles sont les r\u00e9gions qui ne proposent pas d&rsquo;aide pour l&rsquo;achat d&rsquo;un v\u00e9lo \u00e9lectrique ?<\/h2>\n<p>Certaines r\u00e9gions en France ne proposent pas d&rsquo;aide pour l&rsquo;achat d&rsquo;un v\u00e9lo \u00e9lectrique. Parmi elles, on retrouve :<\/p>\n<ul>\n<li>Les Hauts-de-France<\/li>\n<li>L&rsquo;Auvergne-Rh\u00f4ne-Alpes<\/li>\n<li>La Bretagne<\/li>\n<li>La Provence-Alpes-C\u00f4te d&rsquo;Azur (PACA)<\/li>\n<li>La Normandie<\/li>\n<li>La Nouvelle-Aquitaine<\/li>\n<li>La Bourgogne Franche Comt\u00e9<\/li>\n<\/ul>\n<h1>Les aides d\u00e9partementales pour l&rsquo;achat d&rsquo;un v\u00e9lo \u00e9lectrique<\/h1>\n<p>Les d\u00e9partements mettent tout en oeuvre pour accorder une aide \u00e0 l&rsquo;achat d&rsquo;un v\u00e9lo \u00e9lectrique pour ses habitants. Ces aides repr\u00e9sentent un grand avantage, car elles peuvent par exemple \u00eatre cumul\u00e9es avec des aides r\u00e9gionales.<\/p>\n<h2>L&rsquo;aide d\u00e9partementale pour l&rsquo;achat d&rsquo;un v\u00e9lo \u00e9lectrique en Bouches-du-Rh\u00f4ne<\/h2>\n<p>Dans le d\u00e9partement des Bouches-du-Rh\u00f4ne, l&rsquo;aide \u00e0 l&rsquo;achat d&rsquo;un v\u00e9lo \u00e9lectrique a pris fin en janvier 2022. Les habitants ne peuvent donc plus b\u00e9n\u00e9ficier de subventions ou de primes pour l&rsquo;acquisition de v\u00e9los \u00e9lectriques dans cette r\u00e9gion.<\/p>\n<h2>L&rsquo;aide d\u00e9partementale pour l&rsquo;achat d&rsquo;un v\u00e9lo \u00e9lectrique en <strong>C\u00f4te d\u2019or<\/strong><\/h2>\n<p>L&rsquo;aide pour l&rsquo;achat d&rsquo;un v\u00e9lo \u00e9lectrique dans le d\u00e9partement de la C\u00f4te-d&rsquo;Or n&rsquo;est plus en vigueur en 2025. Initialement, cette subvention offrait une aide de <strong>250 \u20ac<\/strong>\u00a0pour l&rsquo;acquisition d&rsquo;un v\u00e9lo \u00e0 assistance \u00e9lectrique neuf achet\u00e9 aupr\u00e8s d&rsquo;un commerce local (hors internet), avec un bonus suppl\u00e9mentaire de\u00a0<strong>100 \u20ac<\/strong>\u00a0pour les v\u00e9los assembl\u00e9s ou produits dans le d\u00e9partement, portant l&rsquo;aide totale \u00e0\u00a0<strong>350 \u20ac<\/strong>. Ce dispositif, limit\u00e9 \u00e0 deux demandes par foyer fiscal et sans condition de ressources, \u00e9tait valable jusqu&rsquo;au\u00a0<strong>31 d\u00e9cembre 2024.<\/strong><\/p>\n<h2>L&rsquo;aide d\u00e9partementale pour l&rsquo;achat d&rsquo;un v\u00e9lo \u00e9lectrique dans\u00a0 l&rsquo;Eure<\/h2>\n<p>Dans l&rsquo;Eure, un pr\u00eat \u00e0 taux z\u00e9ro de 1 000 \u20ac est propos\u00e9 pour l&rsquo;achat d&rsquo;un v\u00e9lo \u00e9lectrique. Ce pr\u00eat est accessible aux 1 000 premi\u00e8res demandes et n&rsquo;est soumis \u00e0 aucune condition d&rsquo;\u00e2ge ou de ressources. Pour b\u00e9n\u00e9ficier de cette aide, il faut r\u00e9sider dans le d\u00e9partement.<\/p>\n<h2>L&rsquo;aide d\u00e9partementale pour l&rsquo;achat d&rsquo;un v\u00e9lo \u00e9lectrique dans l&rsquo;H\u00e9rault<\/h2>\n<p><span style=\"font-weight: 400;\">Le D\u00e9partement propose des ch\u00e8ques \u00ab H\u00e9rault V\u00e9lo \u00bb et \u00ab H\u00e9rault Mobilit\u00e9 \u00bb pour l\u2019achat d\u2019un v\u00e9lo \u00e9lectrique.<\/span><\/p>\n<ul>\n<li style=\"font-weight: 400;\" aria-level=\"1\"><span style=\"font-weight: 400;\">Un Ch\u00e8que H\u00e9rault V\u00e9lo de 250\u20ac pour les particuliers aux revenus modestes (revenu fiscal de r\u00e9f\u00e9rence par part inf\u00e9rieur \u00e0 25 660\u20ac) ;<\/span><\/li>\n<li style=\"font-weight: 400;\" aria-level=\"1\"><span style=\"font-weight: 400;\">Un Ch\u00e8que H\u00e9rault Mobilit\u00e9 de 200\u20ac pour les personnes ne remplissant pas les conditions de revenus mais qui sont salari\u00e9es d\u2019entreprises engag\u00e9es ayant adopt\u00e9 un Plan de Mobilit\u00e9 ou des mesures en ce sens.<\/span><\/li>\n<\/ul>\n<p><span style=\"font-weight: 400;\">Ces aides peuvent \u00eatre compl\u00e9t\u00e9es par un bonus \u00ab H\u00e9rault Pich\u00f2t \u00bb de 20\u20ac pour l\u2019achat d\u2019un si\u00e8ge enfant ou de 50\u20ac pour une carriole.<\/span><\/p>\n<h2>L&rsquo;aide d\u00e9partementale pour l&rsquo;achat d&rsquo;un v\u00e9lo \u00e9lectrique dans la Loire<\/h2>\n<p>Cette aide, appel\u00e9e \u00ab\u00a0Ch\u00e8que v\u00e9lo\u00a0\u00bb, n&rsquo;est pas soumise \u00e0 conditions de ressources et s&rsquo;adresse aux particuliers domicili\u00e9s dans le d\u00e9partement de la Loire, \u00e0 l&rsquo;exception des propri\u00e9taires de r\u00e9sidences secondaires. Le montant de l&rsquo;aide forfaitaire s&rsquo;\u00e9l\u00e8ve \u00e0 300 \u20ac par acquisition, avec une limite d&rsquo;une seule aide par foyer fiscal, non reconductible sur la dur\u00e9e du plan v\u00e9lo \u00ab Loire, terre de v\u00e9lo 2027.<\/p>\n<p>Plusieurs conditions s&rsquo;appliquent \u00e0 cette aide :<\/p>\n<ul>\n<li>Le co\u00fbt d&rsquo;acquisition du v\u00e9lo \u00e0 assistance \u00e9lectrique (VAE) est plafonn\u00e9 \u00e0 4 000 \u20ac TTC<\/li>\n<li>Le co\u00fbt d&rsquo;acquisition du v\u00e9lo ou du kit d&rsquo;\u00e9lectrification doit \u00eatre sup\u00e9rieur au montant de l&rsquo;aide (300 \u20ac)<\/li>\n<li>L&rsquo;achat doit \u00eatre post\u00e9rieur au 1er juillet 2022.<\/li>\n<\/ul>\n<p>En contrepartie de l&rsquo;obtention de l&rsquo;aide, le b\u00e9n\u00e9ficiaire s&rsquo;engage \u00e0 ne pas c\u00e9der le v\u00e9lo dans les 12 mois suivant l&rsquo;acquisition.<\/p>\n<h2>L&rsquo;aide d\u00e9partementale pour l&rsquo;achat d&rsquo;un v\u00e9lo \u00e9lectrique dans La Somme<\/h2>\n<p><span style=\"font-weight: 400;\">Le d\u00e9partement de la Somme propose une aide pour l\u2019achat d\u2019un VAE <\/span><span style=\"font-weight: 400;\">de 25% du prix d\u2019achat TTC dans la limite de 400\u20ac. Une seule aide pourra \u00eatre apport\u00e9e par foyer fiscal.<\/span><\/p>\n<ul>\n<li style=\"font-weight: 400;\" aria-level=\"1\"><span style=\"font-weight: 400;\">Seuls sont \u00e9ligibles les v\u00e9los neufs \u00e0 assistance \u00e9lectrique (cycles et tricycles) mod\u00e8le adulte et r\u00e9pondant aux normes europ\u00e9ennes \u00e0 la date d\u2019acquisition<\/span><\/li>\n<li style=\"font-weight: 400;\" aria-level=\"1\"><span style=\"font-weight: 400;\">Seuls sont \u00e9ligibles les v\u00e9los achet\u00e9s apr\u00e8s le 17 mars 2020 (date de la facture acquitt\u00e9e faisant foi) aupr\u00e8s d\u2019un commer\u00e7ant de la Somme<\/span><\/li>\n<li style=\"font-weight: 400;\" aria-level=\"1\"><span style=\"font-weight: 400;\">Sont exclus les v\u00e9los utilisant une batterie au plomb<\/span><\/li>\n<li style=\"font-weight: 400;\" aria-level=\"1\"><span style=\"font-weight: 400;\">La facture d\u2019achat du v\u00e9lo doit porter la mention \u00ab acquitt\u00e9e ou pay\u00e9e le \u00bb, mentionnant le nom et l\u2019adresse de l\u2019acqu\u00e9reur, la d\u00e9signation pr\u00e9cise du v\u00e9lo, ainsi que l\u2019adresse du commer\u00e7ant<\/span><\/li>\n<li style=\"font-weight: 400;\" aria-level=\"1\"><span style=\"font-weight: 400;\">L\u2019aide peut \u00eatre cumulable avec d\u2019autres dispositifs d\u2019aide aux particuliers<\/span><\/li>\n<li style=\"font-weight: 400;\" aria-level=\"1\"><span style=\"font-weight: 400;\">Le b\u00e9n\u00e9ficiaire s\u2019engage \u00e0 ne pas revendre le v\u00e9lo subventionn\u00e9 dans un d\u00e9lai de 3 ans. A cet effet il devra remplir un formulaire d\u2019information et d\u2019engagement du b\u00e9n\u00e9ficiaire.<\/span><\/li>\n<li style=\"font-weight: 400;\" aria-level=\"1\"><span style=\"font-weight: 400;\">Le D\u00e9partement se r\u00e9serve le droit de contr\u00f4ler, apr\u00e8s attribution de l\u2019aide d\u00e9partementale, le respect des engagements pris par le b\u00e9n\u00e9ficiaire de la subvention.<\/span><\/li>\n<\/ul>\n<p><span style=\"font-weight: 400;\">Le cumul entre aides r\u00e9gionales et d\u00e9partementales peut para\u00eetre assez complexe, n\u2019h\u00e9sitez pas \u00e0 demander un accompagnement privil\u00e9gi\u00e9 avec un conseiller Mes-Allocs pour <\/span><a href=\"https:\/\/www.mes-allocs.fr\/souscription?utm_source=ubereatblog\"><span style=\"font-weight: 400;\">b\u00e9n\u00e9ficier de vos aides.<\/span><\/a><span style=\"font-weight: 400;\">\u00a0<\/span><\/p>\n<p><iframe loading=\"lazy\" title=\"L&#039;aide au v\u00e9lo \u00e9lectrique\" width=\"500\" height=\"281\" src=\"https:\/\/www.youtube.com\/embed\/QH5GqTFaqwE?feature=oembed\" frameborder=\"0\" allow=\"accelerometer; autoplay; clipboard-write; encrypted-media; gyroscope; picture-in-picture; web-share\" referrerpolicy=\"strict-origin-when-cross-origin\" allowfullscreen><\/iframe><\/p>\n<h1>Les aides locales au v\u00e9lo \u00e9lectrique<\/h1>\n<p>Dans de nombreuses villes fran\u00e7aises proposent des aides pour encourager l\u2019achat de v\u00e9los \u00e9lectriques. Ces aides varient d\u2019une municipalit\u00e9 \u00e0 une autre, tant en termes de montant que de conditions d\u2019attribution. Parmi les villes qui proposent une aide pour l\u2019achat d\u2019un v\u00e9lo \u00e9lectrique, on retrouve :<\/p>\n<ul>\n<li><strong>Paris<\/strong> : l\u2019aide peut atteindre 400 \u20ac pour un v\u00e9lo \u00e0 assistance \u00e9lectrique (VAE) et 600 \u20ac pour un v\u00e9lo cargo, dans la limite de 50 % du co\u00fbt d\u2019acquisition pour les r\u00e9sidents dont le revenu fiscal est inf\u00e9rieur ou \u00e9gal \u00e0 10 000 \u20ac par part.<\/li>\n<li><strong>Marseille<\/strong> : la ville offre une aide de 400 \u20ac pour l\u2019achat d\u2019un VAE.<\/li>\n<li><strong>Nice<\/strong> : la m\u00e9tropole de Nice propose une aide de 25 % du prix d\u2019achat, plafonn\u00e9e \u00e0 200 \u20ac pour les r\u00e9sidents.<\/li>\n<li><strong>Nantes<\/strong> : la ville de Nantes accorde une aide qui varie de 150 \u20ac \u00e0 800 \u20ac pour un VAE et de 300 \u20ac \u00e0 1500 \u20ac pour un v\u00e9lo cargo, selon le revenu fiscal de r\u00e9f\u00e9rence.<\/li>\n<li><strong>Bordeaux<\/strong> : Bordeaux offre jusqu\u2019\u00e0 250 \u20ac pour un VAE et 350 \u20ac un v\u00e9lo cargo, selon les conditions de ressources.<\/li>\n<\/ul>\n<p><span style=\"font-weight: 400;\">Les aides locales peuvent \u00eatre cumul\u00e9es avec l\u2019ensemble des aides vues pr\u00e9c\u00e9demment.\u00a0<\/span><\/p>\n<p><span style=\"font-weight: 400;\">Les conditions pour b\u00e9n\u00e9ficier des aides locales sont relativement les m\u00eames, mais attention de bien les v\u00e9rifier. Rendez-vous directement sur le site de votre ville ou sur le site de votre r\u00e9gion.<\/span><\/p>\n<p><span style=\"font-weight: 400;\">Pour que votre demande soit prise en compte, vous devrez communiquer les informations suivantes :\u00a0<\/span><\/p>\n<ul>\n<li style=\"font-weight: 400;\" aria-level=\"1\"><span style=\"font-weight: 400;\">La copie de la facture d\u2019achat (comportant le nom et l\u2019adresse du b\u00e9n\u00e9ficiaire ainsi que le type de v\u00e9lo achet\u00e9)<\/span><\/li>\n<li style=\"font-weight: 400;\" aria-level=\"1\"><span style=\"font-weight: 400;\">Un justificatif de domicile<\/span><\/li>\n<li style=\"font-weight: 400;\" aria-level=\"1\"><span style=\"font-weight: 400;\">Votre RIB<\/span><\/li>\n<\/ul>\n<h1>Quelles alternatives pour financer un v\u00e9lo \u00e9lectrique ?<\/h1>\n<p>En dehors des aides gouvernementales et locales, plusieurs alternatives permettent de financer un v\u00e9lo \u00e9lectrique :<\/p>\n<ul>\n<li aria-level=\"1\"><strong>Le Forfait Mobilit\u00e9s Durables (FMD)<\/strong> : ce dispositif, propos\u00e9 par les employeurs, encourage l\u2019utilisation de modes de transport \u00e9cologiques, y compris les v\u00e9los \u00e9lectriques. Il peut atteindre jusqu\u2019\u00e0 800 \u20ac par an, exon\u00e9r\u00e9 d\u2019imp\u00f4ts et de cotisations sociales.<\/li>\n<li aria-level=\"1\"><strong>Le cr\u00e9dit<\/strong> : diff\u00e9rents types de cr\u00e9dit peuvent \u00eatre envisag\u00e9s, tels que le pr\u00eat personnel, le micro-cr\u00e9dit ou encore le pr\u00eat \u00e0 taux z\u00e9ro.<\/li>\n<li aria-level=\"1\"><strong>Le paiement en plusieurs fois<\/strong> : de nombreux magasins proposent des options de paiement \u00e9chelonn\u00e9 qui vous donne la possibilit\u00e9 de payer en plusieurs fois, parfois sans frais.<\/li>\n<\/ul>\n<div class='cta-block'><div class='text'>Simulez toutes vos aides en 2 min.<\/div><a href='https:\/\/www.mes-allocs.fr\/ab-app?origin=guides\/wp-json\/wp\/v2\/pages\/27380' class='app-button fit'>Simulation gratuite<\/a><\/div>\n","protected":false},"excerpt":{"rendered":"<p>Les aides v\u00e9lo \u00e9lectrique sont de plus en plus pr\u00e9sentes et diversifi\u00e9es : les m\u00e9tropoles, d\u00e9partements, r\u00e9gions ont mis en place des dispositifs d\u2019aides pour valoriser les d\u00e9placements \u00e0 v\u00e9lo. C\u2019est pourquoi vous pouvez b\u00e9n\u00e9ficier, sous conditions, d&rsquo;aides financi\u00e8res pour l\u2019acquisition de votre V\u00e9lo \u00e0 Assistance \u00c9lectrique (VAE). L\u2019\u00e9quipe de Mes Allocs, premier expert en [&hellip;]<\/p>\n","protected":false},"author":29,"featured_media":27408,"parent":0,"menu_order":0,"comment_status":"open","ping_status":"closed","template":"","meta":{"amp_status":"","footnotes":""},"class_list":["post-27380","page","type-page","status-publish","has-post-thumbnail","hentry"],"yoast_head":"<!-- This site is optimized with the Yoast SEO plugin v14.9 - https:\/\/yoast.com\/wordpress\/plugins\/seo\/ -->\n<title>Aide v\u00e9lo \u00e9lectrique 2025 : conditions, montant, d\u00e9marches | Mes-Allocs.fr<\/title>\n<meta name=\"description\" content=\"L&#039;utilisation d&#039;un v\u00e9lo \u00e9lectrique est de plus en plus courante. Mais quelles sont les aides financi\u00e8res disponibles ? On vous explique.\" \/>\n<meta name=\"robots\" content=\"index, follow, max-snippet:-1, max-image-preview:large, max-video-preview:-1\" \/>\n<link rel=\"canonical\" href=\"https:\/\/www.mes-allocs.fr\/guides\/aide-velo-electrique\/\" \/>\n<meta property=\"og:locale\" content=\"fr_FR\" \/>\n<meta property=\"og:type\" content=\"article\" \/>\n<meta property=\"og:title\" content=\"Aide v\u00e9lo \u00e9lectrique 2025 : conditions, montant, d\u00e9marches | Mes-Allocs.fr\" \/>\n<meta property=\"og:description\" content=\"L&#039;utilisation d&#039;un v\u00e9lo \u00e9lectrique est de plus en plus courante. Mais quelles sont les aides financi\u00e8res disponibles ? On vous explique.\" \/>\n<meta property=\"og:url\" content=\"https:\/\/www.mes-allocs.fr\/guides\/aide-velo-electrique\/\" \/>\n<meta property=\"og:site_name\" content=\"Mes-Allocs.fr\" \/>\n<meta property=\"article:modified_time\" content=\"2026-01-22T09:48:55+00:00\" \/>\n<meta property=\"og:image\" content=\"https:\/\/www.mes-allocs.fr\/guides\/wp-content\/uploads\/2021\/05\/bike-1778118_1280.jpg?wsr\" \/>\n\t<meta property=\"og:image:width\" content=\"1280\" \/>\n\t<meta property=\"og:image:height\" content=\"847\" \/>\n<meta name=\"twitter:card\" content=\"summary_large_image\" \/>\n<script type=\"application\/ld+json\" class=\"yoast-schema-graph\">{\"@context\":\"https:\/\/schema.org\",\"@graph\":[{\"@type\":\"WebSite\",\"@id\":\"https:\/\/www.mes-allocs.fr\/guides\/#website\",\"url\":\"https:\/\/www.mes-allocs.fr\/guides\/\",\"name\":\"Mes-Allocs.fr\",\"description\":\"\",\"potentialAction\":[{\"@type\":\"SearchAction\",\"target\":\"https:\/\/www.mes-allocs.fr\/guides\/?s={search_term_string}\",\"query-input\":\"required name=search_term_string\"}],\"inLanguage\":\"fr-FR\"},{\"@type\":\"ImageObject\",\"@id\":\"https:\/\/www.mes-allocs.fr\/guides\/aide-velo-electrique\/#primaryimage\",\"inLanguage\":\"fr-FR\",\"url\":\"https:\/\/www.mes-allocs.fr\/guides\/wp-content\/uploads\/2021\/05\/bike-1778118_1280.jpg?wsr\",\"width\":1280,\"height\":847,\"caption\":\"Quelles sont les aides pour v\\u00e9los \\u00e9lectriques ?\"},{\"@type\":\"WebPage\",\"@id\":\"https:\/\/www.mes-allocs.fr\/guides\/aide-velo-electrique\/#webpage\",\"url\":\"https:\/\/www.mes-allocs.fr\/guides\/aide-velo-electrique\/\",\"name\":\"Aide v\\u00e9lo \\u00e9lectrique 2025 : conditions, montant, d\\u00e9marches | Mes-Allocs.fr\",\"isPartOf\":{\"@id\":\"https:\/\/www.mes-allocs.fr\/guides\/#website\"},\"primaryImageOfPage\":{\"@id\":\"https:\/\/www.mes-allocs.fr\/guides\/aide-velo-electrique\/#primaryimage\"},\"datePublished\":\"2021-05-21T13:42:50+00:00\",\"dateModified\":\"2026-01-22T09:48:55+00:00\",\"description\":\"L'utilisation d'un v\\u00e9lo \\u00e9lectrique est de plus en plus courante. Mais quelles sont les aides financi\\u00e8res disponibles ? On vous explique.\",\"inLanguage\":\"fr-FR\"}]}<\/script>\n<!-- \/ Yoast SEO plugin. -->","amp_validity":null,"acf":{"faq":{"1":{"question":"","answer":""},"2":{"question":"Comment beneficier de la prime v\u00e9lo ?","answer":"Pour b\u00e9n\u00e9ficier de la prime de 50 euros, vous devez imp\u00e9rativement vous rendre chez un des r\u00e9parateurs ou ateliers d'auto-r\u00e9paration affili\u00e9s au r\u00e9seau Alv\u00e9ole."},"3":{"question":"Quel est le poids d'un v\u00e9lo \u00e9lectrique ?","answer":"Un v\u00e9lo \u00e9lectrique p\u00e8se en moyenne 24 kilos"},"4":{"question":"Comment se faire rembourser la prime pour v\u00e9lo electrique ?","answer":"Outre la facture d'achat du v\u00e9lo et de ses accessoires et le certificat d'homologation, la personne int\u00e9ress\u00e9e par la demande de remboursement devra \u00e9galement se doter d'une copie d'un justificatif de domicile de moins de trois mois au nom du demandeur ou une attestation d'h\u00e9bergement ainsi qu'une pi\u00e8ce d'identit\u00e9"},"5":{"question":"Comment obtenir un certificat d'homologation v\u00e9lo \u00e9lectrique ?","answer":"C'est le vendeur qui vous remet le certificat d'homologation v\u00e9lo \u00e9lectrique. Il vous sera demand\u00e9 pour votre dossier de subvention."},"6":{"question":" Comment choisir un v\u00e9lo \u00e9lectrique ?","answer":"Cela d\u00e9pend de votre budget, de la taille de votre m\u00e9nage, de votre lieu de travail, etc. Si avez une grande famille, optez plut\u00f4t pour un v\u00e9lo cargo \u00e9lectrique."},"7":{"question":"","answer":""},"8":{"question":"","answer":""},"9":{"question":"","answer":""},"10":{"question":"","answer":""},"11":{"question":"","answer":""},"12":{"question":"","answer":""},"13":{"question":"","answer":""},"14":{"question":"","answer":""},"15":{"question":"","answer":""},"16":{"question":"","answer":""}}},"_links":{"self":[{"href":"https:\/\/www.mes-allocs.fr\/guides\/wp-json\/wp\/v2\/pages\/27380","targetHints":{"allow":["GET"]}}],"collection":[{"href":"https:\/\/www.mes-allocs.fr\/guides\/wp-json\/wp\/v2\/pages"}],"about":[{"href":"https:\/\/www.mes-allocs.fr\/guides\/wp-json\/wp\/v2\/types\/page"}],"author":[{"embeddable":true,"href":"https:\/\/www.mes-allocs.fr\/guides\/wp-json\/wp\/v2\/users\/29"}],"replies":[{"embeddable":true,"href":"https:\/\/www.mes-allocs.fr\/guides\/wp-json\/wp\/v2\/comments?post=27380"}],"version-history":[{"count":39,"href":"https:\/\/www.mes-allocs.fr\/guides\/wp-json\/wp\/v2\/pages\/27380\/revisions"}],"predecessor-version":[{"id":100680,"href":"https:\/\/www.mes-allocs.fr\/guides\/wp-json\/wp\/v2\/pages\/27380\/revisions\/100680"}],"wp:featuredmedia":[{"embeddable":true,"href":"https:\/\/www.mes-allocs.fr\/guides\/wp-json\/wp\/v2\/media\/27408"}],"wp:attachment":[{"href":"https:\/\/www.mes-allocs.fr\/guides\/wp-json\/wp\/v2\/media?parent=27380"}],"curies":[{"name":"wp","href":"https:\/\/api.w.org\/{rel}","templated":true}]}}