{"id":2485,"date":"2019-12-10T09:13:41","date_gmt":"2019-12-10T09:13:41","guid":{"rendered":"https:\/\/www.mes-allocs.fr\/guides\/?page_id=2485"},"modified":"2026-01-22T10:40:14","modified_gmt":"2026-01-22T09:40:14","slug":"acre","status":"publish","type":"page","link":"https:\/\/www.mes-allocs.fr\/guides\/acre\/","title":{"rendered":"ACRE 2025 : Les conditions, d\u00e9marches et plafonds"},"content":{"rendered":"<p><a href=\"https:\/\/www.mes-allocs.fr\/guides\/wp-content\/uploads\/2019\/11\/accre.jpg\"><img loading=\"lazy\" decoding=\"async\" class=\"aligncenter wp-image-2486 size-full\" src=\"https:\/\/www.mes-allocs.fr\/guides\/wp-content\/uploads\/2019\/11\/accre-e1575020333922.jpg\" alt=\"accre\" width=\"1024\" height=\"389\" srcset=\"https:\/\/www.mes-allocs.fr\/guides\/wp-content\/uploads\/2019\/11\/accre-e1575020333922.jpg 1024w, https:\/\/www.mes-allocs.fr\/guides\/wp-content\/uploads\/2019\/11\/accre-e1575020333922-300x114.jpg 300w, https:\/\/www.mes-allocs.fr\/guides\/wp-content\/uploads\/2019\/11\/accre-e1575020333922-768x292.jpg 768w, https:\/\/www.mes-allocs.fr\/guides\/wp-content\/uploads\/2019\/11\/accre-e1575020333922-600x228.jpg 600w\" sizes=\"auto, (max-width: 1024px) 100vw, 1024px\" \/><\/a><\/p>\n<p style=\"text-align: justify;\"><strong>L&rsquo;ACCRE\u00a0connait des changements: l&rsquo;Aide aux Ch\u00f4meurs Cr\u00e9ateurs d&rsquo;Entreprises est devenue l&rsquo;ACRE ou Aide aux Cr\u00e9ateurs et Repreneurs d&rsquo;Entreprise depuis le 1<sup>er<\/sup> janvier 2020. Il n&rsquo;y a donc plus besoin d&rsquo;\u00eatre demandeur d&#8217;emploi pour b\u00e9n\u00e9ficier de l&rsquo;ACRE. Lisez l&rsquo;article qui suit si vous voulez connaitre tous les d\u00e9tails!<\/strong><\/p>\n<p><span data-sheets-value=\"{&quot;1&quot;:2,&quot;2&quot;:&quot;ACRE 2023 : Les conditions, d\u00e9marches et plafonds&quot;}\" data-sheets-userformat=\"{&quot;2&quot;:12867,&quot;3&quot;:{&quot;1&quot;:0},&quot;4&quot;:{&quot;1&quot;:2,&quot;2&quot;:8252052},&quot;9&quot;:0,&quot;12&quot;:0,&quot;15&quot;:&quot;Arial&quot;,&quot;16&quot;:9}\"><div class='cta-block'><div class='text'>Simulez toutes vos aides en 2 min.<\/div><a href='https:\/\/www.mes-allocs.fr\/ab-app?origin=guides\/wp-json\/wp\/v2\/pages\/2485' class='app-button fit'>Simulation gratuite<\/a><\/div><\/span><\/p>\n<h1>D\u00e9finition de l&rsquo;ACCRE<\/h1>\n<p>Comme rappel\u00e9 ci-dessus, l&rsquo;ACCRE est l&rsquo; Aide aux Ch\u00f4meurs Cr\u00e9ateurs d&rsquo;Entreprises.<\/p>\n<p style=\"text-align: justify;\">Initialement, l&rsquo;ACCRE est uniquement pr\u00e9vue pour aider \u00e0 la cr\u00e9ation ou la reprise d&rsquo;entreprises les demandeurs d&#8217;emploi. Mais petit \u00e0 petit, d&rsquo;autres crit\u00e8res s&rsquo;ajoutent et plusieurs autres types de cr\u00e9ateurs et repreneurs d&rsquo;entreprises y ont droit.<\/p>\n<h2>Qui pouvait b\u00e9n\u00e9ficier de l&rsquo;ACCRE avant le 1<sup>er<\/sup> janvier 2020?<\/h2>\n<p>En plus des demandeurs d&rsquo; emploi, les potentiels b\u00e9n\u00e9ficiaires de l&rsquo;ACCRE sont les cr\u00e9ateurs ou repreneurs d&rsquo;entreprises qui:<\/p>\n<ul>\n<li>per\u00e7oivent le Revenu de Solidarit\u00e9 Active (ou RSA)<\/li>\n<li>per\u00e7oivent l&rsquo;Allocation Temporaire d\u2019Attente (ou ATA)<\/li>\n<li>touchent l\u2019Allocation de Solidarit\u00e9 Sp\u00e9cifique (ou ASS)<\/li>\n<li>per\u00e7oivent la Prestation Partag\u00e9e d\u2019\u00c9ducation de l\u2019Enfant\u00a0(PreParE)<\/li>\n<li>sont \u00e2g\u00e9s de 18 \u00e0 25 ans<\/li>\n<li>sont handicap\u00e9s et ont moins de 30 ans<\/li>\n<li>ou sont salari\u00e9s ou licenci\u00e9s d\u2019une entreprise en sauvegarde de justice, en redressement judiciaire ou en liquidation judiciaire<\/li>\n<li>ou encore sont titulaires d\u2019un Contrat d\u2019Appui au Projet d\u2019Entreprise (CAPE)<\/li>\n<li>repreneur d&rsquo; entreprise dans un quartier prioritaire de la politique de la ville (QPV)<\/li>\n<li>cr\u00e9ation d&rsquo; entreprise<\/li>\n<\/ul>\n<h2>Qui peut b\u00e9n\u00e9ficier de l&rsquo; ACRE depuis le 1<sup>er<\/sup> janvier 2020?<\/h2>\n<p style=\"text-align: justify;\">Depuis le 1<sup>er<\/sup> janvier 2020, il n&rsquo;est plus indispensable d&rsquo;\u00eatre demandeurs d&#8217;emploi ou r\u00e9pondre aux crit\u00e8res ci-dessus pour \u00eatre en mesure de b\u00e9n\u00e9ficier de l&rsquo;acre. En effet, l&rsquo;aide est attribu\u00e9e \u00e0 tout cr\u00e9ateur ou repreneur d&rsquo;entreprise (sous certaines conditions que nous verrons ci-dessous).<\/p>\n<h1>Quelles conditions \u00e0 remplir pour b\u00e9n\u00e9ficier de l&rsquo;ACRE depuis le 1<sup>er<\/sup> janvier 2020?<\/h1>\n<p style=\"text-align: justify;\">Pour jouir de l&rsquo;ACRE depuis le 1<sup>er<\/sup> janvier 2020, il faut remplir les conditions sans prendre en compte la date de cr\u00e9ation ou de reprise de l&rsquo;entreprise, except\u00e9 dans le cas des GIE (Groupement d&rsquo;Int\u00e9r\u00eat \u00c9conomique), associations et groupement d&#8217;employeurs.<\/p>\n<h2>Ne pas avoir joui de l&rsquo;ACCRE les trois ann\u00e9es pr\u00e9c\u00e9dentes<\/h2>\n<p>Depuis le 1<sup>er<\/sup> janvier 2020, on peut appr\u00e9cier le d\u00e9lai \u00e0 compter de l&rsquo;arr\u00eat du b\u00e9n\u00e9fice de l&rsquo;accre au titre d&rsquo;une activit\u00e9 pass\u00e9e.<\/p>\n<p>Cependant, avant le 1<sup>er<\/sup> janvier 2020, le d\u00e9lai est pris en compte \u00e0 partir de l&rsquo;arr\u00eat de la pr\u00e9c\u00e9dente d\u00e9cision d&rsquo;attribuer l&rsquo;accre.<\/p>\n<p><em>Exemple: pour un cr\u00e9ateur d&rsquo;entreprise ayant fond\u00e9 une soci\u00e9t\u00e9 le 1<sup>er<\/sup> janvier 2020 et ayant d\u00e9j\u00e0 joui de l&rsquo;exon\u00e9ration de d\u00e9but d&rsquo;activit\u00e9, ses cotisations seront minor\u00e9es de mani\u00e8re d\u00e9gressive jusqu&rsquo;au 31 d\u00e9cembre 2022. Il ne pourra pas faire une nouvelle demande d&rsquo;acre avant le 1<sup>er<\/sup> janvier 2026.<\/em><\/p>\n<h2>Un contr\u00f4le effectif de la soci\u00e9t\u00e9<\/h2>\n<p>Dans le cas o\u00f9 la soci\u00e9t\u00e9 est une SARL, SAS, il est indispensable que le cr\u00e9ateur ou repreneur d&rsquo;entreprise r\u00e9ponde \u00e0 l&rsquo;un de ces crit\u00e8res:<\/p>\n<ul>\n<li>b\u00e9n\u00e9ficier par lui-m\u00eame ou en partage avec sa famille (conjoint, concubin ou sesascendants et descendants) de plus de 50 % du capital social dont 35 % \u00e0 titre personnel<\/li>\n<li>avoir la qualit\u00e9 de dirigeant et b\u00e9n\u00e9ficier par lui-m\u00eame ou en partage avec sa famille d&rsquo;au moins 1\/3 du capital social dont au moins 25 % \u00e0 titre personnel. En outre, aucun associ\u00e9 qui ne lui est pas apparent\u00e9 ne doit poss\u00e9der plus de 50 % du capital social<\/li>\n<li>avoir en sa possession avec d&rsquo;autres b\u00e9n\u00e9ficiaires de l&rsquo;acre ou d&rsquo;autres demandeurs d&rsquo;accre, plus de 50 % du capital de la soci\u00e9t\u00e9. \u00c0 noter qu&rsquo;au moins l&rsquo;un des demandeurs doit \u00eatre le dirigeant de la soci\u00e9t\u00e9 et chaque demandeur doit d\u00e9tenir une part du capital de la soci\u00e9t\u00e9 correspondant \u00e0 au moins 10 % de la part que poss\u00e8de l&rsquo;associ\u00e9 majoritaire<\/li>\n<\/ul>\n<p>Ne pas oublier que plusieurs cr\u00e9ateurs ou repreneurs d&rsquo;entreprises peuvent b\u00e9n\u00e9ficier de l&rsquo;acre s\u00e9par\u00e9ment m\u00eame pour un m\u00eame projet; ceci, seulement dans les cas suivants:<\/p>\n<ul>\n<li>ils ont ensemble plus de 50% du capital<\/li>\n<li>l&rsquo;un d&rsquo;eux OU plusieurs d&rsquo;entre eux sont dirigeants de la soci\u00e9t\u00e9<\/li>\n<li>chaque demandeur d&rsquo;acre d\u00e9tient pas moins de 1\/10 de la part du capital social d\u00e9tenue par l&rsquo;associ\u00e9 principal<\/li>\n<\/ul>\n<p><em>Exemple: dans le cas o\u00f9 l&rsquo;associ\u00e9 majoritaire a 55% des parts sociales, chaque b\u00e9n\u00e9ficiaire de l&rsquo;acre doit avoir a minima 5,5% des parts sociales de l&rsquo;associ\u00e9 majoritaire.<\/em><\/p>\n<p><iframe loading=\"lazy\" title=\"L&#039;ACRE\" width=\"500\" height=\"281\" src=\"https:\/\/www.youtube.com\/embed\/8bcid53zd-0?feature=oembed\" frameborder=\"0\" allow=\"accelerometer; autoplay; clipboard-write; encrypted-media; gyroscope; picture-in-picture; web-share\" referrerpolicy=\"strict-origin-when-cross-origin\" allowfullscreen><\/iframe><\/p>\n<h1>L&rsquo;ACCRE 2025 : quels avantages?<\/h1>\n<p>L&rsquo;ACRE (ex-ACCRE) permet de jouir de nombreux avantages. Lesquels?<\/p>\n<h2>Les charges sociales<\/h2>\n<p>Le cr\u00e9ateur ou repreneur d&rsquo;entreprise est exon\u00e9r\u00e9 de cotisations sociales. Cependant, certaines d&rsquo;entre-elles restent dues.<\/p>\n<h3>Quelles cotisations sociales sont exon\u00e9r\u00e9es?<\/h3>\n<p>Attention: il y a exon\u00e9ration des cotisations sociales seulement en fonction du revenu professionnel qui ne doit pas d\u00e9passer un certain plafond.<\/p>\n<h3>Dur\u00e9e de l&rsquo;exon\u00e9ration<\/h3>\n<p>Deux possibilit\u00e9s s&rsquo;offrent au cr\u00e9ateur ou au repreneur d&rsquo;entreprise quant \u00e0 la dur\u00e9e de l&rsquo;exon\u00e9ration des cotisations sociales.<\/p>\n<p>L&rsquo;exon\u00e9ration dure 12 mois \u00e0 compter de:<\/p>\n<ul>\n<li>la date d&rsquo;affiliation au r\u00e9gime des TNS (ou Travailleurs Non Salari\u00e9s) par le cr\u00e9ateur ou repreneur d&rsquo;entreprise<\/li>\n<li>OU la date du d\u00e9but d&rsquo;activit\u00e9 de l&rsquo;entreprise si le cr\u00e9ateur ou repreneur d&rsquo;entreprise d\u00e9pend du r\u00e9gime g\u00e9n\u00e9ral de la s\u00e9curit\u00e9 sociale<\/li>\n<\/ul>\n<p>\u00c0 noter: le cas de la personne relevant du r\u00e9gime de la micro entreprise, c&rsquo;est-\u00e0-dire le micro entrepreneur ou auto entrepreneur, a droit \u00e0 une exon\u00e9ration d&rsquo;une dur\u00e9e de 24 \u00e0 36 mois.<\/p>\n<h3>Les charges sociales restant dues<\/h3>\n<p>Dans tous les cas, certaines cotisations restent dues:<\/p>\n<ul>\n<li>la CSG (ou Contribution Sociale G\u00e9neralis\u00e9e)<\/li>\n<li>la CRDS (ou Contribution pour le Remboursement de la Dette Sociale)<\/li>\n<li>cotisation aux accidents de travail<\/li>\n<li>les cotisations \u00e0 la retraite compl\u00e9mentaire<\/li>\n<li>la FNAL ou Fond National d&rsquo;Aide au Logement)<\/li>\n<li>la cotisation \u00e0 la formation professionnelle<\/li>\n<li>cotisation au versement transport<\/li>\n<\/ul>\n<h2>Aides cumulables \u00e0 l&rsquo;ACRE<\/h2>\n<h3>NACRE<\/h3>\n<p>L&rsquo;ACRE peut \u00eatre cumul\u00e9e \u00e0 d&rsquo;autres aides \u00e0 la cr\u00e9ation comme le NACRE (ou Nouvel Accompagnement \u00e0 la Cr\u00e9ation ou la Reprise d&rsquo;Entreprise). Le NACRE aide:<\/p>\n<ul>\n<li>au montage du projet de cr\u00e9ation<\/li>\n<li>au d\u00e9marrage de la soci\u00e9t\u00e9<\/li>\n<li>\u00e0 la structuration financi\u00e8re de la soci\u00e9t\u00e9<\/li>\n<\/ul>\n<p>Cet accompagnement peuvent durer 3 ans et 8 mois dans le cas d&rsquo;une cr\u00e9ation d&rsquo;entreprise et 4 ans dans le cas d&rsquo;une reprise d&rsquo;entreprise. exon\u00e9ration partielle<\/p>\n<p>Attention: le Nacre n&rsquo;est disponible que pour les anciens b\u00e9n\u00e9ficiaires de l&rsquo;ACCRE.<\/p>\n<h3>ARCE<\/h3>\n<p>Les demandeurs d&#8217;emploi percevant l&rsquo;ARE (ou allocation d&rsquo;Aide au Retour \u00e0 l&rsquo;Emploi) et qui remplissent les conditions leur permettant de jouir de l&rsquo;ACRE sont en mesure de b\u00e9n\u00e9ficier de l&rsquo;ARCE.<\/p>\n<p>L&rsquo;ARCE est un capital (\u00e9quivalant \u00e0 45% des droits de l&rsquo;ARE) vers\u00e9 au ch\u00f4meur cr\u00e9ateur ou repreneur d&rsquo;entreprise. En cas d&rsquo;\u00e9chec du projet, le ch\u00f4meur cr\u00e9ateur ou repreneur d&rsquo;entreprise per\u00e7oit les 55% de l&rsquo;ARE restants.<\/p>\n<h1>Quelle formalit\u00e9s pour b\u00e9n\u00e9ficier de l&rsquo;ACRE depuis le 1<sup>er<\/sup> janvier 2020?<\/h1>\n<p>Depuis le 1<sup>er<\/sup> janvier 2020, aucune formalit\u00e9 n&rsquo;est requise pour b\u00e9n\u00e9ficier de l&rsquo;ACRE. En effet, cette aide est attribu\u00e9e automatiquement \u00e0 tout cr\u00e9ateur et repreneur d&rsquo;entreprise r\u00e9pondant aux crit\u00e8res \u00e9nonc\u00e9es plus haut dans l&rsquo;article.<\/p>\n<p>\u00c0 noter qu&rsquo;il est cependant possible de refuser cette aide: pour cela il faut envoyer une demande \u00e9crite par courrier recommand\u00e9 \u00e0 l&rsquo;URSSAF (ou Union de Recouvrement de cotisations de S\u00e9curit\u00e9 Sociale et d&rsquo;Allocations familiales).<\/p>\n<h1>Quelle formalit\u00e9s pour b\u00e9n\u00e9ficier de l&rsquo;ACCRE avant le 1<sup>er<\/sup> janvier 2020<\/h1>\n<p>Lors de la demande d&rsquo;ACCRE avant le 1<sup>er<\/sup> janvier 2020, le cr\u00e9ateur ou repreneur d&rsquo;entreprise devait se constituer un dossier.<\/p>\n<h2>Les pi\u00e8ces justificatives<\/h2>\n<div itemscope itemtype=\"http:\/\/schema.org\/Table\"><p itemprop=\"about\">Voici un tableau des pi\u00e8ces justificatives en fonction de la situation du cr\u00e9ateur ou repreneur d'entreprise demand\u00e9es lors de la constitution du dossier ACCRE avant le 1er janvier 2020  :<\/p>\n<table style=\"height: 106px; width: 101.701%; border-collapse: collapse;\" border=\"1px\">\n<tbody>\n<tr style=\"height: 80px;\">\n<td style=\"height: 80px; width: 3.09241%; background-color: #d8e6f2; text-align: center;\"><strong>\u00c0 fournir dans tous les cas<\/strong><\/td>\n<td style=\"height: 80px; width: 5.15254%; background-color: #d8e6f2; text-align: center;\"><strong>Si c&rsquo;est une soci\u00e9t\u00e9<\/strong><\/td>\n<td style=\"width: 9.5922%; background-color: #d8e6f2; text-align: center; height: 80px;\"><strong>Dans le cas o\u00f9 le cr\u00e9ateur ou repreneur d&rsquo;entreprise est ch\u00f4meur indemnis\u00e9 ou indemnisable<\/strong><\/td>\n<td style=\"width: 3.17643%; background-color: #d8e6f2; text-align: center; height: 80px;\"><strong>Si le cr\u00e9ateur ou repreneur d&rsquo;entreprise est ch\u00f4meur non indemnis\u00e9 inscrit \u00e0 P\u00f4le Emploi 6 mois durant les 18 derniers mois<\/strong><\/td>\n<td style=\"width: 2.67174%; background-color: #d8e6f2; text-align: center; height: 80px;\"><strong>Pour les moins de 26 ans<\/strong><\/td>\n<\/tr>\n<tr style=\"height: 56px;\">\n<td style=\"height: 26px; width: 3.09241%; text-align: center;\">1 copie du formulaire de d\u00e9claration d&rsquo;entreprise (P0, M0, M2, M3 SARL OU M3 autres formes juridiques)<\/td>\n<td style=\"height: 26px; width: 5.15254%; text-align: center;\">\n<ul>\n<li>1 copie des statuts de la soci\u00e9t\u00e9 o\u00f9 figure la r\u00e9partition des parts sociales ou actions sign\u00e9s par tous les associ\u00e9s ou actionnaires. Sinon, il faut 1 copie de la liste des souscripteurs o\u00f9 appara\u00eet le nombre d&rsquo;actions souscrites<\/li>\n<li>1 copie de l&rsquo;acte de nomination du dirigeant ou des dirigeants<\/li>\n<li>si le demandeur d&rsquo;accre contr\u00f4le la soci\u00e9t\u00e9 avec sa famille, 1 copie du livret de famille OU autre document justifiant le lien de parent\u00e9<\/li>\n<\/ul>\n<\/td>\n<td style=\"width: 9.5922%; text-align: center; height: 26px;\">\n<ul>\n<li>pour le demandeur indemnis\u00e9 par l&rsquo;ARE : 1 copie de la notification d&rsquo;ouverture de droit \u00e0 l&rsquo;indemnit\u00e9 ch\u00f4mage OU 1 copie du dernier titre de paiement<\/li>\n<li>puis pour le demandeur indemnisable par l&rsquo;ARE: 1 copie de la lettre de licenciement et 1 copie des bulletins de salaire des 4 derniers mois<\/li>\n<li>pour le demandeur b\u00e9n\u00e9ficiant d&rsquo;un CSP (Contrat de S\u00e9curisation professionnelle): 1 copie du bulletin d&rsquo;acceptation du CSP<\/li>\n<li>pour le demandeur qui a sign\u00e9 une rupture conventionnelle: 1 copie de la notification de l&rsquo;acceptation de l&rsquo;homologation OU l&rsquo;accus\u00e9 r\u00e9ception de la demande d&rsquo;homologation sur lequel figurent la date d&rsquo;arriv\u00e9e de la demande et la date \u00e0 laquelle le d\u00e9lai d&rsquo;instruction expire<\/li>\n<\/ul>\n<\/td>\n<td style=\"width: 3.17643%; text-align: center; height: 26px;\">1 copie de l&rsquo;historique du ch\u00f4meur sur 18 mois donn\u00e9 par P\u00f4le Emploi<\/td>\n<td style=\"width: 2.67174%; text-align: center; height: 26px;\">une copie de pi\u00e8ce d&rsquo;identit\u00e9<\/td>\n<\/tr>\n<\/tbody>\n<\/table>\n<p><span style=\"font-weight: 400;\"><\/div><\/span><\/p>\n<h2>Comment faire une demande d&rsquo;ACCRE?<\/h2>\n<p>Les pi\u00e8ces justificatives s&rsquo;accompagnent d&rsquo;un formulaire \u00e0 remplir.<\/p>\n<h3>Le haut du formulaire<\/h3>\n<p>Premi\u00e8rement, il convient de cocher la situation qui correspond \u00e0 sa situation:<\/p>\n<ul>\n<li>envoi de la demande d&rsquo;accre en m\u00eame temps que la d\u00e9claration d&rsquo;entreprise<\/li>\n<li>OU envoi de la demande d&rsquo;accre dans les 45 jours apr\u00e8s la d\u00e9claration d&rsquo;entreprise<\/li>\n<\/ul>\n<p>Dans le deuxi\u00e8me cas, il ne faut pas oublier d&rsquo;ajouter le SIRET de l&rsquo;entreprise.<\/p>\n<h3>Le cadre 1 du formulaire<\/h3>\n<p>Il faut sp\u00e9cifier dans le cadre 1 les informations concernant le demandeur d&rsquo;accre comme son nom, pr\u00e9nom, date de naissance, num\u00e9ro de s\u00e9curit\u00e9 sociale etc&#8230;<\/p>\n<h3>Le cadre 2 du formulaire<\/h3>\n<p>Il faut mettre dans ce cadre 2 la situation personnelle qui est celle du demandeur d&rsquo;accre. Des justificatifs sont demand\u00e9s.<\/p>\n<h3>Le cadre 3 du formulaire<\/h3>\n<p>Le cadre 3 ne concerne que les demandeurs cr\u00e9ant actuellement ou ayant d\u00e9j\u00e0 cr\u00e9\u00e9 une soci\u00e9t\u00e9.<\/p>\n<p>Ainsi, ce cadre n&rsquo;est pas \u00e0 remplir par les entrepreneurs individuels.<\/p>\n<p>Les informations \u00e0 sp\u00e9cifier dans ce cadre sont les suivantes:<\/p>\n<ul>\n<li>la d\u00e9nomination sociale de la soci\u00e9t\u00e9<\/li>\n<li>le nombre total d&rsquo;associ\u00e9s<\/li>\n<li>cocher la situation qui concerne le demandeur d&rsquo;accre parmi les cas pr\u00e9sent\u00e9s<\/li>\n<\/ul>\n<h3>Le cadre 4 du formulaire<\/h3>\n<p>Tout d&rsquo;abord, dans le cadre 4, il faut que le demandeur d&rsquo;accre donne des informations sur son dernier emploi, son niveau de qualification et la raison de son inscription \u00e0 P\u00f4le Emploi.<\/p>\n<p>Ensuite, le demandeur doit renseigner sa date d&rsquo;inscription \u00e0 P\u00f4le Emploi.<\/p>\n<p>Puis, le demandeur doit sp\u00e9cifier son affiliation ou non au contrat CAPE ou au NACRE.<\/p>\n<p>Enfin, il lui faut pr\u00e9ciser les renseignements suivants:<\/p>\n<ul>\n<li>le nombre d&#8217;emplois cr\u00e9\u00e9s dans le cas o\u00f9 il est cr\u00e9ateur d&rsquo;entreprise<\/li>\n<li>et le nombre d&#8217;emplois repris dans le cas o\u00f9 il est repreneur d&rsquo;entreprise<\/li>\n<\/ul>\n<h3>Le cadre 5 du formulaire<\/h3>\n<p>Dans ce cadre, il faut apposer sa signature et pr\u00e9ciser la date \u00e0 laquelle la signature a \u00e9t\u00e9 appos\u00e9e.<\/p>\n<h2>L&rsquo;envoi du dossier de demande d&rsquo;ACCRE<\/h2>\n<h3>Date de l&rsquo;envoi du dossier<\/h3>\n<p>On peut envoyer le dossier de la demande d&rsquo;accre \u00e0 deux dates diff\u00e9rentes:<\/p>\n<ul>\n<li>en m\u00eame temps que le dossier de reprise ou de cr\u00e9ation d&rsquo;entreprise<\/li>\n<li>OU 45 jours maximum suivant l&rsquo;envoi du dossier de reprise ou de cr\u00e9ation d&rsquo;entreprise<\/li>\n<\/ul>\n<h3>Lieu de l&rsquo;envoi du dossier<\/h3>\n<p>Il faut envoyer le dossier de demande d&rsquo;accre au CFE ou Centre de Formalit\u00e9 des Entreprises o\u00f9 vous \u00eates affili\u00e9.<\/p>\n<p>\u00c0 noter: il existe plusieurs CFE:<\/p>\n<ul>\n<li>CFE de la Chambre de commerce (pour les activit\u00e9s commerciales)<\/li>\n<li>CFE de la Chambre de m\u00e9tiers et de l&rsquo;artisanat (pour les activit\u00e9s artisanales)<\/li>\n<li>Et le CFE de l&rsquo;URSSAF pour les activit\u00e9s lib\u00e9rales<\/li>\n<\/ul>\n<div class='cta-block'><div class='text'>Simulez toutes vos aides en 2 min.<\/div><a href='https:\/\/www.mes-allocs.fr\/ab-app?origin=guides\/wp-json\/wp\/v2\/pages\/2485' class='app-button fit'>Simulation gratuite<\/a><\/div>\n","protected":false},"excerpt":{"rendered":"<p>L&rsquo;ACCRE\u00a0connait des changements: l&rsquo;Aide aux Ch\u00f4meurs Cr\u00e9ateurs d&rsquo;Entreprises est devenue l&rsquo;ACRE ou Aide aux Cr\u00e9ateurs et Repreneurs d&rsquo;Entreprise depuis le 1er janvier 2020. Il n&rsquo;y a donc plus besoin d&rsquo;\u00eatre demandeur d&#8217;emploi pour b\u00e9n\u00e9ficier de l&rsquo;ACRE. Lisez l&rsquo;article qui suit si vous voulez connaitre tous les d\u00e9tails! D\u00e9finition de l&rsquo;ACCRE Comme rappel\u00e9 ci-dessus, l&rsquo;ACCRE est [&hellip;]<\/p>\n","protected":false},"author":29,"featured_media":2486,"parent":0,"menu_order":0,"comment_status":"closed","ping_status":"closed","template":"","meta":{"amp_status":"","footnotes":""},"class_list":["post-2485","page","type-page","status-publish","has-post-thumbnail","hentry"],"yoast_head":"<!-- This site is optimized with the Yoast SEO plugin v14.9 - https:\/\/yoast.com\/wordpress\/plugins\/seo\/ -->\n<title>ACRE 2025 : d\u00e9finition, conditions et d\u00e9marches | Mes-Allocs.fr<\/title>\n<meta name=\"description\" content=\"Depuis le 1er janvier 2019, l&#039;accre devient l&#039;acre et permet aux employ\u00e9s ou demandeurs d&#039;emploi d&#039;avoir une aide pour cr\u00e9er ou reprendre une entreprise!\" \/>\n<meta name=\"robots\" content=\"index, follow, max-snippet:-1, max-image-preview:large, max-video-preview:-1\" \/>\n<link rel=\"canonical\" href=\"https:\/\/www.mes-allocs.fr\/guides\/acre\/\" \/>\n<meta property=\"og:locale\" content=\"fr_FR\" \/>\n<meta property=\"og:type\" content=\"article\" \/>\n<meta property=\"og:title\" content=\"ACRE 2025 : d\u00e9finition, conditions et d\u00e9marches | Mes-Allocs.fr\" \/>\n<meta property=\"og:description\" content=\"Depuis le 1er janvier 2019, l&#039;accre devient l&#039;acre et permet aux employ\u00e9s ou demandeurs d&#039;emploi d&#039;avoir une aide pour cr\u00e9er ou reprendre une entreprise!\" \/>\n<meta property=\"og:url\" content=\"https:\/\/www.mes-allocs.fr\/guides\/acre\/\" \/>\n<meta property=\"og:site_name\" content=\"Mes-Allocs.fr\" \/>\n<meta property=\"article:modified_time\" content=\"2026-01-22T09:40:14+00:00\" \/>\n<meta property=\"og:image\" content=\"https:\/\/www.mes-allocs.fr\/guides\/wp-content\/uploads\/2019\/11\/accre-e1575020333922.jpg?wsr\" \/>\n\t<meta property=\"og:image:width\" content=\"1024\" \/>\n\t<meta property=\"og:image:height\" content=\"389\" \/>\n<meta name=\"twitter:card\" content=\"summary_large_image\" \/>\n<script type=\"application\/ld+json\" class=\"yoast-schema-graph\">{\"@context\":\"https:\/\/schema.org\",\"@graph\":[{\"@type\":\"WebSite\",\"@id\":\"https:\/\/www.mes-allocs.fr\/guides\/#website\",\"url\":\"https:\/\/www.mes-allocs.fr\/guides\/\",\"name\":\"Mes-Allocs.fr\",\"description\":\"\",\"potentialAction\":[{\"@type\":\"SearchAction\",\"target\":\"https:\/\/www.mes-allocs.fr\/guides\/?s={search_term_string}\",\"query-input\":\"required name=search_term_string\"}],\"inLanguage\":\"fr-FR\"},{\"@type\":\"ImageObject\",\"@id\":\"https:\/\/www.mes-allocs.fr\/guides\/acre\/#primaryimage\",\"inLanguage\":\"fr-FR\",\"url\":\"https:\/\/www.mes-allocs.fr\/guides\/wp-content\/uploads\/2019\/11\/accre-e1575020333922.jpg?wsr\",\"width\":1024,\"height\":389,\"caption\":\"accre e1575020333922\"},{\"@type\":\"WebPage\",\"@id\":\"https:\/\/www.mes-allocs.fr\/guides\/acre\/#webpage\",\"url\":\"https:\/\/www.mes-allocs.fr\/guides\/acre\/\",\"name\":\"ACRE 2025 : d\\u00e9finition, conditions et d\\u00e9marches | Mes-Allocs.fr\",\"isPartOf\":{\"@id\":\"https:\/\/www.mes-allocs.fr\/guides\/#website\"},\"primaryImageOfPage\":{\"@id\":\"https:\/\/www.mes-allocs.fr\/guides\/acre\/#primaryimage\"},\"datePublished\":\"2019-12-10T09:13:41+00:00\",\"dateModified\":\"2026-01-22T09:40:14+00:00\",\"description\":\"Depuis le 1er janvier 2019, l'accre devient l'acre et permet aux employ\\u00e9s ou demandeurs d'emploi d'avoir une aide pour cr\\u00e9er ou reprendre une entreprise!\",\"inLanguage\":\"fr-FR\"}]}<\/script>\n<!-- \/ Yoast SEO plugin. -->","amp_validity":null,"acf":{"faq":{"1":{"question":"Qu'est ce que l'ACCRE ?","answer":"L'ACCRE est l'Aide aux Ch\u00f4meurs Cr\u00e9ateurs d'entreprise."},"2":{"question":"Quelles sont les conditions li\u00e9es \u00e0 l'ACCRE ?","answer":"Pour b\u00e9n\u00e9ficier de l'ACCRE, plusieurs conditions sont indispensables comme ne pas avoir b\u00e9n\u00e9fici\u00e9 de l'ACCRE durant les 3 ann\u00e9es pr\u00e9c\u00e9dentes."},"3":{"question":"Quelle est la diff\u00e9rence entre ACRRE et ACRE?","answer":"L'ACCRE est l'Aide aux Ch\u00f4meurs Cr\u00e9ateurs d'entreprise. Depuis le 1er janvier 2019, elle devient l'ACRE ou Aide \u00e0 la Cr\u00e9ation ou \u00e0 la Reprise d'Entreprise, et permet aux salari\u00e9s comme aux demandeurs d'emploi de b\u00e9n\u00e9ficier d'une aide. "},"4":{"question":"Comment faire une simulation d'ACCRE ?","answer":"Sur Mes-Allocs.fr, vous pouvez faire une simulation d'ACCRE!"},"5":{"question":"Quand faire la demande de l'accre ?","answer":"Le dossier de demande d'ACRE doit \u00eatre d\u00e9pos\u00e9 au plus tard dans les 45 jours qui suivent le d\u00e9p\u00f4t de la d\u00e9claration d'entreprise, aupr\u00e8s du CFE dont vous d\u00e9pendez."},"6":{"question":"Comment b\u00e9n\u00e9ficier de l'Arce ?","answer":"L'ACCRE, aide au ch\u00f4meur cr\u00e9ateur ou repreneur d'entreprise, est un dispositif d'aide \u00e0 la cr\u00e9ation et \u00e0 la reprise d'entreprise qui permet \u00e0 l'entrepreneur de b\u00e9n\u00e9ficier d'une exon\u00e9ration partielle de ses cotisations sociales durant les 12 premiers mois d'activit\u00e9."},"7":{"question":"Qu'est-ce que l'exon\u00e9ration Accre ?","answer":"L'ACCRE consiste en une exon\u00e9ration de charges sociales pendant un an \u00e0 compter, soit de la date de l'affiliation au r\u00e9gime des travailleurs non-salari\u00e9s . L'exon\u00e9ration ne porte que sur la partie des revenus ou r\u00e9mun\u00e9rations ne d\u00e9passant pas 120 % du Smic en vigueur au 1er janvier."},"8":{"question":"Est-ce que l'ACCRE est imposable ?","answer":"Oui, l'aide \u00e0 la reprise ou \u00e0 la cr\u00e9ation d'entreprise (Arce) vers\u00e9e \u00e0 un ch\u00f4meur cr\u00e9ant ou reprenant une entreprise est imposable."},"9":{"question":"Qui a droit \u00e0 l'ACCRE ?","answer":"L'ACCRE, aide au ch\u00f4meur cr\u00e9ateur ou repreneur d'entreprise, est un dispositif d'aide \u00e0 la cr\u00e9ation et \u00e0 la reprise d'entreprise qui permet \u00e0 l'entrepreneur de b\u00e9n\u00e9ficier d'une exon\u00e9ration partielle de ses cotisations sociales durant les 12 premiers mois d'activit\u00e9."},"10":{"question":"Comment demander l'ACCRE \u00e0 P\u00f4le emploi ?","answer":"Le dossier de demande d'ACRE doit \u00eatre d\u00e9pos\u00e9 au plus tard dans les 45 jours qui suivent le d\u00e9p\u00f4t de la d\u00e9claration d'entreprise, aupr\u00e8s du CFE dont vous d\u00e9pendez."},"11":{"question":"Quel est le montant de l'ARCE ?","answer":"Le montant de l'ARCE est \u00e9gal \u00e0 45 % du montant des droits \u00e0 l'ARE restant \u00e0 verser lors du d\u00e9but de l'activit\u00e9."},"12":{"question":"Quelles sont les aides \u00e0 la cr\u00e9ation d'entreprise ?","answer":"Nouvel accompagnement pour la cr\u00e9ation ou la reprise d'entreprise (Nacre). Aide \u00e0 la cr\u00e9ation ou \u00e0 la reprise d'une entreprise (Acre). Contrat d'appui au projet d'entreprise (Cape)"},"13":{"question":"O\u00f9 envoyer la demande de l'ACCRE ?","answer":"Le dossier de demande d'ACCRE doit \u00eatre d\u00e9pos\u00e9 au plus tard dans les 45 jours qui suivent le d\u00e9p\u00f4t de la d\u00e9claration d'entreprise, aupr\u00e8s du CFE dont vous d\u00e9pendez. Pr\u00e9cision : le d\u00e9lai de 45 jours court \u00e0 compter de la date figurant sur l'accus\u00e9 r\u00e9ception de la d\u00e9claration d'entreprise envoy\u00e9e par le CFE."},"14":{"question":"","answer":""},"15":{"question":"","answer":""},"16":{"question":"","answer":""}}},"_links":{"self":[{"href":"https:\/\/www.mes-allocs.fr\/guides\/wp-json\/wp\/v2\/pages\/2485","targetHints":{"allow":["GET"]}}],"collection":[{"href":"https:\/\/www.mes-allocs.fr\/guides\/wp-json\/wp\/v2\/pages"}],"about":[{"href":"https:\/\/www.mes-allocs.fr\/guides\/wp-json\/wp\/v2\/types\/page"}],"author":[{"embeddable":true,"href":"https:\/\/www.mes-allocs.fr\/guides\/wp-json\/wp\/v2\/users\/29"}],"replies":[{"embeddable":true,"href":"https:\/\/www.mes-allocs.fr\/guides\/wp-json\/wp\/v2\/comments?post=2485"}],"version-history":[{"count":42,"href":"https:\/\/www.mes-allocs.fr\/guides\/wp-json\/wp\/v2\/pages\/2485\/revisions"}],"predecessor-version":[{"id":97302,"href":"https:\/\/www.mes-allocs.fr\/guides\/wp-json\/wp\/v2\/pages\/2485\/revisions\/97302"}],"wp:featuredmedia":[{"embeddable":true,"href":"https:\/\/www.mes-allocs.fr\/guides\/wp-json\/wp\/v2\/media\/2486"}],"wp:attachment":[{"href":"https:\/\/www.mes-allocs.fr\/guides\/wp-json\/wp\/v2\/media?parent=2485"}],"curies":[{"name":"wp","href":"https:\/\/api.w.org\/{rel}","templated":true}]}}