{"id":18253,"date":"2021-02-02T03:21:06","date_gmt":"2021-02-02T03:21:06","guid":{"rendered":"https:\/\/www.mes-allocs.fr\/guides\/?page_id=18253"},"modified":"2026-03-03T16:17:27","modified_gmt":"2026-03-03T15:17:27","slug":"reconversion-professionnelle","status":"publish","type":"page","link":"https:\/\/www.mes-allocs.fr\/guides\/reconversion-professionnelle\/","title":{"rendered":"Reconversion professionnelle : conditions, aides et d\u00e9marches"},"content":{"rendered":"<p><a href=\"https:\/\/www.mes-allocs.fr\/guides\/wp-content\/uploads\/2021\/01\/workplace-1245776_1280.jpg\"><img loading=\"lazy\" decoding=\"async\" class=\"aligncenter wp-image-18273 size-large\" src=\"https:\/\/www.mes-allocs.fr\/guides\/wp-content\/uploads\/2021\/01\/workplace-1245776_1280-e1611007675703-1024x399.jpg\" alt=\"Reconversion professionnelle : Tout ce qu'il faut savoir !\" width=\"1024\" height=\"399\" srcset=\"https:\/\/www.mes-allocs.fr\/guides\/wp-content\/uploads\/2021\/01\/workplace-1245776_1280-e1611007675703-1024x399.jpg 1024w, https:\/\/www.mes-allocs.fr\/guides\/wp-content\/uploads\/2021\/01\/workplace-1245776_1280-e1611007675703-300x117.jpg 300w, https:\/\/www.mes-allocs.fr\/guides\/wp-content\/uploads\/2021\/01\/workplace-1245776_1280-e1611007675703-768x299.jpg 768w, https:\/\/www.mes-allocs.fr\/guides\/wp-content\/uploads\/2021\/01\/workplace-1245776_1280-e1611007675703-600x234.jpg 600w, https:\/\/www.mes-allocs.fr\/guides\/wp-content\/uploads\/2021\/01\/workplace-1245776_1280-e1611007675703.jpg 1280w\" sizes=\"auto, (max-width: 1024px) 100vw, 1024px\" \/><\/a><\/p>\n<p style=\"text-align: justify;\">[Mis \u00e0 jour le 03\/03\/2026] Que vous soyez salari\u00e9 ou bien en recherche d&#8217;emploi, de nombreux dispositifs sont en vigueur pour vous aider \u00e0 trouver la voie qui vous conviendrait le mieux. En moyenne, chaque Fran\u00e7ais passe par pas moins de 10 emplois diff\u00e9rents au cours de sa vie. Mes Allocs vous explique tout sur la <strong>reconversion professionnelle<\/strong> et les dispositifs en vigueur.<\/p>\n<div class='cta-block'><div class='text'>Profitez de notre bilan de comp\u00e9tences financ\u00e9 par vos droits formation.<\/div><a href='https:\/\/www.formademia.fr\/coaching' class='app-button fit'>En savoir plus<\/a><\/div>\n<h1>Qu&rsquo;est-ce que la reconversion professionnelle ?<\/h1>\n<p>Marqu\u00e9e par la COVID-19, l\u2019ann\u00e9e 2020 a g\u00e9n\u00e9r\u00e9 beaucoup de remises en question, notamment sur le plan professionnel. Nombreux sont les salari\u00e9s \u00e0 avoir envisag\u00e9 un changement de poste, d\u2019entreprise, de lieu de travail, voire m\u00eame une toute nouvelle orientation professionnelle.<\/p>\n<p>Mais avec la question de la reconversion se pose n\u00e9cessairement celle du financement, qui conditionne souvent la suite des projets professionnels. Un certain nombre d&rsquo;<a href=\"https:\/\/www.mes-allocs.fr\/guides\/reconversion-professionnelle\/aide-reconversion-professionnelle\/\">aides pour la reconversion professionnelle<\/a> peuvent vous \u00eatre accord\u00e9s.<\/p>\n<p>Les aides pour la reconversion professionnelle sont par exemple le bilan de comp\u00e9tences afin de faire un point sur votre carri\u00e8re professionnelle, le plan de D\u00e9veloppement des Comp\u00e9tences ou encore le PCF pour financer votre formation professionnelle. Notez que cette derni\u00e8re doit respecter un plan de reconversion bien d\u00e9finit.<\/p>\n<h2>D\u00e9finition<\/h2>\n<p class=\"amp-wp-7d27179\" data-amp-original-style=\"text-align: justify;\">Lorsque le poste que vous occupez actuellement ne vous convient plus, ou suite \u00e0 un licenciement, l\u2019id\u00e9e de changer de secteur, <a href=\"https:\/\/www.mes-allocs.fr\/guides\/reconversion-professionnelle\/changer-de-carriere-professionnelle\/\">changer de m\u00e9tier<\/a> peut vous venir \u00e0 l\u2019id\u00e9e.<\/p>\n<p class=\"amp-wp-7d27179\" data-amp-original-style=\"text-align: justify;\">Au fil des ann\u00e9es, le fait de changer d\u2019activit\u00e9 est devenu une chose courante, m\u00eame quelque chose d\u2019encourag\u00e9. En effet, le fait de mettre en oeuvre son projet professionnel, d\u2019exercer une activit\u00e9 qui nous plait est devenue une aubaine pour sa vie personnelle.<\/p>\n<p class=\"amp-wp-7d27179\" data-amp-original-style=\"text-align: justify;\">Une reconversion vient de la volont\u00e9 d\u2019un salari\u00e9 ou d\u2019un demandeur d\u2019emploi de changer de m\u00e9tier pour une toute nouvelle vie. L\u2019une des choses les plus importantes est de se poser les bonnes questions.<\/p>\n<p class=\"amp-wp-7d27179\" data-amp-original-style=\"text-align: justify;\">Autrefois mal vue, les d\u00e9marches de reconversion sont de plus en plus encourag\u00e9es. Il est m\u00eame possible de faire une reconversion professionnelle \u00e0 l\u2019int\u00e9rieur d\u2019une m\u00eame entreprise ou bien entre deux domaines professionnels qui n\u2019ont absolument aucun rapport.<\/p>\n<h2>Par o\u00f9 commencer ?<\/h2>\n<p>Le fait de vouloir changer de m\u00e9tier n&rsquo;est jamais une \u00e9tape simple dans la vie d&rsquo;un travailleur. Votre projet doit \u00eatre murement r\u00e9fl\u00e9chi. Dans votre \u00e9tape de r\u00e9flexion, vous devez faire face aux probl\u00e8mes que vous rencontrez. Mais \u00e9galement \u00e0 votre reconversion dans le secteur d&rsquo;activit\u00e9 qui vous conviendrait le mieux.<\/p>\n<p>Vous pouvez prendre <a href=\"https:\/\/www.formademia.fr\/formulaire\/coaching\">rendez-vous avec un conseiller Mes Allocs<\/a> pour r\u00e9aliser votre reconversion professionnelle et connaitre les d\u00e9marches \u00e0 effectuer.<\/p>\n<h2>Trouver un m\u00e9tier qui vous correspond<\/h2>\n<p>La reconversion permet d\u2019identifier le m\u00e9tier qui correspond \u00e0 vos aspirations profondes. Au terme d\u2019une d\u00e9marche qui peut \u00eatre longue et qui n\u00e9cessite une grande concentration. Vous pouvez vous faire aider par un coach professionnel ou faire un bilan de comp\u00e9tences. N&rsquo;oubliez pas de mettre \u00e0 jour votre CV et de faire une belle lettre de motivation !<\/p>\n<h2>Reconversion : pourquoi tout recommencer ?<\/h2>\n<p>Les raisons qui poussent \u00e0 une r\u00e9orientation professionnelle sont de plus en plus nombreuses. Cette envie de changement touche tout secteur d&rsquo;activit\u00e9, et aussi bien junior que s\u00e9nior.<\/p>\n<p><strong>Quelques raisons qui poussent \u00e0 la reconversion professionnelle :<\/strong><\/p>\n<ul>\n<li>Vous venez de vous rendre compte apr\u00e8s plusieurs ann\u00e9es que le poste que vous occupez au sein de votre entreprise. Mais ce dernier ne vous pla\u00eet plus vraiment.<\/li>\n<li>Vous avez choisi une voie qui ne d\u00e9bouche pas sur un emploi stable<\/li>\n<li>Vous avez subi un licenciement<\/li>\n<li>Vous vivez depuis quelques ann\u00e9es dans une tr\u00e8s mauvaise ambiance de travail<\/li>\n<li>Vous vous sentez mal dans votre poste de travail actuel, plusieurs raisons peuvent l&rsquo;expliquer<\/li>\n<li>Vous avez eu un accident du travail qui ne vous permet plus d\u2019exercer votre fonction au sein de l&rsquo;entreprise<\/li>\n<li>Vous avez tout simplement une forte envie de changement. De r\u00e9aliser votre r\u00eave, d\u2019avoir un m\u00e9tier plus enrichissant qui a du sens pour vous.<\/li>\n<\/ul>\n<p><iframe loading=\"lazy\" title=\"La reconversion professionnelle\" width=\"500\" height=\"281\" src=\"https:\/\/www.youtube.com\/embed\/EiVUthswxl0?feature=oembed\" frameborder=\"0\" allow=\"accelerometer; autoplay; clipboard-write; encrypted-media; gyroscope; picture-in-picture; web-share\" referrerpolicy=\"strict-origin-when-cross-origin\" allowfullscreen><\/iframe><\/p>\n<h1>Salari\u00e9, comment financer votre formation ?<\/h1>\n<h2 class=\"filet_title\">Le bilan de comp\u00e9tences, outil de reconversion professionnelle<\/h2>\n<p>Le <a href=\"https:\/\/www.mes-allocs.fr\/guides\/reconversion-professionnelle\/bilan-de-competences\/\">bilan de comp\u00e9tences<\/a> volontaire d&rsquo;un salari\u00e9 qui souhaite faire le point sur sa vie professionnelle actuelle, souhaite une transition professionnelle ou souhaite changer de carri\u00e8re. Cette d\u00e9marche n&rsquo;est pas obligatoire, vos employeurs ne peuvent en aucun cas vous forcer \u00e0 le r\u00e9aliser. G\u00e9n\u00e9ralement, la dur\u00e9e d&rsquo;un bilan de comp\u00e9tences est de l&rsquo;ordre de 24h sur 2 \u00e0 3 mois. Cela pendant, ou hors de votre temps de travail.<\/p>\n<p>R\u00e9aliser un bilan de comp\u00e9tence peut vous aider \u00e0 vous poser les bonnes questions, mais \u00e9galement faire le point sur vos motivations.<\/p>\n<p><strong>\u00c0 noter : le bilan de comp\u00e9tence est \u00e9ligible au compte personnel de formation CPF<\/strong><\/p>\n<div class='cta-block'><div class='text'>Profitez de notre bilan de comp\u00e9tences financ\u00e9 par vos droits formation.<\/div><a href='https:\/\/www.formademia.fr\/coaching' class='app-button fit'>En savoir plus<\/a><\/div>\n<p><strong>Le bilan de comp\u00e9tences est g\u00e9r\u00e9 par un consultant sp\u00e9cialis\u00e9, cela se d\u00e9roule en 3 \u00e9tapes :<\/strong><\/p>\n<ul>\n<li>D\u00e9finir et pr\u00e9ciser de vos besoins.<\/li>\n<li>Analyser par une tierce personne de vos motivations, de vos comp\u00e9tences et de vos r\u00e9elles possibilit\u00e9s d\u2019\u00e9volutions professionnelles.<\/li>\n<li>Et enfin l\u2019\u00e9tablissement d\u2019un\u00a0projet professionnel\u00a0r\u00e9aliste qui vous guidera \u00e0 travers les \u00e9tapes de sa mise en \u0153uvre.<\/li>\n<\/ul>\n<p>\u00c0 la fin du bilan, le consultant vous remettra un document de synth\u00e8se. Ce dernier fait valoir de bilan de l\u00e0 o\u00f9 vous en \u00eates professionnellement et personnellement et l\u00e0 o\u00f9 vous pourriez aller.<\/p>\n<h2><strong>La p\u00e9riode de reconversion<\/strong><\/h2>\n<p data-start=\"0\" data-end=\"159\">La p\u00e9riode de reconversion est un nouveau dispositif l\u00e9gal, en vigueur depuis le 1er f\u00e9vrier 2026, qui remplace les anciens Pro-A et Transitions collectives.<\/p>\n<p data-start=\"161\" data-end=\"380\" data-is-last-node=\"\" data-is-only-node=\"\">Elle permet aux salari\u00e9s de se former \u00e0 un nouveau m\u00e9tier gr\u00e2ce \u00e0 des formations certifiantes, comme les certifications RNCP, CQP, blocs de comp\u00e9tences, Cl\u00e9A ou VAE, et facilite ainsi les mobilit\u00e9s internes ou externes.<\/p>\n<div>\n<h3><strong>Le plan de d\u00e9veloppement des comp\u00e9tences<\/strong><\/h3>\n<p>Depuis janvier 2019, le plan de d\u00e9veloppement des comp\u00e9tences remplace le plan de formation. Gr\u00e2ce \u00e0 ce dispositif, les entreprises peuvent accompagner leurs salari\u00e9s au sein de leur poste actuel, mais \u00e9galement les aider \u00e0 \u00e9voluer. Ainsi, une entreprise b\u00e9n\u00e9ficie d\u2019une prise en charge des actions de formation \u00e9ligibles aupr\u00e8s de l\u2019op\u00e9rateur de comp\u00e9tences dont elle d\u00e9pend.<\/p>\n<h3><strong>Le projet de transition professionnelle (PTP)<\/strong><\/h3>\n<\/div>\n<p>Le Projet de transition professionnelle (PTP) permet \u00e0 un salari\u00e9 de s\u2019absenter de son poste pour suivre une formation certifiante longue (dipl\u00f4me RNCP, CQP, titre professionnel) afin de changer de m\u00e9tier.<\/p>\n<p>Rempla\u00e7ant le Cong\u00e9 Individuel de Formation (CIF), il reste en vigueur en 2026 et est g\u00e9r\u00e9 par les Transitions Pro de chaque r\u00e9gion.<\/p>\n<h1>Demandeur d&#8217;emploi, comment financer votre formation ?<\/h1>\n<h2 class=\"filet_title\">Le Conseil en \u00e9volution professionnelle (CEP), votre alli\u00e9 pour une reconversion r\u00e9ussie<\/h2>\n<p class=\"filet_title\">Le Conseil en \u00e9volution professionnelle (CEP) est un dispositif en vigueur depuis 2014. Il s&rsquo;agit d&rsquo;un nouvel outil de reconversion accessible \u00e0 tous les travailleurs ou les personnes souhaitant trouver un emploi.<\/p>\n<p>Que vous soyez salari\u00e9 du secteur priv\u00e9 ou public. En recherche d\u2019emploi, travailleur ind\u00e9pendant, artisan, profession lib\u00e9rale, auto-entrepreneur ou jeune sortit du syst\u00e8me scolaire sans qualification. <strong>Vous pouvez depuis janvier 2015 avoir recours \u00e0 un conseiller qui va vous aider \u00e0 \u00e9laborer votre projet professionnel.<\/strong><\/p>\n<h2><strong>Le Compte Personnel de Formation (CPF)<\/strong><\/h2>\n<p>Tout comme les salari\u00e9s, vous pouvez b\u00e9n\u00e9ficier du compte personnel de formation CPF. Cela pour vous aider dans votre reconversion, mais \u00e9galement pour votre entr\u00e9e sur le march\u00e9 du travail.<\/p>\n<h3><strong>L\u2019Action de Formation Conventionn\u00e9e (AFC)<\/strong><\/h3>\n<p>Tous les demandeurs d&#8217;emploi peuvent b\u00e9n\u00e9ficier de l&rsquo;action de formation conventionn\u00e9e AFC. Ce dispositif vous permet un retour rapide sur le march\u00e9 du travail. Et cela par l&rsquo;acquisition de comp\u00e9tences de m\u00e9tiers nouveaux (ex: community manager, gestion des r\u00e9seaux sociaux, les dipl\u00f4mes pour la garde d\u2019enfants, l\u2019aide \u00e0 domicile et plus encore !)<\/p>\n<p>Pendant la dur\u00e9e de votre formation conventionn\u00e9e, vous b\u00e9n\u00e9ficiez d\u2019une allocation d\u2019aide au retour \u00e0 l\u2019emploi formation (AREF). Ou bien d\u2019une r\u00e9mun\u00e9ration des formations France Travail.<\/p>\n<h3><strong>L\u2019Aide Individuelle \u00e0 la Formation (AIF)<\/strong><\/h3>\n<p>Vous pouvez b\u00e9n\u00e9ficier de l&rsquo;aide individuelle \u00e0 la formation AIF, si vous \u00eates demandeur d&#8217;emploi. Notez que les formations \u00e0 suivre doivent \u00eatre valid\u00e9es par le France Travail. Si vous ne touchez pas de l\u2019allocation de retour \u00e0 l\u2019emploi (ARE). Vous pouvez pr\u00e9tendre \u00e0 une r\u00e9mun\u00e9ration de formation de France Travail (RFFT). Celle-ci peut atteindre 769,49 \u20ac par mois. Si vous b\u00e9n\u00e9ficiez de l\u2019ARE, vous conservez cette indemnit\u00e9 pendant toute la dur\u00e9e de la formation.<\/p>\n<h1>Reconversion professionnelle pour les travailleurs ind\u00e9pendants<\/h1>\n<div>\n<p>En tant qu\u2019ind\u00e9pendant, vous versez une\u00a0<strong>Contribution \u00e0 la Formation Professionnelle<\/strong>\u00a0(CPF) aupr\u00e8s du\u00a0<strong>Fonds d\u2019Assurance Formation<\/strong> (FAF) dont vous d\u00e9pendez. Renseignez-vous aupr\u00e8s du FAF pour connaitre les budgets et les crit\u00e8res de prise en charge.<\/p>\n<h2>\u00c0 qui vous adresser pour votre reconversion professionnelle ?<\/h2>\n<div>\n<h3><strong>L\u2019Association\u00a0 Professionnelle des Adultes (Afpa)<\/strong><\/h3>\n<p>L&rsquo;Afpa s&rsquo;adresse aux salari\u00e9s et demandeurs d\u2019emploi, il s&rsquo;agit d&rsquo;un organisme de formation qui propose une multitude de formations.<\/p>\n<h3><strong>France Travail<\/strong><\/h3>\n<p>Si vous \u00eates demandeur d\u2019emploi, vous pouvez vous tourner vers votre agence France Travail la plus proche. France Travail peut vous proposer un financement de votre formation. Si vous \u00eates cadre, vous pouvez vous rapprocher de votre agence APEC.<\/p>\n<h3><strong>Les organismes de formation<\/strong><\/h3>\n<p>Si vous \u00eates int\u00e9ress\u00e9 par une formation, vous pouvez prendre contact avec un organisme de formation comme\u00a0Prium Formation.<\/p>\n<h3><strong>Le r\u00e9seau GRETA<\/strong><\/h3>\n<p>Ce r\u00e9seau de l\u2019\u00c9ducation nationale propose des formations qualifiantes.<\/p>\n<h3><strong>L\u2019Agefiph<\/strong><\/h3>\n<p>L\u2019Agefiph accompagne les personnes handicap\u00e9es pour construire leur projet professionnel et trouver un emploi.<\/p>\n<h3><strong>Les chambres des m\u00e9tiers et de l\u2019artisanat<\/strong><\/h3>\n<p>Elles proposent des formations et des stages pour accompagner une reconversion professionnelle.<\/p>\n<h2><strong>Le Conservatoire National des Arts et M\u00e9tiers (CNAM)<\/strong><\/h2>\n<p>Le CNAM propose de nombreuses formations dans de nombreux m\u00e9tiers. Ces derni\u00e8res peuvent \u00eatre suivies en cours du soir ou \u00e0 l\u2019aide de leur plateforme de formation \u00e0 distance.<\/p>\n<div class='cta-block'><div class='text'>Profitez de notre bilan de comp\u00e9tences financ\u00e9 par vos droits formation.<\/div><a href='https:\/\/www.formademia.fr\/coaching' class='app-button fit'>En savoir plus<\/a><\/div>\n<\/div>\n<\/div>\n","protected":false},"excerpt":{"rendered":"<p>[Mis \u00e0 jour le 03\/03\/2026] Que vous soyez salari\u00e9 ou bien en recherche d&#8217;emploi, de nombreux dispositifs sont en vigueur pour vous aider \u00e0 trouver la voie qui vous conviendrait le mieux. En moyenne, chaque Fran\u00e7ais passe par pas moins de 10 emplois diff\u00e9rents au cours de sa vie. Mes Allocs vous explique tout sur [&hellip;]<\/p>\n","protected":false},"author":29,"featured_media":18273,"parent":0,"menu_order":0,"comment_status":"closed","ping_status":"closed","template":"","meta":{"amp_status":"","footnotes":""},"class_list":["post-18253","page","type-page","status-publish","has-post-thumbnail","hentry"],"yoast_head":"<!-- This site is optimized with the Yoast SEO plugin v14.9 - https:\/\/yoast.com\/wordpress\/plugins\/seo\/ -->\n<title>Reconversion professionnelle : d\u00e9finition, conditions, aides, d\u00e9marches<\/title>\n<meta name=\"description\" content=\"De nombreux dispositifs sont en vigueur pour vous aider dans votre reconversion professionnelle. Mes Allocs vous explique en d\u00e9tail ici !\" \/>\n<meta name=\"robots\" content=\"index, follow, max-snippet:-1, max-image-preview:large, max-video-preview:-1\" \/>\n<link rel=\"canonical\" href=\"https:\/\/www.mes-allocs.fr\/guides\/reconversion-professionnelle\/\" \/>\n<meta property=\"og:locale\" content=\"fr_FR\" \/>\n<meta property=\"og:type\" content=\"article\" \/>\n<meta property=\"og:title\" content=\"Reconversion professionnelle : d\u00e9finition, conditions, aides, d\u00e9marches\" \/>\n<meta property=\"og:description\" content=\"De nombreux dispositifs sont en vigueur pour vous aider dans votre reconversion professionnelle. Mes Allocs vous explique en d\u00e9tail ici !\" \/>\n<meta property=\"og:url\" content=\"https:\/\/www.mes-allocs.fr\/guides\/reconversion-professionnelle\/\" \/>\n<meta property=\"og:site_name\" content=\"Mes-Allocs.fr\" \/>\n<meta property=\"article:modified_time\" content=\"2026-03-03T15:17:27+00:00\" \/>\n<meta property=\"og:image\" content=\"https:\/\/www.mes-allocs.fr\/guides\/wp-content\/uploads\/2021\/01\/workplace-1245776_1280-e1611007675703.jpg?wsr\" \/>\n\t<meta property=\"og:image:width\" content=\"1280\" \/>\n\t<meta property=\"og:image:height\" content=\"499\" \/>\n<meta name=\"twitter:card\" content=\"summary_large_image\" \/>\n<script type=\"application\/ld+json\" class=\"yoast-schema-graph\">{\"@context\":\"https:\/\/schema.org\",\"@graph\":[{\"@type\":\"WebSite\",\"@id\":\"https:\/\/www.mes-allocs.fr\/guides\/#website\",\"url\":\"https:\/\/www.mes-allocs.fr\/guides\/\",\"name\":\"Mes-Allocs.fr\",\"description\":\"\",\"potentialAction\":[{\"@type\":\"SearchAction\",\"target\":\"https:\/\/www.mes-allocs.fr\/guides\/?s={search_term_string}\",\"query-input\":\"required name=search_term_string\"}],\"inLanguage\":\"fr-FR\"},{\"@type\":\"ImageObject\",\"@id\":\"https:\/\/www.mes-allocs.fr\/guides\/reconversion-professionnelle\/#primaryimage\",\"inLanguage\":\"fr-FR\",\"url\":\"https:\/\/www.mes-allocs.fr\/guides\/wp-content\/uploads\/2021\/01\/workplace-1245776_1280-e1611007675703.jpg?wsr\",\"width\":1280,\"height\":499,\"caption\":\"reconversion professionnelle\"},{\"@type\":\"WebPage\",\"@id\":\"https:\/\/www.mes-allocs.fr\/guides\/reconversion-professionnelle\/#webpage\",\"url\":\"https:\/\/www.mes-allocs.fr\/guides\/reconversion-professionnelle\/\",\"name\":\"Reconversion professionnelle : d\\u00e9finition, conditions, aides, d\\u00e9marches\",\"isPartOf\":{\"@id\":\"https:\/\/www.mes-allocs.fr\/guides\/#website\"},\"primaryImageOfPage\":{\"@id\":\"https:\/\/www.mes-allocs.fr\/guides\/reconversion-professionnelle\/#primaryimage\"},\"datePublished\":\"2021-02-02T03:21:06+00:00\",\"dateModified\":\"2026-03-03T15:17:27+00:00\",\"description\":\"De nombreux dispositifs sont en vigueur pour vous aider dans votre reconversion professionnelle. Mes Allocs vous explique en d\\u00e9tail ici !\",\"inLanguage\":\"fr-FR\"}]}<\/script>\n<!-- \/ Yoast SEO plugin. -->","amp_validity":null,"acf":{"faq":{"1":{"question":"Qu'est-ce que le CPF ? ","answer":"Le Compte Personnel de Formation est un dispositif de financement public de formation continue."},"2":{"question":"Quels sont les dipl\u00f4mes les plus demand\u00e9s sur le march\u00e9 du travail ? ","answer":"Les dipl\u00f4mes les plus demand\u00e9s sur le march\u00e9 du travail sont les STS (sciences, technologie, sant\u00e9), SHS (Sciences humaines et sociales), DEG (droit, \u00e9conomie, gestion) et LLA (lettres, langues, arts)."},"3":{"question":"Qui peut faire valoir ses droits au CPF ? ","answer":"Le compte personnel de formation (CPF) est utilisable par tout salari\u00e9, tout au long de sa vie active, y compris en p\u00e9riode de ch\u00f4mage, pour suivre une formation qualifiante ou certifiante. Le CPF a remplac\u00e9 le droit individuel \u00e0 la formation (Dif)."},"4":{"question":"Qu'est-ce que le CNAM ? ","answer":"Le CNAM est aujourd'hui l'un des premiers op\u00e9rateurs de formation professionnel d'adultes en France et en Europe. Il est le plus grand centre d'enseignement sup\u00e9rieur en France."},"5":{"question":"Comment b\u00e9n\u00e9ficier d'une formation P\u00f4le Emploi ?","answer":"Si la formation que vous souhaitez suivre est valid\u00e9e par un conseiller P\u00f4le emploi et est en coh\u00e9rence avec votre Projet Personnalis\u00e9 d'Acc\u00e8s \u00e0 l'Emploi, vous pouvez percevoir l'allocation d'Aide au Retour \u00e0 l'Emploi Formation (AREF) dans la limite de vos droits \u00e0 indemnisation."},"6":{"question":"Quelles sont les formation r\u00e9mun\u00e9r\u00e9es ?","answer":"Quelles sont les formations r\u00e9mun\u00e9r\u00e9es ?\r\nLa cuisine,\r\nLa formation r\u00e9mun\u00e9r\u00e9e de coiffure,\r\nLa formation r\u00e9mun\u00e9r\u00e9e d'esth\u00e9tique,\r\nLa formation r\u00e9mun\u00e9r\u00e9e en informatique,\r\nLa formation r\u00e9mun\u00e9r\u00e9e d'assistance m\u00e9dicale,\r\nLes formations E-learning dipl\u00f4mantes."},"7":{"question":"","answer":""},"8":{"question":"","answer":""},"9":{"question":"","answer":""},"10":{"question":"","answer":""},"11":{"question":"","answer":""},"12":{"question":"","answer":""},"13":{"question":"","answer":""},"14":{"question":"","answer":""},"15":{"question":"","answer":""},"16":{"question":"","answer":""}}},"_links":{"self":[{"href":"https:\/\/www.mes-allocs.fr\/guides\/wp-json\/wp\/v2\/pages\/18253","targetHints":{"allow":["GET"]}}],"collection":[{"href":"https:\/\/www.mes-allocs.fr\/guides\/wp-json\/wp\/v2\/pages"}],"about":[{"href":"https:\/\/www.mes-allocs.fr\/guides\/wp-json\/wp\/v2\/types\/page"}],"author":[{"embeddable":true,"href":"https:\/\/www.mes-allocs.fr\/guides\/wp-json\/wp\/v2\/users\/29"}],"replies":[{"embeddable":true,"href":"https:\/\/www.mes-allocs.fr\/guides\/wp-json\/wp\/v2\/comments?post=18253"}],"version-history":[{"count":36,"href":"https:\/\/www.mes-allocs.fr\/guides\/wp-json\/wp\/v2\/pages\/18253\/revisions"}],"predecessor-version":[{"id":109989,"href":"https:\/\/www.mes-allocs.fr\/guides\/wp-json\/wp\/v2\/pages\/18253\/revisions\/109989"}],"wp:featuredmedia":[{"embeddable":true,"href":"https:\/\/www.mes-allocs.fr\/guides\/wp-json\/wp\/v2\/media\/18273"}],"wp:attachment":[{"href":"https:\/\/www.mes-allocs.fr\/guides\/wp-json\/wp\/v2\/media?parent=18253"}],"curies":[{"name":"wp","href":"https:\/\/api.w.org\/{rel}","templated":true}]}}