{"id":1142,"date":"2019-07-25T13:15:42","date_gmt":"2019-07-25T13:15:42","guid":{"rendered":"https:\/\/www.mes-allocs.fr\/guides\/?page_id=1142"},"modified":"2026-02-19T17:30:06","modified_gmt":"2026-02-19T16:30:06","slug":"contact-caf","status":"publish","type":"page","link":"https:\/\/www.mes-allocs.fr\/guides\/contact-caf\/","title":{"rendered":"Comment trouver le contact de votre CAF ?"},"content":{"rendered":"<p style=\"text-align: justify;\"><img loading=\"lazy\" decoding=\"async\" class=\"alignnone wp-image-1230 size-full\" src=\"https:\/\/www.mes-allocs.fr\/guides\/wp-content\/uploads\/2019\/07\/AdobeStock_210708412-1-e1564060513124.jpg\" alt=\"contact caf\" width=\"1531\" height=\"421\" srcset=\"https:\/\/www.mes-allocs.fr\/guides\/wp-content\/uploads\/2019\/07\/AdobeStock_210708412-1-e1564060513124.jpg 1531w, https:\/\/www.mes-allocs.fr\/guides\/wp-content\/uploads\/2019\/07\/AdobeStock_210708412-1-e1564060513124-300x82.jpg 300w, https:\/\/www.mes-allocs.fr\/guides\/wp-content\/uploads\/2019\/07\/AdobeStock_210708412-1-e1564060513124-768x211.jpg 768w, https:\/\/www.mes-allocs.fr\/guides\/wp-content\/uploads\/2019\/07\/AdobeStock_210708412-1-e1564060513124-1024x282.jpg 1024w, https:\/\/www.mes-allocs.fr\/guides\/wp-content\/uploads\/2019\/07\/AdobeStock_210708412-1-e1564060513124-600x165.jpg 600w\" sizes=\"auto, (max-width: 1531px) 100vw, 1531px\" \/>[Mis \u00e0 jour le 19\/02\/2026] <strong>Vous devez vous interroger sur l&rsquo;utilit\u00e9 pr\u00e9cises des <a href=\"https:\/\/www.mes-allocs.fr\/guides\/caisse-dallocations-familiales\/\">Caisses d&rsquo;Allocations Familiales<\/a>, que l&rsquo;on peut trouver dans chaque d\u00e9partement de France. Quelles sont leurs missions? En quoi vous sont-elles utiles? Mes Allocs l\u00e8ve le voile !<\/strong><\/p>\n<div class='cta-block'><div class='text'>Simulez toutes vos aides en 2 min.<\/div><a href='https:\/\/www.mes-allocs.fr\/ab-app?origin=guides\/wp-json\/wp\/v2\/pages\/1142' class='app-button fit'>Simulation gratuite<\/a><\/div>\n<h1 style=\"text-align: justify;\">La CAF, qu&rsquo;est-ce que c&rsquo;est?<\/h1>\n<p style=\"text-align: justify;\">Une\u00a0<b>Caisse d\u2019allocations familiales<\/b>\u00a0(<b>CAF<\/b>) est une institution qui repr\u00e9sente \u00e0 l&rsquo;\u00e9chelle d\u00e9partementale <b>Caisse nationale des allocations familiales<\/b> (CNAF), qui supervise la branche \u00ab famille \u00bb de la S\u00e9curit\u00e9 sociale fran\u00e7aise. Il existe ainsi <strong>102 CAF en France<\/strong>, \u00e0 raison d&rsquo;une par d\u00e9partement (except\u00e9 pour les Pyr\u00e9n\u00e9es-Atlantiques). Chaque CAF est relativement ind\u00e9pendante des autres CAF du territoires, et l&rsquo;attribution de certaines aides peut ainsi varier d&rsquo;un d\u00e9partement \u00e0 l&rsquo;autre.<\/p>\n<p style=\"text-align: justify;\"><strong>La CAF s&rsquo;occupe de vous verser certaines aides financi\u00e8res, \u00e0 savoir :<\/strong><\/p>\n<ul style=\"text-align: justify;\">\n<li>Les Allocations familiales,<\/li>\n<li>Les aides au logement,<\/li>\n<li>La prime d&rsquo;activit\u00e9,<\/li>\n<li>Le RSA.<\/li>\n<\/ul>\n<p>S&rsquo;informer sur les aides familiales c&rsquo;est facile ! Suivez le magazine <em>Vies de famille <\/em>(futur parent, elever ses enfants, jeune ou \u00e9tudiant, accident de vie pr\u00e9carit\u00e9,&#8230;).<\/p>\n<p>Les CAF versent des allocations sociales ou familiales pour le compte de collectivit\u00e9s publiques.<\/p>\n<p>La Caf peut vous verser des allocations autour des sujets suivants\u00a0:<\/p>\n<ul>\n<li>la petite enfance,<\/li>\n<li>l\u2019enfance et la jeunesse,<\/li>\n<li>le logement et le cadre de vie<\/li>\n<li>la solidarit\u00e9 et l\u2019insertion<\/li>\n<\/ul>\n<p>Il y a un grand nombre d&rsquo;aides que proposent la\u00a0<b>CAF<\/b>\u00a0:\u00a0<b>Allocations<\/b> familiales, La prime d&rsquo;activit\u00e9, La prime de no\u00ebl, Prime \u00e0 la naissance, Le cong\u00e9 parental, Aide \u00e0 la garde d&rsquo;enfants, <b>Allocation<\/b>\u00a0Soutien Familial,\u00a0<b>Allocation<\/b>\u00a0Vacances Familiales.<\/p>\n<p><iframe loading=\"lazy\" src=\"\/\/www.youtube.com\/embed\/YDj4x8FeNxQ\" width=\"853\" height=\"480\" frameborder=\"0\" allowfullscreen=\"allowfullscreen\"><\/iframe><\/p>\n<h1 style=\"text-align: justify;\">Petit retour sur l&rsquo;historique de la CAF<\/h1>\n<p style=\"text-align: justify;\">Officiellement en France, la d\u00e9nomination\u00a0<i>caisse d&rsquo;allocations familiales<\/i>\u00a0na\u00eet en m\u00eame temps que la\u00a0s\u00e9curit\u00e9 sociale\u00a0par une ordonnance du 4 octobre 1945. Mais les origines des Caf sont plus anciennes.<\/p>\n<p style=\"text-align: justify;\">Si les premi\u00e8res traces d&rsquo;un suppl\u00e9ment de revenu li\u00e9 aux charges de famille remontent \u00e0 une circulaire du Second Empire, en 1860 (qui octroyait aux marins une indemnit\u00e9 de 10 centimes par jour et par enfant), cela reste anecdotique jusqu&rsquo;\u00e0 la cr\u00e9ation, de <i>caisses de compensation<\/i> \u00e0 Lorient ou Grenoble en 1918.<\/p>\n<p style=\"text-align: justify;\">Ces caisses, anc\u00eatres des CAF, se multiplient alors pour atteindre environ 200 dans les ann\u00e9es 1930, bien que l&rsquo;affiliation des employeurs reste non obligatoire. En 1931, la chambre des d\u00e9put\u00e9s vote une proposition de loi qui g\u00e9n\u00e9ralise les indemnit\u00e9s pour charges de famille des salari\u00e9s de la fonction publique.<\/p>\n<p style=\"text-align: justify;\">Puis une loi du 11 mars 1932, int\u00e9gr\u00e9e au\u00a0code du travail, fait obligation aux employeurs priv\u00e9s de l&rsquo;industrie, du commerce, de l&rsquo;agriculture et des professions lib\u00e9rales de s&rsquo;affilier et de cotiser \u00e0 une caisse de compensation qui verse des allocations familiales aux ouvriers et employ\u00e9s.<\/p>\n<h1 style=\"text-align: justify;\">Que pouvez-vous faire \u00e0 une CAF?<\/h1>\n<p style=\"text-align: justify;\">Vous pouvez vous rendre \u00e0 votre CAF d\u00e9partementale pour effectuer des d\u00e9marches administratifs et obtenir des renseignements. Sinon, <a href=\"https:\/\/www.mes-allocs.fr\/signature\">Mes Allocs<\/a> prend en charge toutes les d\u00e9marches administratives\u00a0 \u00e0 votre place !<\/p>\n<p>Avant de contacter la CAF, v\u00e9rifiez que les informations que vous recherchez ne se trouvent pas sur le site de la CAF.<\/p>\n<h1>Quels sont les moyens pour contacter ma CAF ?<\/h1>\n<h2>Par mail<\/h2>\n<p>Si vous \u00eates allocataire, connectez-vous \u00e0 l\u2019Espace Mon Compte,\u00a0rubrique \u00ab\u00a0Contacter ma Caf\u00a0\u00bb.<\/p>\n<p>Si vous n&rsquo;\u00eates pas allocataire, renseignez votre code postal dans l\u2019Espace Ma Caf, puis cliquez sur la rubrique \u00ab Contacter ma Caf \u00bb.<\/p>\n<h2>Par courrier<\/h2>\n<p><strong>Vous pouvez envoyer<\/strong>\u00a0<strong>un courrier<\/strong> dans lequel vous renseignez votre num\u00e9ro allocataire si vous en poss\u00e9dez un. Il faudra \u00e9galement indiquer votre nom et votre adresse. Vous pouvez retrouver les coordonn\u00e9es de votre Caf dans l\u2019Espace Ma Caf ou sur les courriers de la Caf.<\/p>\n<p>Il est imp\u00e9ratif de n&rsquo;envoyer que des photocopies, jamais de documents originaux.<\/p>\n<h2>Par t\u00e9l\u00e9phone<\/h2>\n<p><strong>Vous pouvez t\u00e9l\u00e9phoner <\/strong>pour un renseignement sur les aides de la Caf ou sur votre dossier allocataire. Pour ce faire, appelez le num\u00e9ro de votre Caf que vous pouvez retrouver en cliquant sur votre d\u00e9partement (voir ci-dessous).<\/p>\n<p>Toutes les CAF poss\u00e9daient chacune leur propre num\u00e9ro de t\u00e9l\u00e9phone. D\u00e9sormais, un num\u00e9ro unique disponible partout en France et dans les DOM, est mis\u00a0 en place : le 3230 (prix d\u2019un appel local).<\/p>\n<p>Pour contacter votre CAF, il vous suffira de composer le 3230 et de renseigner le num\u00e9ro de votre d\u00e9partement. Lors de votre appel, un conseiller de la CAF r\u00e9pondra \u00e0 vos questions du lundi au vendredi, de 9h \u00e0 16h30. Il faut que vous vous munissiez de votre num\u00e9ro d\u2019allocataire (visible sur les courriers adress\u00e9s par votre CAF) pour permettre au conseiller d\u2019acc\u00e9der \u00e0 votre dossier.<\/p>\n<h2>Se d\u00e9placer<\/h2>\n<p>Vous pouvez vous d\u00e9placer dans l\u2019un des centres d&rsquo;accueils Caf de mon d\u00e9partement. Vous pouvez trouver l\u2019adresse du point d\u2019accueil le plus proche de chez vous dans la suite de cet article.<\/p>\n<h1 style=\"text-align: justify;\">Comment prendre contact avec votre CAF?<\/h1>\n<p style=\"text-align: justify;\">Votre CAF est la CAF qui se trouve dans votre d\u00e9partement. Plusieurs solutions s&rsquo;offrent \u00e0 vous pour trouver le num\u00e9ro de votre CAF. Vous pouvez vous rendre sur le site de la CAF et consulter la rubrique \u00ab\u00a0Contacter ma CAF\u00a0\u00bb. OU vous pouvez trouvez ici toutes les coordonn\u00e9es relatives \u00e0 ces derni\u00e8res en cliquant sur votre d\u00e9partement\/ code postal :<\/p>\n<ul>\n<li style=\"text-align: justify;\"><strong>01 &#8211; <a href=\"https:\/\/www.mes-allocs.fr\/guides\/contact-caf\/caf-ain-01\">Ain<\/a><\/strong><\/li>\n<li style=\"text-align: justify;\"><strong>02 &#8211;\u00a0<a href=\"https:\/\/www.mes-allocs.fr\/guides\/contact-caf\/caf-aisne-02\">Aisne<\/a><\/strong><\/li>\n<li style=\"text-align: justify;\"><strong>03 &#8211;\u00a0<a href=\"https:\/\/www.mes-allocs.fr\/guides\/contact-caf\/caf-allier-03\">Allier<\/a><\/strong><\/li>\n<li style=\"text-align: justify;\"><strong>04 &#8211;\u00a0<a href=\"https:\/\/www.mes-allocs.fr\/guides\/contact-caf\/caf-alpes-de-haute-provence-04\">Alpes-de-Haute-Provence<\/a><\/strong><\/li>\n<li style=\"text-align: justify;\"><strong>05 &#8211;\u00a0<a href=\"https:\/\/www.mes-allocs.fr\/guides\/contact-caf\/caf-hautes-alpes-05\">Hautes-alpes<\/a><\/strong><\/li>\n<li style=\"text-align: justify;\"><strong>06 &#8211;\u00a0<a href=\"https:\/\/www.mes-allocs.fr\/guides\/contact-caf\/caf-alpes-maritimes-06\">Alpes-maritimes<\/a><\/strong><\/li>\n<li style=\"text-align: justify;\"><strong>07 &#8211;\u00a0<a href=\"https:\/\/www.mes-allocs.fr\/guides\/contact-caf\/caf-ardeche-07\">Ard\u00e8che<\/a><\/strong><\/li>\n<li style=\"text-align: justify;\"><strong>08 &#8211;\u00a0<a href=\"https:\/\/www.mes-allocs.fr\/guides\/contact-caf\/caf-ardennes-08\">Ardennes<\/a><\/strong><\/li>\n<li style=\"text-align: justify;\"><strong>09 &#8211;\u00a0<a href=\"https:\/\/www.mes-allocs.fr\/guides\/contact-caf\/caf-ariege-09\">Ari\u00e8ge<\/a><\/strong><\/li>\n<li style=\"text-align: justify;\"><strong>10 &#8211;\u00a0<a href=\"https:\/\/www.mes-allocs.fr\/guides\/contat-caf\/caf-aube-10\">Aube<\/a><\/strong><\/li>\n<li style=\"text-align: justify;\"><strong>11 &#8211; <a href=\"https:\/\/www.mes-allocs.fr\/guides\/contact-caf\/caf-aude-11\">Aude<\/a><\/strong><\/li>\n<li style=\"text-align: justify;\"><strong>12 &#8211;\u00a0<a href=\"https:\/\/www.mes-allocs.fr\/guides\/contact-caf\/caf-aveyron-12\">Aveyron<\/a><\/strong><\/li>\n<li style=\"text-align: justify;\"><strong>13 &#8211;\u00a0<a href=\"https:\/\/www.mes-allocs.fr\/guides\/contact-caf\/caf-bouches-du-rhone-13\">Bouches-du-Rh\u00f4ne<\/a><\/strong><\/li>\n<li style=\"text-align: justify;\"><strong>14 &#8211;\u00a0<a href=\"https:\/\/www.mes-allocs.fr\/guides\/contact-caf\/caf-calvados-14\">Calvados<\/a><\/strong><\/li>\n<li style=\"text-align: justify;\"><strong>15 &#8211;\u00a0<a href=\"https:\/\/www.mes-allocs.fr\/guides\/contact-caf\/caf-cantal-15\">Cantal<\/a><\/strong><\/li>\n<li style=\"text-align: justify;\"><strong>16 &#8211;\u00a0<a href=\"https:\/\/www.mes-allocs.fr\/guides\/contact-caf\/caf-charente-16\">Charente<\/a><\/strong><\/li>\n<li style=\"text-align: justify;\"><strong>17 &#8211;\u00a0<a href=\"https:\/\/www.mes-allocs.fr\/guides\/contact-caf\/caf-charente-maritime-17\">Charente-maritime<\/a><\/strong><\/li>\n<li style=\"text-align: justify;\"><strong>18 &#8211;\u00a0<a href=\"https:\/\/www.mes-allocs.fr\/guides\/contact-caf\/caf-cher-18\">Cher<\/a><\/strong><\/li>\n<li style=\"text-align: justify;\"><strong>19 &#8211;\u00a0<a href=\"https:\/\/www.mes-allocs.fr\/guides\/contact-caf\/caf-correze-19\">Corr\u00e8ze<\/a><\/strong><\/li>\n<li style=\"text-align: justify;\"><strong>2a &#8211;\u00a0<a href=\"https:\/\/www.mes-allocs.fr\/guides\/contact-caf\/caf-corse-du-sud-2a\">Corse-du-sud<\/a><\/strong><\/li>\n<li style=\"text-align: justify;\"><strong>2b &#8211;\u00a0<a href=\"https:\/\/www.mes-allocs.fr\/guides\/contact-caf\/caf-haute-corse-2b\">Haute-Corse<\/a><\/strong><\/li>\n<li style=\"text-align: justify;\"><strong>21 &#8211;\u00a0<a href=\"https:\/\/www.mes-allocs.fr\/guides\/contact-caf\/caf-cote-d-or-21\">C\u00f4te-d&rsquo;Or<\/a><\/strong><\/li>\n<li style=\"text-align: justify;\"><strong>22 &#8211;\u00a0<a href=\"https:\/\/www.mes-allocs.fr\/guides\/contact-caf\/caf-cote-d-armor-22\/\">C\u00f4tes-d&rsquo;Armor<\/a><\/strong><\/li>\n<li style=\"text-align: justify;\"><strong>23 &#8211;\u00a0<a href=\"https:\/\/www.mes-allocs.fr\/guides\/contact-caf\/caf-creuse-23\">Creuse<\/a><\/strong><\/li>\n<li style=\"text-align: justify;\"><strong>24 &#8211;\u00a0<a href=\"https:\/\/www.mes-allocs.fr\/guides\/contact-caf\/caf-dordogne-24\">Dordogne<\/a><\/strong><\/li>\n<li style=\"text-align: justify;\"><strong>25 &#8211;\u00a0<a href=\"https:\/\/www.mes-allocs.fr\/guides\/contact-caf\/caf-doubs-25\">Doubs<\/a><\/strong><\/li>\n<li style=\"text-align: justify;\"><strong>26 &#8211;\u00a0<a href=\"https:\/\/www.mes-allocs.fr\/guides\/contact-caf\/caf-drome-26\">Dr\u00f4me<\/a><\/strong><\/li>\n<li style=\"text-align: justify;\"><strong>27 &#8211;\u00a0<a href=\"https:\/\/www.mes-allocs.fr\/guides\/contact-caf\/caf-eure-27\">Eure<\/a><\/strong><\/li>\n<li style=\"text-align: justify;\"><strong>28 &#8211;\u00a0<a href=\"https:\/\/www.mes-allocs.fr\/guides\/contact-caf\/caf-eure-et-loir-28\">Eure-et-loir<\/a><\/strong><\/li>\n<li style=\"text-align: justify;\"><strong>29 &#8211;\u00a0<a href=\"https:\/\/www.mes-allocs.fr\/guides\/contact-caf\/caf-finistere-29\">Finist\u00e8re<\/a><\/strong><\/li>\n<li style=\"text-align: justify;\"><strong>30 &#8211;\u00a0<a href=\"https:\/\/www.mes-allocs.fr\/guides\/contact-caf\/caf-gard-30\">Gard<\/a><\/strong><\/li>\n<li style=\"text-align: justify;\"><strong>31 &#8211;\u00a0<a href=\"https:\/\/www.mes-allocs.fr\/guides\/contact-caf\/caf-haute-garonne-31\">Haute-garonne<\/a><\/strong><\/li>\n<li style=\"text-align: justify;\"><strong>32 &#8211;\u00a0<a href=\"https:\/\/www.mes-allocs.fr\/guides\/contact-caf\/caf-gers-32\">Gers<\/a><\/strong><\/li>\n<li style=\"text-align: justify;\"><strong>33 &#8211;\u00a0<a href=\"https:\/\/www.mes-allocs.fr\/guides\/contact-caf\/caf-gironde-33\">Gironde<\/a><\/strong><\/li>\n<li style=\"text-align: justify;\"><strong>34 &#8211;\u00a0<a href=\"https:\/\/www.mes-allocs.fr\/guides\/contact-caf\/caf-herault-34\">H\u00e9rault<\/a><\/strong><\/li>\n<li style=\"text-align: justify;\"><strong>35 &#8211;\u00a0<a href=\"https:\/\/www.mes-allocs.fr\/guides\/contact-caf\/caf-ille-et-vilaine-35\">Ille-et-vilaine<\/a><\/strong><\/li>\n<li style=\"text-align: justify;\"><strong>36 &#8211;\u00a0<a href=\"https:\/\/www.mes-allocs.fr\/guides\/contact-caf\/caf-indre-36\">Indre<\/a><\/strong><\/li>\n<li style=\"text-align: justify;\"><strong>37 &#8211;\u00a0<a href=\"https:\/\/www.mes-allocs.fr\/guides\/contact-caf\/caf-indre-et-loire-37\">Indre-et-loire<\/a><\/strong><\/li>\n<li style=\"text-align: justify;\"><strong>38 &#8211;\u00a0<a href=\"https:\/\/www.mes-allocs.fr\/guides\/contact-caf\/caf-isere-38\">Is\u00e8re<\/a><\/strong><\/li>\n<li style=\"text-align: justify;\"><strong>39 &#8211;\u00a0<a href=\"https:\/\/www.mes-allocs.fr\/guides\/contact-caf\/caf-jura-39\">Jura<\/a><\/strong><\/li>\n<li style=\"text-align: justify;\"><strong>40 &#8211;\u00a0<a href=\"https:\/\/www.mes-allocs.fr\/guides\/contact-caf\/caf-landes-40\">Landes<\/a><\/strong><\/li>\n<li style=\"text-align: justify;\"><strong>41 &#8211;\u00a0<a href=\"https:\/\/www.mes-allocs.fr\/guides\/contact-caf\/caf-loir-et-cher-41\">Loir-et-cher<\/a><\/strong><\/li>\n<li style=\"text-align: justify;\"><strong>42 &#8211;\u00a0<a href=\"https:\/\/www.mes-allocs.fr\/guides\/contact-caf\/caf-loire-42\">Loire<\/a><\/strong><\/li>\n<li style=\"text-align: justify;\"><strong>43 &#8211;\u00a0<a href=\"https:\/\/www.mes-allocs.fr\/guides\/contact-caf\/caf-haute-loire-43\">Haute-loire<\/a><\/strong><\/li>\n<li style=\"text-align: justify;\"><strong>44 &#8211;\u00a0<a href=\"https:\/\/www.mes-allocs.fr\/guides\/contact-caf\/caf-loire-atlantique-44\">Loire-atlantique<\/a><\/strong><\/li>\n<li style=\"text-align: justify;\"><strong>45 &#8211;\u00a0<a href=\"https:\/\/www.mes-allocs.fr\/guides\/contact-caf\/caf-loiret-45\">Loiret<\/a><\/strong><\/li>\n<li style=\"text-align: justify;\"><strong>46 &#8211;\u00a0<a href=\"https:\/\/www.mes-allocs.fr\/guides\/contact-caf\/caf-lot-46\">Lot<\/a><\/strong><\/li>\n<li style=\"text-align: justify;\"><strong>47 &#8211;\u00a0<a href=\"https:\/\/www.mes-allocs.fr\/guides\/contact-caf\/caf-lot-et-garonne-47\">Lot-et-garonne<\/a><\/strong><\/li>\n<li style=\"text-align: justify;\"><strong>48 &#8211;\u00a0<a href=\"https:\/\/www.mes-allocs.fr\/guides\/contact-caf\/caf-lozere-48\">Loz\u00e8re<\/a><\/strong><\/li>\n<li style=\"text-align: justify;\"><strong>49 &#8211;\u00a0<a href=\"https:\/\/www.mes-allocs.fr\/guides\/contact-caf\/caf-maine-et-loire-49\">Maine-et-loire<\/a><\/strong><\/li>\n<li style=\"text-align: justify;\"><strong>50 &#8211;\u00a0<a href=\"https:\/\/www.mes-allocs.fr\/guides\/contact-caf\/caf-manche-50\">Manche<\/a><\/strong><\/li>\n<li style=\"text-align: justify;\"><strong>51 &#8211;\u00a0<a href=\"https:\/\/www.mes-allocs.fr\/guides\/contact-caf\/caf-marne-51\">Marne<\/a><\/strong><\/li>\n<li style=\"text-align: justify;\"><strong>52 &#8211;\u00a0<a href=\"https:\/\/www.mes-allocs.fr\/guides\/contact-caf\/caf-haute-marne-52\">Haute-marne<\/a><\/strong><\/li>\n<li style=\"text-align: justify;\"><strong>53 &#8211;\u00a0<a href=\"https:\/\/www.mes-allocs.fr\/guides\/contact-caf\/caf-mayenne-53\">Mayenne<\/a><\/strong><\/li>\n<li style=\"text-align: justify;\"><strong>54 &#8211;\u00a0<a href=\"https:\/\/www.mes-allocs.fr\/guides\/contact-caf\/caf-meurthe-et-moselle-54\">Meurthe-et-moselle<\/a><\/strong><\/li>\n<li style=\"text-align: justify;\"><strong>55 &#8211;\u00a0<a href=\"https:\/\/www.mes-allocs.fr\/guides\/contact-caf\/caf-meurthe-et-moselle-54\">Meuse<\/a><\/strong><\/li>\n<li style=\"text-align: justify;\"><strong>56 &#8211;\u00a0<a href=\"https:\/\/www.mes-allocs.fr\/guides\/contact-caf\/caf-morbihan-56\">Morbihan<\/a><\/strong><\/li>\n<li style=\"text-align: justify;\"><strong>57 &#8211;\u00a0<a href=\"https:\/\/www.mes-allocs.fr\/guides\/contact-caf\/caf-moselle-57\">Moselle<\/a><\/strong><\/li>\n<li style=\"text-align: justify;\"><strong>58 &#8211;\u00a0<a href=\"https:\/\/www.mes-allocs.fr\/guides\/contact-caf\/caf-nievre-58\">Ni\u00e8vre<\/a><\/strong><\/li>\n<li style=\"text-align: justify;\"><strong>59 &#8211;\u00a0<a href=\"https:\/\/www.mes-allocs.fr\/guides\/contact-caf\/caf-nord-59\">Nord<\/a><\/strong><\/li>\n<li style=\"text-align: justify;\"><strong>60 &#8211;\u00a0<a href=\"https:\/\/www.mes-allocs.fr\/guides\/contact-caf\/caf-oise-60\">Oise<\/a><\/strong><\/li>\n<li style=\"text-align: justify;\"><strong>61 &#8211;\u00a0<a href=\"https:\/\/www.mes-allocs.fr\/guides\/contact-caf\/caf-orne-61\">Orne<\/a><\/strong><\/li>\n<li style=\"text-align: justify;\"><strong>62 &#8211;\u00a0<a href=\"https:\/\/www.mes-allocs.fr\/guides\/contact-caf\/caf-pas-de-calais-62\">Pas-de-Calais<\/a><\/strong><\/li>\n<li style=\"text-align: justify;\"><strong>63 &#8211;\u00a0<a href=\"https:\/\/www.mes-allocs.fr\/guides\/contact-caf\/caf-puy-de-dome-63\">Puy-de-D\u00f4me<\/a><\/strong><\/li>\n<li style=\"text-align: justify;\"><strong>64 &#8211;\u00a0<a href=\"https:\/\/www.mes-allocs.fr\/guides\/contact-caf\/caf-pyrenees-atlantiques-64\">Pyr\u00e9n\u00e9es-Atlantiques<\/a><\/strong><\/li>\n<li style=\"text-align: justify;\"><strong>65 &#8211;\u00a0<a href=\"https:\/\/www.mes-allocs.fr\/guides\/contact-caf\/caf-hautes-pyrenees-65\">Hautes-Pyr\u00e9n\u00e9es<\/a><\/strong><\/li>\n<li style=\"text-align: justify;\"><strong>66 &#8211;\u00a0<a href=\"https:\/\/www.mes-allocs.fr\/guides\/contact-caf\/caf-pyrenees-orientales-66\">Pyr\u00e9n\u00e9es-Orientales<\/a><\/strong><\/li>\n<li style=\"text-align: justify;\"><strong>67 &#8211;\u00a0<a href=\"https:\/\/www.mes-allocs.fr\/guides\/contact-caf\/caf-bas-rhin-67\">Bas-Rhin<\/a><\/strong><\/li>\n<li style=\"text-align: justify;\"><strong>68 &#8211;\u00a0<a href=\"https:\/\/www.mes-allocs.fr\/guides\/contact-caf\/caf-haut-rhin-68\">Haut-Rhin<\/a><\/strong><\/li>\n<li style=\"text-align: justify;\"><strong>69 &#8211;\u00a0<a href=\"https:\/\/www.mes-allocs.fr\/guides\/contact-caf\/caf-rhone-69\">Rh\u00f4ne<\/a><\/strong><\/li>\n<li style=\"text-align: justify;\"><strong>70 &#8211;\u00a0<a href=\"https:\/\/www.mes-allocs.fr\/guides\/contact-caf\/caf-haute-saone-70\">Haute-Sa\u00f4ne<\/a><\/strong><\/li>\n<li style=\"text-align: justify;\"><strong>71 &#8211;\u00a0<a href=\"https:\/\/www.mes-allocs.fr\/guides\/contact-caf\/caf-saone-et-loire-71\">Sa\u00f4ne-et-loire<\/a><\/strong><\/li>\n<li style=\"text-align: justify;\"><strong>72 &#8211;\u00a0<a href=\"https:\/\/www.mes-allocs.fr\/guides\/contact-caf\/caf-sarthe-72\">Sarthe<\/a><\/strong><\/li>\n<li style=\"text-align: justify;\"><strong>73 &#8211;\u00a0<a href=\"https:\/\/www.mes-allocs.fr\/guides\/contact-caf\/caf-savoie-73\">Savoie<\/a><\/strong><\/li>\n<li style=\"text-align: justify;\"><strong>74 &#8211;\u00a0<a href=\"https:\/\/www.mes-allocs.fr\/guides\/contact-caf\/caf-haute-savoie-74\">Haute-Savoie<\/a><\/strong><\/li>\n<li style=\"text-align: justify;\"><strong>75 &#8211;\u00a0<a href=\"https:\/\/www.mes-allocs.fr\/guides\/contact-caf\/caf-paris-75\">Paris<\/a><\/strong><\/li>\n<li style=\"text-align: justify;\"><strong>76 &#8211;\u00a0<a href=\"https:\/\/www.mes-allocs.fr\/guides\/contact-caf\/caf-seine-maritime-76\">Seine-Maritime<\/a><\/strong><\/li>\n<li style=\"text-align: justify;\"><strong>77 &#8211;\u00a0<a href=\"https:\/\/www.mes-allocs.fr\/guides\/contact-caf\/caf-seine-et-marne-77\">Seine-et-Marne<\/a><\/strong><\/li>\n<li style=\"text-align: justify;\"><strong>78 &#8211;\u00a0<a href=\"https:\/\/www.mes-allocs.fr\/guides\/contact-caf\/caf-yvelines-78\">Yvelines<\/a><\/strong><\/li>\n<li style=\"text-align: justify;\"><strong>79 &#8211;\u00a0<a href=\"https:\/\/www.mes-allocs.fr\/guides\/contact-caf\/caf-deux-sevres-79\">Deux-S\u00e8vres<\/a><\/strong><\/li>\n<li style=\"text-align: justify;\"><strong>80 &#8211;\u00a0<a href=\"https:\/\/www.mes-allocs.fr\/guides\/contact-caf\/caf-somme-80\">Somme<\/a><\/strong><\/li>\n<li style=\"text-align: justify;\"><strong>81 &#8211;\u00a0<a href=\"https:\/\/www.mes-allocs.fr\/guides\/contact-caf\/caf-tarn-81\">Tarn<\/a><\/strong><\/li>\n<li style=\"text-align: justify;\"><strong>82 &#8211;\u00a0<a href=\"https:\/\/www.mes-allocs.fr\/guides\/contact-caf\/caf-tarn-et-garonne-82\">Tarn-et-Garonne<\/a><\/strong><\/li>\n<li style=\"text-align: justify;\"><strong>83 &#8211;\u00a0<a href=\"https:\/\/www.mes-allocs.fr\/guides\/contact-caf\/caf-var-83\">Var<\/a><\/strong><\/li>\n<li style=\"text-align: justify;\"><strong>84 &#8211;\u00a0<a href=\"https:\/\/www.mes-allocs.fr\/guides\/contact-caf\/caf-vaucluse-84\">Vaucluse<\/a><\/strong><\/li>\n<li style=\"text-align: justify;\"><strong>85 &#8211;\u00a0<a href=\"https:\/\/www.mes-allocs.fr\/guides\/contact-caf\/caf-vendee-85\">Vend\u00e9e<\/a><\/strong><\/li>\n<li style=\"text-align: justify;\"><strong>86 &#8211;\u00a0<a href=\"https:\/\/www.mes-allocs.fr\/guides\/contact-caf\/caf-vienne-86\">Vienne<\/a><\/strong><\/li>\n<li style=\"text-align: justify;\"><strong>87 &#8211;\u00a0<a href=\"https:\/\/www.mes-allocs.fr\/guides\/contact-caf\/caf-haute-vienne-87\">Haute-Vienne<\/a><\/strong><\/li>\n<li style=\"text-align: justify;\"><strong>88 &#8211;\u00a0<a href=\"https:\/\/www.mes-allocs.fr\/guides\/contact-caf\/caf-vosges-88\">Vosges<\/a><\/strong><\/li>\n<li style=\"text-align: justify;\"><strong>89 &#8211;\u00a0<a href=\"https:\/\/www.mes-allocs.fr\/guides\/contact-caf\/caf-yonne-89\">Yonne<\/a><\/strong><\/li>\n<li style=\"text-align: justify;\"><strong>90 &#8211;\u00a0<a href=\"https:\/\/www.mes-allocs.fr\/guides\/contact-caf\/caf-territoire-de-belfort-90\">Territoire de Belfort<\/a><\/strong><\/li>\n<li style=\"text-align: justify;\"><strong>91 &#8211;\u00a0<a href=\"https:\/\/www.mes-allocs.fr\/guides\/contact-caf\/caf-essonne-91\">Essonne<\/a><\/strong><\/li>\n<li style=\"text-align: justify;\"><strong>92 &#8211;\u00a0<a href=\"https:\/\/www.mes-allocs.fr\/guides\/contact-caf\/caf-hauts-de-seine-92\">Hauts-de-Seine<\/a><\/strong><\/li>\n<li style=\"text-align: justify;\"><strong>93 &#8211;\u00a0<a href=\"https:\/\/www.mes-allocs.fr\/guides\/contact-caf\/caf-seine-saint-denis-93\">Seine-Saint-Denis<\/a><\/strong><\/li>\n<li style=\"text-align: justify;\"><strong>94 &#8211;\u00a0<a href=\"https:\/\/www.mes-allocs.fr\/guides\/contact-caf\/caf-val-de-marne-94\">Val-de-Marne<\/a><\/strong><\/li>\n<li style=\"text-align: justify;\"><strong>95 &#8211;\u00a0<a href=\"https:\/\/www.mes-allocs.fr\/guides\/contact-caf\/caf-val-d-oise-95\">Val-d&rsquo;Oise<\/a><\/strong><\/li>\n<li style=\"text-align: justify;\"><strong>971 &#8211;\u00a0<a href=\"https:\/\/www.mes-allocs.fr\/guides\/contact-caf\/caf-guadeloupe-971\">Guadeloupe<\/a><\/strong><\/li>\n<li style=\"text-align: justify;\"><strong>972 &#8211;\u00a0<a href=\"https:\/\/www.mes-allocs.fr\/guides\/contact-caf\/caf-martinique-972\">Martinique<\/a><\/strong><\/li>\n<li style=\"text-align: justify;\"><strong>973 &#8211;\u00a0<a href=\"https:\/\/www.mes-allocs.fr\/guides\/contact-caf\/caf-guyane-973\">Guyane<\/a><\/strong><\/li>\n<li style=\"text-align: justify;\"><strong>974 &#8211;\u00a0<a href=\"https:\/\/www.mes-allocs.fr\/guides\/contact-caf\/caf-la-reunion-974\">La R\u00e9union<\/a><\/strong><\/li>\n<\/ul>\n<h2>Changements<\/h2>\n<p>Depuis le 16 d\u00e9cembre 2020, les num\u00e9ros des Caf en 0810 sont remplac\u00e9s par un num\u00e9ro <strong>unique : l<\/strong>e <strong>3230<\/strong>.<\/p>\n<p>Vous devrez ensuite renseigner votre num\u00e9ro de d\u00e9partement.\u00a0 Votre Caf se chargera de vous diriger vers la bonne CAF et vous entrerez en relation avec un conseiller.<\/p>\n<p>Vos appels sont au prix d\u2019un appel local.<\/p>\n<p>Vous pouvez contacter la CAF du lundi au vendredi, de 9h \u00e0 16h30.<\/p>\n<h1>O\u00f9 vous rendre sur le site de la CAF selon votre situation<\/h1>\n<h2>Savoir si je peux toucher une aide<\/h2>\n<p>Pour conna\u00eetre vos droits selon votre situation, consultez la rubrique <em>Droits et prestations<\/em>. Vous y retrouverez les th\u00e9matiques suivantes :<\/p>\n<ul>\n<li>J&rsquo;ai ou j&rsquo;attends un enfant ; j&rsquo;ai perdu un proche ;<\/li>\n<li>Mais aussi J&rsquo;ai une question sur ma situation d&rsquo;allocataire ; je change de situation ;<\/li>\n<li>Je loue un logement ;<\/li>\n<li>Ou Je suis dans une situation de handicap. Vous y retrouverez des aides pour mieux vivre avec un handicap ;<\/li>\n<li>Je suis dans une situation difficile ;<\/li>\n<li>Je vis seul avec ou sans enfant.<\/li>\n<\/ul>\n<p>Pour faire une simulation d&rsquo;une aide de la CAF, suivez les \u00e9tapes suivantes :<\/p>\n<p>Mes services en ligne &gt; Faire une simulation<\/p>\n<h2>Demander une prestation<\/h2>\n<p>Vous souhaitez demander une prestation aupr\u00e8s de la CAF ? Vous pouvez faire une d\u00e9marche en ligne en suivant ces \u00e9tapes :<\/p>\n<p>Mes services en ligne &gt; Faire une demande de prestation<\/p>\n<h1>Les aides de la CAF<\/h1>\n<h2 class=\"amp-wp-7d27179\" data-amp-original-style=\"text-align: justify;\"><span id=\"Les_aides_au_logement\"><b>Les aides au logement<\/b><\/span><\/h2>\n<h3 class=\"amp-wp-7d27179\" data-amp-original-style=\"text-align: justify;\"><span id=\"LAide_Personnalisee_au_Logement\"><b>L\u2019Aide Personnalis\u00e9e au Logement<\/b><\/span><\/h3>\n<p class=\"amp-wp-7d27179\" data-amp-original-style=\"text-align: justify;\"><span class=\"amp-wp-fe3f5cc\" data-amp-original-style=\"font-weight: 400;\">Elle s\u2019adresse \u00e0 toutes les cat\u00e9gories d\u2019habitants : locataires, colocataires, sous-locataires, propri\u00e9taires,&#8230; Elle r\u00e9duit le montant de votre loyer.<\/span><\/p>\n<h3 class=\"amp-wp-7d27179\" data-amp-original-style=\"text-align: justify;\"><span id=\"Laide_au_Logement_Familiale\"><b>L\u2019aide au Logement Familiale<\/b><\/span><\/h3>\n<p class=\"amp-wp-7d27179\" data-amp-original-style=\"text-align: justify;\"><span class=\"amp-wp-fe3f5cc\" data-amp-original-style=\"font-weight: 400;\">De la m\u00eame mani\u00e8re, l\u2019Aide au Logement Familiale est une aide financi\u00e8re qui vise \u00e0 all\u00e9ger votre loyer ou vos mensualit\u00e9s en cas de pr\u00eat pour une accession \u00e0 la propri\u00e9t\u00e9. La composition familiale de votre foyer est toutefois la premi\u00e8re condition \u00e0 remplir pour b\u00e9n\u00e9ficier de l\u2019ALF.<\/span><\/p>\n<h3 class=\"amp-wp-7d27179\" data-amp-original-style=\"text-align: justify;\"><span id=\"Laide_de_Logement_Sociale\"><b>L\u2019aide de Logement Sociale<\/b><\/span><\/h3>\n<p class=\"amp-wp-7d27179\" data-amp-original-style=\"text-align: justify;\"><span class=\"amp-wp-fe3f5cc\" data-amp-original-style=\"font-weight: 400;\">L\u2019Aide de Logement Sociale intervient si vous ne pouvez b\u00e9n\u00e9ficier ni de l\u2019Aide Personnalis\u00e9e au Logement, ni l\u2019Aide de Logement Familial, selon certains crit\u00e8res autres que vos ressources. Ainsi, vous pouvez b\u00e9n\u00e9ficier de l\u2019ALS si vos ressources respectent certains plafonds selon votre lieu de r\u00e9sidence.<\/span><\/p>\n<h2 class=\"amp-wp-7d27179\" data-amp-original-style=\"text-align: justify;\"><span id=\"Aides_financieres_et_sociales\"><b>Aides financi\u00e8res et sociales<\/b><\/span><\/h2>\n<h3 class=\"amp-wp-7d27179\" data-amp-original-style=\"text-align: justify;\"><span id=\"Le_Revenu_de_Solidarite_Active\"><b>Le Revenu de Solidarit\u00e9 Active<\/b><\/span><\/h3>\n<p class=\"amp-wp-7d27179\" data-amp-original-style=\"text-align: justify;\"><span class=\"amp-wp-fe3f5cc\" data-amp-original-style=\"font-weight: 400;\">Le Revenu de Solidarit\u00e9 Active (RSA) vous assure un revenu minimum. De mani\u00e8re g\u00e9n\u00e9rale, vous pouvez en b\u00e9n\u00e9ficier si vous \u00eates \u00e2g\u00e9 de plus de 25 ans et que les ressources mensuelles de votre foyer sur une p\u00e9riode de 3 mois qui pr\u00e9c\u00e8dent votre demande ne d\u00e9passent un certain plafond.<\/span><\/p>\n<h3 class=\"amp-wp-7d27179\" data-amp-original-style=\"text-align: justify;\"><span id=\"Lallocation_aux_adultes_handicapes\"><b>L\u2019allocation aux adultes handicap\u00e9s<\/b><\/span><\/h3>\n<p class=\"amp-wp-7d27179\" data-amp-original-style=\"text-align: justify;\"><span class=\"amp-wp-fe3f5cc\" data-amp-original-style=\"font-weight: 400;\">L\u2019allocation aux adultes handicap\u00e9s (AAH) est une subvention de la CAF qui vous permet de b\u00e9n\u00e9ficier d\u2019un revenu minimal si vous \u00eates porteur d\u2019un handicap qui vous limite fortement dans votre activit\u00e9 (ou vous emp\u00eache compl\u00e8tement d\u2019exercer un m\u00e9tier).\u00a0<\/span><\/p>\n<h3 class=\"amp-wp-7d27179\" data-amp-original-style=\"text-align: justify;\"><span id=\"La_Prime_dactivite\"><b>La Prime d\u2019activit\u00e9<\/b><\/span><\/h3>\n<p class=\"amp-wp-7d27179\" data-amp-original-style=\"text-align: justify;\"><span class=\"amp-wp-fe3f5cc\" data-amp-original-style=\"font-weight: 400;\">La prime d\u2019activit\u00e9<\/span>\u00a0<span class=\"amp-wp-fe3f5cc\" data-amp-original-style=\"font-weight: 400;\">est n\u00e9e de la fusion entre le RSA activit\u00e9 et la prime \u00e0 l\u2019emploi, deux dispositifs jug\u00e9s trop inefficaces : seuls 32 % des travailleurs concern\u00e9s percevaient le RSA activit\u00e9 par exemple.<\/span><\/p>\n<h2 class=\"amp-wp-7d27179\" data-amp-original-style=\"text-align: justify;\"><span id=\"Les_aides_a_la_petite_enfance_et_a_la_garde_denfants\"><b>Les aides \u00e0 la petite enfance et \u00e0 la garde d\u2019enfants\u00a0<\/b><\/span><\/h2>\n<h3 class=\"amp-wp-7d27179\" data-amp-original-style=\"text-align: justify;\"><span id=\"Les_allocations_familiales\"><b>Les allocations familiales<\/b><\/span><\/h3>\n<p class=\"amp-wp-7d27179\" data-amp-original-style=\"text-align: justify;\"><span class=\"amp-wp-fe3f5cc\" data-amp-original-style=\"font-weight: 400;\">Il s&rsquo;agit d&rsquo;une aide financi\u00e8re vers\u00e9e automatiquement aux familles qui \u00e9l\u00e8vent au minimum deux enfants, sous conditions de revenus. Ces conditions de revenus sont \u00e9tablies en fonction de la composition du foyer.\u00a0<\/span><\/p>\n<h3 class=\"amp-wp-7d27179\" data-amp-original-style=\"text-align: justify;\"><span id=\"Le_complement_familial\"><b>Le compl\u00e9ment familial<\/b><\/span><\/h3>\n<p class=\"amp-wp-7d27179\" data-amp-original-style=\"text-align: justify;\"><span class=\"amp-wp-fe3f5cc\" data-amp-original-style=\"font-weight: 400;\">Le\u00a0<\/span><span class=\"amp-wp-fe3f5cc\" data-amp-original-style=\"font-weight: 400;\">compl\u00e9ment familial<\/span><span class=\"amp-wp-fe3f5cc\" data-amp-original-style=\"font-weight: 400;\"> vous concerne si vous avez au moins 3 enfants \u00e0 charge, \u00e2g\u00e9s de 3 \u00e0 21 ans inclus. Vos revenus ne doivent pas d\u00e9passer certains plafonds, calcul\u00e9s selon la composition de votre foyer.\u00a0<\/span><\/p>\n<h3 class=\"amp-wp-7d27179\" data-amp-original-style=\"text-align: justify;\"><span id=\"Lallocation_deducation_de_lenfant_handicape\"><b>L\u2019allocation d\u2019\u00e9ducation de l\u2019enfant handicap\u00e9<\/b><\/span><\/h3>\n<p class=\"amp-wp-7d27179\" data-amp-original-style=\"text-align: justify;\"><span class=\"amp-wp-fe3f5cc\" data-amp-original-style=\"font-weight: 400;\">\u00a0<\/span><span class=\"amp-wp-fe3f5cc\" data-amp-original-style=\"font-weight: 400;\">Cette subvention vous aide dans les frais d\u2019\u00e9ducation et de soins si votre enfant est en situation de handicap. Elle vous est vers\u00e9e si vous assumez la charge de l\u2019enfant en question.\u00a0<\/span><\/p>\n<h3 class=\"amp-wp-7d27179\" data-amp-original-style=\"text-align: justify;\"><span id=\"Lallocation_de_soutien_familial\"><b>L\u2019allocation de soutien familial<\/b><\/span><\/h3>\n<p class=\"amp-wp-7d27179\" data-amp-original-style=\"text-align: justify;\"><span class=\"amp-wp-fe3f5cc\" data-amp-original-style=\"font-weight: 400;\">L\u2019<\/span><span class=\"amp-wp-fe3f5cc\" data-amp-original-style=\"font-weight: 400;\">allocation de soutien familial<\/span><span class=\"amp-wp-fe3f5cc\" data-amp-original-style=\"font-weight: 400;\"> vous est destin\u00e9e si vous \u00e9levez seul votre enfant et que l\u2019autre parent ne participe plus \u00e0 son entretien depuis au moins 1 mois.<\/span><\/p>\n<h3 class=\"amp-wp-7d27179\" data-amp-original-style=\"text-align: justify;\"><span id=\"Lallocation_de_rentree_scolaire\"><b>L\u2019allocation de rentr\u00e9e scolaire<\/b><\/span><\/h3>\n<p class=\"amp-wp-7d27179\" data-amp-original-style=\"text-align: justify;\"><span class=\"amp-wp-fe3f5cc\" data-amp-original-style=\"font-weight: 400;\">Cette allocation vous est vers\u00e9e pour pallier les d\u00e9penses li\u00e9es \u00e0 la rentr\u00e9e scolaire. Pour y \u00eatre \u00e9ligible, vous devez remplir des crit\u00e8res de ressources, et avoir \u00e0 votre charge au moins un enfant scolaris\u00e9, \u00e2g\u00e9 de 6 \u00e0 18 ans.<\/span><\/p>\n<h2 class=\"amp-wp-7d27179\" data-amp-original-style=\"text-align: justify;\"><span id=\"Aides_a_la_naissance\"><b>Aides \u00e0 la naissance<\/b><\/span><\/h2>\n<h3 class=\"amp-wp-7d27179\" data-amp-original-style=\"text-align: justify;\"><span id=\"La_Prestation_dAccueil_du_Jeune_Enfant_PAJE\"><b>La Prestation d\u2019Accueil du Jeune Enfant (PAJE)\u00a0<\/b><\/span><\/h3>\n<p class=\"amp-wp-7d27179\" data-amp-original-style=\"text-align: justify;\"><span class=\"amp-wp-fe3f5cc\" data-amp-original-style=\"font-weight: 400;\">Vous pouvez percevoir la\u00a0<\/span><span class=\"amp-wp-fe3f5cc\" data-amp-original-style=\"font-weight: 400;\">Prestation d\u2019Accueil du Jeune Enfant (PAJE)<\/span><span class=\"amp-wp-fe3f5cc\" data-amp-original-style=\"font-weight: 400;\">\u00a0cette prime \u00e0 la naissance \u00e0 partir du septi\u00e8me mois de grossesse, si vous remplissez les crit\u00e8res de ressources.<\/span><\/p>\n<h3 class=\"amp-wp-7d27179\" data-amp-original-style=\"text-align: justify;\"><span id=\"Prime_dadoption\"><b>Prime d\u2019adoption<\/b><\/span><\/h3>\n<p class=\"amp-wp-7d27179\" data-amp-original-style=\"text-align: justify;\"><span class=\"amp-wp-fe3f5cc\" data-amp-original-style=\"font-weight: 400;\">Cette subvention a pour objectif de vous aider dans les pr\u00e9paratifs d\u2019accueil d\u2019un enfant adopt\u00e9. L\u2019obtention de cette prime d\u00e9pend de plafonds, fix\u00e9s selon la composition de votre foyer. Ce sont les m\u00eames crit\u00e8res qui entrent en jeu dans le calcul de votre prime.<\/span><span class=\"amp-wp-fe3f5cc\" data-amp-original-style=\"font-weight: 400;\">\u00a0<\/span><\/p>\n<p data-amp-original-style=\"text-align: justify;\"><div class='cta-block'><div class='text'>Simulez toutes vos aides en 2 min.<\/div><a href='https:\/\/www.mes-allocs.fr\/ab-app?origin=guides\/wp-json\/wp\/v2\/pages\/1142' class='app-button fit'>Simulation gratuite<\/a><\/div><\/p>\n","protected":false},"excerpt":{"rendered":"<p>[Mis \u00e0 jour le 19\/02\/2026] Vous devez vous interroger sur l&rsquo;utilit\u00e9 pr\u00e9cises des Caisses d&rsquo;Allocations Familiales, que l&rsquo;on peut trouver dans chaque d\u00e9partement de France. Quelles sont leurs missions? En quoi vous sont-elles utiles? Mes Allocs l\u00e8ve le voile ! La CAF, qu&rsquo;est-ce que c&rsquo;est? Une\u00a0Caisse d\u2019allocations familiales\u00a0(CAF) est une institution qui repr\u00e9sente \u00e0 l&rsquo;\u00e9chelle [&hellip;]<\/p>\n","protected":false},"author":29,"featured_media":1230,"parent":0,"menu_order":0,"comment_status":"closed","ping_status":"closed","template":"","meta":{"amp_status":"","footnotes":""},"class_list":["post-1142","page","type-page","status-publish","has-post-thumbnail","hentry"],"yoast_head":"<!-- This site is optimized with the Yoast SEO plugin v14.9 - https:\/\/yoast.com\/wordpress\/plugins\/seo\/ -->\n<title>Contact CAF : Prendre contact avec votre CAF | Mes-Allocs.fr<\/title>\n<meta name=\"description\" content=\"Tous les contacts CAF dans un directoire. Vous devez vous interroger sur l&#039;utilit\u00e9 pr\u00e9cises des Caisses d&#039;Allocations Familiales.\" \/>\n<meta name=\"robots\" content=\"index, follow, max-snippet:-1, max-image-preview:large, max-video-preview:-1\" \/>\n<link rel=\"canonical\" href=\"https:\/\/www.mes-allocs.fr\/guides\/contact-caf\/\" \/>\n<meta property=\"og:locale\" content=\"fr_FR\" \/>\n<meta property=\"og:type\" content=\"article\" \/>\n<meta property=\"og:title\" content=\"Contact CAF : Prendre contact avec votre CAF | Mes-Allocs.fr\" \/>\n<meta property=\"og:description\" content=\"Tous les contacts CAF dans un directoire. Vous devez vous interroger sur l&#039;utilit\u00e9 pr\u00e9cises des Caisses d&#039;Allocations Familiales.\" \/>\n<meta property=\"og:url\" content=\"https:\/\/www.mes-allocs.fr\/guides\/contact-caf\/\" \/>\n<meta property=\"og:site_name\" content=\"Mes-Allocs.fr\" \/>\n<meta property=\"article:modified_time\" content=\"2026-02-19T16:30:06+00:00\" \/>\n<meta property=\"og:image\" content=\"https:\/\/www.mes-allocs.fr\/guides\/wp-content\/uploads\/2019\/07\/AdobeStock_210708412-1-e1564060513124.jpg?wsr\" \/>\n\t<meta property=\"og:image:width\" content=\"1531\" \/>\n\t<meta property=\"og:image:height\" content=\"421\" \/>\n<meta name=\"twitter:card\" content=\"summary_large_image\" \/>\n<script type=\"application\/ld+json\" class=\"yoast-schema-graph\">{\"@context\":\"https:\/\/schema.org\",\"@graph\":[{\"@type\":\"WebSite\",\"@id\":\"https:\/\/www.mes-allocs.fr\/guides\/#website\",\"url\":\"https:\/\/www.mes-allocs.fr\/guides\/\",\"name\":\"Mes-Allocs.fr\",\"description\":\"\",\"potentialAction\":[{\"@type\":\"SearchAction\",\"target\":\"https:\/\/www.mes-allocs.fr\/guides\/?s={search_term_string}\",\"query-input\":\"required name=search_term_string\"}],\"inLanguage\":\"fr-FR\"},{\"@type\":\"ImageObject\",\"@id\":\"https:\/\/www.mes-allocs.fr\/guides\/contact-caf\/#primaryimage\",\"inLanguage\":\"fr-FR\",\"url\":\"https:\/\/www.mes-allocs.fr\/guides\/wp-content\/uploads\/2019\/07\/AdobeStock_210708412-1-e1564060513124.jpg?wsr\",\"width\":1531,\"height\":421,\"caption\":\"AdobeStock 210708412 1 e1564060513124\"},{\"@type\":\"WebPage\",\"@id\":\"https:\/\/www.mes-allocs.fr\/guides\/contact-caf\/#webpage\",\"url\":\"https:\/\/www.mes-allocs.fr\/guides\/contact-caf\/\",\"name\":\"Contact CAF : Prendre contact avec votre CAF | Mes-Allocs.fr\",\"isPartOf\":{\"@id\":\"https:\/\/www.mes-allocs.fr\/guides\/#website\"},\"primaryImageOfPage\":{\"@id\":\"https:\/\/www.mes-allocs.fr\/guides\/contact-caf\/#primaryimage\"},\"datePublished\":\"2019-07-25T13:15:42+00:00\",\"dateModified\":\"2026-02-19T16:30:06+00:00\",\"description\":\"Tous les contacts CAF dans un directoire. Vous devez vous interroger sur l'utilit\\u00e9 pr\\u00e9cises des Caisses d'Allocations Familiales.\",\"inLanguage\":\"fr-FR\"}]}<\/script>\n<!-- \/ Yoast SEO plugin. -->","amp_validity":null,"acf":{"faq":{"1":{"question":"Quand contacter la CAF ?","answer":"Un conseiller Caf r\u00e9pond \u00e0 vos appels, du lundi au vendredi, de 8 h 30 \u00e0 16 h 30. Acc\u00e9dez aux informations de votre dossier 24h\/ 24 et 7 jours \/ 7, gr\u00e2ce au serveur vocal (dernier paiement, demander une attestation de droit, trouver un point d'accueil Caf ). num\u00e9ro d'allocataire et de votre code confidentiel."},"2":{"question":"Comment contacter ma CAF par t\u00e9l\u00e9phone ?","answer":"Composez le 3230 (service gratuit + prix d'un appel local) "},"3":{"question":"Comment s'inscrire \u00e0 la CAF ?","answer":"Pour cr\u00e9er un compte CAF, il vous faut faire une demande de prestations. Vous \u00eates ainsi enregistr\u00e9 dans les bases de donn\u00e9es CAF et un num\u00e9ro d'allocataire vous est alors attribu\u00e9 m\u00eame si votre demande est par la suite refus\u00e9e."},"4":{"question":"Comment obtenir un num\u00e9ro d'allocataire CAF ?","answer":"Vous obtiendrez un num\u00e9ro allocataire d\u00e8s lors que vous percevrez une prestation de la CAF. Pour effectuer une demande de prestation aupr\u00e8s de la CAF, vous pouvez le faire directement en ligne sur le site internet de la CAF."},"5":{"question":"O\u00f9 trouver le num\u00e9ro d'allocataire ?","answer":"Pour r\u00e9cup\u00e9rer votre num\u00e9ro d'allocataire CAF perdu : Par t\u00e9l\u00e9phone : Retrouvez le num\u00e9ro de la CAF pour chaque d\u00e9partement en consultant cet article. Vous devrez alors r\u00e9pondre \u00e0 diverses questions (nom, pr\u00e9nom, adresse, date de naissance) afin de confirmer votre identit\u00e9. "},"6":{"question":"","answer":""},"7":{"question":"","answer":""},"8":{"question":"","answer":""},"9":{"question":"","answer":""},"10":{"question":"","answer":""},"11":{"question":"","answer":""},"12":{"question":"","answer":""},"13":{"question":"","answer":""},"14":{"question":"","answer":""},"15":{"question":"","answer":""},"16":{"question":"","answer":""}}},"_links":{"self":[{"href":"https:\/\/www.mes-allocs.fr\/guides\/wp-json\/wp\/v2\/pages\/1142","targetHints":{"allow":["GET"]}}],"collection":[{"href":"https:\/\/www.mes-allocs.fr\/guides\/wp-json\/wp\/v2\/pages"}],"about":[{"href":"https:\/\/www.mes-allocs.fr\/guides\/wp-json\/wp\/v2\/types\/page"}],"author":[{"embeddable":true,"href":"https:\/\/www.mes-allocs.fr\/guides\/wp-json\/wp\/v2\/users\/29"}],"replies":[{"embeddable":true,"href":"https:\/\/www.mes-allocs.fr\/guides\/wp-json\/wp\/v2\/comments?post=1142"}],"version-history":[{"count":27,"href":"https:\/\/www.mes-allocs.fr\/guides\/wp-json\/wp\/v2\/pages\/1142\/revisions"}],"predecessor-version":[{"id":109430,"href":"https:\/\/www.mes-allocs.fr\/guides\/wp-json\/wp\/v2\/pages\/1142\/revisions\/109430"}],"wp:featuredmedia":[{"embeddable":true,"href":"https:\/\/www.mes-allocs.fr\/guides\/wp-json\/wp\/v2\/media\/1230"}],"wp:attachment":[{"href":"https:\/\/www.mes-allocs.fr\/guides\/wp-json\/wp\/v2\/media?parent=1142"}],"curies":[{"name":"wp","href":"https:\/\/api.w.org\/{rel}","templated":true}]}}